{"id":3817,"date":"2022-03-18T13:01:26","date_gmt":"2022-03-18T12:01:26","guid":{"rendered":"https:\/\/grandouestfacades.fr\/la-baule\/?post_type=ralisation&#038;p=3817"},"modified":"2022-12-09T09:48:28","modified_gmt":"2022-12-09T08:48:28","slug":"ravalement-de-facades-severac","status":"publish","type":"realisation","link":"https:\/\/grandouestfacades.fr\/la-baule\/realisation\/ravalement-de-facades-severac\/","title":{"rendered":"RAVALEMENT DE FACADES SEVERAC  \u2705"},"content":{"rendered":"\n<h2 class=\"wp-block-heading\">\u00c9tat des lieux et d\u00e9finition des travaux \u00e0 pr\u00e9voir<\/h2>\n\n\n\n<p>Cette maison traditionnelle situ\u00e9e \u00e0 SEVERAC est constitu\u00e9e de murs en parpaings recouverts d&rsquo;un enduit teint\u00e9 dans la masse. Plusieurs d\u00e9sordres sont apparus. R\u00e9nover les murs ext\u00e9rieurs s&rsquo;impose.<\/p>\n\n\n\n<p>Lors de la visite diagnostic, les experts fa\u00e7adiers de Grand Ouest Fa\u00e7ades ont notamment d\u00e9cel\u00e9 :<\/p>\n\n\n\n<ul class=\"wp-block-list\">\n<li>des cassures dans les angles des pignons certainement d\u00fbes aux chevrons en bois qui ont travaill\u00e9 ;<\/li>\n\n\n\n<li>des micro-Fissures li\u00e9es \u00e0 la dilation et au pied de la dalle ;<\/li>\n\n\n\n<li>des infiltrations d&rsquo;eau au niveau du pignon et&nbsp;de la chemin\u00e9e cot\u00e9 ouest.<\/li>\n<\/ul>\n\n\n\n<p><\/p>\n\n\n\n<p>Le large et haut&nbsp; pignon ouest prend les pluies battantes de plein fouet et l&rsquo;ancien enduit n&rsquo;a plus d&rsquo;action protectrice. Des infiltrations sont visibles au niveau de la chemin\u00e9e et des traces d&rsquo;eau ont \u00e9t\u00e9 constat\u00e9es par le client \u00e0 l&rsquo;int\u00e9rieur de son grenier.<\/p>\n\n\n\n<p>L&rsquo;humidit\u00e9 est la principale cause pour laquelle la d\u00e9t\u00e9rioration de vos fa\u00e7ades s&rsquo;accentue. C&rsquo;est pourquoi lorsque vos murs sont perm\u00e9ables, ils ont un effet buvard. Les pluies battantes p\u00e9n\u00e8trent alors plus facilement et en plus gros volume.&nbsp; D&rsquo;autre part, ces fortes pr\u00e9cipitations font p\u00e9n\u00e9trer l&rsquo;eau dans les murs et l&rsquo;humidit\u00e9 s&rsquo;\u00e9coule pour s&rsquo;\u00e9vacuer au ras du sol. Des probl\u00e8mes d&rsquo;humidit\u00e9 peuvent alors subvenir&nbsp;en sous-bassement. Des blocs d&rsquo;enduits peuvent m\u00eame se d\u00e9tacher lorsqu&rsquo;ils sont souffl\u00e9s.<\/p>\n\n\n\n<p>C&rsquo;est pourquoi ce ravalement de fa\u00e7ades \u00e0 S\u00e9verac&nbsp;avec le produit de qualit\u00e9 professionnelle <em><a href=\"https:\/\/grandouestfacades.fr\/go-marque-exclusive\/\">GO TT de notre Marque Exclusive GO<\/a><\/em> permettra de prot\u00e9ger durablement les murs ext\u00e9rieurs.<\/p>\n\n\n\n<h2 class=\"wp-block-heading\">QUE SE PASSE-T-IL ? SI VOUS&nbsp; N&rsquo;EFFECTUEZ PAS LA RENOVATION DE VOS FACADES&nbsp; ?<\/h2>\n\n\n\n<p>L&rsquo;eau est l&rsquo;ennemi num\u00e9ro 1 contre lequel il faut absolument lutter pour conserver durablement votre patrimoine immobilier. Sans protection, vous pourriez avoir des d\u00e9sordres cons\u00e9quents comme des infiltrations d&rsquo;eau, du cloquage, des moisissures, du salp\u00eatre, des champignons, etc. Des blocs de b\u00e9tons peuvent m\u00eame tomber suite \u00e0 l&rsquo;oxydation du fer transform\u00e9 en rouille.<\/p>\n\n\n\n<p>Comment prot\u00e9ger vos fa\u00e7ades ?<\/p>\n\n\n\n<p>EFaire \u00e9tblir un DEVIS par un expert de GRAND OUEST FACADES est le premier r\u00e9flexe \u00e0 prendre. C&rsquo;est gratuit, profitez-en ! Ainsi, il pourra vous d\u00e9tailler l&rsquo;\u00e9tat de vos fa\u00e7ades et vous conseiller. Le but est de conserver et prot\u00e9ger durablement pour garder votre pavillon en bon \u00e9tat.<\/p>\n\n\n\n<p>Gr\u00e2ce \u00e0 notre <em><a href=\"https:\/\/grandouestfacades.fr\/go-marque-exclusive\/\">GO TT<\/a><\/em>, vos fa\u00e7ades deviennent imperm\u00e9ables et r\u00e9sistent durablement aux intemp\u00e9ries.&nbsp; Votre r\u00e9sidence est donc prot\u00e9g\u00e9e et vous aussi ! Gr\u00e2ce au <em><a href=\"https:\/\/grandouestfacades.fr\/go-marque-exclusive\/\">GO TT<\/a><\/em> votre n\u00e9o-bretonne retrouve une jeunesse d&rsquo;antan et vous aussi.<\/p>\n\n\n\n<p>Si votre pignon montre des t\u00e2ches et des fissures alors prenons RDV. Nous faisons ensemble le tour de votre maison et relevons les anomalies. Vous b\u00e9n\u00e9ficiez ainsi d&rsquo;une expertise gratuite accompagn\u00e9e de toutes les explications n\u00e9cessaires.<\/p>\n\n\n\n<p class=\"has-text-align-center\"><a href=\"https:\/\/grandouestfacades.fr\/la-baule\/demande-de-devis-diagnistic-gratuit\/\" target=\"_blank\" rel=\"noreferrer noopener\">Je veux mon diagnostic<\/a>. <\/p>\n\n\n\n<p>Car il est pr\u00e9f\u00e9rable de pr\u00e9venir plut\u00f4t que de gu\u00e9rir, contactez-nous d\u00e8s \u00e0 pr\u00e9sent au&nbsp; 02 97 53 89 27.<\/p>\n\n\n\n<p>Retrouvez l&rsquo;ensemble de nos <a href=\"https:\/\/www.eldo.com\/pro\/grand_ouest_facades_la_baule\/\">avis clients<\/a>, des voisins peut-\u00eatre. Nous intervenons dans toute la presqu&rsquo;\u00eele gu\u00e9randaise : <a href=\"https:\/\/grandouestfacades.fr\/la-baule\/realisation\/ravalement-de-facades-la-baule\/\">La Baule<\/a>, <a href=\"https:\/\/grandouestfacades.fr\/la-baule\/realisation\/ravalement-de-pignon-pornichet-44380\/\">Pornichet<\/a>, <a href=\"https:\/\/grandouestfacades.fr\/la-baule\/realisation\/ravalement-de-facades-a-guerande\/\">Gu\u00e9rande<\/a>. Mais \u00e9galement, <a href=\"https:\/\/grandouestfacades.fr\/la-baule\/realisation\/ravalement-de-facades-a-pontchateau\/\">Ponch\u00e2teau<\/a> ou <a href=\"https:\/\/grandouestfacades.fr\/la-baule\/realisation\/peinture-de-facades-saint-nazaire\/\">Saint-Nazaire<\/a>.<\/p>\n","protected":false},"excerpt":{"rendered":"<p>\u00c9tat des lieux et d\u00e9finition des travaux \u00e0 pr\u00e9voir Cette maison traditionnelle situ\u00e9e \u00e0 SEVERAC est constitu\u00e9e de murs en parpaings recouverts d&rsquo;un enduit teint\u00e9 dans la masse. Plusieurs d\u00e9sordres sont apparus. R\u00e9nover les murs ext\u00e9rieurs s&rsquo;impose. Lors de la visite diagnostic, les experts fa\u00e7adiers de Grand Ouest Fa\u00e7ades ont notamment d\u00e9cel\u00e9 : Le large [&hellip;]<\/p>\n","protected":false},"author":3,"featured_media":2624,"template":"","format":"standard","categories":[6],"class_list":["post-3817","realisation","type-realisation","status-publish","format-standard","has-post-thumbnail","hentry","category-ravalement-de-facade"],"yoast_head":"<!-- This site is optimized with the Yoast SEO plugin v27.5 - https:\/\/yoast.com\/product\/yoast-seo-wordpress\/ -->\n<title>Ravalement de fa\u00e7ades \u00e0 Severac<\/title>\n<meta name=\"description\" content=\"Ravalement de fa\u00e7ades \u00e0 Severac : ce beau pavillon r\u00e9nov\u00e9 et prot\u00e9g\u00e9 par notre rev\u00eatement haut de gamme sp\u00e9cial fa\u00e7ades\" \/>\n<meta name=\"robots\" content=\"index, follow, max-snippet:-1, max-image-preview:large, max-video-preview:-1\" \/>\n<link rel=\"canonical\" href=\"https:\/\/grandouestfacades.fr\/la-baule\/realisation\/ravalement-de-facades-severac\/\" \/>\n<meta property=\"og:locale\" content=\"fr_FR\" \/>\n<meta property=\"og:type\" content=\"article\" \/>\n<meta property=\"og:title\" content=\"Ravalement de fa\u00e7ades \u00e0 Severac\" \/>\n<meta property=\"og:description\" content=\"Ravalement de fa\u00e7ades \u00e0 Severac : ce beau pavillon r\u00e9nov\u00e9 et prot\u00e9g\u00e9 par notre rev\u00eatement haut de gamme sp\u00e9cial fa\u00e7ades\" \/>\n<meta property=\"og:url\" content=\"https:\/\/grandouestfacades.fr\/la-baule\/realisation\/ravalement-de-facades-severac\/\" \/>\n<meta property=\"og:site_name\" content=\"Presqu&#039;\u00eele - St-Nazaire - Grand Ouest Fa\u00e7ades\" \/>\n<meta property=\"article:modified_time\" content=\"2022-12-09T08:48:28+00:00\" \/>\n<meta property=\"og:image\" content=\"https:\/\/grandouestfacades.fr\/la-baule\/wp-content\/uploads\/sites\/4\/2021\/07\/20210615_182126-scaled-1.jpg\" \/>\n\t<meta property=\"og:image:width\" content=\"2560\" \/>\n\t<meta property=\"og:image:height\" content=\"1920\" \/>\n\t<meta property=\"og:image:type\" content=\"image\/jpeg\" \/>\n<meta name=\"twitter:card\" content=\"summary_large_image\" \/>\n<meta name=\"twitter:label1\" content=\"Dur\u00e9e de lecture estim\u00e9e\" \/>\n\t<meta name=\"twitter:data1\" content=\"3 minutes\" \/>\n<script type=\"application\/ld+json\" class=\"yoast-schema-graph\">{\"@context\":\"https:\\\/\\\/schema.org\",\"@graph\":[{\"@type\":\"WebPage\",\"@id\":\"https:\\\/\\\/grandouestfacades.fr\\\/la-baule\\\/realisation\\\/ravalement-de-facades-severac\\\/\",\"url\":\"https:\\\/\\\/grandouestfacades.fr\\\/la-baule\\\/realisation\\\/ravalement-de-facades-severac\\\/\",\"name\":\"Ravalement de fa\u00e7ades \u00e0 Severac\",\"isPartOf\":{\"@id\":\"https:\\\/\\\/grandouestfacades.fr\\\/la-baule\\\/#website\"},\"primaryImageOfPage\":{\"@id\":\"https:\\\/\\\/grandouestfacades.fr\\\/la-baule\\\/realisation\\\/ravalement-de-facades-severac\\\/#primaryimage\"},\"image\":{\"@id\":\"https:\\\/\\\/grandouestfacades.fr\\\/la-baule\\\/realisation\\\/ravalement-de-facades-severac\\\/#primaryimage\"},\"thumbnailUrl\":\"https:\\\/\\\/grandouestfacades.fr\\\/la-baule\\\/wp-content\\\/uploads\\\/sites\\\/4\\\/2021\\\/07\\\/20210615_182126-scaled-1.jpg\",\"datePublished\":\"2022-03-18T12:01:26+00:00\",\"dateModified\":\"2022-12-09T08:48:28+00:00\",\"description\":\"Ravalement de fa\u00e7ades \u00e0 Severac : ce beau pavillon r\u00e9nov\u00e9 et prot\u00e9g\u00e9 par notre rev\u00eatement haut de gamme sp\u00e9cial fa\u00e7ades\",\"breadcrumb\":{\"@id\":\"https:\\\/\\\/grandouestfacades.fr\\\/la-baule\\\/realisation\\\/ravalement-de-facades-severac\\\/#breadcrumb\"},\"inLanguage\":\"fr-FR\",\"potentialAction\":[{\"@type\":\"ReadAction\",\"target\":[\"https:\\\/\\\/grandouestfacades.fr\\\/la-baule\\\/realisation\\\/ravalement-de-facades-severac\\\/\"]}]},{\"@type\":\"ImageObject\",\"inLanguage\":\"fr-FR\",\"@id\":\"https:\\\/\\\/grandouestfacades.fr\\\/la-baule\\\/realisation\\\/ravalement-de-facades-severac\\\/#primaryimage\",\"url\":\"https:\\\/\\\/grandouestfacades.fr\\\/la-baule\\\/wp-content\\\/uploads\\\/sites\\\/4\\\/2021\\\/07\\\/20210615_182126-scaled-1.jpg\",\"contentUrl\":\"https:\\\/\\\/grandouestfacades.fr\\\/la-baule\\\/wp-content\\\/uploads\\\/sites\\\/4\\\/2021\\\/07\\\/20210615_182126-scaled-1.jpg\",\"width\":2560,\"height\":1920,\"caption\":\"ravalement de fa\u00e7ades S\u00e9verac\"},{\"@type\":\"BreadcrumbList\",\"@id\":\"https:\\\/\\\/grandouestfacades.fr\\\/la-baule\\\/realisation\\\/ravalement-de-facades-severac\\\/#breadcrumb\",\"itemListElement\":[{\"@type\":\"ListItem\",\"position\":1,\"name\":\"Accueil\",\"item\":\"https:\\\/\\\/grandouestfacades.fr\\\/la-baule\\\/\"},{\"@type\":\"ListItem\",\"position\":2,\"name\":\"RAVALEMENT DE FACADES SEVERAC \u2705\"}]},{\"@type\":\"WebSite\",\"@id\":\"https:\\\/\\\/grandouestfacades.fr\\\/la-baule\\\/#website\",\"url\":\"https:\\\/\\\/grandouestfacades.fr\\\/la-baule\\\/\",\"name\":\"La Baule - Grand Ouest Fa\u00e7ades\",\"description\":\"La fa\u00e7ade dont vous r\u00eavez\",\"publisher\":{\"@id\":\"https:\\\/\\\/grandouestfacades.fr\\\/la-baule\\\/#organization\"},\"potentialAction\":[{\"@type\":\"SearchAction\",\"target\":{\"@type\":\"EntryPoint\",\"urlTemplate\":\"https:\\\/\\\/grandouestfacades.fr\\\/la-baule\\\/?s={search_term_string}\"},\"query-input\":{\"@type\":\"PropertyValueSpecification\",\"valueRequired\":true,\"valueName\":\"search_term_string\"}}],\"inLanguage\":\"fr-FR\"},{\"@type\":\"Organization\",\"@id\":\"https:\\\/\\\/grandouestfacades.fr\\\/la-baule\\\/#organization\",\"name\":\"Grand Ouest Fa\u00e7ades La Baule\",\"url\":\"https:\\\/\\\/grandouestfacades.fr\\\/la-baule\\\/\",\"logo\":{\"@type\":\"ImageObject\",\"inLanguage\":\"fr-FR\",\"@id\":\"https:\\\/\\\/grandouestfacades.fr\\\/la-baule\\\/#\\\/schema\\\/logo\\\/image\\\/\",\"url\":\"https:\\\/\\\/grandouestfacades.fr\\\/la-baule\\\/wp-content\\\/uploads\\\/sites\\\/4\\\/2021\\\/09\\\/Logo_agence_sans_GO_La_Baule.png\",\"contentUrl\":\"https:\\\/\\\/grandouestfacades.fr\\\/la-baule\\\/wp-content\\\/uploads\\\/sites\\\/4\\\/2021\\\/09\\\/Logo_agence_sans_GO_La_Baule.png\",\"width\":827,\"height\":265,\"caption\":\"Grand Ouest Fa\u00e7ades La Baule\"},\"image\":{\"@id\":\"https:\\\/\\\/grandouestfacades.fr\\\/la-baule\\\/#\\\/schema\\\/logo\\\/image\\\/\"}}]}<\/script>\n<!-- \/ Yoast SEO plugin. -->","yoast_head_json":{"title":"Ravalement de fa\u00e7ades \u00e0 Severac","description":"Ravalement de fa\u00e7ades \u00e0 Severac : ce beau pavillon r\u00e9nov\u00e9 et prot\u00e9g\u00e9 par notre rev\u00eatement haut de gamme sp\u00e9cial fa\u00e7ades","robots":{"index":"index","follow":"follow","max-snippet":"max-snippet:-1","max-image-preview":"max-image-preview:large","max-video-preview":"max-video-preview:-1"},"canonical":"https:\/\/grandouestfacades.fr\/la-baule\/realisation\/ravalement-de-facades-severac\/","og_locale":"fr_FR","og_type":"article","og_title":"Ravalement de fa\u00e7ades \u00e0 Severac","og_description":"Ravalement de fa\u00e7ades \u00e0 Severac : ce beau pavillon r\u00e9nov\u00e9 et prot\u00e9g\u00e9 par notre rev\u00eatement haut de gamme sp\u00e9cial fa\u00e7ades","og_url":"https:\/\/grandouestfacades.fr\/la-baule\/realisation\/ravalement-de-facades-severac\/","og_site_name":"Presqu&#039;\u00eele - St-Nazaire - Grand Ouest Fa\u00e7ades","article_modified_time":"2022-12-09T08:48:28+00:00","og_image":[{"width":2560,"height":1920,"url":"https:\/\/grandouestfacades.fr\/la-baule\/wp-content\/uploads\/sites\/4\/2021\/07\/20210615_182126-scaled-1.jpg","type":"image\/jpeg"}],"twitter_card":"summary_large_image","twitter_misc":{"Dur\u00e9e de lecture estim\u00e9e":"3 minutes"},"schema":{"@context":"https:\/\/schema.org","@graph":[{"@type":"WebPage","@id":"https:\/\/grandouestfacades.fr\/la-baule\/realisation\/ravalement-de-facades-severac\/","url":"https:\/\/grandouestfacades.fr\/la-baule\/realisation\/ravalement-de-facades-severac\/","name":"Ravalement de fa\u00e7ades \u00e0 Severac","isPartOf":{"@id":"https:\/\/grandouestfacades.fr\/la-baule\/#website"},"primaryImageOfPage":{"@id":"https:\/\/grandouestfacades.fr\/la-baule\/realisation\/ravalement-de-facades-severac\/#primaryimage"},"image":{"@id":"https:\/\/grandouestfacades.fr\/la-baule\/realisation\/ravalement-de-facades-severac\/#primaryimage"},"thumbnailUrl":"https:\/\/grandouestfacades.fr\/la-baule\/wp-content\/uploads\/sites\/4\/2021\/07\/20210615_182126-scaled-1.jpg","datePublished":"2022-03-18T12:01:26+00:00","dateModified":"2022-12-09T08:48:28+00:00","description":"Ravalement de fa\u00e7ades \u00e0 Severac : ce beau pavillon r\u00e9nov\u00e9 et prot\u00e9g\u00e9 par notre rev\u00eatement haut de gamme sp\u00e9cial fa\u00e7ades","breadcrumb":{"@id":"https:\/\/grandouestfacades.fr\/la-baule\/realisation\/ravalement-de-facades-severac\/#breadcrumb"},"inLanguage":"fr-FR","potentialAction":[{"@type":"ReadAction","target":["https:\/\/grandouestfacades.fr\/la-baule\/realisation\/ravalement-de-facades-severac\/"]}]},{"@type":"ImageObject","inLanguage":"fr-FR","@id":"https:\/\/grandouestfacades.fr\/la-baule\/realisation\/ravalement-de-facades-severac\/#primaryimage","url":"https:\/\/grandouestfacades.fr\/la-baule\/wp-content\/uploads\/sites\/4\/2021\/07\/20210615_182126-scaled-1.jpg","contentUrl":"https:\/\/grandouestfacades.fr\/la-baule\/wp-content\/uploads\/sites\/4\/2021\/07\/20210615_182126-scaled-1.jpg","width":2560,"height":1920,"caption":"ravalement de fa\u00e7ades S\u00e9verac"},{"@type":"BreadcrumbList","@id":"https:\/\/grandouestfacades.fr\/la-baule\/realisation\/ravalement-de-facades-severac\/#breadcrumb","itemListElement":[{"@type":"ListItem","position":1,"name":"Accueil","item":"https:\/\/grandouestfacades.fr\/la-baule\/"},{"@type":"ListItem","position":2,"name":"RAVALEMENT DE FACADES SEVERAC \u2705"}]},{"@type":"WebSite","@id":"https:\/\/grandouestfacades.fr\/la-baule\/#website","url":"https:\/\/grandouestfacades.fr\/la-baule\/","name":"La Baule - Grand Ouest Fa\u00e7ades","description":"La fa\u00e7ade dont vous r\u00eavez","publisher":{"@id":"https:\/\/grandouestfacades.fr\/la-baule\/#organization"},"potentialAction":[{"@type":"SearchAction","target":{"@type":"EntryPoint","urlTemplate":"https:\/\/grandouestfacades.fr\/la-baule\/?s={search_term_string}"},"query-input":{"@type":"PropertyValueSpecification","valueRequired":true,"valueName":"search_term_string"}}],"inLanguage":"fr-FR"},{"@type":"Organization","@id":"https:\/\/grandouestfacades.fr\/la-baule\/#organization","name":"Grand Ouest Fa\u00e7ades La Baule","url":"https:\/\/grandouestfacades.fr\/la-baule\/","logo":{"@type":"ImageObject","inLanguage":"fr-FR","@id":"https:\/\/grandouestfacades.fr\/la-baule\/#\/schema\/logo\/image\/","url":"https:\/\/grandouestfacades.fr\/la-baule\/wp-content\/uploads\/sites\/4\/2021\/09\/Logo_agence_sans_GO_La_Baule.png","contentUrl":"https:\/\/grandouestfacades.fr\/la-baule\/wp-content\/uploads\/sites\/4\/2021\/09\/Logo_agence_sans_GO_La_Baule.png","width":827,"height":265,"caption":"Grand Ouest Fa\u00e7ades La Baule"},"image":{"@id":"https:\/\/grandouestfacades.fr\/la-baule\/#\/schema\/logo\/image\/"}}]}},"_links":{"self":[{"href":"https:\/\/grandouestfacades.fr\/la-baule\/wp-json\/wp\/v2\/realisation\/3817","targetHints":{"allow":["GET"]}}],"collection":[{"href":"https:\/\/grandouestfacades.fr\/la-baule\/wp-json\/wp\/v2\/realisation"}],"about":[{"href":"https:\/\/grandouestfacades.fr\/la-baule\/wp-json\/wp\/v2\/types\/realisation"}],"author":[{"embeddable":true,"href":"https:\/\/grandouestfacades.fr\/la-baule\/wp-json\/wp\/v2\/users\/3"}],"wp:featuredmedia":[{"embeddable":true,"href":"https:\/\/grandouestfacades.fr\/la-baule\/wp-json\/wp\/v2\/media\/2624"}],"wp:attachment":[{"href":"https:\/\/grandouestfacades.fr\/la-baule\/wp-json\/wp\/v2\/media?parent=3817"}],"wp:term":[{"taxonomy":"category","embeddable":true,"href":"https:\/\/grandouestfacades.fr\/la-baule\/wp-json\/wp\/v2\/categories?post=3817"}],"curies":[{"name":"wp","href":"https:\/\/api.w.org\/{rel}","templated":true}]}}