{"id":3836,"date":"2022-03-22T09:28:00","date_gmt":"2022-03-22T08:28:00","guid":{"rendered":"https:\/\/grandouestfacades.fr\/la-baule\/?post_type=realisation&#038;p=3836"},"modified":"2022-11-22T14:20:50","modified_gmt":"2022-11-22T13:20:50","slug":"isolation-exterieure-pouliguen-iso-facades","status":"publish","type":"realisation","link":"https:\/\/grandouestfacades.fr\/la-baule\/realisation\/isolation-exterieure-pouliguen-iso-facades\/","title":{"rendered":"Isolation Ext\u00e9rieure Le Pouliguen &#8211; Mise \u00e0 Niveau de l&rsquo;\u00c9nergie"},"content":{"rendered":"\n<h2 class=\"wp-block-heading\">Contexte de ce chantier pouliguennais<\/h2>\n\n\n\n<p>Comment isoler sa maison contre les variations de temp\u00e9rature ? Prot\u00e9ger durablement des intemp\u00e9ries et r\u00e9nover une fa\u00e7ade tout en la modernisant. Autant de questions que nous pose notre client via le formulaire de notre site internet Grand Ouest Fa\u00e7ades La Baule. Nos experts se rendent sur place et \u00e9tablissent un diagnostic de l&rsquo;\u00e9tat des murs. Le Pouliguen est une petite ville de bord de mer, situ\u00e9e dans le prolongement de Pornichet et de La Baule .<\/p>\n\n\n\n<h2 class=\"wp-block-heading\">Isolation Ext\u00e9rieure Le Pouliguen &#8211; Diagnostic des travaux \u00e0 effectuer<\/h2>\n\n\n\n<p>La visite de cette charmante maison d&rsquo;architecture locale r\u00e9v\u00e8le la n\u00e9cessit\u00e9 d&rsquo;effectuer les travaux suivants :<\/p>\n\n\n\n<ul class=\"wp-block-list\">\n<li>r\u00e9paration des murs ext\u00e9rieurs ;<\/li>\n\n\n\n<li>r\u00e9novation des fa\u00e7ades.<\/li>\n<\/ul>\n\n\n\n<p>Notre client nous informe que ses factures de chauffage s&rsquo;\u00e9l\u00e8vent \u00e0 plus de 3\u00a0000 euros par an. En effet, il fallait obtenir un gain thermique et ce, rapidement. <\/p>\n\n\n\n<p>De plus, l&rsquo;apparition de nombreuses salissures rouge\u00e2tres \u00e9voquent le ph\u00e9nom\u00e8ne buvard de l&rsquo;enduit v\u00e9tuste. L&rsquo;eau s&rsquo;impr\u00e8gne fortement et p\u00e9n\u00e8tres les fa\u00e7ades en profondeur.<\/p>\n\n\n\n<p>Notre produit professionnel haut de gamme ISO-FACADE de la marque <a href=\"https:\/\/grandouestfacades.fr\/go-marque-exclusive\/\" target=\"_blank\" rel=\"noreferrer noopener\">EXCLUSIVE GO<\/a> :<\/p>\n\n\n\n<ul class=\"wp-block-list\">\n<li>imperm\u00e9abilise les murs ;<\/li>\n\n\n\n<li>lutte contre les variations de temp\u00e9ratures ;<\/li>\n\n\n\n<li>assure un gain thermique. <\/li>\n<\/ul>\n\n\n\n<p>Comment fonctionne-t-il ?<\/p>\n\n\n\n<p>Issu des derni\u00e8res technologies, le rev\u00eatement <a href=\"https:\/\/grandouestfacades.fr\/go-marque-exclusive\/\" target=\"_blank\" rel=\"noreferrer noopener\">ISO-FACADE<\/a> imperm\u00e9abilise les murs ext\u00e9rieurs tout en les laissant respirer. Il r\u00e9gule ainsi la temp\u00e9rature en hiver comme en \u00e9t\u00e9.<\/p>\n\n\n\n<h2 class=\"wp-block-heading\">Quand r\u00e9nover ses fa\u00e7ades ?<\/h2>\n\n\n\n<p>Une surveillance r\u00e9guli\u00e8re de vos murs ext\u00e9rieurs vous permet de vous apercevoir de la pr\u00e9sence de<\/p>\n\n\n\n<ul class=\"wp-block-list\">\n<li>fissures de dilatation ;<\/li>\n\n\n\n<li>taches rouge\u00e2tres, noir\u00e2tres ou vertes ;<\/li>\n\n\n\n<li>lichens, mousses et autres d\u00e9pots organiques, etc.<\/li>\n<\/ul>\n\n\n\n<p>De m\u00eame, si par temps de pluie, vous apercevez vos parpaings, faites appel \u00e0 un professionnel.<\/p>\n\n\n\n<p>\ud83d\udca1 \u00c0 savoir<\/p>\n\n\n\n<p>Une fissure de dilatation en plein milieu d\u2019une fa\u00e7ade situ\u00e9e c\u00f4t\u00e9 ouest ou sur un pignon sud\/ouest s&rsquo;aggrave rapidement car elle favorise la p\u00e9n\u00e9tration d\u2019humidit\u00e9 dans le b\u00e2ti. Rapidement, l&rsquo;enduit peut tomber sous forme de plaques.<\/p>\n\n\n\n<p>Votre expert Grand Ouest Fa\u00e7ades choisit le produit ad\u00e9quat et efficace en fonction de vos supports et de la p\u00e9n\u00e9tration de l&rsquo;humidit\u00e9. Pignons, fa\u00e7ades, tous sont alors prot\u00e9g\u00e9s de mani\u00e8re durable et p\u00e9renne.<\/p>\n\n\n\n<p>Un doute ? Une fissure ? <a href=\"https:\/\/grandouestfacades.fr\/la-baule\/demande-de-devis-diagnistic-gratuit\/\" target=\"_blank\" rel=\"noreferrer noopener\">Contactez-nous pour un devis gratuit<\/a> et nos meilleurs conseils.<\/p>\n\n\n\n<p>Ces autres r\u00e9alisations vous montrent des maisons r\u00e9nov\u00e9es \u00e0 <a href=\"https:\/\/grandouestfacades.fr\/la-baule\/realisation\/choisir-peinture-minerale\/\">Batz-sur-mer<\/a> ou \u00e0 <a href=\"https:\/\/grandouestfacades.fr\/la-baule\/realisation\/https-grandouestfacades-fr-la-baule-realisation-peinture-siloxane-propriete\/\">La Turballe<\/a>.<\/p>\n","protected":false},"excerpt":{"rendered":"<p>Contexte de ce chantier pouliguennais Comment isoler sa maison contre les variations de temp\u00e9rature ? Prot\u00e9ger durablement des intemp\u00e9ries et r\u00e9nover une fa\u00e7ade tout en la modernisant. Autant de questions que nous pose notre client via le formulaire de notre site internet Grand Ouest Fa\u00e7ades La Baule. Nos experts se rendent sur place et \u00e9tablissent [&hellip;]<\/p>\n","protected":false},"author":3,"featured_media":2528,"template":"","format":"standard","categories":[5],"class_list":["post-3836","realisation","type-realisation","status-publish","format-standard","has-post-thumbnail","hentry","category-isolation"],"yoast_head":"<!-- This site is optimized with the Yoast SEO plugin v27.5 - https:\/\/yoast.com\/product\/yoast-seo-wordpress\/ -->\n<title>Isolation Ext\u00e9rieure Le Pouliguen - Mise \u00e0 Niveau de l&#039;\u00c9nergie<\/title>\n<meta name=\"description\" content=\"Isolation Ext\u00e9rieure Le Pouliguen - Notre produit ISO-FACADES lutte contre les variations de temp\u00e9ratures et assure un gain thermique.\" \/>\n<meta name=\"robots\" content=\"index, follow, max-snippet:-1, max-image-preview:large, max-video-preview:-1\" \/>\n<link rel=\"canonical\" href=\"https:\/\/grandouestfacades.fr\/la-baule\/realisation\/isolation-exterieure-pouliguen-iso-facades\/\" \/>\n<meta property=\"og:locale\" content=\"fr_FR\" \/>\n<meta property=\"og:type\" content=\"article\" \/>\n<meta property=\"og:title\" content=\"Isolation Ext\u00e9rieure Le Pouliguen - Mise \u00e0 Niveau de l&#039;\u00c9nergie\" \/>\n<meta property=\"og:description\" content=\"Isolation Ext\u00e9rieure Le Pouliguen - Notre produit ISO-FACADES lutte contre les variations de temp\u00e9ratures et assure un gain thermique.\" \/>\n<meta property=\"og:url\" content=\"https:\/\/grandouestfacades.fr\/la-baule\/realisation\/isolation-exterieure-pouliguen-iso-facades\/\" \/>\n<meta property=\"og:site_name\" content=\"Presqu&#039;\u00eele - St-Nazaire - Grand Ouest Fa\u00e7ades\" \/>\n<meta property=\"article:modified_time\" content=\"2022-11-22T13:20:50+00:00\" \/>\n<meta property=\"og:image\" content=\"https:\/\/grandouestfacades.fr\/la-baule\/wp-content\/uploads\/sites\/4\/2021\/06\/20210416_112101-scaled-1.jpg\" \/>\n\t<meta property=\"og:image:width\" content=\"2560\" \/>\n\t<meta property=\"og:image:height\" content=\"1920\" \/>\n\t<meta property=\"og:image:type\" content=\"image\/jpeg\" \/>\n<meta name=\"twitter:card\" content=\"summary_large_image\" \/>\n<meta name=\"twitter:label1\" content=\"Dur\u00e9e de lecture estim\u00e9e\" \/>\n\t<meta name=\"twitter:data1\" content=\"2 minutes\" \/>\n<script type=\"application\/ld+json\" class=\"yoast-schema-graph\">{\"@context\":\"https:\\\/\\\/schema.org\",\"@graph\":[{\"@type\":\"WebPage\",\"@id\":\"https:\\\/\\\/grandouestfacades.fr\\\/la-baule\\\/realisation\\\/isolation-exterieure-pouliguen-iso-facades\\\/\",\"url\":\"https:\\\/\\\/grandouestfacades.fr\\\/la-baule\\\/realisation\\\/isolation-exterieure-pouliguen-iso-facades\\\/\",\"name\":\"Isolation Ext\u00e9rieure Le Pouliguen - Mise \u00e0 Niveau de l'\u00c9nergie\",\"isPartOf\":{\"@id\":\"https:\\\/\\\/grandouestfacades.fr\\\/la-baule\\\/#website\"},\"primaryImageOfPage\":{\"@id\":\"https:\\\/\\\/grandouestfacades.fr\\\/la-baule\\\/realisation\\\/isolation-exterieure-pouliguen-iso-facades\\\/#primaryimage\"},\"image\":{\"@id\":\"https:\\\/\\\/grandouestfacades.fr\\\/la-baule\\\/realisation\\\/isolation-exterieure-pouliguen-iso-facades\\\/#primaryimage\"},\"thumbnailUrl\":\"https:\\\/\\\/grandouestfacades.fr\\\/la-baule\\\/wp-content\\\/uploads\\\/sites\\\/4\\\/2021\\\/06\\\/20210416_112101-scaled-1.jpg\",\"datePublished\":\"2022-03-22T08:28:00+00:00\",\"dateModified\":\"2022-11-22T13:20:50+00:00\",\"description\":\"Isolation Ext\u00e9rieure Le Pouliguen - Notre produit ISO-FACADES lutte contre les variations de temp\u00e9ratures et assure un gain thermique.\",\"breadcrumb\":{\"@id\":\"https:\\\/\\\/grandouestfacades.fr\\\/la-baule\\\/realisation\\\/isolation-exterieure-pouliguen-iso-facades\\\/#breadcrumb\"},\"inLanguage\":\"fr-FR\",\"potentialAction\":[{\"@type\":\"ReadAction\",\"target\":[\"https:\\\/\\\/grandouestfacades.fr\\\/la-baule\\\/realisation\\\/isolation-exterieure-pouliguen-iso-facades\\\/\"]}]},{\"@type\":\"ImageObject\",\"inLanguage\":\"fr-FR\",\"@id\":\"https:\\\/\\\/grandouestfacades.fr\\\/la-baule\\\/realisation\\\/isolation-exterieure-pouliguen-iso-facades\\\/#primaryimage\",\"url\":\"https:\\\/\\\/grandouestfacades.fr\\\/la-baule\\\/wp-content\\\/uploads\\\/sites\\\/4\\\/2021\\\/06\\\/20210416_112101-scaled-1.jpg\",\"contentUrl\":\"https:\\\/\\\/grandouestfacades.fr\\\/la-baule\\\/wp-content\\\/uploads\\\/sites\\\/4\\\/2021\\\/06\\\/20210416_112101-scaled-1.jpg\",\"width\":2560,\"height\":1920,\"caption\":\"ISOLATION EXTERIEUR POULIGUEN\"},{\"@type\":\"BreadcrumbList\",\"@id\":\"https:\\\/\\\/grandouestfacades.fr\\\/la-baule\\\/realisation\\\/isolation-exterieure-pouliguen-iso-facades\\\/#breadcrumb\",\"itemListElement\":[{\"@type\":\"ListItem\",\"position\":1,\"name\":\"Accueil\",\"item\":\"https:\\\/\\\/grandouestfacades.fr\\\/la-baule\\\/\"},{\"@type\":\"ListItem\",\"position\":2,\"name\":\"Isolation Ext\u00e9rieure Le Pouliguen &#8211; Mise \u00e0 Niveau de l&rsquo;\u00c9nergie\"}]},{\"@type\":\"WebSite\",\"@id\":\"https:\\\/\\\/grandouestfacades.fr\\\/la-baule\\\/#website\",\"url\":\"https:\\\/\\\/grandouestfacades.fr\\\/la-baule\\\/\",\"name\":\"La Baule - Grand Ouest Fa\u00e7ades\",\"description\":\"La fa\u00e7ade dont vous r\u00eavez\",\"publisher\":{\"@id\":\"https:\\\/\\\/grandouestfacades.fr\\\/la-baule\\\/#organization\"},\"potentialAction\":[{\"@type\":\"SearchAction\",\"target\":{\"@type\":\"EntryPoint\",\"urlTemplate\":\"https:\\\/\\\/grandouestfacades.fr\\\/la-baule\\\/?s={search_term_string}\"},\"query-input\":{\"@type\":\"PropertyValueSpecification\",\"valueRequired\":true,\"valueName\":\"search_term_string\"}}],\"inLanguage\":\"fr-FR\"},{\"@type\":\"Organization\",\"@id\":\"https:\\\/\\\/grandouestfacades.fr\\\/la-baule\\\/#organization\",\"name\":\"Grand Ouest Fa\u00e7ades La Baule\",\"url\":\"https:\\\/\\\/grandouestfacades.fr\\\/la-baule\\\/\",\"logo\":{\"@type\":\"ImageObject\",\"inLanguage\":\"fr-FR\",\"@id\":\"https:\\\/\\\/grandouestfacades.fr\\\/la-baule\\\/#\\\/schema\\\/logo\\\/image\\\/\",\"url\":\"https:\\\/\\\/grandouestfacades.fr\\\/la-baule\\\/wp-content\\\/uploads\\\/sites\\\/4\\\/2021\\\/09\\\/Logo_agence_sans_GO_La_Baule.png\",\"contentUrl\":\"https:\\\/\\\/grandouestfacades.fr\\\/la-baule\\\/wp-content\\\/uploads\\\/sites\\\/4\\\/2021\\\/09\\\/Logo_agence_sans_GO_La_Baule.png\",\"width\":827,\"height\":265,\"caption\":\"Grand Ouest Fa\u00e7ades La Baule\"},\"image\":{\"@id\":\"https:\\\/\\\/grandouestfacades.fr\\\/la-baule\\\/#\\\/schema\\\/logo\\\/image\\\/\"}}]}<\/script>\n<!-- \/ Yoast SEO plugin. -->","yoast_head_json":{"title":"Isolation Ext\u00e9rieure Le Pouliguen - Mise \u00e0 Niveau de l'\u00c9nergie","description":"Isolation Ext\u00e9rieure Le Pouliguen - Notre produit ISO-FACADES lutte contre les variations de temp\u00e9ratures et assure un gain thermique.","robots":{"index":"index","follow":"follow","max-snippet":"max-snippet:-1","max-image-preview":"max-image-preview:large","max-video-preview":"max-video-preview:-1"},"canonical":"https:\/\/grandouestfacades.fr\/la-baule\/realisation\/isolation-exterieure-pouliguen-iso-facades\/","og_locale":"fr_FR","og_type":"article","og_title":"Isolation Ext\u00e9rieure Le Pouliguen - Mise \u00e0 Niveau de l'\u00c9nergie","og_description":"Isolation Ext\u00e9rieure Le Pouliguen - Notre produit ISO-FACADES lutte contre les variations de temp\u00e9ratures et assure un gain thermique.","og_url":"https:\/\/grandouestfacades.fr\/la-baule\/realisation\/isolation-exterieure-pouliguen-iso-facades\/","og_site_name":"Presqu&#039;\u00eele - St-Nazaire - Grand Ouest Fa\u00e7ades","article_modified_time":"2022-11-22T13:20:50+00:00","og_image":[{"width":2560,"height":1920,"url":"https:\/\/grandouestfacades.fr\/la-baule\/wp-content\/uploads\/sites\/4\/2021\/06\/20210416_112101-scaled-1.jpg","type":"image\/jpeg"}],"twitter_card":"summary_large_image","twitter_misc":{"Dur\u00e9e de lecture estim\u00e9e":"2 minutes"},"schema":{"@context":"https:\/\/schema.org","@graph":[{"@type":"WebPage","@id":"https:\/\/grandouestfacades.fr\/la-baule\/realisation\/isolation-exterieure-pouliguen-iso-facades\/","url":"https:\/\/grandouestfacades.fr\/la-baule\/realisation\/isolation-exterieure-pouliguen-iso-facades\/","name":"Isolation Ext\u00e9rieure Le Pouliguen - Mise \u00e0 Niveau de l'\u00c9nergie","isPartOf":{"@id":"https:\/\/grandouestfacades.fr\/la-baule\/#website"},"primaryImageOfPage":{"@id":"https:\/\/grandouestfacades.fr\/la-baule\/realisation\/isolation-exterieure-pouliguen-iso-facades\/#primaryimage"},"image":{"@id":"https:\/\/grandouestfacades.fr\/la-baule\/realisation\/isolation-exterieure-pouliguen-iso-facades\/#primaryimage"},"thumbnailUrl":"https:\/\/grandouestfacades.fr\/la-baule\/wp-content\/uploads\/sites\/4\/2021\/06\/20210416_112101-scaled-1.jpg","datePublished":"2022-03-22T08:28:00+00:00","dateModified":"2022-11-22T13:20:50+00:00","description":"Isolation Ext\u00e9rieure Le Pouliguen - Notre produit ISO-FACADES lutte contre les variations de temp\u00e9ratures et assure un gain thermique.","breadcrumb":{"@id":"https:\/\/grandouestfacades.fr\/la-baule\/realisation\/isolation-exterieure-pouliguen-iso-facades\/#breadcrumb"},"inLanguage":"fr-FR","potentialAction":[{"@type":"ReadAction","target":["https:\/\/grandouestfacades.fr\/la-baule\/realisation\/isolation-exterieure-pouliguen-iso-facades\/"]}]},{"@type":"ImageObject","inLanguage":"fr-FR","@id":"https:\/\/grandouestfacades.fr\/la-baule\/realisation\/isolation-exterieure-pouliguen-iso-facades\/#primaryimage","url":"https:\/\/grandouestfacades.fr\/la-baule\/wp-content\/uploads\/sites\/4\/2021\/06\/20210416_112101-scaled-1.jpg","contentUrl":"https:\/\/grandouestfacades.fr\/la-baule\/wp-content\/uploads\/sites\/4\/2021\/06\/20210416_112101-scaled-1.jpg","width":2560,"height":1920,"caption":"ISOLATION EXTERIEUR POULIGUEN"},{"@type":"BreadcrumbList","@id":"https:\/\/grandouestfacades.fr\/la-baule\/realisation\/isolation-exterieure-pouliguen-iso-facades\/#breadcrumb","itemListElement":[{"@type":"ListItem","position":1,"name":"Accueil","item":"https:\/\/grandouestfacades.fr\/la-baule\/"},{"@type":"ListItem","position":2,"name":"Isolation Ext\u00e9rieure Le Pouliguen &#8211; Mise \u00e0 Niveau de l&rsquo;\u00c9nergie"}]},{"@type":"WebSite","@id":"https:\/\/grandouestfacades.fr\/la-baule\/#website","url":"https:\/\/grandouestfacades.fr\/la-baule\/","name":"La Baule - Grand Ouest Fa\u00e7ades","description":"La fa\u00e7ade dont vous r\u00eavez","publisher":{"@id":"https:\/\/grandouestfacades.fr\/la-baule\/#organization"},"potentialAction":[{"@type":"SearchAction","target":{"@type":"EntryPoint","urlTemplate":"https:\/\/grandouestfacades.fr\/la-baule\/?s={search_term_string}"},"query-input":{"@type":"PropertyValueSpecification","valueRequired":true,"valueName":"search_term_string"}}],"inLanguage":"fr-FR"},{"@type":"Organization","@id":"https:\/\/grandouestfacades.fr\/la-baule\/#organization","name":"Grand Ouest Fa\u00e7ades La Baule","url":"https:\/\/grandouestfacades.fr\/la-baule\/","logo":{"@type":"ImageObject","inLanguage":"fr-FR","@id":"https:\/\/grandouestfacades.fr\/la-baule\/#\/schema\/logo\/image\/","url":"https:\/\/grandouestfacades.fr\/la-baule\/wp-content\/uploads\/sites\/4\/2021\/09\/Logo_agence_sans_GO_La_Baule.png","contentUrl":"https:\/\/grandouestfacades.fr\/la-baule\/wp-content\/uploads\/sites\/4\/2021\/09\/Logo_agence_sans_GO_La_Baule.png","width":827,"height":265,"caption":"Grand Ouest Fa\u00e7ades La Baule"},"image":{"@id":"https:\/\/grandouestfacades.fr\/la-baule\/#\/schema\/logo\/image\/"}}]}},"_links":{"self":[{"href":"https:\/\/grandouestfacades.fr\/la-baule\/wp-json\/wp\/v2\/realisation\/3836","targetHints":{"allow":["GET"]}}],"collection":[{"href":"https:\/\/grandouestfacades.fr\/la-baule\/wp-json\/wp\/v2\/realisation"}],"about":[{"href":"https:\/\/grandouestfacades.fr\/la-baule\/wp-json\/wp\/v2\/types\/realisation"}],"author":[{"embeddable":true,"href":"https:\/\/grandouestfacades.fr\/la-baule\/wp-json\/wp\/v2\/users\/3"}],"wp:featuredmedia":[{"embeddable":true,"href":"https:\/\/grandouestfacades.fr\/la-baule\/wp-json\/wp\/v2\/media\/2528"}],"wp:attachment":[{"href":"https:\/\/grandouestfacades.fr\/la-baule\/wp-json\/wp\/v2\/media?parent=3836"}],"wp:term":[{"taxonomy":"category","embeddable":true,"href":"https:\/\/grandouestfacades.fr\/la-baule\/wp-json\/wp\/v2\/categories?post=3836"}],"curies":[{"name":"wp","href":"https:\/\/api.w.org\/{rel}","templated":true}]}}