{"id":4060,"date":"2022-07-04T16:23:54","date_gmt":"2022-07-04T14:23:54","guid":{"rendered":"https:\/\/grandouestfacades.fr\/la-baule\/?post_type=realisation&#038;p=4060"},"modified":"2025-04-16T17:16:38","modified_gmt":"2025-04-16T15:16:38","slug":"ravalement-de-facades-a-guerande","status":"publish","type":"realisation","link":"https:\/\/grandouestfacades.fr\/la-baule\/realisation\/ravalement-de-facades-a-guerande\/","title":{"rendered":"Ravalement de fa\u00e7ades pr\u00e8s de Gu\u00e9rande"},"content":{"rendered":"\n<p style=\"font-size:25px\">Nous voici en pays gu\u00e9randais. Pr\u00e8s de Nantes, Vannes et Saint-Nazaire, <strong>Gu\u00e9rande<\/strong> est une petite ville m\u00e9di\u00e9vale, pleine de charme. Elle subit le climat temp\u00e9r\u00e9 de l\u2019oc\u00e9an atlantique. Les fa\u00e7ades des maisons voient donc appara\u00eetre, au fil du temps, des traces de salissures dues aux <strong>lichens<\/strong>, algues et autres <strong>champignons<\/strong>. L\u2019air marin et ses embruns transportent aussi l\u2019acidit\u00e9 du sel. Mais, ne nous y trompons pas, l\u2019ambiance y est chaleureuse et beaucoup choisissent la presqu\u2019\u00eele gu\u00e9randaise comme destination de vacances.&nbsp;<\/p>\n\n\n\n<p style=\"font-size:25px\">Aujourd\u2019hui, c\u2019est un chantier de <strong>ravalement de fa\u00e7ades<\/strong> que nous avons le plaisir de vous pr\u00e9senter. Notre client souhaitait une nouvelle jeunesse pour ses <strong>murs ext\u00e9rieurs<\/strong>. Des r\u00e9parations avaient endommag\u00e9 le mur c\u00f4t\u00e9 terrasse. La maison avait subi de nombreuses modifications. L\u2019application d\u2019un <strong>enduit<\/strong> va en gommer toutes les traces. 6&nbsp;jours de <strong>r\u00e9novation<\/strong> et d\u2019<strong>isolation par l\u2019ext\u00e9rieur<\/strong> pour un r\u00e9sultat comme neuf. Suivez-nous dans les \u00e9tapes de cette aventure de fa\u00e7adier.<\/p>\n\n\n\n<p><\/p>\n\n\n\n<h2 class=\"wp-block-heading\">1 &#8211; Pr\u00e9chantier de ravalement de fa\u00e7ades<\/h2>\n\n\n\n<p style=\"font-size:25px\">Passons rapidement sur l\u2019\u00e9tat des lieux et la remise du devis. Les experts de Grand Ouest Fa\u00e7ades se d\u00e9placent gratuitement pour&nbsp;:<\/p>\n\n\n\n<ul class=\"wp-block-list\">\n<li>faire avec vous le tour du propri\u00e9taire et diagnostiquer l\u2019\u00e9tat de la maison\u2009;&nbsp;<\/li>\n\n\n\n<li>expliquer les travaux de ravalement n\u00e9cessaires ;<\/li>\n\n\n\n<li>\u00e9tablir le devis.<\/li>\n<\/ul>\n\n\n\n<h2 class=\"wp-block-heading\">2 &#8211; Protection de la maison et alentour<\/h2>\n\n\n\n<p style=\"font-size:25px\">Avant tout, parlons protection\u2009! Un chantier bien organis\u00e9 d\u00e9bute par la mise en place de b\u00e2ches pour pr\u00e9server les surfaces saines. Sol, terrasses, huisseries et fen\u00eatres. Rien ne r\u00e9siste \u00e0 notre \u0153il expert. Le bon ouvrier, pour sa part, enfile ses chaussures de s\u00e9curit\u00e9, se coiffe de son casque et rev\u00eat la parfaite tenue de professionnel du b\u00e2timent. Tout est pr\u00e8s\u2009? On peut y aller\u2009!<\/p>\n\n\n\n<h2 class=\"wp-block-heading\">3 &#8211; Nettoyage haute pression de la fa\u00e7ade<\/h2>\n\n\n\n<p style=\"font-size:25px\">Le grand nettoyage commence\u2009! Exit les salissures superficielles ou pollutions organiques. Selon les chantiers, on pr\u00e9f\u00e8re un \u00e9grenage (brossage \u00e0 sec). Ici le lavage haute pression nous permet d\u2019assainir les surfaces \u00e0 travailler. \u00c0 savoir que cette m\u00e9thode suppose de suivre les distances de s\u00e9curit\u00e9 pour ne pas d\u00e9caper \u00e0 outrance et endommager le cr\u00e9pi. L\u2019eau pure respecte l\u2019environnement. L\u2019utilisation de d\u00e9tergents doit rester ponctuelle et seulement en cas de r\u00e9elle n\u00e9cessit\u00e9.<\/p>\n\n\n\n<h2 class=\"wp-block-heading\">4 &#8211; Application de l\u2019anti-mousse sur les murs ext\u00e9rieurs<\/h2>\n\n\n\n<p style=\"font-size:25px\">Repartir sur des bases saines. Le d\u00e9moussage \u00e9limine les champignons, moisissures, algues, lichens et autres traces rouges ou noir\u00e2tres. La m\u00e9t\u00e9o nous accompagne favorablement. En effet, on \u00e9vite les jours de pluie ou de grandes chaleurs pour cette op\u00e9ration. Les intemp\u00e9ries rincent le produit et les hautes temp\u00e9ratures provoquent son \u00e9vaporation.<\/p>\n\n\n\n<h2 class=\"wp-block-heading\">5 &#8211; R\u00e9paration du support avec des mortiers<\/h2>\n\n\n\n<p style=\"font-size:25px\">Les murs pr\u00e9sentaient des alt\u00e9rations en surface&nbsp;: rev\u00eatement pr\u00e9c\u00e9dent ab\u00eem\u00e9. Nous r\u00e9parons donc le support avec du mortier pour aplanir la zone de travail. Enduit compos\u00e9 de liant, de sable et d\u2019eau, il permet de boucher les trous et de combler les asp\u00e9rit\u00e9s.<\/p>\n\n\n\n<figure class=\"wp-block-image aligncenter\"><img decoding=\"async\" src=\"https:\/\/lh6.googleusercontent.com\/V9DtNMsT6koJxzNLCP6SfMhjpyFtJdNdS6yaMlVwSqllsKIFKwOEh-8ZF7N12m57N5BoQwwerbcqOpBzUPqbVrccMyZJDAi9IrJ-tzCLtLIEW7_htK23dPxcq9teKaXaggxCSOkJjwMUO72lL1Y\" alt=\"Ravalement de fa\u00e7ades \u00e0 Gu\u00e9rande - C\u00f4t\u00e9 terrasse\" \/><figcaption class=\"wp-element-caption\">Ravalement de fa\u00e7ades \u00e0 Gu\u00e9rande &#8211; C\u00f4t\u00e9 terrasse<\/figcaption><\/figure>\n\n\n\n<h2 class=\"wp-block-heading\">6 &#8211; Traitement des fissures sur les murs<\/h2>\n\n\n\n<p style=\"font-size:25px\">Les fissures se traitent selon leur profondeur. Inf\u00e9rieures \u00e0 0,2&nbsp;mm, on parle de microfissures. Ces derni\u00e8res seront couvertes en finition. Un mastic adapt\u00e9 ou un mortier de r\u00e9paration peut \u00e9ventuellement \u00eatre utilis\u00e9 pour servir de joint.<\/p>\n\n\n\n<p style=\"font-size:25px\">Pour les autres, on brosse d\u2019abord la surface pour faire tomber toutes les parties friables. Puis, on s\u2019arme d\u2019un disque ou d\u2019un burin pour les \u00e9carter. On calfeutre avec un enduit de rebouchage. Apr\u00e8s le colmatage, il ne reste plus qu\u2019\u00e0 faire un pontage.<\/p>\n\n\n\n<p style=\"font-size:25px\">\ud83d\udca1 \u00c0 savoir&nbsp;: si les fissures font plus de 2&nbsp;mm, il faut \u00e9tudier leur origine pour d\u00e9terminer le traitement ad\u00e9quat pour une parfaite \u00e9tanch\u00e9it\u00e9.<\/p>\n\n\n\n<h2 class=\"wp-block-heading\">7 &#8211; Application d\u2019un fixateur en surface<\/h2>\n\n\n\n<p style=\"font-size:25px\">Pourquoi appliquer un fixateur\u2009? Il permet une meilleure adh\u00e9rence de la couche sup\u00e9rieure. Il r\u00e9gule les absorptions, stabilise les restes de pulv\u00e9rulences et forme une pellicule de protection.<\/p>\n\n\n\n<p style=\"font-size:25px\">\ud83d\udca1&nbsp; La norme <a href=\"https:\/\/www.gtfi.org\/wp-content\/uploads\/2012\/04\/RPacier.pdf\">AFNOR NFT&nbsp;36001<\/a> garantit la qualit\u00e9 du produit.<\/p>\n\n\n\n<h2 class=\"wp-block-heading\">8 &#8211; Application de la finition R.P.E c\u00f4t\u00e9 terrasse<\/h2>\n\n\n\n<p style=\"font-size:25px\">C\u00f4t\u00e9 terrasse, nous avons choisi d\u2019appliquer la finition \u00e0 la taloche. En effet, il fallait effacer les stigmates de pr\u00e9c\u00e9dentes r\u00e9parations. La taloche donne un aspect parfaitement lisse \u00e0 la surface concern\u00e9e et offre toute l\u2019isolation n\u00e9cessaire.<\/p>\n\n\n\n<figure class=\"wp-block-image aligncenter\"><img decoding=\"async\" src=\"https:\/\/lh4.googleusercontent.com\/jeq-SwXVozunWDoDYU1ZOOBwL3eTM1dLepaJionFX0lVniotTJ6UQHxIUobdhES23H0TLI-s8KqhVK9TW4uh-3_Zpnpva0dugYYKB3qsItsewlQ2ptkCjf2RSKTycLzVxWXT3rNfIqzEYn6KodQ\" alt=\"Ravalement de fa\u00e7ades \u00e0 Gu\u00e9rande - C\u00f4t\u00e9 terrasse 2\" \/><figcaption class=\"wp-element-caption\">Ravalement de fa\u00e7ades \u00e0 Gu\u00e9rande &#8211; C\u00f4t\u00e9 terrasse 2<\/figcaption><\/figure>\n\n\n\n<h2 class=\"wp-block-heading\">9 &#8211; Application du rev\u00eatement semi-\u00e9pais souple microporeux<\/h2>\n\n\n\n<p style=\"font-size:25px\">Pour les autres fa\u00e7ades, nous appliquons un rev\u00eatement isolant semi-\u00e9pais microporeux haut de gamme.<\/p>\n\n\n\n<p style=\"font-size:25px\">D\u2019acronyme \u00ab\u2009RPE \u00bb, le rev\u00eatement plastique \u00e9pais est un film d\u00e9coratif qui s\u2019utilise tant sur les fa\u00e7ades neuves que r\u00e9nov\u00e9es.&nbsp;<\/p>\n\n\n\n<p style=\"font-size:25px\">Les produits de la gamme <a href=\"https:\/\/grandouestfacades.fr\/la-baule\/go-marque-exclusive\/\">Exclusive GO<\/a> respectent les mat\u00e9riaux en place et l\u2019environnement. Gu\u00e9rande se situe en milieu salin, les embruns d\u00e9posent des microbes et champignons. Le rev\u00eatement doit donc prot\u00e9ger les murs ext\u00e9rieurs et tenir compte des caract\u00e9ristiques de bord de mer.<\/p>\n\n\n\n<p style=\"font-size:25px\">Sur les murs ext\u00e9rieurs, nous appliquons toujours une peinture de fa\u00e7ades haut de gamme. Elle combine de nombreux avantages&nbsp;: microporeuse, hydrophobe, opaque, imperm\u00e9able et hydrofuge. Ainsi, elle offre une protection maximum et p\u00e9renne.<\/p>\n\n\n\n<h2 class=\"wp-block-heading\">10 &#8211; Nettoyage du chantier de Gu\u00e9rande<\/h2>\n\n\n\n<p style=\"font-size:25px\">Le chantier touche \u00e0 sa fin. Comme apr\u00e8s une belle f\u00eate, on nettoie tout. La seule trace de notre passage sera une maison comme neuve. Le soleil gu\u00e9randais met en lumi\u00e8re ses murs immacul\u00e9s. Jugez vous-m\u00eame\u2009!<\/p>\n\n\n\n<figure class=\"wp-block-image aligncenter\"><img decoding=\"async\" src=\"https:\/\/lh3.googleusercontent.com\/S4BHcp83wraKIPUPoWudlEVG7w36uLyV8p_U23AXncYVzx9AZlupg9YikIqVbORyfstV9aa9PYvTBXuv3zg-ejzby4HY7MqKA0dE4jsKZ0ZuRrolUkmVr4LXF_K3lSRzmRyUNkytttfGevZ9Iy4\" alt=\"Ravalement de fa\u00e7ades \u00e0 Gu\u00e9rande - Vue de face\" \/><figcaption class=\"wp-element-caption\">Ravalement de fa\u00e7ades \u00e0 Gu\u00e9rande &#8211; Vue de face<\/figcaption><\/figure>\n\n\n\n<figure class=\"wp-block-image aligncenter\"><img decoding=\"async\" src=\"https:\/\/lh6.googleusercontent.com\/IGUJRs-jCVLL2MhCGNWRq3lk0r7_iD_eN0JGg1clZ-7nrBMJDaIKie9h3bHKowYFuSZXiC6mGMM_pB0LAOCExBr6n0SBvUW4Clgt49Re94S6bF8C3EjMK076scLLT_w22vkfNgBxmXvN2KFPvHU\" alt=\"Ravalement de fa\u00e7ades \u00e0 Gu\u00e9rande - Vue du jardin\" \/><figcaption class=\"wp-element-caption\">Ravalement de fa\u00e7ades \u00e0 Gu\u00e9rande &#8211; Vue du jardin<\/figcaption><\/figure>\n\n\n\n<p style=\"font-size:25px\">J\u2019habite autour de La Baule et moi aussi, j\u2019aimerais retrouver mes fa\u00e7ades d\u2019origine. <a href=\"https:\/\/grandouestfacades.fr\/la-baule\/demande-de-devis-diagnistic-gratuit\/\">Je contacte Grand Ouest Fa\u00e7ades<\/a>. La visite diagnostic est gratuite, j\u2019en profite\u2009! Tous les travaux de r\u00e9novation respectent le Code de la construction et de l\u2019habitation et b\u00e9n\u00e9ficient d\u2019une garantie d\u00e9cennale.<\/p>\n\n\n\n<p style=\"font-size:25px\">Voulez-vous d\u00e9couvrir un chantier de <a href=\"https:\/\/grandouestfacades.fr\/la-baule\/realisation\/nettoyage-toiture-ardoise\/\">nettoyage de toiture en ardoises \u00e0 Gu\u00e9rande<\/a> ?<\/p>\n\n\n\n<p style=\"font-size:25px\">Je veux d\u00e9couvrir d\u2019autres r\u00e9alisations autour de chez moi : <\/p>\n\n\n\n<p style=\"font-size:25px\"><a href=\"https:\/\/grandouestfacades.fr\/la-baule\/realisation\/ravaler-facade\/\">Gu\u00e9rande<\/a><\/p>\n\n\n\n<p style=\"font-size:25px\"><a href=\"https:\/\/grandouestfacades.fr\/la-baule\/realisation\/ravalement-de-facades-saint-nazaire-44600\/\">Saint-Nazaire<\/a> ; <\/p>\n\n\n\n<p style=\"font-size:25px\"><a href=\"https:\/\/grandouestfacades.fr\/la-baule\/realisation\/ravalement-de-pignon-pornichet-44380\/\">Pornichet<\/a> ; <\/p>\n\n\n\n<p style=\"font-size:25px\"><a href=\"https:\/\/grandouestfacades.fr\/la-baule\/realisation\/isolation-exterieure-pouliguen-iso-facades\/\">Le Pouliguen<\/a> ;<\/p>\n\n\n\n<p style=\"font-size:25px\"><a href=\"https:\/\/grandouestfacades.fr\/la-baule\/realisation\/ravalement-de-facades-a-pontchateau\/\">Pontch\u00e2teau<\/a> ;<\/p>\n\n\n\n<p style=\"font-size:25px\"><a href=\"https:\/\/grandouestfacades.fr\/la-baule\/realisation\/peinture-semi-epaisse-saint-andre-des-eaux\/\">Saint-Andr\u00e9 des Eaux<\/a><\/p>\n","protected":false},"excerpt":{"rendered":"<p>Nous voici en pays gu\u00e9randais. Pr\u00e8s de Nantes, Vannes et Saint-Nazaire, Gu\u00e9rande est une petite ville m\u00e9di\u00e9vale, pleine de charme. Elle subit le climat temp\u00e9r\u00e9 de l\u2019oc\u00e9an atlantique. Les fa\u00e7ades des maisons voient donc appara\u00eetre, au fil du temps, des traces de salissures dues aux lichens, algues et autres champignons. L\u2019air marin et ses embruns [&hellip;]<\/p>\n","protected":false},"author":7,"featured_media":4061,"template":"","format":"standard","categories":[6],"class_list":["post-4060","realisation","type-realisation","status-publish","format-standard","has-post-thumbnail","hentry","category-ravalement-de-facade"],"yoast_head":"<!-- This site is optimized with the Yoast SEO plugin v27.5 - https:\/\/yoast.com\/product\/yoast-seo-wordpress\/ -->\n<title>Ravalement de Fa\u00e7ade pr\u00e8s de Gu\u00e9rande - R\u00e9novation et Isolation<\/title>\n<meta name=\"description\" content=\"Ravalement de Fa\u00e7ade pr\u00e8s de Gu\u00e9rande : 6 jours de chantier pour remettre \u00e0 neuf les murs ext\u00e9rieurs de cette maison\" \/>\n<meta name=\"robots\" content=\"index, follow, max-snippet:-1, max-image-preview:large, max-video-preview:-1\" \/>\n<link rel=\"canonical\" href=\"https:\/\/grandouestfacades.fr\/la-baule\/realisation\/ravalement-de-facades-a-guerande\/\" \/>\n<meta property=\"og:locale\" content=\"fr_FR\" \/>\n<meta property=\"og:type\" content=\"article\" \/>\n<meta property=\"og:title\" content=\"Ravalement de Fa\u00e7ade pr\u00e8s de Gu\u00e9rande - R\u00e9novation et Isolation\" \/>\n<meta property=\"og:description\" content=\"Ravalement de Fa\u00e7ade pr\u00e8s de Gu\u00e9rande : 6 jours de chantier pour remettre \u00e0 neuf les murs ext\u00e9rieurs de cette maison\" \/>\n<meta property=\"og:url\" content=\"https:\/\/grandouestfacades.fr\/la-baule\/realisation\/ravalement-de-facades-a-guerande\/\" \/>\n<meta property=\"og:site_name\" content=\"Presqu&#039;\u00eele - St-Nazaire - Grand Ouest Fa\u00e7ades\" \/>\n<meta property=\"article:modified_time\" content=\"2025-04-16T15:16:38+00:00\" \/>\n<meta property=\"og:image\" content=\"https:\/\/grandouestfacades.fr\/la-baule\/wp-content\/uploads\/sites\/4\/2022\/07\/20220428_153444.jpg\" \/>\n\t<meta property=\"og:image:width\" content=\"1024\" \/>\n\t<meta property=\"og:image:height\" content=\"576\" \/>\n\t<meta property=\"og:image:type\" content=\"image\/jpeg\" \/>\n<meta name=\"twitter:card\" content=\"summary_large_image\" \/>\n<meta name=\"twitter:label1\" content=\"Dur\u00e9e de lecture estim\u00e9e\" \/>\n\t<meta name=\"twitter:data1\" content=\"6 minutes\" \/>\n<script type=\"application\/ld+json\" class=\"yoast-schema-graph\">{\"@context\":\"https:\\\/\\\/schema.org\",\"@graph\":[{\"@type\":\"WebPage\",\"@id\":\"https:\\\/\\\/grandouestfacades.fr\\\/la-baule\\\/realisation\\\/ravalement-de-facades-a-guerande\\\/\",\"url\":\"https:\\\/\\\/grandouestfacades.fr\\\/la-baule\\\/realisation\\\/ravalement-de-facades-a-guerande\\\/\",\"name\":\"Ravalement de Fa\u00e7ade pr\u00e8s de Gu\u00e9rande - R\u00e9novation et Isolation\",\"isPartOf\":{\"@id\":\"https:\\\/\\\/grandouestfacades.fr\\\/la-baule\\\/#website\"},\"primaryImageOfPage\":{\"@id\":\"https:\\\/\\\/grandouestfacades.fr\\\/la-baule\\\/realisation\\\/ravalement-de-facades-a-guerande\\\/#primaryimage\"},\"image\":{\"@id\":\"https:\\\/\\\/grandouestfacades.fr\\\/la-baule\\\/realisation\\\/ravalement-de-facades-a-guerande\\\/#primaryimage\"},\"thumbnailUrl\":\"https:\\\/\\\/grandouestfacades.fr\\\/la-baule\\\/wp-content\\\/uploads\\\/sites\\\/4\\\/2022\\\/07\\\/20220428_153444.jpg\",\"datePublished\":\"2022-07-04T14:23:54+00:00\",\"dateModified\":\"2025-04-16T15:16:38+00:00\",\"description\":\"Ravalement de Fa\u00e7ade pr\u00e8s de Gu\u00e9rande : 6 jours de chantier pour remettre \u00e0 neuf les murs ext\u00e9rieurs de cette maison\",\"breadcrumb\":{\"@id\":\"https:\\\/\\\/grandouestfacades.fr\\\/la-baule\\\/realisation\\\/ravalement-de-facades-a-guerande\\\/#breadcrumb\"},\"inLanguage\":\"fr-FR\",\"potentialAction\":[{\"@type\":\"ReadAction\",\"target\":[\"https:\\\/\\\/grandouestfacades.fr\\\/la-baule\\\/realisation\\\/ravalement-de-facades-a-guerande\\\/\"]}]},{\"@type\":\"ImageObject\",\"inLanguage\":\"fr-FR\",\"@id\":\"https:\\\/\\\/grandouestfacades.fr\\\/la-baule\\\/realisation\\\/ravalement-de-facades-a-guerande\\\/#primaryimage\",\"url\":\"https:\\\/\\\/grandouestfacades.fr\\\/la-baule\\\/wp-content\\\/uploads\\\/sites\\\/4\\\/2022\\\/07\\\/20220428_153444.jpg\",\"contentUrl\":\"https:\\\/\\\/grandouestfacades.fr\\\/la-baule\\\/wp-content\\\/uploads\\\/sites\\\/4\\\/2022\\\/07\\\/20220428_153444.jpg\",\"width\":1024,\"height\":576,\"caption\":\"Ravalement de Fa\u00e7ades \u00e0 Gu\u00e9rande - Grand Ouest Fa\u00e7ades La Baule\"},{\"@type\":\"BreadcrumbList\",\"@id\":\"https:\\\/\\\/grandouestfacades.fr\\\/la-baule\\\/realisation\\\/ravalement-de-facades-a-guerande\\\/#breadcrumb\",\"itemListElement\":[{\"@type\":\"ListItem\",\"position\":1,\"name\":\"Accueil\",\"item\":\"https:\\\/\\\/grandouestfacades.fr\\\/la-baule\\\/\"},{\"@type\":\"ListItem\",\"position\":2,\"name\":\"Ravalement de fa\u00e7ades pr\u00e8s de Gu\u00e9rande\"}]},{\"@type\":\"WebSite\",\"@id\":\"https:\\\/\\\/grandouestfacades.fr\\\/la-baule\\\/#website\",\"url\":\"https:\\\/\\\/grandouestfacades.fr\\\/la-baule\\\/\",\"name\":\"La Baule - Grand Ouest Fa\u00e7ades\",\"description\":\"La fa\u00e7ade dont vous r\u00eavez\",\"publisher\":{\"@id\":\"https:\\\/\\\/grandouestfacades.fr\\\/la-baule\\\/#organization\"},\"potentialAction\":[{\"@type\":\"SearchAction\",\"target\":{\"@type\":\"EntryPoint\",\"urlTemplate\":\"https:\\\/\\\/grandouestfacades.fr\\\/la-baule\\\/?s={search_term_string}\"},\"query-input\":{\"@type\":\"PropertyValueSpecification\",\"valueRequired\":true,\"valueName\":\"search_term_string\"}}],\"inLanguage\":\"fr-FR\"},{\"@type\":\"Organization\",\"@id\":\"https:\\\/\\\/grandouestfacades.fr\\\/la-baule\\\/#organization\",\"name\":\"Grand Ouest Fa\u00e7ades La Baule\",\"url\":\"https:\\\/\\\/grandouestfacades.fr\\\/la-baule\\\/\",\"logo\":{\"@type\":\"ImageObject\",\"inLanguage\":\"fr-FR\",\"@id\":\"https:\\\/\\\/grandouestfacades.fr\\\/la-baule\\\/#\\\/schema\\\/logo\\\/image\\\/\",\"url\":\"https:\\\/\\\/grandouestfacades.fr\\\/la-baule\\\/wp-content\\\/uploads\\\/sites\\\/4\\\/2021\\\/09\\\/Logo_agence_sans_GO_La_Baule.png\",\"contentUrl\":\"https:\\\/\\\/grandouestfacades.fr\\\/la-baule\\\/wp-content\\\/uploads\\\/sites\\\/4\\\/2021\\\/09\\\/Logo_agence_sans_GO_La_Baule.png\",\"width\":827,\"height\":265,\"caption\":\"Grand Ouest Fa\u00e7ades La Baule\"},\"image\":{\"@id\":\"https:\\\/\\\/grandouestfacades.fr\\\/la-baule\\\/#\\\/schema\\\/logo\\\/image\\\/\"}}]}<\/script>\n<!-- \/ Yoast SEO plugin. -->","yoast_head_json":{"title":"Ravalement de Fa\u00e7ade pr\u00e8s de Gu\u00e9rande - R\u00e9novation et Isolation","description":"Ravalement de Fa\u00e7ade pr\u00e8s de Gu\u00e9rande : 6 jours de chantier pour remettre \u00e0 neuf les murs ext\u00e9rieurs de cette maison","robots":{"index":"index","follow":"follow","max-snippet":"max-snippet:-1","max-image-preview":"max-image-preview:large","max-video-preview":"max-video-preview:-1"},"canonical":"https:\/\/grandouestfacades.fr\/la-baule\/realisation\/ravalement-de-facades-a-guerande\/","og_locale":"fr_FR","og_type":"article","og_title":"Ravalement de Fa\u00e7ade pr\u00e8s de Gu\u00e9rande - R\u00e9novation et Isolation","og_description":"Ravalement de Fa\u00e7ade pr\u00e8s de Gu\u00e9rande : 6 jours de chantier pour remettre \u00e0 neuf les murs ext\u00e9rieurs de cette maison","og_url":"https:\/\/grandouestfacades.fr\/la-baule\/realisation\/ravalement-de-facades-a-guerande\/","og_site_name":"Presqu&#039;\u00eele - St-Nazaire - Grand Ouest Fa\u00e7ades","article_modified_time":"2025-04-16T15:16:38+00:00","og_image":[{"width":1024,"height":576,"url":"https:\/\/grandouestfacades.fr\/la-baule\/wp-content\/uploads\/sites\/4\/2022\/07\/20220428_153444.jpg","type":"image\/jpeg"}],"twitter_card":"summary_large_image","twitter_misc":{"Dur\u00e9e de lecture estim\u00e9e":"6 minutes"},"schema":{"@context":"https:\/\/schema.org","@graph":[{"@type":"WebPage","@id":"https:\/\/grandouestfacades.fr\/la-baule\/realisation\/ravalement-de-facades-a-guerande\/","url":"https:\/\/grandouestfacades.fr\/la-baule\/realisation\/ravalement-de-facades-a-guerande\/","name":"Ravalement de Fa\u00e7ade pr\u00e8s de Gu\u00e9rande - R\u00e9novation et Isolation","isPartOf":{"@id":"https:\/\/grandouestfacades.fr\/la-baule\/#website"},"primaryImageOfPage":{"@id":"https:\/\/grandouestfacades.fr\/la-baule\/realisation\/ravalement-de-facades-a-guerande\/#primaryimage"},"image":{"@id":"https:\/\/grandouestfacades.fr\/la-baule\/realisation\/ravalement-de-facades-a-guerande\/#primaryimage"},"thumbnailUrl":"https:\/\/grandouestfacades.fr\/la-baule\/wp-content\/uploads\/sites\/4\/2022\/07\/20220428_153444.jpg","datePublished":"2022-07-04T14:23:54+00:00","dateModified":"2025-04-16T15:16:38+00:00","description":"Ravalement de Fa\u00e7ade pr\u00e8s de Gu\u00e9rande : 6 jours de chantier pour remettre \u00e0 neuf les murs ext\u00e9rieurs de cette maison","breadcrumb":{"@id":"https:\/\/grandouestfacades.fr\/la-baule\/realisation\/ravalement-de-facades-a-guerande\/#breadcrumb"},"inLanguage":"fr-FR","potentialAction":[{"@type":"ReadAction","target":["https:\/\/grandouestfacades.fr\/la-baule\/realisation\/ravalement-de-facades-a-guerande\/"]}]},{"@type":"ImageObject","inLanguage":"fr-FR","@id":"https:\/\/grandouestfacades.fr\/la-baule\/realisation\/ravalement-de-facades-a-guerande\/#primaryimage","url":"https:\/\/grandouestfacades.fr\/la-baule\/wp-content\/uploads\/sites\/4\/2022\/07\/20220428_153444.jpg","contentUrl":"https:\/\/grandouestfacades.fr\/la-baule\/wp-content\/uploads\/sites\/4\/2022\/07\/20220428_153444.jpg","width":1024,"height":576,"caption":"Ravalement de Fa\u00e7ades \u00e0 Gu\u00e9rande - Grand Ouest Fa\u00e7ades La Baule"},{"@type":"BreadcrumbList","@id":"https:\/\/grandouestfacades.fr\/la-baule\/realisation\/ravalement-de-facades-a-guerande\/#breadcrumb","itemListElement":[{"@type":"ListItem","position":1,"name":"Accueil","item":"https:\/\/grandouestfacades.fr\/la-baule\/"},{"@type":"ListItem","position":2,"name":"Ravalement de fa\u00e7ades pr\u00e8s de Gu\u00e9rande"}]},{"@type":"WebSite","@id":"https:\/\/grandouestfacades.fr\/la-baule\/#website","url":"https:\/\/grandouestfacades.fr\/la-baule\/","name":"La Baule - Grand Ouest Fa\u00e7ades","description":"La fa\u00e7ade dont vous r\u00eavez","publisher":{"@id":"https:\/\/grandouestfacades.fr\/la-baule\/#organization"},"potentialAction":[{"@type":"SearchAction","target":{"@type":"EntryPoint","urlTemplate":"https:\/\/grandouestfacades.fr\/la-baule\/?s={search_term_string}"},"query-input":{"@type":"PropertyValueSpecification","valueRequired":true,"valueName":"search_term_string"}}],"inLanguage":"fr-FR"},{"@type":"Organization","@id":"https:\/\/grandouestfacades.fr\/la-baule\/#organization","name":"Grand Ouest Fa\u00e7ades La Baule","url":"https:\/\/grandouestfacades.fr\/la-baule\/","logo":{"@type":"ImageObject","inLanguage":"fr-FR","@id":"https:\/\/grandouestfacades.fr\/la-baule\/#\/schema\/logo\/image\/","url":"https:\/\/grandouestfacades.fr\/la-baule\/wp-content\/uploads\/sites\/4\/2021\/09\/Logo_agence_sans_GO_La_Baule.png","contentUrl":"https:\/\/grandouestfacades.fr\/la-baule\/wp-content\/uploads\/sites\/4\/2021\/09\/Logo_agence_sans_GO_La_Baule.png","width":827,"height":265,"caption":"Grand Ouest Fa\u00e7ades La Baule"},"image":{"@id":"https:\/\/grandouestfacades.fr\/la-baule\/#\/schema\/logo\/image\/"}}]}},"_links":{"self":[{"href":"https:\/\/grandouestfacades.fr\/la-baule\/wp-json\/wp\/v2\/realisation\/4060","targetHints":{"allow":["GET"]}}],"collection":[{"href":"https:\/\/grandouestfacades.fr\/la-baule\/wp-json\/wp\/v2\/realisation"}],"about":[{"href":"https:\/\/grandouestfacades.fr\/la-baule\/wp-json\/wp\/v2\/types\/realisation"}],"author":[{"embeddable":true,"href":"https:\/\/grandouestfacades.fr\/la-baule\/wp-json\/wp\/v2\/users\/7"}],"wp:featuredmedia":[{"embeddable":true,"href":"https:\/\/grandouestfacades.fr\/la-baule\/wp-json\/wp\/v2\/media\/4061"}],"wp:attachment":[{"href":"https:\/\/grandouestfacades.fr\/la-baule\/wp-json\/wp\/v2\/media?parent=4060"}],"wp:term":[{"taxonomy":"category","embeddable":true,"href":"https:\/\/grandouestfacades.fr\/la-baule\/wp-json\/wp\/v2\/categories?post=4060"}],"curies":[{"name":"wp","href":"https:\/\/api.w.org\/{rel}","templated":true}]}}