{"id":4073,"date":"2022-09-14T10:04:38","date_gmt":"2022-09-14T08:04:38","guid":{"rendered":"https:\/\/grandouestfacades.fr\/la-baule\/?post_type=realisation&#038;p=4073"},"modified":"2022-11-16T16:17:15","modified_gmt":"2022-11-16T15:17:15","slug":"ravalement-de-facades-trignac","status":"publish","type":"realisation","link":"https:\/\/grandouestfacades.fr\/la-baule\/realisation\/ravalement-de-facades-trignac\/","title":{"rendered":"\ud83c\udfe1RAVALEMENT DE FA\u00c7ADES  TRIGNAC\u2705"},"content":{"rendered":"\n<p>Tignac, son nom proviendrait le plus vraisemblablement du celtique continental d\u00e9signant la partie s\u00e8che d&rsquo;une prairie humide. la pr\u00e9sence de l&rsquo;homme sur le territoire remonterait a plus de 3500 av JC , la pr\u00e9sence de pirogues pr\u00e9historique retrouv\u00e9es dans le cour du Brivet l&rsquo;atteste.<\/p>\n\n\n\n<p>la ville de Trignac est inscrite dans le temps, et nous souhaitons faire de m\u00eame avec nos r\u00e9alisations.<\/p>\n\n\n\n<p>venez d\u00e9couvrir comment nous assurons la protection des fa\u00e7ades sur le long terme, en suivant les diff\u00e9rentes \u00e9tapes de ce <strong>ravalement de fa\u00e7ades Trignac<\/strong><\/p>\n\n\n\n<p> <\/p>\n\n\n\n<p><\/p>\n\n\n\n<h2 class=\"wp-block-heading\">Pourquoi faire un ravalement de fa\u00e7ades Trignac ?<\/h2>\n\n\n\n<h3 class=\"wp-block-heading\">\u00c9tat des lieux de cette maison a Trignac<\/h3>\n\n\n\n<p>Notre client souhaitait embellir sa maison en lui redonnant une couleur actuel, faire un diagnostique de l&rsquo;\u00e9tat structurel de son bien et effectuer les r\u00e9parations de fissures, le traitement des \u00e9clats de ma\u00e7onnerie, et l&rsquo;imperm\u00e9abilisation des fa\u00e7ades.<\/p>\n\n\n\n<p>Nous avons relev\u00e9s plusieurs probl\u00e8mes sur cette maison de Trignac<\/p>\n\n\n\n<ul class=\"wp-block-list\">\n<li>enduit souffl\u00e9; (sonne creux)<\/li>\n\n\n\n<li>microfissures<\/li>\n\n\n\n<li>fissures structurel<\/li>\n\n\n\n<li>pr\u00e9sence de micro-organisme ( lichens, mousses, algues&#8230;)<\/li>\n<\/ul>\n\n\n\n<p>le diagnostique a r\u00e9v\u00e9l\u00e9 a certain endroit de la maison des enduits qui ce d\u00e9collait .<\/p>\n\n\n\n<p>De grosses fissures sur le pignon, nous indiquait un probl\u00e8me structurel.<\/p>\n\n\n\n<p>L&rsquo;expertise approfondie du b\u00e2tie est indispensable afin de relever l&rsquo;ensemble des d\u00e9sordres.<\/p>\n\n\n\n<p><\/p>\n\n\n\n<h3 class=\"wp-block-heading\">Nos conseils<\/h3>\n\n\n\n<p>le cahier des charges&nbsp;:<\/p>\n\n\n\n<ul class=\"wp-block-list\">\n<li>r\u00e9parer les enduits souffl\u00e9 de la fa\u00e7ades et du pignon\u2009;<\/li>\n\n\n\n<li>peindre les fa\u00e7ades et les pignons \u2009;<\/li>\n\n\n\n<li>Traiter les fissures;<\/li>\n\n\n\n<li>Imperm\u00e9abiliser les murs de la maison<\/li>\n<\/ul>\n\n\n\n<p>Dans un premier temps, nous avons conseill\u00e9 \u00e0 notre client d&rsquo;effectuer la d\u00e9contamination du support, le piquage ponctuel et la r\u00e9fection des enduit souffl\u00e9e, le traitement de fissures afin de s&rsquo;assurer quelles ne r\u00e9apparaissent pas, et l&rsquo;imperm\u00e9abilisation des fa\u00e7ades pour rendre les murs \u00e9tanche a l&rsquo;eau de ruiss\u00e8lement.<\/p>\n\n\n\n<p>Toutes nos r\u00e9alisations font l\u2019objet d\u2019un diagnostic gratuit, un constat visuel. <\/p>\n\n\n\n<h2 class=\"wp-block-heading\">Ravalement de fa\u00e7ades Trignac&nbsp;:  les \u00e9tapes des travaux<\/h2>\n\n\n\n<p>Pour rem\u00e9dier au diff\u00e9rents probl\u00e8mes sur cette maison a Trignac nous avons proc\u00e9d\u00e9 par \u00e9tape.<\/p>\n\n\n\n<ol class=\"wp-block-list\">\n<li>Le masquage des fen\u00eatres, sols, plantes&#8230;<\/li>\n\n\n\n<li>Protection des volets.<\/li>\n\n\n\n<li>La pose d&rsquo;un \u00e9chafaudage<\/li>\n\n\n\n<li>Le lavage haute pression de la fa\u00e7ades et du pignon<\/li>\n\n\n\n<li>le piquage des enduits qui sonnait creux<\/li>\n\n\n\n<li>La r\u00e9paration des \u00e9clats d&rsquo;enduits avec un mortier fibr\u00e9 <a href=\"https:\/\/www.pci-france.fr\/fr\/produits\/pci-nanocret-r2.html\">PCI NANOCRET R2<\/a> <\/li>\n\n\n\n<li>le traitement des fissures avec un mastic <a href=\"https:\/\/toupret.com\/fr\/enduit-professionnels\/produit\/solutions-specialisees\/fibacryl-rebouchage-des-fissures\">FIBACRYL<\/a><\/li>\n\n\n\n<li>La pulv\u00e9risation d&rsquo;un d\u00e9contaminant de surface permettant d&rsquo;\u00e9viter la r\u00e9apparition de mousse et lichens<\/li>\n\n\n\n<li>l&rsquo;application d&rsquo;une sous-couche, afin d&rsquo;\u00e9viter le cloquage et l&rsquo;\u00e9caillage, ce fixateur est appliqu\u00e9 au rouleau.<\/li>\n\n\n\n<li>la pose de la finition <a href=\"https:\/\/grandouestfacades.fr\/go-marque-exclusive\/\">GO TT<\/a>, cette peinture de fa\u00e7ades faire partie de la famille des rev\u00eatement semi-\u00e9pais. cette finition souple et microporeuse permet l&rsquo;imperm\u00e9abilisation et la protection des fa\u00e7ades<\/li>\n\n\n\n<li>la remise en peinture des dessous de toit avec une laque microporeuse de la gamme <a href=\"https:\/\/grandouestfacades.fr\/go-marque-exclusive\/\">GO<\/a><\/li>\n\n\n\n<li>La remise en peinture des appuis de fen\u00eatre avec notre laque a b\u00e9ton, r\u00e9sistante a l&rsquo;abrasion (nettoyage a l&rsquo;\u00e9ponge)et d&rsquo;aspect satin\u00e9e<\/li>\n<\/ol>\n\n\n\n<h2 class=\"wp-block-heading\">Des Rev\u00eatements haut de gamme.<\/h2>\n\n\n\n<p>\u00c0 savoir \ud83d\udca1<\/p>\n\n\n\n<p>Notre rev\u00eatement professionnelle, haut de gamme, permet l&rsquo;imperm\u00e9abilisation des murs micro-fissur\u00e9, poss\u00e8de une tr\u00e8s grande souplesse, <\/p>\n\n\n\n<p>Ce chantier aura dur\u00e9 6&nbsp;jours, finitions incluses.<\/p>\n\n\n\n<p>En r\u00e9sum\u00e9, nous avons&nbsp;:<\/p>\n\n\n\n<ul class=\"wp-block-list\">\n<li>traiter les fissures;<\/li>\n\n\n\n<li>les enduits ont \u00e9t\u00e9 r\u00e9nov\u00e9s;<\/li>\n\n\n\n<li>harmonis\u00e9e la fa\u00e7ade et le pignon\u2009;<\/li>\n\n\n\n<li>prot\u00e9ger les murs des intemp\u00e9ries.<\/li>\n<\/ul>\n\n\n\n<p>Voila,  encore un ravalement de fa\u00e7ades Trignac r\u00e9alis\u00e9 par nos \u00e9quipes de professionnels.<\/p>\n\n\n\n<p>Notre agence de La Baule se tient \u00e0 votre \u00e9coute pour le moindre conseil. Nous intervenons sur le secteur de Pontch\u00e2teau, Montoir de Bretagne, <a href=\"https:\/\/grandouestfacades.fr\/la-baule\/realisation\/ravalement-de-facades-a-pontchateau\/\" target=\"_blank\" rel=\"noreferrer noopener\">Trignac<\/a>, Donges, Savenay ou <a href=\"https:\/\/grandouestfacades.fr\/la-baule\/realisation\/ravalement-de-facades-severac\/\">S\u00e9v\u00e9rac<\/a>.<\/p>\n\n\n\n<p>Je <a href=\"https:\/\/grandouestfacades.fr\/la-baule\/demande-de-devis-diagnistic-gratuit\/\">contacte Grand Ouest Fa\u00e7ades La Baule<\/a> pour un diagnostic gratuit<\/p>\n\n\n\n<p>D\u00e9couvrez les avis de nos clients sur <a href=\"https:\/\/www.eldo.com\/pro\/grand_ouest_facades_la_baule\/\">ELDO<\/a><\/p>\n\n\n\n<p><\/p>\n","protected":false},"excerpt":{"rendered":"<p>Tignac, son nom proviendrait le plus vraisemblablement du celtique continental d\u00e9signant la partie s\u00e8che d&rsquo;une prairie humide. la pr\u00e9sence de l&rsquo;homme sur le territoire remonterait a plus de 3500 av JC , la pr\u00e9sence de pirogues pr\u00e9historique retrouv\u00e9es dans le cour du Brivet l&rsquo;atteste. la ville de Trignac est inscrite dans le temps, et nous [&hellip;]<\/p>\n","protected":false},"author":5,"featured_media":4076,"template":"","format":"standard","categories":[6],"class_list":["post-4073","realisation","type-realisation","status-publish","format-standard","has-post-thumbnail","hentry","category-ravalement-de-facade"],"yoast_head":"<!-- This site is optimized with the Yoast SEO plugin v27.5 - https:\/\/yoast.com\/product\/yoast-seo-wordpress\/ -->\n<title>\ud83c\udfe1RAVALEMENT DE FA\u00c7ADES TRIGNAC\u2705 -<\/title>\n<meta name=\"description\" content=\"RAVALEMENT DE FACADES TRIGNAC, maison r\u00e9nov\u00e9e et prot\u00e9g\u00e9e des agressions du climat, une r\u00e9alisation Grand Ouest Fa\u00e7ades La Baule.\" \/>\n<meta name=\"robots\" content=\"index, follow, max-snippet:-1, max-image-preview:large, max-video-preview:-1\" \/>\n<link rel=\"canonical\" href=\"https:\/\/grandouestfacades.fr\/la-baule\/realisation\/ravalement-de-facades-trignac\/\" \/>\n<meta property=\"og:locale\" content=\"fr_FR\" \/>\n<meta property=\"og:type\" content=\"article\" \/>\n<meta property=\"og:title\" content=\"\ud83c\udfe1RAVALEMENT DE FA\u00c7ADES TRIGNAC\u2705 -\" \/>\n<meta property=\"og:description\" content=\"RAVALEMENT DE FACADES TRIGNAC, maison r\u00e9nov\u00e9e et prot\u00e9g\u00e9e des agressions du climat, une r\u00e9alisation Grand Ouest Fa\u00e7ades La Baule.\" \/>\n<meta property=\"og:url\" content=\"https:\/\/grandouestfacades.fr\/la-baule\/realisation\/ravalement-de-facades-trignac\/\" \/>\n<meta property=\"og:site_name\" content=\"Presqu&#039;\u00eele - St-Nazaire - Grand Ouest Fa\u00e7ades\" \/>\n<meta property=\"article:modified_time\" content=\"2022-11-16T15:17:15+00:00\" \/>\n<meta property=\"og:image\" content=\"https:\/\/grandouestfacades.fr\/la-baule\/wp-content\/uploads\/sites\/4\/2022\/09\/ravalement-de-facade-trignac-apres-scaled.jpg\" \/>\n\t<meta property=\"og:image:width\" content=\"2560\" \/>\n\t<meta property=\"og:image:height\" content=\"1920\" \/>\n\t<meta property=\"og:image:type\" content=\"image\/jpeg\" \/>\n<meta name=\"twitter:card\" content=\"summary_large_image\" \/>\n<meta name=\"twitter:label1\" content=\"Dur\u00e9e de lecture estim\u00e9e\" \/>\n\t<meta name=\"twitter:data1\" content=\"3 minutes\" \/>\n<script type=\"application\/ld+json\" class=\"yoast-schema-graph\">{\"@context\":\"https:\\\/\\\/schema.org\",\"@graph\":[{\"@type\":\"WebPage\",\"@id\":\"https:\\\/\\\/grandouestfacades.fr\\\/la-baule\\\/realisation\\\/ravalement-de-facades-trignac\\\/\",\"url\":\"https:\\\/\\\/grandouestfacades.fr\\\/la-baule\\\/realisation\\\/ravalement-de-facades-trignac\\\/\",\"name\":\"\ud83c\udfe1RAVALEMENT DE FA\u00c7ADES TRIGNAC\u2705 -\",\"isPartOf\":{\"@id\":\"https:\\\/\\\/grandouestfacades.fr\\\/la-baule\\\/#website\"},\"primaryImageOfPage\":{\"@id\":\"https:\\\/\\\/grandouestfacades.fr\\\/la-baule\\\/realisation\\\/ravalement-de-facades-trignac\\\/#primaryimage\"},\"image\":{\"@id\":\"https:\\\/\\\/grandouestfacades.fr\\\/la-baule\\\/realisation\\\/ravalement-de-facades-trignac\\\/#primaryimage\"},\"thumbnailUrl\":\"https:\\\/\\\/grandouestfacades.fr\\\/la-baule\\\/wp-content\\\/uploads\\\/sites\\\/4\\\/2022\\\/09\\\/ravalement-de-facade-trignac-apres-scaled.jpg\",\"datePublished\":\"2022-09-14T08:04:38+00:00\",\"dateModified\":\"2022-11-16T15:17:15+00:00\",\"description\":\"RAVALEMENT DE FACADES TRIGNAC, maison r\u00e9nov\u00e9e et prot\u00e9g\u00e9e des agressions du climat, une r\u00e9alisation Grand Ouest Fa\u00e7ades La Baule.\",\"breadcrumb\":{\"@id\":\"https:\\\/\\\/grandouestfacades.fr\\\/la-baule\\\/realisation\\\/ravalement-de-facades-trignac\\\/#breadcrumb\"},\"inLanguage\":\"fr-FR\",\"potentialAction\":[{\"@type\":\"ReadAction\",\"target\":[\"https:\\\/\\\/grandouestfacades.fr\\\/la-baule\\\/realisation\\\/ravalement-de-facades-trignac\\\/\"]}]},{\"@type\":\"ImageObject\",\"inLanguage\":\"fr-FR\",\"@id\":\"https:\\\/\\\/grandouestfacades.fr\\\/la-baule\\\/realisation\\\/ravalement-de-facades-trignac\\\/#primaryimage\",\"url\":\"https:\\\/\\\/grandouestfacades.fr\\\/la-baule\\\/wp-content\\\/uploads\\\/sites\\\/4\\\/2022\\\/09\\\/ravalement-de-facade-trignac-apres-scaled.jpg\",\"contentUrl\":\"https:\\\/\\\/grandouestfacades.fr\\\/la-baule\\\/wp-content\\\/uploads\\\/sites\\\/4\\\/2022\\\/09\\\/ravalement-de-facade-trignac-apres-scaled.jpg\",\"width\":2560,\"height\":1920,\"caption\":\"remise en peinture d'une fa\u00e7ades a trignac\"},{\"@type\":\"BreadcrumbList\",\"@id\":\"https:\\\/\\\/grandouestfacades.fr\\\/la-baule\\\/realisation\\\/ravalement-de-facades-trignac\\\/#breadcrumb\",\"itemListElement\":[{\"@type\":\"ListItem\",\"position\":1,\"name\":\"Accueil\",\"item\":\"https:\\\/\\\/grandouestfacades.fr\\\/la-baule\\\/\"},{\"@type\":\"ListItem\",\"position\":2,\"name\":\"\ud83c\udfe1RAVALEMENT DE FA\u00c7ADES TRIGNAC\u2705\"}]},{\"@type\":\"WebSite\",\"@id\":\"https:\\\/\\\/grandouestfacades.fr\\\/la-baule\\\/#website\",\"url\":\"https:\\\/\\\/grandouestfacades.fr\\\/la-baule\\\/\",\"name\":\"La Baule - Grand Ouest Fa\u00e7ades\",\"description\":\"La fa\u00e7ade dont vous r\u00eavez\",\"publisher\":{\"@id\":\"https:\\\/\\\/grandouestfacades.fr\\\/la-baule\\\/#organization\"},\"potentialAction\":[{\"@type\":\"SearchAction\",\"target\":{\"@type\":\"EntryPoint\",\"urlTemplate\":\"https:\\\/\\\/grandouestfacades.fr\\\/la-baule\\\/?s={search_term_string}\"},\"query-input\":{\"@type\":\"PropertyValueSpecification\",\"valueRequired\":true,\"valueName\":\"search_term_string\"}}],\"inLanguage\":\"fr-FR\"},{\"@type\":\"Organization\",\"@id\":\"https:\\\/\\\/grandouestfacades.fr\\\/la-baule\\\/#organization\",\"name\":\"Grand Ouest Fa\u00e7ades La Baule\",\"url\":\"https:\\\/\\\/grandouestfacades.fr\\\/la-baule\\\/\",\"logo\":{\"@type\":\"ImageObject\",\"inLanguage\":\"fr-FR\",\"@id\":\"https:\\\/\\\/grandouestfacades.fr\\\/la-baule\\\/#\\\/schema\\\/logo\\\/image\\\/\",\"url\":\"https:\\\/\\\/grandouestfacades.fr\\\/la-baule\\\/wp-content\\\/uploads\\\/sites\\\/4\\\/2021\\\/09\\\/Logo_agence_sans_GO_La_Baule.png\",\"contentUrl\":\"https:\\\/\\\/grandouestfacades.fr\\\/la-baule\\\/wp-content\\\/uploads\\\/sites\\\/4\\\/2021\\\/09\\\/Logo_agence_sans_GO_La_Baule.png\",\"width\":827,\"height\":265,\"caption\":\"Grand Ouest Fa\u00e7ades La Baule\"},\"image\":{\"@id\":\"https:\\\/\\\/grandouestfacades.fr\\\/la-baule\\\/#\\\/schema\\\/logo\\\/image\\\/\"}}]}<\/script>\n<!-- \/ Yoast SEO plugin. -->","yoast_head_json":{"title":"\ud83c\udfe1RAVALEMENT DE FA\u00c7ADES TRIGNAC\u2705 -","description":"RAVALEMENT DE FACADES TRIGNAC, maison r\u00e9nov\u00e9e et prot\u00e9g\u00e9e des agressions du climat, une r\u00e9alisation Grand Ouest Fa\u00e7ades La Baule.","robots":{"index":"index","follow":"follow","max-snippet":"max-snippet:-1","max-image-preview":"max-image-preview:large","max-video-preview":"max-video-preview:-1"},"canonical":"https:\/\/grandouestfacades.fr\/la-baule\/realisation\/ravalement-de-facades-trignac\/","og_locale":"fr_FR","og_type":"article","og_title":"\ud83c\udfe1RAVALEMENT DE FA\u00c7ADES TRIGNAC\u2705 -","og_description":"RAVALEMENT DE FACADES TRIGNAC, maison r\u00e9nov\u00e9e et prot\u00e9g\u00e9e des agressions du climat, une r\u00e9alisation Grand Ouest Fa\u00e7ades La Baule.","og_url":"https:\/\/grandouestfacades.fr\/la-baule\/realisation\/ravalement-de-facades-trignac\/","og_site_name":"Presqu&#039;\u00eele - St-Nazaire - Grand Ouest Fa\u00e7ades","article_modified_time":"2022-11-16T15:17:15+00:00","og_image":[{"width":2560,"height":1920,"url":"https:\/\/grandouestfacades.fr\/la-baule\/wp-content\/uploads\/sites\/4\/2022\/09\/ravalement-de-facade-trignac-apres-scaled.jpg","type":"image\/jpeg"}],"twitter_card":"summary_large_image","twitter_misc":{"Dur\u00e9e de lecture estim\u00e9e":"3 minutes"},"schema":{"@context":"https:\/\/schema.org","@graph":[{"@type":"WebPage","@id":"https:\/\/grandouestfacades.fr\/la-baule\/realisation\/ravalement-de-facades-trignac\/","url":"https:\/\/grandouestfacades.fr\/la-baule\/realisation\/ravalement-de-facades-trignac\/","name":"\ud83c\udfe1RAVALEMENT DE FA\u00c7ADES TRIGNAC\u2705 -","isPartOf":{"@id":"https:\/\/grandouestfacades.fr\/la-baule\/#website"},"primaryImageOfPage":{"@id":"https:\/\/grandouestfacades.fr\/la-baule\/realisation\/ravalement-de-facades-trignac\/#primaryimage"},"image":{"@id":"https:\/\/grandouestfacades.fr\/la-baule\/realisation\/ravalement-de-facades-trignac\/#primaryimage"},"thumbnailUrl":"https:\/\/grandouestfacades.fr\/la-baule\/wp-content\/uploads\/sites\/4\/2022\/09\/ravalement-de-facade-trignac-apres-scaled.jpg","datePublished":"2022-09-14T08:04:38+00:00","dateModified":"2022-11-16T15:17:15+00:00","description":"RAVALEMENT DE FACADES TRIGNAC, maison r\u00e9nov\u00e9e et prot\u00e9g\u00e9e des agressions du climat, une r\u00e9alisation Grand Ouest Fa\u00e7ades La Baule.","breadcrumb":{"@id":"https:\/\/grandouestfacades.fr\/la-baule\/realisation\/ravalement-de-facades-trignac\/#breadcrumb"},"inLanguage":"fr-FR","potentialAction":[{"@type":"ReadAction","target":["https:\/\/grandouestfacades.fr\/la-baule\/realisation\/ravalement-de-facades-trignac\/"]}]},{"@type":"ImageObject","inLanguage":"fr-FR","@id":"https:\/\/grandouestfacades.fr\/la-baule\/realisation\/ravalement-de-facades-trignac\/#primaryimage","url":"https:\/\/grandouestfacades.fr\/la-baule\/wp-content\/uploads\/sites\/4\/2022\/09\/ravalement-de-facade-trignac-apres-scaled.jpg","contentUrl":"https:\/\/grandouestfacades.fr\/la-baule\/wp-content\/uploads\/sites\/4\/2022\/09\/ravalement-de-facade-trignac-apres-scaled.jpg","width":2560,"height":1920,"caption":"remise en peinture d'une fa\u00e7ades a trignac"},{"@type":"BreadcrumbList","@id":"https:\/\/grandouestfacades.fr\/la-baule\/realisation\/ravalement-de-facades-trignac\/#breadcrumb","itemListElement":[{"@type":"ListItem","position":1,"name":"Accueil","item":"https:\/\/grandouestfacades.fr\/la-baule\/"},{"@type":"ListItem","position":2,"name":"\ud83c\udfe1RAVALEMENT DE FA\u00c7ADES TRIGNAC\u2705"}]},{"@type":"WebSite","@id":"https:\/\/grandouestfacades.fr\/la-baule\/#website","url":"https:\/\/grandouestfacades.fr\/la-baule\/","name":"La Baule - Grand Ouest Fa\u00e7ades","description":"La fa\u00e7ade dont vous r\u00eavez","publisher":{"@id":"https:\/\/grandouestfacades.fr\/la-baule\/#organization"},"potentialAction":[{"@type":"SearchAction","target":{"@type":"EntryPoint","urlTemplate":"https:\/\/grandouestfacades.fr\/la-baule\/?s={search_term_string}"},"query-input":{"@type":"PropertyValueSpecification","valueRequired":true,"valueName":"search_term_string"}}],"inLanguage":"fr-FR"},{"@type":"Organization","@id":"https:\/\/grandouestfacades.fr\/la-baule\/#organization","name":"Grand Ouest Fa\u00e7ades La Baule","url":"https:\/\/grandouestfacades.fr\/la-baule\/","logo":{"@type":"ImageObject","inLanguage":"fr-FR","@id":"https:\/\/grandouestfacades.fr\/la-baule\/#\/schema\/logo\/image\/","url":"https:\/\/grandouestfacades.fr\/la-baule\/wp-content\/uploads\/sites\/4\/2021\/09\/Logo_agence_sans_GO_La_Baule.png","contentUrl":"https:\/\/grandouestfacades.fr\/la-baule\/wp-content\/uploads\/sites\/4\/2021\/09\/Logo_agence_sans_GO_La_Baule.png","width":827,"height":265,"caption":"Grand Ouest Fa\u00e7ades La Baule"},"image":{"@id":"https:\/\/grandouestfacades.fr\/la-baule\/#\/schema\/logo\/image\/"}}]}},"_links":{"self":[{"href":"https:\/\/grandouestfacades.fr\/la-baule\/wp-json\/wp\/v2\/realisation\/4073","targetHints":{"allow":["GET"]}}],"collection":[{"href":"https:\/\/grandouestfacades.fr\/la-baule\/wp-json\/wp\/v2\/realisation"}],"about":[{"href":"https:\/\/grandouestfacades.fr\/la-baule\/wp-json\/wp\/v2\/types\/realisation"}],"author":[{"embeddable":true,"href":"https:\/\/grandouestfacades.fr\/la-baule\/wp-json\/wp\/v2\/users\/5"}],"wp:featuredmedia":[{"embeddable":true,"href":"https:\/\/grandouestfacades.fr\/la-baule\/wp-json\/wp\/v2\/media\/4076"}],"wp:attachment":[{"href":"https:\/\/grandouestfacades.fr\/la-baule\/wp-json\/wp\/v2\/media?parent=4073"}],"wp:term":[{"taxonomy":"category","embeddable":true,"href":"https:\/\/grandouestfacades.fr\/la-baule\/wp-json\/wp\/v2\/categories?post=4073"}],"curies":[{"name":"wp","href":"https:\/\/api.w.org\/{rel}","templated":true}]}}