{"id":4221,"date":"2022-12-14T16:19:28","date_gmt":"2022-12-14T15:19:28","guid":{"rendered":"https:\/\/grandouestfacades.fr\/la-baule\/?post_type=realisation&#038;p=4221"},"modified":"2023-01-12T15:51:57","modified_gmt":"2023-01-12T14:51:57","slug":"ravalement-de-facades-crossac","status":"publish","type":"realisation","link":"https:\/\/grandouestfacades.fr\/la-baule\/realisation\/ravalement-de-facades-crossac\/","title":{"rendered":"Ravalement de fa\u00e7ades CROSSAC"},"content":{"rendered":"\n<p>Ce ravalement de fa\u00e7ades a Crossac a permis de prot\u00e9ger et embellir cette belle maison.<\/p>\n\n\n\n<p>Crossac de la pr\u00e9histoire a aujourd&rsquo;hui, de nombreux vestiges et traces atteste de la pr\u00e9sence de l&rsquo;homme. <\/p>\n\n\n\n<p>Dolmens, Menhir et autre outils, prouvent cette existence. Crossac traverse les \u00e2ges, et ne cesse d&rsquo;\u00e9voluer et de s&#8217;embellir. et cette maison de Crossac a b\u00e9n\u00e9fici\u00e9 des m\u00eames avantages.<\/p>\n\n\n\n<p><strong>L&rsquo;\u00e9tat des lieux de cette maison:<\/strong><\/p>\n\n\n\n<p>Tout d&rsquo;abord il faut dire que cette maison des ann\u00e9es 90, a subi les agressions du climat oc\u00e9anique de notre r\u00e9gion. <\/p>\n\n\n\n<p>La pr\u00e9sence de traces rouge, verte, noir sur les enduits monocouche des fa\u00e7ades et pignons prouvent que les micro-organisme ce sont implant\u00e9s en profondeur dans les enduits.<\/p>\n\n\n\n<p>Les fissures et microfissures apparaissent au fur et a mesure des ann\u00e9es, en particulier lors des deux derni\u00e8res du au s\u00e8cheresse.<\/p>\n\n\n\n<p>les enduits monocouches sont en contact avec le sol et la terre humide, a force d&rsquo;\u00eatre en contact avec l&rsquo;humidit\u00e9, les enduits sont poreux et la porosit\u00e9 des enduits monocouche favorise la migration de l&rsquo;eau. <\/p>\n\n\n\n<p>Les enduits cloque et montrent des traces sombres ind\u00e9l\u00e9biles d&rsquo;humidit\u00e9.<\/p>\n\n\n\n<p>Les fa\u00e7ades pr\u00e9sentent des signes d&rsquo;infiltration et les pignons sont expos\u00e9s au intemp\u00e9ries.<\/p>\n\n\n\n<p> Afin de r\u00e9gler les diff\u00e9rents probl\u00e8mes pr\u00e9sent sur cette maison, nous \u00e9tablissons un cahier des charges pr\u00e9cis avec les propri\u00e9taires. <\/p>\n\n\n\n<h2 class=\"wp-block-heading\">le d\u00e9roulement des travaux de ravalement de fa\u00e7ades a CROSSAC<\/h2>\n\n\n\n<ul class=\"wp-block-list\">\n<li>Pour commencer:<\/li>\n\n\n\n<li>l&rsquo;am\u00e9nagement des acc\u00e8s a l&rsquo;ext\u00e9rieur<\/li>\n\n\n\n<li>le masquage des \u00e9l\u00e9ments a prot\u00e9ger (vitre, sol, v\u00e9g\u00e9tation)<\/li>\n\n\n\n<li>le piquage des enduits en soubassement en prenant soin de faire une d\u00e9coupe de niveau<\/li>\n\n\n\n<li>le nettoyage basse pression des fa\u00e7ades et pignons<\/li>\n\n\n\n<li>la pulv\u00e9risation d&rsquo;un antimousse pr\u00e9ventif afin de s&rsquo;assurer que le support est bien d\u00e9contamin\u00e9<\/li>\n\n\n\n<li>la realisation des enduits gratt\u00e9 en soubassement avec un enduit monocouche hydrofug\u00e9e<\/li>\n\n\n\n<li>le reprise des fissures avec le <a href=\"https:\/\/toupret.com\/fr\/enduit-professionnels\/produit\/solutions-specialisees\/fibacryl-rebouchage-des-fissures\">FIBACRYL<\/a><\/li>\n\n\n\n<li>l\u2019application au rouleau du fixateur tr\u00e8s adh\u00e8rent et opacifiant afin d&rsquo;assurer la bonne tenue du rev\u00eatement de finition.<\/li>\n\n\n\n<li>le rev\u00eatement de finition choisi fait parti de la famille des semi-\u00e9pais, ce rev\u00eatement charg\u00e9 en r\u00e9sine permet d&rsquo;imperm\u00e9abiliser les murs fissur\u00e9es, masque le fa\u00efen\u00e7age, \u00e9vite l&rsquo;encrassement, et est \u00e9galement respirant. cette peinture est appliqu\u00e9e au rouleau sur l&rsquo;ensemble des fa\u00e7ades et pignons<\/li>\n<\/ul>\n\n\n\n<p>En conclusion, la r\u00e9alisation de ce ravalement de fa\u00e7ades CROSSAC a dur\u00e9e 10 jours, cette maison de CROSSAC est d\u00e9sormais prot\u00e9ger avec des rev\u00eatements haut de gamme.<\/p>\n\n\n\n<p>Merci de la confiance accord\u00e9e en nous confiant les travaux de ravalement de fa\u00e7ades.<\/p>\n\n\n\n<p>D&rsquo;autre r\u00e9alisations sur <a href=\"https:\/\/grandouestfacades.fr\/la-baule\/realisation\/ravalement-de-facades-a-pontchateau\/\">ponchateau<\/a> et <a href=\"https:\/\/grandouestfacades.fr\/la-baule\/realisation\/ravalement-de-facades-saint-nazaire-44600\/\">saint nazaire<\/a><\/p>\n","protected":false},"excerpt":{"rendered":"<p>Ce ravalement de fa\u00e7ades a Crossac a permis de prot\u00e9ger et embellir cette belle maison. Crossac de la pr\u00e9histoire a aujourd&rsquo;hui, de nombreux vestiges et traces atteste de la pr\u00e9sence de l&rsquo;homme. Dolmens, Menhir et autre outils, prouvent cette existence. Crossac traverse les \u00e2ges, et ne cesse d&rsquo;\u00e9voluer et de s&#8217;embellir. et cette maison de [&hellip;]<\/p>\n","protected":false},"author":5,"featured_media":4236,"template":"","format":"standard","categories":[6],"class_list":["post-4221","realisation","type-realisation","status-publish","format-standard","has-post-thumbnail","hentry","category-ravalement-de-facade"],"yoast_head":"<!-- This site is optimized with the Yoast SEO plugin v27.4 - https:\/\/yoast.com\/product\/yoast-seo-wordpress\/ -->\n<title>Ravalement de fa\u00e7ades CROSSAC -<\/title>\n<meta name=\"description\" content=\"RAVALEMENT DE FACADES CROSSAC : une r\u00e9alisation Grand Ouest Fa\u00e7ades La Baule, les fa\u00e7ades sont d\u00e9sormais prot\u00e9g\u00e9es des intemp\u00e9ries.\" \/>\n<meta name=\"robots\" content=\"index, follow, max-snippet:-1, max-image-preview:large, max-video-preview:-1\" \/>\n<link rel=\"canonical\" href=\"https:\/\/grandouestfacades.fr\/la-baule\/realisation\/ravalement-de-facades-crossac\/\" \/>\n<meta property=\"og:locale\" content=\"fr_FR\" \/>\n<meta property=\"og:type\" content=\"article\" \/>\n<meta property=\"og:title\" content=\"Ravalement de fa\u00e7ades CROSSAC -\" \/>\n<meta property=\"og:description\" content=\"RAVALEMENT DE FACADES CROSSAC : une r\u00e9alisation Grand Ouest Fa\u00e7ades La Baule, les fa\u00e7ades sont d\u00e9sormais prot\u00e9g\u00e9es des intemp\u00e9ries.\" \/>\n<meta property=\"og:url\" content=\"https:\/\/grandouestfacades.fr\/la-baule\/realisation\/ravalement-de-facades-crossac\/\" \/>\n<meta property=\"og:site_name\" content=\"Presqu&#039;\u00eele - St-Nazaire - Grand Ouest Fa\u00e7ades\" \/>\n<meta property=\"article:modified_time\" content=\"2023-01-12T14:51:57+00:00\" \/>\n<meta property=\"og:image\" content=\"https:\/\/grandouestfacades.fr\/la-baule\/wp-content\/uploads\/sites\/4\/2022\/12\/20201110_151253-scaled.jpg\" \/>\n\t<meta property=\"og:image:width\" content=\"2560\" \/>\n\t<meta property=\"og:image:height\" content=\"1920\" \/>\n\t<meta property=\"og:image:type\" content=\"image\/jpeg\" \/>\n<meta name=\"twitter:card\" content=\"summary_large_image\" \/>\n<meta name=\"twitter:label1\" content=\"Dur\u00e9e de lecture estim\u00e9e\" \/>\n\t<meta name=\"twitter:data1\" content=\"3 minutes\" \/>\n<script type=\"application\/ld+json\" class=\"yoast-schema-graph\">{\"@context\":\"https:\\\/\\\/schema.org\",\"@graph\":[{\"@type\":\"WebPage\",\"@id\":\"https:\\\/\\\/grandouestfacades.fr\\\/la-baule\\\/realisation\\\/ravalement-de-facades-crossac\\\/\",\"url\":\"https:\\\/\\\/grandouestfacades.fr\\\/la-baule\\\/realisation\\\/ravalement-de-facades-crossac\\\/\",\"name\":\"Ravalement de fa\u00e7ades CROSSAC -\",\"isPartOf\":{\"@id\":\"https:\\\/\\\/grandouestfacades.fr\\\/la-baule\\\/#website\"},\"primaryImageOfPage\":{\"@id\":\"https:\\\/\\\/grandouestfacades.fr\\\/la-baule\\\/realisation\\\/ravalement-de-facades-crossac\\\/#primaryimage\"},\"image\":{\"@id\":\"https:\\\/\\\/grandouestfacades.fr\\\/la-baule\\\/realisation\\\/ravalement-de-facades-crossac\\\/#primaryimage\"},\"thumbnailUrl\":\"https:\\\/\\\/grandouestfacades.fr\\\/la-baule\\\/wp-content\\\/uploads\\\/sites\\\/4\\\/2022\\\/12\\\/20201110_151253-scaled.jpg\",\"datePublished\":\"2022-12-14T15:19:28+00:00\",\"dateModified\":\"2023-01-12T14:51:57+00:00\",\"description\":\"RAVALEMENT DE FACADES CROSSAC : une r\u00e9alisation Grand Ouest Fa\u00e7ades La Baule, les fa\u00e7ades sont d\u00e9sormais prot\u00e9g\u00e9es des intemp\u00e9ries.\",\"breadcrumb\":{\"@id\":\"https:\\\/\\\/grandouestfacades.fr\\\/la-baule\\\/realisation\\\/ravalement-de-facades-crossac\\\/#breadcrumb\"},\"inLanguage\":\"fr-FR\",\"potentialAction\":[{\"@type\":\"ReadAction\",\"target\":[\"https:\\\/\\\/grandouestfacades.fr\\\/la-baule\\\/realisation\\\/ravalement-de-facades-crossac\\\/\"]}]},{\"@type\":\"ImageObject\",\"inLanguage\":\"fr-FR\",\"@id\":\"https:\\\/\\\/grandouestfacades.fr\\\/la-baule\\\/realisation\\\/ravalement-de-facades-crossac\\\/#primaryimage\",\"url\":\"https:\\\/\\\/grandouestfacades.fr\\\/la-baule\\\/wp-content\\\/uploads\\\/sites\\\/4\\\/2022\\\/12\\\/20201110_151253-scaled.jpg\",\"contentUrl\":\"https:\\\/\\\/grandouestfacades.fr\\\/la-baule\\\/wp-content\\\/uploads\\\/sites\\\/4\\\/2022\\\/12\\\/20201110_151253-scaled.jpg\",\"width\":2560,\"height\":1920,\"caption\":\"fa\u00e7ade r\u00e9nov\u00e9e apres le ravalement\"},{\"@type\":\"BreadcrumbList\",\"@id\":\"https:\\\/\\\/grandouestfacades.fr\\\/la-baule\\\/realisation\\\/ravalement-de-facades-crossac\\\/#breadcrumb\",\"itemListElement\":[{\"@type\":\"ListItem\",\"position\":1,\"name\":\"Accueil\",\"item\":\"https:\\\/\\\/grandouestfacades.fr\\\/la-baule\\\/\"},{\"@type\":\"ListItem\",\"position\":2,\"name\":\"Ravalement de fa\u00e7ades CROSSAC\"}]},{\"@type\":\"WebSite\",\"@id\":\"https:\\\/\\\/grandouestfacades.fr\\\/la-baule\\\/#website\",\"url\":\"https:\\\/\\\/grandouestfacades.fr\\\/la-baule\\\/\",\"name\":\"La Baule - Grand Ouest Fa\u00e7ades\",\"description\":\"La fa\u00e7ade dont vous r\u00eavez\",\"publisher\":{\"@id\":\"https:\\\/\\\/grandouestfacades.fr\\\/la-baule\\\/#organization\"},\"potentialAction\":[{\"@type\":\"SearchAction\",\"target\":{\"@type\":\"EntryPoint\",\"urlTemplate\":\"https:\\\/\\\/grandouestfacades.fr\\\/la-baule\\\/?s={search_term_string}\"},\"query-input\":{\"@type\":\"PropertyValueSpecification\",\"valueRequired\":true,\"valueName\":\"search_term_string\"}}],\"inLanguage\":\"fr-FR\"},{\"@type\":\"Organization\",\"@id\":\"https:\\\/\\\/grandouestfacades.fr\\\/la-baule\\\/#organization\",\"name\":\"Grand Ouest Fa\u00e7ades La Baule\",\"url\":\"https:\\\/\\\/grandouestfacades.fr\\\/la-baule\\\/\",\"logo\":{\"@type\":\"ImageObject\",\"inLanguage\":\"fr-FR\",\"@id\":\"https:\\\/\\\/grandouestfacades.fr\\\/la-baule\\\/#\\\/schema\\\/logo\\\/image\\\/\",\"url\":\"https:\\\/\\\/grandouestfacades.fr\\\/la-baule\\\/wp-content\\\/uploads\\\/sites\\\/4\\\/2021\\\/09\\\/Logo_agence_sans_GO_La_Baule.png\",\"contentUrl\":\"https:\\\/\\\/grandouestfacades.fr\\\/la-baule\\\/wp-content\\\/uploads\\\/sites\\\/4\\\/2021\\\/09\\\/Logo_agence_sans_GO_La_Baule.png\",\"width\":827,\"height\":265,\"caption\":\"Grand Ouest Fa\u00e7ades La Baule\"},\"image\":{\"@id\":\"https:\\\/\\\/grandouestfacades.fr\\\/la-baule\\\/#\\\/schema\\\/logo\\\/image\\\/\"}}]}<\/script>\n<!-- \/ Yoast SEO plugin. -->","yoast_head_json":{"title":"Ravalement de fa\u00e7ades CROSSAC -","description":"RAVALEMENT DE FACADES CROSSAC : une r\u00e9alisation Grand Ouest Fa\u00e7ades La Baule, les fa\u00e7ades sont d\u00e9sormais prot\u00e9g\u00e9es des intemp\u00e9ries.","robots":{"index":"index","follow":"follow","max-snippet":"max-snippet:-1","max-image-preview":"max-image-preview:large","max-video-preview":"max-video-preview:-1"},"canonical":"https:\/\/grandouestfacades.fr\/la-baule\/realisation\/ravalement-de-facades-crossac\/","og_locale":"fr_FR","og_type":"article","og_title":"Ravalement de fa\u00e7ades CROSSAC -","og_description":"RAVALEMENT DE FACADES CROSSAC : une r\u00e9alisation Grand Ouest Fa\u00e7ades La Baule, les fa\u00e7ades sont d\u00e9sormais prot\u00e9g\u00e9es des intemp\u00e9ries.","og_url":"https:\/\/grandouestfacades.fr\/la-baule\/realisation\/ravalement-de-facades-crossac\/","og_site_name":"Presqu&#039;\u00eele - St-Nazaire - Grand Ouest Fa\u00e7ades","article_modified_time":"2023-01-12T14:51:57+00:00","og_image":[{"width":2560,"height":1920,"url":"https:\/\/grandouestfacades.fr\/la-baule\/wp-content\/uploads\/sites\/4\/2022\/12\/20201110_151253-scaled.jpg","type":"image\/jpeg"}],"twitter_card":"summary_large_image","twitter_misc":{"Dur\u00e9e de lecture estim\u00e9e":"3 minutes"},"schema":{"@context":"https:\/\/schema.org","@graph":[{"@type":"WebPage","@id":"https:\/\/grandouestfacades.fr\/la-baule\/realisation\/ravalement-de-facades-crossac\/","url":"https:\/\/grandouestfacades.fr\/la-baule\/realisation\/ravalement-de-facades-crossac\/","name":"Ravalement de fa\u00e7ades CROSSAC -","isPartOf":{"@id":"https:\/\/grandouestfacades.fr\/la-baule\/#website"},"primaryImageOfPage":{"@id":"https:\/\/grandouestfacades.fr\/la-baule\/realisation\/ravalement-de-facades-crossac\/#primaryimage"},"image":{"@id":"https:\/\/grandouestfacades.fr\/la-baule\/realisation\/ravalement-de-facades-crossac\/#primaryimage"},"thumbnailUrl":"https:\/\/grandouestfacades.fr\/la-baule\/wp-content\/uploads\/sites\/4\/2022\/12\/20201110_151253-scaled.jpg","datePublished":"2022-12-14T15:19:28+00:00","dateModified":"2023-01-12T14:51:57+00:00","description":"RAVALEMENT DE FACADES CROSSAC : une r\u00e9alisation Grand Ouest Fa\u00e7ades La Baule, les fa\u00e7ades sont d\u00e9sormais prot\u00e9g\u00e9es des intemp\u00e9ries.","breadcrumb":{"@id":"https:\/\/grandouestfacades.fr\/la-baule\/realisation\/ravalement-de-facades-crossac\/#breadcrumb"},"inLanguage":"fr-FR","potentialAction":[{"@type":"ReadAction","target":["https:\/\/grandouestfacades.fr\/la-baule\/realisation\/ravalement-de-facades-crossac\/"]}]},{"@type":"ImageObject","inLanguage":"fr-FR","@id":"https:\/\/grandouestfacades.fr\/la-baule\/realisation\/ravalement-de-facades-crossac\/#primaryimage","url":"https:\/\/grandouestfacades.fr\/la-baule\/wp-content\/uploads\/sites\/4\/2022\/12\/20201110_151253-scaled.jpg","contentUrl":"https:\/\/grandouestfacades.fr\/la-baule\/wp-content\/uploads\/sites\/4\/2022\/12\/20201110_151253-scaled.jpg","width":2560,"height":1920,"caption":"fa\u00e7ade r\u00e9nov\u00e9e apres le ravalement"},{"@type":"BreadcrumbList","@id":"https:\/\/grandouestfacades.fr\/la-baule\/realisation\/ravalement-de-facades-crossac\/#breadcrumb","itemListElement":[{"@type":"ListItem","position":1,"name":"Accueil","item":"https:\/\/grandouestfacades.fr\/la-baule\/"},{"@type":"ListItem","position":2,"name":"Ravalement de fa\u00e7ades CROSSAC"}]},{"@type":"WebSite","@id":"https:\/\/grandouestfacades.fr\/la-baule\/#website","url":"https:\/\/grandouestfacades.fr\/la-baule\/","name":"La Baule - Grand Ouest Fa\u00e7ades","description":"La fa\u00e7ade dont vous r\u00eavez","publisher":{"@id":"https:\/\/grandouestfacades.fr\/la-baule\/#organization"},"potentialAction":[{"@type":"SearchAction","target":{"@type":"EntryPoint","urlTemplate":"https:\/\/grandouestfacades.fr\/la-baule\/?s={search_term_string}"},"query-input":{"@type":"PropertyValueSpecification","valueRequired":true,"valueName":"search_term_string"}}],"inLanguage":"fr-FR"},{"@type":"Organization","@id":"https:\/\/grandouestfacades.fr\/la-baule\/#organization","name":"Grand Ouest Fa\u00e7ades La Baule","url":"https:\/\/grandouestfacades.fr\/la-baule\/","logo":{"@type":"ImageObject","inLanguage":"fr-FR","@id":"https:\/\/grandouestfacades.fr\/la-baule\/#\/schema\/logo\/image\/","url":"https:\/\/grandouestfacades.fr\/la-baule\/wp-content\/uploads\/sites\/4\/2021\/09\/Logo_agence_sans_GO_La_Baule.png","contentUrl":"https:\/\/grandouestfacades.fr\/la-baule\/wp-content\/uploads\/sites\/4\/2021\/09\/Logo_agence_sans_GO_La_Baule.png","width":827,"height":265,"caption":"Grand Ouest Fa\u00e7ades La Baule"},"image":{"@id":"https:\/\/grandouestfacades.fr\/la-baule\/#\/schema\/logo\/image\/"}}]}},"_links":{"self":[{"href":"https:\/\/grandouestfacades.fr\/la-baule\/wp-json\/wp\/v2\/realisation\/4221","targetHints":{"allow":["GET"]}}],"collection":[{"href":"https:\/\/grandouestfacades.fr\/la-baule\/wp-json\/wp\/v2\/realisation"}],"about":[{"href":"https:\/\/grandouestfacades.fr\/la-baule\/wp-json\/wp\/v2\/types\/realisation"}],"author":[{"embeddable":true,"href":"https:\/\/grandouestfacades.fr\/la-baule\/wp-json\/wp\/v2\/users\/5"}],"wp:featuredmedia":[{"embeddable":true,"href":"https:\/\/grandouestfacades.fr\/la-baule\/wp-json\/wp\/v2\/media\/4236"}],"wp:attachment":[{"href":"https:\/\/grandouestfacades.fr\/la-baule\/wp-json\/wp\/v2\/media?parent=4221"}],"wp:term":[{"taxonomy":"category","embeddable":true,"href":"https:\/\/grandouestfacades.fr\/la-baule\/wp-json\/wp\/v2\/categories?post=4221"}],"curies":[{"name":"wp","href":"https:\/\/api.w.org\/{rel}","templated":true}]}}