{"id":4447,"date":"2023-07-17T14:29:34","date_gmt":"2023-07-17T12:29:34","guid":{"rendered":"https:\/\/grandouestfacades.fr\/la-baule\/?post_type=realisation&#038;p=4447"},"modified":"2023-07-17T14:29:36","modified_gmt":"2023-07-17T12:29:36","slug":"peinture-decorative-facade","status":"publish","type":"realisation","link":"https:\/\/grandouestfacades.fr\/la-baule\/realisation\/peinture-decorative-facade\/","title":{"rendered":"Peinture d\u00e9corative de fa\u00e7ade \u00e0 Gu\u00e9rande"},"content":{"rendered":"\n<p>\u00c0 Gu\u00e9rande comme sur tout le littoral oc\u00e9anique, les <strong>pignons<\/strong> des maisons noircissent sous l\u2019effet des micro-organismes port\u00e9s par les embruns. Mais les bonnes pratiques conseillent, en Loire-Atlantique ou ailleurs, de <strong>r\u00e9nover<\/strong> ses <strong>murs ext\u00e9rieurs<\/strong> tous les 10\u00a0ans. C\u2019est l\u2019occasion de choisir une <strong>peinture d\u00e9corative de fa\u00e7ade<\/strong> pour une nouvelle jeunesse de votre propri\u00e9t\u00e9. Les marques de qualit\u00e9 professionnelle offrent de larges gammes de <strong>teintes<\/strong> et s\u2019adaptent \u00e0 votre support. Car oui, derri\u00e8re une <strong>couleur<\/strong>, se cachent aussi des crit\u00e8res tels que porosit\u00e9, imperm\u00e9abilit\u00e9 et r\u00e9sistance. Pas de panique, Grand Ouest Fa\u00e7ades La Baule vous conseille.<\/p>\n\n\n\n<h2 class=\"wp-block-heading\">Peinture d\u00e9corative fa\u00e7ade pour des murs ext\u00e9rieurs comme neuf<\/h2>\n\n\n\n<h3 class=\"wp-block-heading\">Les rev\u00eatements d\u00e9coratifs de D1 \u00e0 D3<\/h3>\n\n\n\n<p>Les diff\u00e9rentes peintures se d\u00e9finissent selon que leur fonction est d\u00e9corative ou imperm\u00e9abilisante. On trouve donc les cat\u00e9gories D et I.<\/p>\n\n\n\n<p>Un fa\u00e7adier professionnel vous conseille sur le choix du rev\u00eatement. Il \u00e9tudie notamment&nbsp;:<\/p>\n\n\n\n<ul class=\"wp-block-list\">\n<li>l\u2019\u00e9tat de votre subjectile\u2009;<\/li>\n\n\n\n<li>la pr\u00e9sence de fa\u00efen\u00e7age\u2009;<\/li>\n\n\n\n<li>l\u2019apparition de fissures\u2009;<\/li>\n\n\n\n<li>la n\u00e9cessit\u00e9 d\u2019un d\u00e9capage, etc.<\/li>\n<\/ul>\n\n\n\n<figure class=\"wp-block-table\"><table><tbody><tr><td>D1<\/td><td>Film transparent ou semi-opaquePr\u00e9serve de l\u2019humidit\u00e9<\/td><\/tr><tr><td>D2<\/td><td>Film mince et opaqueMasque l\u2019aspect du support<\/td><\/tr><tr><td>D3<\/td><td>Film plus \u00e9pais, soit semi-\u00e9pais (RSE), soit plastique \u00e9pais (RPE)Masque l\u2019aspect du support m\u00eame fa\u00efenc\u00e9<br>RSE&nbsp;: plus garnissant et applicable au rouleauRPE&nbsp;: offre une grande vari\u00e9t\u00e9 d\u2019effets, applicable au rouleau ou avec une taloche<\/td><\/tr><\/tbody><\/table><\/figure>\n\n\n\n<p>Les nouvelles normes europ\u00e9ennes <a href=\"https:\/\/www.cahiers-techniques-batiment.fr\/article\/decryptage-travaux-sur-existant-ravalement-des-facades-avec-le-nouveau-dtu-42-1-suite-.20482\">NF EN 1062-1<\/a> d\u00e9finissent les types de rev\u00eatement, la norme <a href=\"https:\/\/grandouestfacades.fr\/normes\/\">DTU59.1<\/a>, leur mise en \u0153uvre.<\/p>\n\n\n\n<p>Pour le fa\u00e7adier professionnel, le terme \u00ab\u2009d\u00e9coratif\u2009\u00bb signifie&nbsp;: peinture finale dans la teinte qui s\u2019adapte au support, le respecte et le prot\u00e8ge et qui plait au client. \u00c0 diff\u00e9rencier des offres multicolores que l\u2019on trouve dans les rayons bricolage pour les cloisons int\u00e9rieures.<\/p>\n\n\n\n<h3 class=\"wp-block-heading\">Film mince&nbsp;D2<\/h3>\n\n\n\n<p>Sur ce chantier, la qualit\u00e9 et l\u2019\u00e9tat des murs ext\u00e9rieurs demandaient une peinture de type&nbsp;D2&nbsp;: un film mince et opaque qui masque l\u2019aspect du support.<\/p>\n\n\n\n<p>Ces peintures s\u2019appliquent sur la majorit\u00e9 des subjectiles&nbsp;: enduit min\u00e9ral, organique ou silicat\u00e9.<\/p>\n\n\n\n<p>Chez Grand Ouest Fa\u00e7ades La Baule, nous travaillons toujours avec des produits professionnels. Ainsi, nos rev\u00eatements cumulent les avantages suivants.<\/p>\n\n\n\n<ul class=\"wp-block-list\">\n<li>Microporeux&nbsp;: le mur respire et l\u2019humidit\u00e9 s\u2019\u00e9vacue correctement.<\/li>\n\n\n\n<li>Hydrofuge&nbsp;: en milieu temp\u00e9r\u00e9 comme sur le littoral oc\u00e9anique, on appr\u00e9cie le c\u00f4t\u00e9 perlant en cas de fortes pluies. Les gouttes glissent et entra\u00eenent les salissures pour un effet autonettoyant que l\u2019on appelle \u00ab\u2009Lotus\u2009\u00bb.<\/li>\n\n\n\n<li>R\u00e9sistant&nbsp;: la r\u00e9sine siloxane sert de liant pour un r\u00e9sultat durable.<\/li>\n<\/ul>\n\n\n\n<p>Nous proposons plusieurs teintes de film mince d\u2019aspect mat. Nos clients ont opt\u00e9 pour un ton clair plus moderne qui respecte le style de cette maison sur sous-sol.<\/p>\n\n\n\n<p>Que pensez-vous de ce relooking\u2009?<\/p>\n\n\n\n<figure class=\"wp-block-gallery has-nested-images columns-default is-cropped wp-block-gallery-1 is-layout-flex wp-block-gallery-is-layout-flex\">\n<figure class=\"wp-block-image size-large\"><img fetchpriority=\"high\" decoding=\"async\" width=\"1024\" height=\"768\" data-id=\"4449\" src=\"https:\/\/grandouestfacades.fr\/la-baule\/wp-content\/uploads\/sites\/4\/2023\/07\/20190826_141636.jpg\" alt=\"\" class=\"wp-image-4449\" srcset=\"https:\/\/grandouestfacades.fr\/la-baule\/wp-content\/uploads\/sites\/4\/2023\/07\/20190826_141636.jpg 1024w, https:\/\/grandouestfacades.fr\/la-baule\/wp-content\/uploads\/sites\/4\/2023\/07\/20190826_141636-300x225.jpg 300w, https:\/\/grandouestfacades.fr\/la-baule\/wp-content\/uploads\/sites\/4\/2023\/07\/20190826_141636-768x576.jpg 768w\" sizes=\"(max-width: 1024px) 100vw, 1024px\" \/><\/figure>\n\n\n\n<figure class=\"wp-block-image size-large\"><img decoding=\"async\" width=\"1024\" height=\"768\" data-id=\"4448\" src=\"https:\/\/grandouestfacades.fr\/la-baule\/wp-content\/uploads\/sites\/4\/2023\/07\/20190826_141654.jpg\" alt=\"\" class=\"wp-image-4448\" srcset=\"https:\/\/grandouestfacades.fr\/la-baule\/wp-content\/uploads\/sites\/4\/2023\/07\/20190826_141654.jpg 1024w, https:\/\/grandouestfacades.fr\/la-baule\/wp-content\/uploads\/sites\/4\/2023\/07\/20190826_141654-300x225.jpg 300w, https:\/\/grandouestfacades.fr\/la-baule\/wp-content\/uploads\/sites\/4\/2023\/07\/20190826_141654-768x576.jpg 768w\" sizes=\"(max-width: 1024px) 100vw, 1024px\" \/><\/figure>\n<figcaption class=\"blocks-gallery-caption wp-element-caption\">Avant la remise en peinture d\u00e9corative<\/figcaption><\/figure>\n\n\n\n<figure class=\"wp-block-gallery has-nested-images columns-default is-cropped wp-block-gallery-2 is-layout-flex wp-block-gallery-is-layout-flex\">\n<figure class=\"wp-block-image size-large\"><img decoding=\"async\" width=\"1024\" height=\"768\" data-id=\"4450\" src=\"https:\/\/grandouestfacades.fr\/la-baule\/wp-content\/uploads\/sites\/4\/2023\/07\/20200629_181246.jpg\" alt=\"\" class=\"wp-image-4450\" srcset=\"https:\/\/grandouestfacades.fr\/la-baule\/wp-content\/uploads\/sites\/4\/2023\/07\/20200629_181246.jpg 1024w, https:\/\/grandouestfacades.fr\/la-baule\/wp-content\/uploads\/sites\/4\/2023\/07\/20200629_181246-300x225.jpg 300w, https:\/\/grandouestfacades.fr\/la-baule\/wp-content\/uploads\/sites\/4\/2023\/07\/20200629_181246-768x576.jpg 768w\" sizes=\"(max-width: 1024px) 100vw, 1024px\" \/><\/figure>\n\n\n\n<figure class=\"wp-block-image size-large\"><img loading=\"lazy\" decoding=\"async\" width=\"1024\" height=\"768\" data-id=\"4451\" src=\"https:\/\/grandouestfacades.fr\/la-baule\/wp-content\/uploads\/sites\/4\/2023\/07\/20200629_181315.jpg\" alt=\"\" class=\"wp-image-4451\" srcset=\"https:\/\/grandouestfacades.fr\/la-baule\/wp-content\/uploads\/sites\/4\/2023\/07\/20200629_181315.jpg 1024w, https:\/\/grandouestfacades.fr\/la-baule\/wp-content\/uploads\/sites\/4\/2023\/07\/20200629_181315-300x225.jpg 300w, https:\/\/grandouestfacades.fr\/la-baule\/wp-content\/uploads\/sites\/4\/2023\/07\/20200629_181315-768x576.jpg 768w\" sizes=\"(max-width: 1024px) 100vw, 1024px\" \/><\/figure>\n<figcaption class=\"blocks-gallery-caption wp-element-caption\">Apr\u00e8s la peinture d\u00e9corative<\/figcaption><\/figure>\n\n\n\n<figure class=\"wp-block-gallery has-nested-images columns-default is-cropped wp-block-gallery-3 is-layout-flex wp-block-gallery-is-layout-flex\">\n<figure class=\"wp-block-image size-large\"><img loading=\"lazy\" decoding=\"async\" width=\"576\" height=\"768\" data-id=\"4453\" src=\"https:\/\/grandouestfacades.fr\/la-baule\/wp-content\/uploads\/sites\/4\/2023\/07\/20200629_181407.jpg\" alt=\"\" class=\"wp-image-4453\" srcset=\"https:\/\/grandouestfacades.fr\/la-baule\/wp-content\/uploads\/sites\/4\/2023\/07\/20200629_181407.jpg 576w, https:\/\/grandouestfacades.fr\/la-baule\/wp-content\/uploads\/sites\/4\/2023\/07\/20200629_181407-225x300.jpg 225w\" sizes=\"(max-width: 576px) 100vw, 576px\" \/><\/figure>\n\n\n\n<figure class=\"wp-block-image size-large\"><img loading=\"lazy\" decoding=\"async\" width=\"1024\" height=\"768\" data-id=\"4454\" src=\"https:\/\/grandouestfacades.fr\/la-baule\/wp-content\/uploads\/sites\/4\/2023\/07\/20200629_181437.jpg\" alt=\"\" class=\"wp-image-4454\" srcset=\"https:\/\/grandouestfacades.fr\/la-baule\/wp-content\/uploads\/sites\/4\/2023\/07\/20200629_181437.jpg 1024w, https:\/\/grandouestfacades.fr\/la-baule\/wp-content\/uploads\/sites\/4\/2023\/07\/20200629_181437-300x225.jpg 300w, https:\/\/grandouestfacades.fr\/la-baule\/wp-content\/uploads\/sites\/4\/2023\/07\/20200629_181437-768x576.jpg 768w\" sizes=\"(max-width: 1024px) 100vw, 1024px\" \/><\/figure>\n<figcaption class=\"blocks-gallery-caption wp-element-caption\">Pignons r\u00e9nov\u00e9s<\/figcaption><\/figure>\n\n\n\n<h3 class=\"wp-block-heading\">Remise en peinture des boiseries ext\u00e9rieures<\/h3>\n\n\n\n<p>Les propri\u00e9taires de cette maison gu\u00e9randaise souhaitaient profiter de la r\u00e9novation pour changer la couleur de leurs huisseries et donner un coup de jeune suppl\u00e9mentaire. Ils ont opt\u00e9 pour un gris perle tr\u00e8s tendance. En effet, la gamme de peinture que nous utilisons offre un large choix de coloris. La rampe d\u2019acc\u00e8s et la porte de garage sont repeintes dans le m\u00eame ton.<\/p>\n\n\n\n<p><\/p>\n\n\n\n<p class=\"has-text-align-center\"><a href=\"https:\/\/grandouestfacades.fr\/prestations-grand-ouest-facades\/\">Grand Ouest Fa\u00e7ades La Baule se charge de vos travaux de r\u00e9novation, de toiture et d\u2019isolation.<\/a><\/p>\n\n\n\n<p><\/p>\n\n\n\n<h2 class=\"wp-block-heading\">Travaux pr\u00e9paratoires avant l\u2019application de peinture de fa\u00e7ade<\/h2>\n\n\n\n<h3 class=\"wp-block-heading\">Le lavage haute pression<\/h3>\n\n\n\n<p>Un nettoyage en profondeur \u00e9limine les traces de salissures, les \u00e9ventuels r\u00e9sidus d\u2019enduits, le fa\u00efen\u00e7age, et les \u00e9clats des peintures pr\u00e9c\u00e9dentes.<\/p>\n\n\n\n<p>\ud83d\udca1 Le saviez-vous\u2009?<\/p>\n\n\n\n<ul class=\"wp-block-list\">\n<li>avec un nettoyant, pulv\u00e9risez-le du bas vers le haut et si vous n\u2019utilisez que de l\u2019eau claire, rincez du haut vers le bas\u2009;<\/li>\n\n\n\n<li>r\u00e9glez votre jet entre 150 et 180&nbsp;bars (selon la qualit\u00e9 de votre support)\u2009;<\/li>\n\n\n\n<li>une eau froide suffit, inutile de gaspiller de l\u2019\u00e9nergie.<\/li>\n<\/ul>\n\n\n\n<h3 class=\"wp-block-heading\">Le produit antimousse<\/h3>\n\n\n\n<p>L\u2019application d\u2019un antimousse \u00e9limine les micro-organismes, algues, champignons et lichens. Tous ces micro-nuisibles qui laissent des traces noir\u00e2tres ou rouge\u00e2tres sur les murs ext\u00e9rieurs.<\/p>\n\n\n\n<p>\ud83d\udca1 Le saviez-vous\u2009?<\/p>\n\n\n\n<p>Selon le degr\u00e9 de dilution du produit antimousse, son action est curative et pr\u00e9ventive. En effet, il peut neutraliser les \u00e9l\u00e9ments pendant plusieurs mois pour une protection antifongique accrue et plus durable.<\/p>\n\n\n\n<h3 class=\"wp-block-heading\">La reprise des \u00e9clats et fissures avant la mise en peinture<\/h3>\n\n\n\n<p>Selon la taille et le type de fissures, votre fa\u00e7adier rebouche les entailles avec un enduit. Apr\u00e8s avoir gratt\u00e9 et bross\u00e9 les \u00e9clats de peinture et les fissures, il comble les fentes pour une meilleure imperm\u00e9abilit\u00e9.<\/p>\n\n\n\n<p>Ici, nous avons utilis\u00e9 un enduit fibre pon\u00e7able sur les \u00e9clats de peinture pour un rendu absolument lisse.<\/p>\n\n\n\n<p>Les fissures seront reprises avec le rev\u00eatement final.<\/p>\n\n\n\n<figure class=\"wp-block-image\"><img decoding=\"async\" src=\"https:\/\/lh4.googleusercontent.com\/JCPJaY5hbeppTjSksSmAYS1LkcfTVQkYLbeliyUFaz29glVyoVlyHMDtcgu0z8mHgSbvcUBa6qGmgjDKrcn7YUD_bm78BqB4O9CWPwbRsgvVvF_hE3epXA6TmERGiNNyllL7WDyXHDhWFkn3cGxF888\" alt=\"\" \/><\/figure>\n\n\n\n<h3 class=\"wp-block-heading\">L\u2019impression du fixateur<\/h3>\n\n\n\n<p>Une fois le support ragr\u00e9\u00e9, on pr\u00e9voit une couche (selon la norme AFNOR NFT&nbsp;36001) de fixateur pour une adh\u00e9rence parfaite. Ce fixateur pr\u00e9sente divers autres fonctions et avantages&nbsp;:<\/p>\n\n\n\n<ul class=\"wp-block-list\">\n<li>il homog\u00e9n\u00e9ise le support\u2009;<\/li>\n\n\n\n<li>il fixe les pulv\u00e9rulences restantes\u2009;<\/li>\n\n\n\n<li>il lie le support et le rev\u00eatement final\u2009;<\/li>\n\n\n\n<li>il prot\u00e8ge\u2009;<\/li>\n\n\n\n<li>il opacifie.<\/li>\n<\/ul>\n\n\n\n<p class=\"has-text-align-center\"><a href=\"https:\/\/grandouestfacades.fr\/demande-de-devis-diagnistic-gratuit\/\">Je demande \u00e0 mon fa\u00e7adier professionnel un diagnostic gratuit de mes murs ext\u00e9rieurs.<\/a><\/p>\n\n\n\n<p><\/p>\n\n\n\n<p>Vous projetez de r\u00e9nover vos fa\u00e7ades et de leur offrir une nouvelle peinture\u2009? Pensez bien \u00e0 tous ces travaux pour une organisation optimale. Et pour un chantier en toute s\u00e9curit\u00e9, lisez notre article complet&nbsp;:<\/p>\n\n\n\n<p class=\"has-text-align-center\"><a href=\"https:\/\/grandouestfacades.fr\/blog\/11-etapes-indispensables-pour-reussir-son-ravalement-de-facade\/\">Les 11&nbsp;\u00e9tapes indispensables pour un ravalement de fa\u00e7ades r\u00e9ussi.<\/a><\/p>\n","protected":false},"excerpt":{"rendered":"<p>\u00c0 Gu\u00e9rande comme sur tout le littoral oc\u00e9anique, les pignons des maisons noircissent sous l\u2019effet des micro-organismes port\u00e9s par les embruns. Mais les bonnes pratiques conseillent, en Loire-Atlantique ou ailleurs, de r\u00e9nover ses murs ext\u00e9rieurs tous les 10\u00a0ans. C\u2019est l\u2019occasion de choisir une peinture d\u00e9corative de fa\u00e7ade pour une nouvelle jeunesse de votre propri\u00e9t\u00e9. Les [&hellip;]<\/p>\n","protected":false},"author":7,"featured_media":4452,"template":"","format":"standard","categories":[6],"class_list":["post-4447","realisation","type-realisation","status-publish","format-standard","has-post-thumbnail","hentry","category-ravalement-de-facade"],"yoast_head":"<!-- This site is optimized with the Yoast SEO plugin v27.5 - https:\/\/yoast.com\/product\/yoast-seo-wordpress\/ -->\n<title>Peinture D\u00e9corative de Fa\u00e7ade - Bien organiser son chantier<\/title>\n<meta name=\"description\" content=\"Peinture D\u00e9corative de Fa\u00e7ade - Quelle norme choisir et quelles \u00e9tapes pr\u00e9paratoires pr\u00e9voir\u2009? On vous dit tout de cette r\u00e9alisation \u00e0 Gu\u00e9rande\" \/>\n<meta name=\"robots\" content=\"index, follow, max-snippet:-1, max-image-preview:large, max-video-preview:-1\" \/>\n<link rel=\"canonical\" href=\"https:\/\/grandouestfacades.fr\/la-baule\/realisation\/peinture-decorative-facade\/\" \/>\n<meta property=\"og:locale\" content=\"fr_FR\" \/>\n<meta property=\"og:type\" content=\"article\" \/>\n<meta property=\"og:title\" content=\"Peinture D\u00e9corative de Fa\u00e7ade - Bien organiser son chantier\" \/>\n<meta property=\"og:description\" content=\"Peinture D\u00e9corative de Fa\u00e7ade - Quelle norme choisir et quelles \u00e9tapes pr\u00e9paratoires pr\u00e9voir\u2009? On vous dit tout de cette r\u00e9alisation \u00e0 Gu\u00e9rande\" \/>\n<meta property=\"og:url\" content=\"https:\/\/grandouestfacades.fr\/la-baule\/realisation\/peinture-decorative-facade\/\" \/>\n<meta property=\"og:site_name\" content=\"Presqu&#039;\u00eele - St-Nazaire - Grand Ouest Fa\u00e7ades\" \/>\n<meta property=\"article:modified_time\" content=\"2023-07-17T12:29:36+00:00\" \/>\n<meta property=\"og:image\" content=\"https:\/\/grandouestfacades.fr\/la-baule\/wp-content\/uploads\/sites\/4\/2023\/07\/20200629_181315-1.jpg\" \/>\n\t<meta property=\"og:image:width\" content=\"1024\" \/>\n\t<meta property=\"og:image:height\" content=\"768\" \/>\n\t<meta property=\"og:image:type\" content=\"image\/jpeg\" \/>\n<meta name=\"twitter:card\" content=\"summary_large_image\" \/>\n<meta name=\"twitter:label1\" content=\"Dur\u00e9e de lecture estim\u00e9e\" \/>\n\t<meta name=\"twitter:data1\" content=\"6 minutes\" \/>\n<script type=\"application\/ld+json\" class=\"yoast-schema-graph\">{\"@context\":\"https:\\\/\\\/schema.org\",\"@graph\":[{\"@type\":\"WebPage\",\"@id\":\"https:\\\/\\\/grandouestfacades.fr\\\/la-baule\\\/realisation\\\/peinture-decorative-facade\\\/\",\"url\":\"https:\\\/\\\/grandouestfacades.fr\\\/la-baule\\\/realisation\\\/peinture-decorative-facade\\\/\",\"name\":\"Peinture D\u00e9corative de Fa\u00e7ade - Bien organiser son chantier\",\"isPartOf\":{\"@id\":\"https:\\\/\\\/grandouestfacades.fr\\\/la-baule\\\/#website\"},\"primaryImageOfPage\":{\"@id\":\"https:\\\/\\\/grandouestfacades.fr\\\/la-baule\\\/realisation\\\/peinture-decorative-facade\\\/#primaryimage\"},\"image\":{\"@id\":\"https:\\\/\\\/grandouestfacades.fr\\\/la-baule\\\/realisation\\\/peinture-decorative-facade\\\/#primaryimage\"},\"thumbnailUrl\":\"https:\\\/\\\/grandouestfacades.fr\\\/la-baule\\\/wp-content\\\/uploads\\\/sites\\\/4\\\/2023\\\/07\\\/20200629_181315-1.jpg\",\"datePublished\":\"2023-07-17T12:29:34+00:00\",\"dateModified\":\"2023-07-17T12:29:36+00:00\",\"description\":\"Peinture D\u00e9corative de Fa\u00e7ade - Quelle norme choisir et quelles \u00e9tapes pr\u00e9paratoires pr\u00e9voir\u2009? On vous dit tout de cette r\u00e9alisation \u00e0 Gu\u00e9rande\",\"breadcrumb\":{\"@id\":\"https:\\\/\\\/grandouestfacades.fr\\\/la-baule\\\/realisation\\\/peinture-decorative-facade\\\/#breadcrumb\"},\"inLanguage\":\"fr-FR\",\"potentialAction\":[{\"@type\":\"ReadAction\",\"target\":[\"https:\\\/\\\/grandouestfacades.fr\\\/la-baule\\\/realisation\\\/peinture-decorative-facade\\\/\"]}]},{\"@type\":\"ImageObject\",\"inLanguage\":\"fr-FR\",\"@id\":\"https:\\\/\\\/grandouestfacades.fr\\\/la-baule\\\/realisation\\\/peinture-decorative-facade\\\/#primaryimage\",\"url\":\"https:\\\/\\\/grandouestfacades.fr\\\/la-baule\\\/wp-content\\\/uploads\\\/sites\\\/4\\\/2023\\\/07\\\/20200629_181315-1.jpg\",\"contentUrl\":\"https:\\\/\\\/grandouestfacades.fr\\\/la-baule\\\/wp-content\\\/uploads\\\/sites\\\/4\\\/2023\\\/07\\\/20200629_181315-1.jpg\",\"width\":1024,\"height\":768,\"caption\":\"Peinture d\u00e9corative : fa\u00e7ade de maison \u00e0 Gu\u00e9rande\"},{\"@type\":\"BreadcrumbList\",\"@id\":\"https:\\\/\\\/grandouestfacades.fr\\\/la-baule\\\/realisation\\\/peinture-decorative-facade\\\/#breadcrumb\",\"itemListElement\":[{\"@type\":\"ListItem\",\"position\":1,\"name\":\"Accueil\",\"item\":\"https:\\\/\\\/grandouestfacades.fr\\\/la-baule\\\/\"},{\"@type\":\"ListItem\",\"position\":2,\"name\":\"Peinture d\u00e9corative de fa\u00e7ade \u00e0 Gu\u00e9rande\"}]},{\"@type\":\"WebSite\",\"@id\":\"https:\\\/\\\/grandouestfacades.fr\\\/la-baule\\\/#website\",\"url\":\"https:\\\/\\\/grandouestfacades.fr\\\/la-baule\\\/\",\"name\":\"La Baule - Grand Ouest Fa\u00e7ades\",\"description\":\"La fa\u00e7ade dont vous r\u00eavez\",\"publisher\":{\"@id\":\"https:\\\/\\\/grandouestfacades.fr\\\/la-baule\\\/#organization\"},\"potentialAction\":[{\"@type\":\"SearchAction\",\"target\":{\"@type\":\"EntryPoint\",\"urlTemplate\":\"https:\\\/\\\/grandouestfacades.fr\\\/la-baule\\\/?s={search_term_string}\"},\"query-input\":{\"@type\":\"PropertyValueSpecification\",\"valueRequired\":true,\"valueName\":\"search_term_string\"}}],\"inLanguage\":\"fr-FR\"},{\"@type\":\"Organization\",\"@id\":\"https:\\\/\\\/grandouestfacades.fr\\\/la-baule\\\/#organization\",\"name\":\"Grand Ouest Fa\u00e7ades La Baule\",\"url\":\"https:\\\/\\\/grandouestfacades.fr\\\/la-baule\\\/\",\"logo\":{\"@type\":\"ImageObject\",\"inLanguage\":\"fr-FR\",\"@id\":\"https:\\\/\\\/grandouestfacades.fr\\\/la-baule\\\/#\\\/schema\\\/logo\\\/image\\\/\",\"url\":\"https:\\\/\\\/grandouestfacades.fr\\\/la-baule\\\/wp-content\\\/uploads\\\/sites\\\/4\\\/2021\\\/09\\\/Logo_agence_sans_GO_La_Baule.png\",\"contentUrl\":\"https:\\\/\\\/grandouestfacades.fr\\\/la-baule\\\/wp-content\\\/uploads\\\/sites\\\/4\\\/2021\\\/09\\\/Logo_agence_sans_GO_La_Baule.png\",\"width\":827,\"height\":265,\"caption\":\"Grand Ouest Fa\u00e7ades La Baule\"},\"image\":{\"@id\":\"https:\\\/\\\/grandouestfacades.fr\\\/la-baule\\\/#\\\/schema\\\/logo\\\/image\\\/\"}}]}<\/script>\n<!-- \/ Yoast SEO plugin. -->","yoast_head_json":{"title":"Peinture D\u00e9corative de Fa\u00e7ade - Bien organiser son chantier","description":"Peinture D\u00e9corative de Fa\u00e7ade - Quelle norme choisir et quelles \u00e9tapes pr\u00e9paratoires pr\u00e9voir\u2009? On vous dit tout de cette r\u00e9alisation \u00e0 Gu\u00e9rande","robots":{"index":"index","follow":"follow","max-snippet":"max-snippet:-1","max-image-preview":"max-image-preview:large","max-video-preview":"max-video-preview:-1"},"canonical":"https:\/\/grandouestfacades.fr\/la-baule\/realisation\/peinture-decorative-facade\/","og_locale":"fr_FR","og_type":"article","og_title":"Peinture D\u00e9corative de Fa\u00e7ade - Bien organiser son chantier","og_description":"Peinture D\u00e9corative de Fa\u00e7ade - Quelle norme choisir et quelles \u00e9tapes pr\u00e9paratoires pr\u00e9voir\u2009? On vous dit tout de cette r\u00e9alisation \u00e0 Gu\u00e9rande","og_url":"https:\/\/grandouestfacades.fr\/la-baule\/realisation\/peinture-decorative-facade\/","og_site_name":"Presqu&#039;\u00eele - St-Nazaire - Grand Ouest Fa\u00e7ades","article_modified_time":"2023-07-17T12:29:36+00:00","og_image":[{"width":1024,"height":768,"url":"https:\/\/grandouestfacades.fr\/la-baule\/wp-content\/uploads\/sites\/4\/2023\/07\/20200629_181315-1.jpg","type":"image\/jpeg"}],"twitter_card":"summary_large_image","twitter_misc":{"Dur\u00e9e de lecture estim\u00e9e":"6 minutes"},"schema":{"@context":"https:\/\/schema.org","@graph":[{"@type":"WebPage","@id":"https:\/\/grandouestfacades.fr\/la-baule\/realisation\/peinture-decorative-facade\/","url":"https:\/\/grandouestfacades.fr\/la-baule\/realisation\/peinture-decorative-facade\/","name":"Peinture D\u00e9corative de Fa\u00e7ade - Bien organiser son chantier","isPartOf":{"@id":"https:\/\/grandouestfacades.fr\/la-baule\/#website"},"primaryImageOfPage":{"@id":"https:\/\/grandouestfacades.fr\/la-baule\/realisation\/peinture-decorative-facade\/#primaryimage"},"image":{"@id":"https:\/\/grandouestfacades.fr\/la-baule\/realisation\/peinture-decorative-facade\/#primaryimage"},"thumbnailUrl":"https:\/\/grandouestfacades.fr\/la-baule\/wp-content\/uploads\/sites\/4\/2023\/07\/20200629_181315-1.jpg","datePublished":"2023-07-17T12:29:34+00:00","dateModified":"2023-07-17T12:29:36+00:00","description":"Peinture D\u00e9corative de Fa\u00e7ade - Quelle norme choisir et quelles \u00e9tapes pr\u00e9paratoires pr\u00e9voir\u2009? On vous dit tout de cette r\u00e9alisation \u00e0 Gu\u00e9rande","breadcrumb":{"@id":"https:\/\/grandouestfacades.fr\/la-baule\/realisation\/peinture-decorative-facade\/#breadcrumb"},"inLanguage":"fr-FR","potentialAction":[{"@type":"ReadAction","target":["https:\/\/grandouestfacades.fr\/la-baule\/realisation\/peinture-decorative-facade\/"]}]},{"@type":"ImageObject","inLanguage":"fr-FR","@id":"https:\/\/grandouestfacades.fr\/la-baule\/realisation\/peinture-decorative-facade\/#primaryimage","url":"https:\/\/grandouestfacades.fr\/la-baule\/wp-content\/uploads\/sites\/4\/2023\/07\/20200629_181315-1.jpg","contentUrl":"https:\/\/grandouestfacades.fr\/la-baule\/wp-content\/uploads\/sites\/4\/2023\/07\/20200629_181315-1.jpg","width":1024,"height":768,"caption":"Peinture d\u00e9corative : fa\u00e7ade de maison \u00e0 Gu\u00e9rande"},{"@type":"BreadcrumbList","@id":"https:\/\/grandouestfacades.fr\/la-baule\/realisation\/peinture-decorative-facade\/#breadcrumb","itemListElement":[{"@type":"ListItem","position":1,"name":"Accueil","item":"https:\/\/grandouestfacades.fr\/la-baule\/"},{"@type":"ListItem","position":2,"name":"Peinture d\u00e9corative de fa\u00e7ade \u00e0 Gu\u00e9rande"}]},{"@type":"WebSite","@id":"https:\/\/grandouestfacades.fr\/la-baule\/#website","url":"https:\/\/grandouestfacades.fr\/la-baule\/","name":"La Baule - Grand Ouest Fa\u00e7ades","description":"La fa\u00e7ade dont vous r\u00eavez","publisher":{"@id":"https:\/\/grandouestfacades.fr\/la-baule\/#organization"},"potentialAction":[{"@type":"SearchAction","target":{"@type":"EntryPoint","urlTemplate":"https:\/\/grandouestfacades.fr\/la-baule\/?s={search_term_string}"},"query-input":{"@type":"PropertyValueSpecification","valueRequired":true,"valueName":"search_term_string"}}],"inLanguage":"fr-FR"},{"@type":"Organization","@id":"https:\/\/grandouestfacades.fr\/la-baule\/#organization","name":"Grand Ouest Fa\u00e7ades La Baule","url":"https:\/\/grandouestfacades.fr\/la-baule\/","logo":{"@type":"ImageObject","inLanguage":"fr-FR","@id":"https:\/\/grandouestfacades.fr\/la-baule\/#\/schema\/logo\/image\/","url":"https:\/\/grandouestfacades.fr\/la-baule\/wp-content\/uploads\/sites\/4\/2021\/09\/Logo_agence_sans_GO_La_Baule.png","contentUrl":"https:\/\/grandouestfacades.fr\/la-baule\/wp-content\/uploads\/sites\/4\/2021\/09\/Logo_agence_sans_GO_La_Baule.png","width":827,"height":265,"caption":"Grand Ouest Fa\u00e7ades La Baule"},"image":{"@id":"https:\/\/grandouestfacades.fr\/la-baule\/#\/schema\/logo\/image\/"}}]}},"_links":{"self":[{"href":"https:\/\/grandouestfacades.fr\/la-baule\/wp-json\/wp\/v2\/realisation\/4447","targetHints":{"allow":["GET"]}}],"collection":[{"href":"https:\/\/grandouestfacades.fr\/la-baule\/wp-json\/wp\/v2\/realisation"}],"about":[{"href":"https:\/\/grandouestfacades.fr\/la-baule\/wp-json\/wp\/v2\/types\/realisation"}],"author":[{"embeddable":true,"href":"https:\/\/grandouestfacades.fr\/la-baule\/wp-json\/wp\/v2\/users\/7"}],"wp:featuredmedia":[{"embeddable":true,"href":"https:\/\/grandouestfacades.fr\/la-baule\/wp-json\/wp\/v2\/media\/4452"}],"wp:attachment":[{"href":"https:\/\/grandouestfacades.fr\/la-baule\/wp-json\/wp\/v2\/media?parent=4447"}],"wp:term":[{"taxonomy":"category","embeddable":true,"href":"https:\/\/grandouestfacades.fr\/la-baule\/wp-json\/wp\/v2\/categories?post=4447"}],"curies":[{"name":"wp","href":"https:\/\/api.w.org\/{rel}","templated":true}]}}