{"id":4467,"date":"2023-08-01T16:23:07","date_gmt":"2023-08-01T14:23:07","guid":{"rendered":"https:\/\/grandouestfacades.fr\/la-baule\/?post_type=realisation&#038;p=4467"},"modified":"2023-08-01T16:23:08","modified_gmt":"2023-08-01T14:23:08","slug":"finition-mur-exterieur","status":"publish","type":"realisation","link":"https:\/\/grandouestfacades.fr\/la-baule\/realisation\/finition-mur-exterieur\/","title":{"rendered":"Finition des murs ext\u00e9rieurs &#8211; Chantier de Gu\u00e9rande"},"content":{"rendered":"\n<p>Offrir une nouvelle jeunesse \u00e0 ses <strong>murs de fa\u00e7ade<\/strong> et ses <strong>pignons<\/strong> revalorise son patrimoine et \u00e9gaie son quotidien. Car oui, une belle maison bien propre est toujours plus accueillante. De nombreuses <strong>peintures de finition<\/strong> existent, en t\u00e9moignent les \u00e9tals des boutiques de bricolage et les salons de l\u2019habitat. La classification en \u00ab\u2009i\u2009\u00bb d\u00e9finit le degr\u00e9 d\u2019imperm\u00e9abilisation. Celle en \u00ab\u2009d\u2009\u00bb distingue la <strong>d\u00e9coration<\/strong> selon 3\u00a0cat\u00e9gories que l\u2019on pourrait r\u00e9sumer \u00e0\u00a0: masquer, prot\u00e9ger, raviver. Sur ce chantier gu\u00e9randais, Grand Ouest Fa\u00e7ades La Baule opte pour une <strong>finition de murs ext\u00e9rieurs<\/strong> de <strong>classe\u00a0D2<\/strong>. Qu\u2019est-ce que cela signifie exactement\u2009?<\/p>\n\n\n\n<h2 class=\"wp-block-heading\">La classification&nbsp;D2&nbsp;: rev\u00eatement choisi sur ce chantier gu\u00e9randais<\/h2>\n\n\n\n<h3 class=\"wp-block-heading\">D2&nbsp;: les diff\u00e9rences avec D1 et D3<\/h3>\n\n\n\n<p>La classification europ\u00e9enne d\u00e9finit les peintures de d\u00e9coration selon leur objectif.<\/p>\n\n\n\n<h4 class=\"wp-block-heading\">La classe&nbsp;D2<\/h4>\n\n\n\n<p>Les classes&nbsp;D2 masquent l\u2019aspect du support. Elles sont r\u00e9gies par la norme NF EN 1062-1 (qui remplace la NF P&nbsp;84\u2009403) et concernent les peintures et vernis&nbsp;: \u00ab produits de peinture et syst\u00e8mes de rev\u00eatements pour ma\u00e7onnerie et b\u00e9ton ext\u00e9rieurs \u00bb.<\/p>\n\n\n\n<p>Il s\u2019agit de films minces pigment\u00e9s et opaques employ\u00e9s pour la d\u00e9coration et la protection des couches pr\u00e9c\u00e9dentes. Non seulement, une peinture&nbsp;D2 conserve l\u2019aspect original du subjectile, mais elle prot\u00e8ge contre les intemp\u00e9ries, les moisissures et autres salissures du temps.<\/p>\n\n\n\n<h4 class=\"wp-block-heading\">La classe&nbsp;D1<\/h4>\n\n\n\n<p>Les peintures class\u00e9es&nbsp;D1 assurent le maintien du rev\u00eatement d\u2019origine.<\/p>\n\n\n\n<p>Les rev\u00eatements class\u00e9s&nbsp;D1 n\u2019ont qu\u2019une fonction d\u00e9corative. Il s&rsquo;agit de films transparents ou semi-opaques qui conservent l\u2019aspect du mur (mais sa couleur peut varier si le client le souhaite).<\/p>\n\n\n\n<h4 class=\"wp-block-heading\">La classe&nbsp;D3<\/h4>\n\n\n\n<p>Les produits&nbsp;D3 sont les plus \u00e9pais. Ils ravivent l\u2019aspect d\u2019origine. On parle de rev\u00eatements semi-\u00e9pais (RSE) ou plastiques \u00e9pais (RPE).<\/p>\n\n\n\n<p>Ils rev\u00eatent par exemple une fa\u00e7ade fa\u00efenc\u00e9e.<\/p>\n\n\n\n<p>Votre fa\u00e7adier, lors de la visite diagnostic gratuite, d\u00e9finit le type de rev\u00eatement adapt\u00e9 \u00e0 vos murs. Il se base sur leur \u00e9tat (pr\u00e9sence de fissures ou de fa\u00efen\u00e7age, besoin d\u2019un d\u00e9capage, etc.).<\/p>\n\n\n\n<p><a href=\"https:\/\/grandouestfacades.fr\/la-baule\/demande-de-devis-diagnistic-gratuit\/\">Je demande mon diagnostic gratuit.<\/a><\/p>\n\n\n\n<h3 class=\"wp-block-heading\">Les avantages du film mince&nbsp;D2<\/h3>\n\n\n\n<p>Les films\u00a0D2 se constituent, pour les plus performants, de silicates, de pliolites ou de siloxane.<br>Grand ouest Fa\u00e7ades la Baule n\u2019utilise que des produits professionnels de tr\u00e8s haut de gamme\u00a0: <a href=\"https:\/\/grandouestfacades.fr\/la-baule\/go-marque-exclusive\/\">GO EXCLUSIVE<\/a>.<\/p>\n\n\n\n<p>Compos\u00e9 \u00e0 partir de r\u00e9sine acrylique renforc\u00e9e en polysiloxane, le film mince&nbsp;D2&nbsp;:<\/p>\n\n\n\n<ul class=\"wp-block-list\">\n<li>r\u00e9fl\u00e9chit les rayons du soleil et \u00e9vite l\u2019\u00e9chauffement des murs\u2009;<\/li>\n\n\n\n<li>pr\u00e9vient contre les risques de fissuration\u2009;<\/li>\n\n\n\n<li>exclut les risques d\u2019encrassement gr\u00e2ce \u00e0 ses propri\u00e9t\u00e9s hydrofuges et \u00e0 son effet perlant ;<\/li>\n\n\n\n<li>conf\u00e8re un joli aspect mat min\u00e9ral\u2009et une belle profondeur des teintes ;<\/li>\n\n\n\n<li>propose un large nuancier pour un rendu au plus pr\u00e8s de votre attente\u2009;<\/li>\n\n\n\n<li>offre une tr\u00e8s grande durabilit\u00e9 dans le temps.<\/li>\n<\/ul>\n\n\n\n<p>Il est microporeux et imperm\u00e9able.<\/p>\n\n\n\n<p>\ud83d\udc4c Une garantie de \u00ab\u2009bonne tenue\u2009\u00bb de 2\u00a0ans vous assure de sa fiabilit\u00e9.<\/p>\n\n\n\n<figure class=\"wp-block-gallery has-nested-images columns-default is-cropped wp-block-gallery-1 is-layout-flex wp-block-gallery-is-layout-flex\">\n<figure class=\"wp-block-image size-large\"><img fetchpriority=\"high\" decoding=\"async\" width=\"1024\" height=\"768\" data-id=\"4468\" src=\"https:\/\/grandouestfacades.fr\/la-baule\/wp-content\/uploads\/sites\/4\/2023\/08\/20200401_155704.jpg\" alt=\"\" class=\"wp-image-4468\" srcset=\"https:\/\/grandouestfacades.fr\/la-baule\/wp-content\/uploads\/sites\/4\/2023\/08\/20200401_155704.jpg 1024w, https:\/\/grandouestfacades.fr\/la-baule\/wp-content\/uploads\/sites\/4\/2023\/08\/20200401_155704-300x225.jpg 300w, https:\/\/grandouestfacades.fr\/la-baule\/wp-content\/uploads\/sites\/4\/2023\/08\/20200401_155704-768x576.jpg 768w\" sizes=\"(max-width: 1024px) 100vw, 1024px\" \/><figcaption class=\"wp-element-caption\">Fa\u00e7ade<\/figcaption><\/figure>\n\n\n\n<figure class=\"wp-block-image size-large\"><img decoding=\"async\" width=\"1024\" height=\"768\" data-id=\"4470\" src=\"https:\/\/grandouestfacades.fr\/la-baule\/wp-content\/uploads\/sites\/4\/2023\/08\/20200401_160028.jpg\" alt=\"\" class=\"wp-image-4470\" srcset=\"https:\/\/grandouestfacades.fr\/la-baule\/wp-content\/uploads\/sites\/4\/2023\/08\/20200401_160028.jpg 1024w, https:\/\/grandouestfacades.fr\/la-baule\/wp-content\/uploads\/sites\/4\/2023\/08\/20200401_160028-300x225.jpg 300w, https:\/\/grandouestfacades.fr\/la-baule\/wp-content\/uploads\/sites\/4\/2023\/08\/20200401_160028-768x576.jpg 768w\" sizes=\"(max-width: 1024px) 100vw, 1024px\" \/><figcaption class=\"wp-element-caption\">Mur de pignon<\/figcaption><\/figure>\n\n\n\n<figure class=\"wp-block-image size-large\"><img decoding=\"async\" width=\"1024\" height=\"768\" data-id=\"4469\" src=\"https:\/\/grandouestfacades.fr\/la-baule\/wp-content\/uploads\/sites\/4\/2023\/08\/20200401_160213.jpg\" alt=\"\" class=\"wp-image-4469\" srcset=\"https:\/\/grandouestfacades.fr\/la-baule\/wp-content\/uploads\/sites\/4\/2023\/08\/20200401_160213.jpg 1024w, https:\/\/grandouestfacades.fr\/la-baule\/wp-content\/uploads\/sites\/4\/2023\/08\/20200401_160213-300x225.jpg 300w, https:\/\/grandouestfacades.fr\/la-baule\/wp-content\/uploads\/sites\/4\/2023\/08\/20200401_160213-768x576.jpg 768w\" sizes=\"(max-width: 1024px) 100vw, 1024px\" \/><figcaption class=\"wp-element-caption\">Finition Mur ext\u00e9rieur : pignon<\/figcaption><\/figure>\n<figcaption class=\"blocks-gallery-caption wp-element-caption\">Finition des murs ext\u00e9rieurs &#8211; Chantier de Gu\u00e9rande (44)<\/figcaption><\/figure>\n\n\n\n<p>Les films&nbsp;D2 s\u2019appliquent en 1 ou 2&nbsp;couches.<\/p>\n\n\n\n<p>Assurez-vous que la premi\u00e8re couche est compatible avec la couche d\u2019impression.<\/p>\n\n\n\n<p>Appliquez la derni\u00e8re couche apr\u00e8s s\u00e9chage de la pr\u00e9c\u00e9dente. Suivez avec pr\u00e9cautions les recommandations qui figurent sur le contenant.&nbsp;<\/p>\n\n\n\n<p>Ou demandez \u00e0 votre fa\u00e7adier pr\u00e9f\u00e9r\u00e9 de s\u2019en charger \ud83d\ude09\u2009!&nbsp;<\/p>\n\n\n\n<h2 class=\"wp-block-heading\">La classification des peintures de finition<\/h2>\n\n\n\n<p>DTU&nbsp;59.1 et DTU&nbsp;59.2<\/p>\n\n\n\n<p>La nouvelle version de la norme NF DTU&nbsp;42.1 int\u00e8gre les normes europ\u00e9ennes qui classent les rev\u00eatements ext\u00e9rieurs selon leur action.<\/p>\n\n\n\n<p>Elle int\u00e8gre les travaux de b\u00e2timent, la r\u00e9fection de fa\u00e7ades en service par rev\u00eatements d\u2019imperm\u00e9abilit\u00e9 \u00e0 base de polym\u00e8res. Elle se pr\u00e9sente sous forme de 3&nbsp;volets&nbsp;:&nbsp;<\/p>\n\n\n\n<ol class=\"wp-block-list\">\n<li>le cahier des clauses techniques\u2009;<\/li>\n\n\n\n<li>les crit\u00e8res g\u00e9n\u00e9raux de choix des mat\u00e9riaux\u2009;<\/li>\n\n\n\n<li>le cahier des clauses sp\u00e9ciales.<\/li>\n<\/ol>\n\n\n\n<p>Cette norme assure la continuit\u00e9 des P&nbsp;84-401, P&nbsp;84-402 et P&nbsp;84-403 qui reprennent les caract\u00e9ristiques et les performances des rev\u00eatements, notamment&nbsp;:<\/p>\n\n\n\n<ul class=\"wp-block-list\">\n<li>la r\u00e9sistance \u00e0 la fissuration\u2009;<\/li>\n\n\n\n<li>la perm\u00e9abilit\u00e9 \u00e0 la vapeur d\u2019eau\u2009;<\/li>\n\n\n\n<li>l\u2019imperm\u00e9abilit\u00e9 \u00e0 l\u2019eau liquide\u2009;<\/li>\n\n\n\n<li>l\u2019adh\u00e9rence du support\u2009;<\/li>\n\n\n\n<li>la tenue au vieillissement.<\/li>\n<\/ul>\n\n\n\n<p>\u00c0 savoir que&nbsp;:<\/p>\n\n\n\n<ul class=\"wp-block-list\">\n<li>les classes I g\u00e8rent l\u2019imperm\u00e9abilit\u00e9 (protection contre la p\u00e9n\u00e9tration de l\u2019eau de pluie)\u2009;<\/li>\n\n\n\n<li>les classes T, l\u2019isolation thermique (syst\u00e8mes isolants par l\u2019ext\u00e9rieur).<\/li>\n<\/ul>\n\n\n\n<h2 class=\"wp-block-heading\">Finition mur ext\u00e9rieur&nbsp;: les travaux pr\u00e9alables<\/h2>\n\n\n\n<p>\u00c0 l\u2019instar de ce chantier gu\u00e9randais, plusieurs \u00e9tapes pr\u00e9c\u00e9dent les rev\u00eatements de finition.<\/p>\n\n\n\n<h3 class=\"wp-block-heading\">La pr\u00e9paration chantier<\/h3>\n\n\n\n<p>Les fa\u00e7adiers recouvrent les surfaces non concern\u00e9es, b\u00e2chent les terrasses, arbustes et autres descentes de goutti\u00e8re. Ils enfilent leurs \u00e9quipements de protection individuelle. Enfin, ils s\u2019assurent de la conformit\u00e9 des \u00e9chelles et de la solidit\u00e9 du sol sur lequel ils les posent.<\/p>\n\n\n\n<h3 class=\"wp-block-heading\">Le nettoyage haute pression<\/h3>\n\n\n\n<p>Un rin\u00e7age g\u00e9n\u00e9ral de la fa\u00e7ade et des pignons supprime les salissures et d\u00e9colle les mousses.<\/p>\n\n\n\n<h3 class=\"wp-block-heading\">Le produit antimousse<\/h3>\n\n\n\n<p>Une r\u00e9novation de fa\u00e7ades soigneuse pr\u00e9voit l\u2019application d\u2019un produit antimousse. Ici, il sera recouvert par les couches de finition. Les fa\u00e7adiers optent alors pour une action curative. L\u2019antimousse \u00e9radique les micro-organismes tels que lichens, algues et champignons.<\/p>\n\n\n\n<p>Gu\u00e9rande, situ\u00e9 dans les marais salants, proche de la c\u00f4te atlantique (La Baule, Saint-Nazaire, Pornichet) subit les effets des embruns. Toitures et fa\u00e7ades n\u00e9cessitent donc une r\u00e9novation r\u00e9guli\u00e8re.<\/p>\n\n\n\n<h3 class=\"wp-block-heading\">La reprise des fissures et \u00e9clats de b\u00e9ton<\/h3>\n\n\n\n<p>Les microfissures (entaille inf\u00e9rieure \u00e0 0,2\u00a0mm) ne demandent qu\u2019un simple brossage, elles disparaissent avec la finition. Pour les fissures, un traitement est requis.<\/p>\n\n\n\n<p class=\"has-text-align-center\"><img loading=\"lazy\" decoding=\"async\" width=\"604\" height=\"251\" src=\"https:\/\/lh5.googleusercontent.com\/kRD0qX3cVElE07ejcBKbrup1AvE7jvN6Jy_V3p-4_q-975fgKsvOtrs-6dptFgelREdPVkmgxPehCmRRnY2rwnjHbU0YdTp3wOhGt1SO8MaRsDIvIrsEV18eQft5kWWmGvuP7QhveXNy_vjfyOV1SDA\"><\/p>\n\n\n\n<p>Enfin, les l\u00e9zardes (ouverture sup\u00e9rieure \u00e0 mm) imposent une \u00e9tude technique pour d\u00e9finir leur origine et choisir le traitement ad\u00e9quat.<\/p>\n\n\n\n<p class=\"has-text-align-center\"><a href=\"https:\/\/grandouestfacades.fr\/la-baule\/realisation\/reparation-fissure\/\">Comment Grand Ouest Fa\u00e7ades la Baule a r\u00e9par\u00e9 les fissures \u00e0 Saint-Andr\u00e9 des Eaux ?<\/a><\/p>\n\n\n\n<h3 class=\"wp-block-heading\">Le fixateur<\/h3>\n\n\n\n<p>Appliquer un fixateur assure la meilleure tenue du rev\u00eatement final. L\u00e0 encore, Grand Ouest Fa\u00e7ades reste fid\u00e8le \u00e0 la marque Go Exclusive. Pourquoi\u2009?<\/p>\n\n\n\n<ol class=\"wp-block-list\">\n<li>R\u00e9guler les absorptions et homog\u00e9n\u00e9iser le support.<\/li>\n\n\n\n<li>Fixer les restes de pulv\u00e9rulence.<\/li>\n\n\n\n<li>Cr\u00e9er une pellicule protectrice.<\/li>\n\n\n\n<li>Opacifier.<\/li>\n<\/ol>\n\n\n\n<p>Vous \u00eates d\u00e9sormais incollable sur les classes d\u00e9coratives des peintures de finition. Et si vous passiez \u00e0 la phase action\u2009? Inspectez vos murs ext\u00e9rieurs et surveillez l\u2019apparition \u00e9ventuelle de fissures. La r\u00e9novation des murs ext\u00e9rieurs est pr\u00e9conis\u00e9e tous les 10&nbsp;ans. Depuis quand date celle de votre maison\u2009?<\/p>\n\n\n\n<p>Oups\u2009! Depuis longtemps\u2026<\/p>\n\n\n\n<p class=\"has-text-align-center\"><a href=\"https:\/\/grandouestfacades.fr\/la-baule\/demande-de-devis-diagnistic-gratuit\/\">Je demande un diagnostic gratuit \u00e0 Grand Ouest Fa\u00e7ades La Baule.\u00a0<\/a><\/p>\n\n\n\n<p><\/p>\n\n\n\n<p>Sources<\/p>\n\n\n\n<p><a href=\"https:\/\/www.google.com\/url?q=https:\/\/www.cahiers-techniques-batiment.fr\/article\/travaux-sur-existant-ravalement-des-facades-avec-le-nouveau-dtu-42-1.20461&amp;sa=D&amp;source=docs&amp;ust=1690902057729617&amp;usg=AOvVaw1C0Ddhol6jrZYiQZ-wSGg3\" target=\"_blank\" rel=\"noreferrer noopener\">Les cahiers techniques du b\u00e2timent<\/a><\/p>\n","protected":false},"excerpt":{"rendered":"<p>Offrir une nouvelle jeunesse \u00e0 ses murs de fa\u00e7ade et ses pignons revalorise son patrimoine et \u00e9gaie son quotidien. Car oui, une belle maison bien propre est toujours plus accueillante. De nombreuses peintures de finition existent, en t\u00e9moignent les \u00e9tals des boutiques de bricolage et les salons de l\u2019habitat. La classification en \u00ab\u2009i\u2009\u00bb d\u00e9finit le [&hellip;]<\/p>\n","protected":false},"author":7,"featured_media":4468,"template":"","format":"standard","categories":[6],"class_list":["post-4467","realisation","type-realisation","status-publish","format-standard","has-post-thumbnail","hentry","category-ravalement-de-facade"],"yoast_head":"<!-- This site is optimized with the Yoast SEO plugin v27.5 - https:\/\/yoast.com\/product\/yoast-seo-wordpress\/ -->\n<title>Finition mur ext\u00e9rieur - Classification en D<\/title>\n<meta name=\"description\" content=\"Finition mur ext\u00e9rieur - La classification range les peintures selon leurs propri\u00e9t\u00e9s d\u00e9coratives : d\u00e9couvrez ici le film mince D2\" \/>\n<meta name=\"robots\" content=\"index, follow, max-snippet:-1, max-image-preview:large, max-video-preview:-1\" \/>\n<link rel=\"canonical\" href=\"https:\/\/grandouestfacades.fr\/la-baule\/realisation\/finition-mur-exterieur\/\" \/>\n<meta property=\"og:locale\" content=\"fr_FR\" \/>\n<meta property=\"og:type\" content=\"article\" \/>\n<meta property=\"og:title\" content=\"Finition mur ext\u00e9rieur - Classification en D\" \/>\n<meta property=\"og:description\" content=\"Finition mur ext\u00e9rieur - La classification range les peintures selon leurs propri\u00e9t\u00e9s d\u00e9coratives : d\u00e9couvrez ici le film mince D2\" \/>\n<meta property=\"og:url\" content=\"https:\/\/grandouestfacades.fr\/la-baule\/realisation\/finition-mur-exterieur\/\" \/>\n<meta property=\"og:site_name\" content=\"Presqu&#039;\u00eele - St-Nazaire - Grand Ouest Fa\u00e7ades\" \/>\n<meta property=\"article:modified_time\" content=\"2023-08-01T14:23:08+00:00\" \/>\n<meta property=\"og:image\" content=\"https:\/\/grandouestfacades.fr\/la-baule\/wp-content\/uploads\/sites\/4\/2023\/08\/20200401_155704.jpg\" \/>\n\t<meta property=\"og:image:width\" content=\"1024\" \/>\n\t<meta property=\"og:image:height\" content=\"768\" \/>\n\t<meta property=\"og:image:type\" content=\"image\/jpeg\" \/>\n<meta name=\"twitter:card\" content=\"summary_large_image\" \/>\n<meta name=\"twitter:label1\" content=\"Dur\u00e9e de lecture estim\u00e9e\" \/>\n\t<meta name=\"twitter:data1\" content=\"6 minutes\" \/>\n<script type=\"application\/ld+json\" class=\"yoast-schema-graph\">{\"@context\":\"https:\\\/\\\/schema.org\",\"@graph\":[{\"@type\":\"WebPage\",\"@id\":\"https:\\\/\\\/grandouestfacades.fr\\\/la-baule\\\/realisation\\\/finition-mur-exterieur\\\/\",\"url\":\"https:\\\/\\\/grandouestfacades.fr\\\/la-baule\\\/realisation\\\/finition-mur-exterieur\\\/\",\"name\":\"Finition mur ext\u00e9rieur - Classification en D\",\"isPartOf\":{\"@id\":\"https:\\\/\\\/grandouestfacades.fr\\\/la-baule\\\/#website\"},\"primaryImageOfPage\":{\"@id\":\"https:\\\/\\\/grandouestfacades.fr\\\/la-baule\\\/realisation\\\/finition-mur-exterieur\\\/#primaryimage\"},\"image\":{\"@id\":\"https:\\\/\\\/grandouestfacades.fr\\\/la-baule\\\/realisation\\\/finition-mur-exterieur\\\/#primaryimage\"},\"thumbnailUrl\":\"https:\\\/\\\/grandouestfacades.fr\\\/la-baule\\\/wp-content\\\/uploads\\\/sites\\\/4\\\/2023\\\/08\\\/20200401_155704.jpg\",\"datePublished\":\"2023-08-01T14:23:07+00:00\",\"dateModified\":\"2023-08-01T14:23:08+00:00\",\"description\":\"Finition mur ext\u00e9rieur - La classification range les peintures selon leurs propri\u00e9t\u00e9s d\u00e9coratives : d\u00e9couvrez ici le film mince D2\",\"breadcrumb\":{\"@id\":\"https:\\\/\\\/grandouestfacades.fr\\\/la-baule\\\/realisation\\\/finition-mur-exterieur\\\/#breadcrumb\"},\"inLanguage\":\"fr-FR\",\"potentialAction\":[{\"@type\":\"ReadAction\",\"target\":[\"https:\\\/\\\/grandouestfacades.fr\\\/la-baule\\\/realisation\\\/finition-mur-exterieur\\\/\"]}]},{\"@type\":\"ImageObject\",\"inLanguage\":\"fr-FR\",\"@id\":\"https:\\\/\\\/grandouestfacades.fr\\\/la-baule\\\/realisation\\\/finition-mur-exterieur\\\/#primaryimage\",\"url\":\"https:\\\/\\\/grandouestfacades.fr\\\/la-baule\\\/wp-content\\\/uploads\\\/sites\\\/4\\\/2023\\\/08\\\/20200401_155704.jpg\",\"contentUrl\":\"https:\\\/\\\/grandouestfacades.fr\\\/la-baule\\\/wp-content\\\/uploads\\\/sites\\\/4\\\/2023\\\/08\\\/20200401_155704.jpg\",\"width\":1024,\"height\":768,\"caption\":\"Finition des murs ext\u00e9rieurs d'une maison \u00e0 Gu\u00e9rande (44)\"},{\"@type\":\"BreadcrumbList\",\"@id\":\"https:\\\/\\\/grandouestfacades.fr\\\/la-baule\\\/realisation\\\/finition-mur-exterieur\\\/#breadcrumb\",\"itemListElement\":[{\"@type\":\"ListItem\",\"position\":1,\"name\":\"Accueil\",\"item\":\"https:\\\/\\\/grandouestfacades.fr\\\/la-baule\\\/\"},{\"@type\":\"ListItem\",\"position\":2,\"name\":\"Finition des murs ext\u00e9rieurs &#8211; Chantier de Gu\u00e9rande\"}]},{\"@type\":\"WebSite\",\"@id\":\"https:\\\/\\\/grandouestfacades.fr\\\/la-baule\\\/#website\",\"url\":\"https:\\\/\\\/grandouestfacades.fr\\\/la-baule\\\/\",\"name\":\"La Baule - Grand Ouest Fa\u00e7ades\",\"description\":\"La fa\u00e7ade dont vous r\u00eavez\",\"publisher\":{\"@id\":\"https:\\\/\\\/grandouestfacades.fr\\\/la-baule\\\/#organization\"},\"potentialAction\":[{\"@type\":\"SearchAction\",\"target\":{\"@type\":\"EntryPoint\",\"urlTemplate\":\"https:\\\/\\\/grandouestfacades.fr\\\/la-baule\\\/?s={search_term_string}\"},\"query-input\":{\"@type\":\"PropertyValueSpecification\",\"valueRequired\":true,\"valueName\":\"search_term_string\"}}],\"inLanguage\":\"fr-FR\"},{\"@type\":\"Organization\",\"@id\":\"https:\\\/\\\/grandouestfacades.fr\\\/la-baule\\\/#organization\",\"name\":\"Grand Ouest Fa\u00e7ades La Baule\",\"url\":\"https:\\\/\\\/grandouestfacades.fr\\\/la-baule\\\/\",\"logo\":{\"@type\":\"ImageObject\",\"inLanguage\":\"fr-FR\",\"@id\":\"https:\\\/\\\/grandouestfacades.fr\\\/la-baule\\\/#\\\/schema\\\/logo\\\/image\\\/\",\"url\":\"https:\\\/\\\/grandouestfacades.fr\\\/la-baule\\\/wp-content\\\/uploads\\\/sites\\\/4\\\/2021\\\/09\\\/Logo_agence_sans_GO_La_Baule.png\",\"contentUrl\":\"https:\\\/\\\/grandouestfacades.fr\\\/la-baule\\\/wp-content\\\/uploads\\\/sites\\\/4\\\/2021\\\/09\\\/Logo_agence_sans_GO_La_Baule.png\",\"width\":827,\"height\":265,\"caption\":\"Grand Ouest Fa\u00e7ades La Baule\"},\"image\":{\"@id\":\"https:\\\/\\\/grandouestfacades.fr\\\/la-baule\\\/#\\\/schema\\\/logo\\\/image\\\/\"}}]}<\/script>\n<!-- \/ Yoast SEO plugin. -->","yoast_head_json":{"title":"Finition mur ext\u00e9rieur - Classification en D","description":"Finition mur ext\u00e9rieur - La classification range les peintures selon leurs propri\u00e9t\u00e9s d\u00e9coratives : d\u00e9couvrez ici le film mince D2","robots":{"index":"index","follow":"follow","max-snippet":"max-snippet:-1","max-image-preview":"max-image-preview:large","max-video-preview":"max-video-preview:-1"},"canonical":"https:\/\/grandouestfacades.fr\/la-baule\/realisation\/finition-mur-exterieur\/","og_locale":"fr_FR","og_type":"article","og_title":"Finition mur ext\u00e9rieur - Classification en D","og_description":"Finition mur ext\u00e9rieur - La classification range les peintures selon leurs propri\u00e9t\u00e9s d\u00e9coratives : d\u00e9couvrez ici le film mince D2","og_url":"https:\/\/grandouestfacades.fr\/la-baule\/realisation\/finition-mur-exterieur\/","og_site_name":"Presqu&#039;\u00eele - St-Nazaire - Grand Ouest Fa\u00e7ades","article_modified_time":"2023-08-01T14:23:08+00:00","og_image":[{"width":1024,"height":768,"url":"https:\/\/grandouestfacades.fr\/la-baule\/wp-content\/uploads\/sites\/4\/2023\/08\/20200401_155704.jpg","type":"image\/jpeg"}],"twitter_card":"summary_large_image","twitter_misc":{"Dur\u00e9e de lecture estim\u00e9e":"6 minutes"},"schema":{"@context":"https:\/\/schema.org","@graph":[{"@type":"WebPage","@id":"https:\/\/grandouestfacades.fr\/la-baule\/realisation\/finition-mur-exterieur\/","url":"https:\/\/grandouestfacades.fr\/la-baule\/realisation\/finition-mur-exterieur\/","name":"Finition mur ext\u00e9rieur - Classification en D","isPartOf":{"@id":"https:\/\/grandouestfacades.fr\/la-baule\/#website"},"primaryImageOfPage":{"@id":"https:\/\/grandouestfacades.fr\/la-baule\/realisation\/finition-mur-exterieur\/#primaryimage"},"image":{"@id":"https:\/\/grandouestfacades.fr\/la-baule\/realisation\/finition-mur-exterieur\/#primaryimage"},"thumbnailUrl":"https:\/\/grandouestfacades.fr\/la-baule\/wp-content\/uploads\/sites\/4\/2023\/08\/20200401_155704.jpg","datePublished":"2023-08-01T14:23:07+00:00","dateModified":"2023-08-01T14:23:08+00:00","description":"Finition mur ext\u00e9rieur - La classification range les peintures selon leurs propri\u00e9t\u00e9s d\u00e9coratives : d\u00e9couvrez ici le film mince D2","breadcrumb":{"@id":"https:\/\/grandouestfacades.fr\/la-baule\/realisation\/finition-mur-exterieur\/#breadcrumb"},"inLanguage":"fr-FR","potentialAction":[{"@type":"ReadAction","target":["https:\/\/grandouestfacades.fr\/la-baule\/realisation\/finition-mur-exterieur\/"]}]},{"@type":"ImageObject","inLanguage":"fr-FR","@id":"https:\/\/grandouestfacades.fr\/la-baule\/realisation\/finition-mur-exterieur\/#primaryimage","url":"https:\/\/grandouestfacades.fr\/la-baule\/wp-content\/uploads\/sites\/4\/2023\/08\/20200401_155704.jpg","contentUrl":"https:\/\/grandouestfacades.fr\/la-baule\/wp-content\/uploads\/sites\/4\/2023\/08\/20200401_155704.jpg","width":1024,"height":768,"caption":"Finition des murs ext\u00e9rieurs d'une maison \u00e0 Gu\u00e9rande (44)"},{"@type":"BreadcrumbList","@id":"https:\/\/grandouestfacades.fr\/la-baule\/realisation\/finition-mur-exterieur\/#breadcrumb","itemListElement":[{"@type":"ListItem","position":1,"name":"Accueil","item":"https:\/\/grandouestfacades.fr\/la-baule\/"},{"@type":"ListItem","position":2,"name":"Finition des murs ext\u00e9rieurs &#8211; Chantier de Gu\u00e9rande"}]},{"@type":"WebSite","@id":"https:\/\/grandouestfacades.fr\/la-baule\/#website","url":"https:\/\/grandouestfacades.fr\/la-baule\/","name":"La Baule - Grand Ouest Fa\u00e7ades","description":"La fa\u00e7ade dont vous r\u00eavez","publisher":{"@id":"https:\/\/grandouestfacades.fr\/la-baule\/#organization"},"potentialAction":[{"@type":"SearchAction","target":{"@type":"EntryPoint","urlTemplate":"https:\/\/grandouestfacades.fr\/la-baule\/?s={search_term_string}"},"query-input":{"@type":"PropertyValueSpecification","valueRequired":true,"valueName":"search_term_string"}}],"inLanguage":"fr-FR"},{"@type":"Organization","@id":"https:\/\/grandouestfacades.fr\/la-baule\/#organization","name":"Grand Ouest Fa\u00e7ades La Baule","url":"https:\/\/grandouestfacades.fr\/la-baule\/","logo":{"@type":"ImageObject","inLanguage":"fr-FR","@id":"https:\/\/grandouestfacades.fr\/la-baule\/#\/schema\/logo\/image\/","url":"https:\/\/grandouestfacades.fr\/la-baule\/wp-content\/uploads\/sites\/4\/2021\/09\/Logo_agence_sans_GO_La_Baule.png","contentUrl":"https:\/\/grandouestfacades.fr\/la-baule\/wp-content\/uploads\/sites\/4\/2021\/09\/Logo_agence_sans_GO_La_Baule.png","width":827,"height":265,"caption":"Grand Ouest Fa\u00e7ades La Baule"},"image":{"@id":"https:\/\/grandouestfacades.fr\/la-baule\/#\/schema\/logo\/image\/"}}]}},"_links":{"self":[{"href":"https:\/\/grandouestfacades.fr\/la-baule\/wp-json\/wp\/v2\/realisation\/4467","targetHints":{"allow":["GET"]}}],"collection":[{"href":"https:\/\/grandouestfacades.fr\/la-baule\/wp-json\/wp\/v2\/realisation"}],"about":[{"href":"https:\/\/grandouestfacades.fr\/la-baule\/wp-json\/wp\/v2\/types\/realisation"}],"author":[{"embeddable":true,"href":"https:\/\/grandouestfacades.fr\/la-baule\/wp-json\/wp\/v2\/users\/7"}],"wp:featuredmedia":[{"embeddable":true,"href":"https:\/\/grandouestfacades.fr\/la-baule\/wp-json\/wp\/v2\/media\/4468"}],"wp:attachment":[{"href":"https:\/\/grandouestfacades.fr\/la-baule\/wp-json\/wp\/v2\/media?parent=4467"}],"wp:term":[{"taxonomy":"category","embeddable":true,"href":"https:\/\/grandouestfacades.fr\/la-baule\/wp-json\/wp\/v2\/categories?post=4467"}],"curies":[{"name":"wp","href":"https:\/\/api.w.org\/{rel}","templated":true}]}}