{"id":4521,"date":"2024-08-22T14:48:29","date_gmt":"2024-08-22T12:48:29","guid":{"rendered":"https:\/\/grandouestfacades.fr\/la-baule\/?post_type=realisation&#038;p=4521"},"modified":"2024-08-22T14:48:34","modified_gmt":"2024-08-22T12:48:34","slug":"ravalement-facade-savenay","status":"publish","type":"realisation","link":"https:\/\/grandouestfacades.fr\/la-baule\/realisation\/ravalement-facade-savenay\/","title":{"rendered":"Ravalement de fa\u00e7ade \u00e0 Savenay"},"content":{"rendered":"\n<p>La petite ville de Savenay se situe entre Campbon, Malville, Donges et Pontch\u00e2teau. \u00c0 mi-chemin entre Nantes et Saint-Nazaire, elle fait partie des Pays de Loire aux bords de la Bretagne. Comme toute la Loire-Atlantique, elle b\u00e9n\u00e9ficie d\u2019un climat temp\u00e9r\u00e9 oc\u00e9anique, m\u00eame si les premi\u00e8res plages (Saint Marc sur mer, Pornichet, La Baule) se trouvent \u00e0 20 minutes de voiture. Les propri\u00e9taires de cette maison individuelle <strong>savenaisienne<\/strong> d\u00e9cident de proc\u00e9der \u00e0 un <strong>ravalement de fa\u00e7ade<\/strong>.<\/p>\n\n\n\n<h2 class=\"wp-block-heading\">Ravalement de fa\u00e7ade Savenay : les \u00e9tapes du chantier<\/h2>\n\n\n\n<p>On conseille de faire ravaler les murs ext\u00e9rieurs de sa maison tous les 10 ans. Chez Grand Ouest Fa\u00e7ades La Baule, nous proposons une visite diagnostic gratuite. Ainsi, vous profitez des conseils avis\u00e9s d\u2019un expert fa\u00e7adier. Il vous indique les travaux \u00e0 mettre en \u0153uvre et vous pr\u00e9pare un devis d\u00e9taill\u00e9 qu\u2019il vous explique.<\/p>\n\n\n\n<h3 class=\"wp-block-heading\">La pr\u00e9paration du chantier<\/h3>\n\n\n\n<p>Avant tout, le fa\u00e7adier prot\u00e8ge les abords de la maison et toutes les surfaces non concern\u00e9es par la r\u00e9novation.&nbsp;<\/p>\n\n\n\n<ul class=\"wp-block-list\">\n<li>Il b\u00e2che les all\u00e9es et arbustes.<\/li>\n\n\n\n<li>Il couvre les descentes de goutti\u00e8re, les menuiseries ext\u00e9rieures.<\/li>\n\n\n\n<li>Il rev\u00eat les \u00e9quipements de protection individuelle : gants, masque, lunettes, chaussures.<\/li>\n\n\n\n<li>Il s\u2019assure de la stabilit\u00e9 du terrain si une \u00e9chelle ou un \u00e9chafaudage s\u2019av\u00e8re n\u00e9cessaire.<\/li>\n<\/ul>\n\n\n\n<h3 class=\"wp-block-heading\">Rin\u00e7age des surfaces \u00e0 r\u00e9nover<\/h3>\n\n\n\n<p>Afin de ne pas endommager l\u2019enduit monocouche d\u00e9j\u00e0 pr\u00e9sent sur les fa\u00e7ades, le fa\u00e7adier choisit de nettoyer les murs \u00e0 moyenne pression. Le lavage moyenne pression s\u2019effectue entre 50 et 150 bars. En effet, un expert d\u00e9termine quel meilleur traitement supprime les salissures et les traces de pollution selon l\u2019\u00e9tat du subjectile (ici un enduit monocouche).<\/p>\n\n\n\n<p>Chez Grand Ouest Fa\u00e7ades, nous rin\u00e7ons \u00e0 l\u2019eau claire et froide, par souci \u00e9conomique et environnemental :<\/p>\n\n\n\n<ul class=\"wp-block-list\">\n<li>inutile de gaspiller de l\u2019\u00e9nergie pour chauffer l\u2019eau ;<\/li>\n\n\n\n<li>mieux vaut se passer de produits toxiques et autres d\u00e9tergents polluants.<\/li>\n<\/ul>\n\n\n\n<h3 class=\"wp-block-heading\">Traitement antimousse<\/h3>\n\n\n\n<p>Afin de supprimer toutes les traces de champignons, lichens, algues, l\u2019expert fa\u00e7ades choisit de pulv\u00e9riser un produit antimousse. Ce dernier \u00e9radique les racines organiques.<\/p>\n\n\n\n<h3 class=\"wp-block-heading\">Traitement des fissures et \u00e9clats d\u2019enduit<\/h3>\n\n\n\n<p>Enfin, derni\u00e8re \u00e9tape avant la phase de d\u00e9coration, il faut r\u00e9parer les fissures et les \u00e9clats de b\u00e9ton. Ici, le fa\u00e7adier utilise :<\/p>\n\n\n\n<ul class=\"wp-block-list\">\n<li>FIBRACYL G contre les fissures ;<\/li>\n\n\n\n<li>PCI NANOCRET R2 contre les \u00e9clats d\u2019enduit.<\/li>\n<\/ul>\n\n\n\n<p>J\u2019habite pr\u00e8s de Savenay, je veux savoir comment <a href=\"https:\/\/grandouestfacades.fr\/blog\/fissures-sur-les-facades-comment-les-reparer-durablement-avec-go\/\">r\u00e9parer les fissures sur ma fa\u00e7ade<\/a>.<\/p>\n\n\n\n<h2 class=\"wp-block-heading\">R\u00e9novation de fa\u00e7ade \u00e0 Savenay<\/h2>\n\n\n\n<h3 class=\"wp-block-heading\">Le fixateur<\/h3>\n\n\n\n<p>Sur cette maison de Savenay, un fixateur de type PLIOLITE GO FIX sert de sous-couche.<\/p>\n\n\n\n<p>Les avantages du fixateur ?<\/p>\n\n\n\n<ul class=\"wp-block-list\">\n<li>Garder une fa\u00e7ade respirante.<\/li>\n\n\n\n<li>Homog\u00e9n\u00e9iser la surface.<\/li>\n\n\n\n<li>Obtenir une meilleure adh\u00e9rence.<\/li>\n\n\n\n<li>Cr\u00e9er une pellicule protectrice.<\/li>\n\n\n\n<li>Gagner en opacit\u00e9 pour un meilleur rendu de la couleur finale.<\/li>\n\n\n\n<li>S\u00e9chage rapide.<\/li>\n<\/ul>\n\n\n\n<h3 class=\"wp-block-heading\">La mise en peinture<\/h3>\n\n\n\n<p>Chez Grand Ouest Fa\u00e7ades La Baule, nous n\u2019utilisons que des produits <a href=\"https:\/\/grandouestfacades.fr\/la-baule\/go-marque-exclusive\/\">GO EXCLUSIVE<\/a>. Plus respectueuse de l\u2019environnement, cette marque professionnelle offre des r\u00e9sultats tr\u00e8s haut de gamme et plus durables. Ici, \u00e0 Savenay, nous appliquons 2 couches de peinture GO TT.<\/p>\n\n\n\n<p>Vous aussi habitez Savenay ou en presqu\u2019\u00eele gu\u00e9randaise, demandez <a href=\"https:\/\/grandouestfacades.fr\/la-baule\/demande-de-devis-diagnistic-gratuit\/\">votre visite diagnostic gratuite<\/a>.<\/p>\n","protected":false},"excerpt":{"rendered":"<p>La petite ville de Savenay se situe entre Campbon, Malville, Donges et Pontch\u00e2teau. \u00c0 mi-chemin entre Nantes et Saint-Nazaire, elle fait partie des Pays de Loire aux bords de la Bretagne. Comme toute la Loire-Atlantique, elle b\u00e9n\u00e9ficie d\u2019un climat temp\u00e9r\u00e9 oc\u00e9anique, m\u00eame si les premi\u00e8res plages (Saint Marc sur mer, Pornichet, La Baule) se trouvent [&hellip;]<\/p>\n","protected":false},"author":7,"featured_media":4522,"template":"","format":"standard","categories":[6],"class_list":["post-4521","realisation","type-realisation","status-publish","format-standard","has-post-thumbnail","hentry","category-ravalement-de-facade"],"yoast_head":"<!-- This site is optimized with the Yoast SEO plugin v27.5 - https:\/\/yoast.com\/product\/yoast-seo-wordpress\/ -->\n<title>Ravalement de Fa\u00e7ade Savenay<\/title>\n<meta name=\"description\" content=\"Ravalement de Fa\u00e7ade Savenay. Comment se d\u00e9roule un chantier de r\u00e9novation. Grand Ouest Fa\u00e7ades La Baule sp\u00e9cialiste.\" \/>\n<meta name=\"robots\" content=\"index, follow, max-snippet:-1, max-image-preview:large, max-video-preview:-1\" \/>\n<link rel=\"canonical\" href=\"https:\/\/grandouestfacades.fr\/la-baule\/realisation\/ravalement-facade-savenay\/\" \/>\n<meta property=\"og:locale\" content=\"fr_FR\" \/>\n<meta property=\"og:type\" content=\"article\" \/>\n<meta property=\"og:title\" content=\"Ravalement de Fa\u00e7ade Savenay\" \/>\n<meta property=\"og:description\" content=\"Ravalement de Fa\u00e7ade Savenay. Comment se d\u00e9roule un chantier de r\u00e9novation. Grand Ouest Fa\u00e7ades La Baule sp\u00e9cialiste.\" \/>\n<meta property=\"og:url\" content=\"https:\/\/grandouestfacades.fr\/la-baule\/realisation\/ravalement-facade-savenay\/\" \/>\n<meta property=\"og:site_name\" content=\"Presqu&#039;\u00eele - St-Nazaire - Grand Ouest Fa\u00e7ades\" \/>\n<meta property=\"article:modified_time\" content=\"2024-08-22T12:48:34+00:00\" \/>\n<meta property=\"og:image\" content=\"https:\/\/grandouestfacades.fr\/la-baule\/wp-content\/uploads\/sites\/4\/2024\/02\/20200422_122123-scaled.jpg\" \/>\n\t<meta property=\"og:image:width\" content=\"2560\" \/>\n\t<meta property=\"og:image:height\" content=\"1920\" \/>\n\t<meta property=\"og:image:type\" content=\"image\/jpeg\" \/>\n<meta name=\"twitter:card\" content=\"summary_large_image\" \/>\n<meta name=\"twitter:label1\" content=\"Dur\u00e9e de lecture estim\u00e9e\" \/>\n\t<meta name=\"twitter:data1\" content=\"3 minutes\" \/>\n<script type=\"application\/ld+json\" class=\"yoast-schema-graph\">{\"@context\":\"https:\\\/\\\/schema.org\",\"@graph\":[{\"@type\":\"WebPage\",\"@id\":\"https:\\\/\\\/grandouestfacades.fr\\\/la-baule\\\/realisation\\\/ravalement-facade-savenay\\\/\",\"url\":\"https:\\\/\\\/grandouestfacades.fr\\\/la-baule\\\/realisation\\\/ravalement-facade-savenay\\\/\",\"name\":\"Ravalement de Fa\u00e7ade Savenay\",\"isPartOf\":{\"@id\":\"https:\\\/\\\/grandouestfacades.fr\\\/la-baule\\\/#website\"},\"primaryImageOfPage\":{\"@id\":\"https:\\\/\\\/grandouestfacades.fr\\\/la-baule\\\/realisation\\\/ravalement-facade-savenay\\\/#primaryimage\"},\"image\":{\"@id\":\"https:\\\/\\\/grandouestfacades.fr\\\/la-baule\\\/realisation\\\/ravalement-facade-savenay\\\/#primaryimage\"},\"thumbnailUrl\":\"https:\\\/\\\/grandouestfacades.fr\\\/la-baule\\\/wp-content\\\/uploads\\\/sites\\\/4\\\/2024\\\/02\\\/20200422_122123-scaled.jpg\",\"datePublished\":\"2024-08-22T12:48:29+00:00\",\"dateModified\":\"2024-08-22T12:48:34+00:00\",\"description\":\"Ravalement de Fa\u00e7ade Savenay. Comment se d\u00e9roule un chantier de r\u00e9novation. Grand Ouest Fa\u00e7ades La Baule sp\u00e9cialiste.\",\"breadcrumb\":{\"@id\":\"https:\\\/\\\/grandouestfacades.fr\\\/la-baule\\\/realisation\\\/ravalement-facade-savenay\\\/#breadcrumb\"},\"inLanguage\":\"fr-FR\",\"potentialAction\":[{\"@type\":\"ReadAction\",\"target\":[\"https:\\\/\\\/grandouestfacades.fr\\\/la-baule\\\/realisation\\\/ravalement-facade-savenay\\\/\"]}]},{\"@type\":\"ImageObject\",\"inLanguage\":\"fr-FR\",\"@id\":\"https:\\\/\\\/grandouestfacades.fr\\\/la-baule\\\/realisation\\\/ravalement-facade-savenay\\\/#primaryimage\",\"url\":\"https:\\\/\\\/grandouestfacades.fr\\\/la-baule\\\/wp-content\\\/uploads\\\/sites\\\/4\\\/2024\\\/02\\\/20200422_122123-scaled.jpg\",\"contentUrl\":\"https:\\\/\\\/grandouestfacades.fr\\\/la-baule\\\/wp-content\\\/uploads\\\/sites\\\/4\\\/2024\\\/02\\\/20200422_122123-scaled.jpg\",\"width\":2560,\"height\":1920,\"caption\":\"Ravalement de fa\u00e7ade \u00e0 Savenay - Maison face arri\u00e8re\"},{\"@type\":\"BreadcrumbList\",\"@id\":\"https:\\\/\\\/grandouestfacades.fr\\\/la-baule\\\/realisation\\\/ravalement-facade-savenay\\\/#breadcrumb\",\"itemListElement\":[{\"@type\":\"ListItem\",\"position\":1,\"name\":\"Accueil\",\"item\":\"https:\\\/\\\/grandouestfacades.fr\\\/la-baule\\\/\"},{\"@type\":\"ListItem\",\"position\":2,\"name\":\"Ravalement de fa\u00e7ade \u00e0 Savenay\"}]},{\"@type\":\"WebSite\",\"@id\":\"https:\\\/\\\/grandouestfacades.fr\\\/la-baule\\\/#website\",\"url\":\"https:\\\/\\\/grandouestfacades.fr\\\/la-baule\\\/\",\"name\":\"La Baule - Grand Ouest Fa\u00e7ades\",\"description\":\"La fa\u00e7ade dont vous r\u00eavez\",\"publisher\":{\"@id\":\"https:\\\/\\\/grandouestfacades.fr\\\/la-baule\\\/#organization\"},\"potentialAction\":[{\"@type\":\"SearchAction\",\"target\":{\"@type\":\"EntryPoint\",\"urlTemplate\":\"https:\\\/\\\/grandouestfacades.fr\\\/la-baule\\\/?s={search_term_string}\"},\"query-input\":{\"@type\":\"PropertyValueSpecification\",\"valueRequired\":true,\"valueName\":\"search_term_string\"}}],\"inLanguage\":\"fr-FR\"},{\"@type\":\"Organization\",\"@id\":\"https:\\\/\\\/grandouestfacades.fr\\\/la-baule\\\/#organization\",\"name\":\"Grand Ouest Fa\u00e7ades La Baule\",\"url\":\"https:\\\/\\\/grandouestfacades.fr\\\/la-baule\\\/\",\"logo\":{\"@type\":\"ImageObject\",\"inLanguage\":\"fr-FR\",\"@id\":\"https:\\\/\\\/grandouestfacades.fr\\\/la-baule\\\/#\\\/schema\\\/logo\\\/image\\\/\",\"url\":\"https:\\\/\\\/grandouestfacades.fr\\\/la-baule\\\/wp-content\\\/uploads\\\/sites\\\/4\\\/2021\\\/09\\\/Logo_agence_sans_GO_La_Baule.png\",\"contentUrl\":\"https:\\\/\\\/grandouestfacades.fr\\\/la-baule\\\/wp-content\\\/uploads\\\/sites\\\/4\\\/2021\\\/09\\\/Logo_agence_sans_GO_La_Baule.png\",\"width\":827,\"height\":265,\"caption\":\"Grand Ouest Fa\u00e7ades La Baule\"},\"image\":{\"@id\":\"https:\\\/\\\/grandouestfacades.fr\\\/la-baule\\\/#\\\/schema\\\/logo\\\/image\\\/\"}}]}<\/script>\n<!-- \/ Yoast SEO plugin. -->","yoast_head_json":{"title":"Ravalement de Fa\u00e7ade Savenay","description":"Ravalement de Fa\u00e7ade Savenay. Comment se d\u00e9roule un chantier de r\u00e9novation. Grand Ouest Fa\u00e7ades La Baule sp\u00e9cialiste.","robots":{"index":"index","follow":"follow","max-snippet":"max-snippet:-1","max-image-preview":"max-image-preview:large","max-video-preview":"max-video-preview:-1"},"canonical":"https:\/\/grandouestfacades.fr\/la-baule\/realisation\/ravalement-facade-savenay\/","og_locale":"fr_FR","og_type":"article","og_title":"Ravalement de Fa\u00e7ade Savenay","og_description":"Ravalement de Fa\u00e7ade Savenay. Comment se d\u00e9roule un chantier de r\u00e9novation. Grand Ouest Fa\u00e7ades La Baule sp\u00e9cialiste.","og_url":"https:\/\/grandouestfacades.fr\/la-baule\/realisation\/ravalement-facade-savenay\/","og_site_name":"Presqu&#039;\u00eele - St-Nazaire - Grand Ouest Fa\u00e7ades","article_modified_time":"2024-08-22T12:48:34+00:00","og_image":[{"width":2560,"height":1920,"url":"https:\/\/grandouestfacades.fr\/la-baule\/wp-content\/uploads\/sites\/4\/2024\/02\/20200422_122123-scaled.jpg","type":"image\/jpeg"}],"twitter_card":"summary_large_image","twitter_misc":{"Dur\u00e9e de lecture estim\u00e9e":"3 minutes"},"schema":{"@context":"https:\/\/schema.org","@graph":[{"@type":"WebPage","@id":"https:\/\/grandouestfacades.fr\/la-baule\/realisation\/ravalement-facade-savenay\/","url":"https:\/\/grandouestfacades.fr\/la-baule\/realisation\/ravalement-facade-savenay\/","name":"Ravalement de Fa\u00e7ade Savenay","isPartOf":{"@id":"https:\/\/grandouestfacades.fr\/la-baule\/#website"},"primaryImageOfPage":{"@id":"https:\/\/grandouestfacades.fr\/la-baule\/realisation\/ravalement-facade-savenay\/#primaryimage"},"image":{"@id":"https:\/\/grandouestfacades.fr\/la-baule\/realisation\/ravalement-facade-savenay\/#primaryimage"},"thumbnailUrl":"https:\/\/grandouestfacades.fr\/la-baule\/wp-content\/uploads\/sites\/4\/2024\/02\/20200422_122123-scaled.jpg","datePublished":"2024-08-22T12:48:29+00:00","dateModified":"2024-08-22T12:48:34+00:00","description":"Ravalement de Fa\u00e7ade Savenay. Comment se d\u00e9roule un chantier de r\u00e9novation. Grand Ouest Fa\u00e7ades La Baule sp\u00e9cialiste.","breadcrumb":{"@id":"https:\/\/grandouestfacades.fr\/la-baule\/realisation\/ravalement-facade-savenay\/#breadcrumb"},"inLanguage":"fr-FR","potentialAction":[{"@type":"ReadAction","target":["https:\/\/grandouestfacades.fr\/la-baule\/realisation\/ravalement-facade-savenay\/"]}]},{"@type":"ImageObject","inLanguage":"fr-FR","@id":"https:\/\/grandouestfacades.fr\/la-baule\/realisation\/ravalement-facade-savenay\/#primaryimage","url":"https:\/\/grandouestfacades.fr\/la-baule\/wp-content\/uploads\/sites\/4\/2024\/02\/20200422_122123-scaled.jpg","contentUrl":"https:\/\/grandouestfacades.fr\/la-baule\/wp-content\/uploads\/sites\/4\/2024\/02\/20200422_122123-scaled.jpg","width":2560,"height":1920,"caption":"Ravalement de fa\u00e7ade \u00e0 Savenay - Maison face arri\u00e8re"},{"@type":"BreadcrumbList","@id":"https:\/\/grandouestfacades.fr\/la-baule\/realisation\/ravalement-facade-savenay\/#breadcrumb","itemListElement":[{"@type":"ListItem","position":1,"name":"Accueil","item":"https:\/\/grandouestfacades.fr\/la-baule\/"},{"@type":"ListItem","position":2,"name":"Ravalement de fa\u00e7ade \u00e0 Savenay"}]},{"@type":"WebSite","@id":"https:\/\/grandouestfacades.fr\/la-baule\/#website","url":"https:\/\/grandouestfacades.fr\/la-baule\/","name":"La Baule - Grand Ouest Fa\u00e7ades","description":"La fa\u00e7ade dont vous r\u00eavez","publisher":{"@id":"https:\/\/grandouestfacades.fr\/la-baule\/#organization"},"potentialAction":[{"@type":"SearchAction","target":{"@type":"EntryPoint","urlTemplate":"https:\/\/grandouestfacades.fr\/la-baule\/?s={search_term_string}"},"query-input":{"@type":"PropertyValueSpecification","valueRequired":true,"valueName":"search_term_string"}}],"inLanguage":"fr-FR"},{"@type":"Organization","@id":"https:\/\/grandouestfacades.fr\/la-baule\/#organization","name":"Grand Ouest Fa\u00e7ades La Baule","url":"https:\/\/grandouestfacades.fr\/la-baule\/","logo":{"@type":"ImageObject","inLanguage":"fr-FR","@id":"https:\/\/grandouestfacades.fr\/la-baule\/#\/schema\/logo\/image\/","url":"https:\/\/grandouestfacades.fr\/la-baule\/wp-content\/uploads\/sites\/4\/2021\/09\/Logo_agence_sans_GO_La_Baule.png","contentUrl":"https:\/\/grandouestfacades.fr\/la-baule\/wp-content\/uploads\/sites\/4\/2021\/09\/Logo_agence_sans_GO_La_Baule.png","width":827,"height":265,"caption":"Grand Ouest Fa\u00e7ades La Baule"},"image":{"@id":"https:\/\/grandouestfacades.fr\/la-baule\/#\/schema\/logo\/image\/"}}]}},"_links":{"self":[{"href":"https:\/\/grandouestfacades.fr\/la-baule\/wp-json\/wp\/v2\/realisation\/4521","targetHints":{"allow":["GET"]}}],"collection":[{"href":"https:\/\/grandouestfacades.fr\/la-baule\/wp-json\/wp\/v2\/realisation"}],"about":[{"href":"https:\/\/grandouestfacades.fr\/la-baule\/wp-json\/wp\/v2\/types\/realisation"}],"author":[{"embeddable":true,"href":"https:\/\/grandouestfacades.fr\/la-baule\/wp-json\/wp\/v2\/users\/7"}],"wp:featuredmedia":[{"embeddable":true,"href":"https:\/\/grandouestfacades.fr\/la-baule\/wp-json\/wp\/v2\/media\/4522"}],"wp:attachment":[{"href":"https:\/\/grandouestfacades.fr\/la-baule\/wp-json\/wp\/v2\/media?parent=4521"}],"wp:term":[{"taxonomy":"category","embeddable":true,"href":"https:\/\/grandouestfacades.fr\/la-baule\/wp-json\/wp\/v2\/categories?post=4521"}],"curies":[{"name":"wp","href":"https:\/\/api.w.org\/{rel}","templated":true}]}}