{"id":85,"date":"2020-08-10T00:17:10","date_gmt":"2020-08-09T22:17:10","guid":{"rendered":"https:\/\/grandouestfacades.fr\/?page_id=85"},"modified":"2024-02-19T13:21:07","modified_gmt":"2024-02-19T12:21:07","slug":"realisations","status":"publish","type":"page","link":"https:\/\/grandouestfacades.fr\/nantes\/realisations\/","title":{"rendered":"R\u00e9alisations"},"content":{"rendered":"\t\t<div data-elementor-type=\"wp-page\" data-elementor-id=\"85\" class=\"elementor elementor-85\" data-elementor-post-type=\"page\">\n\t\t\t\t\t\t<section class=\"elementor-section elementor-top-section elementor-element elementor-element-6520e4c elementor-section-full_width elementor-section-height-min-height elementor-section-height-default elementor-section-items-middle\" data-id=\"6520e4c\" data-element_type=\"section\" data-e-type=\"section\" data-settings=\"{&quot;background_background&quot;:&quot;classic&quot;}\">\n\t\t\t\t\t\t\t<div class=\"elementor-background-overlay\"><\/div>\n\t\t\t\t\t\t\t<div class=\"elementor-container elementor-column-gap-default\">\n\t\t\t\t\t<div class=\"elementor-column elementor-col-100 elementor-top-column elementor-element elementor-element-03f19fb\" data-id=\"03f19fb\" data-element_type=\"column\" data-e-type=\"column\">\n\t\t\t<div class=\"elementor-widget-wrap elementor-element-populated\">\n\t\t\t\t\t\t<div class=\"elementor-element elementor-element-980a3cd elementor-widget elementor-widget-heading\" data-id=\"980a3cd\" data-element_type=\"widget\" data-e-type=\"widget\" data-widget_type=\"heading.default\">\n\t\t\t\t<div class=\"elementor-widget-container\">\n\t\t\t\t\t<h2 class=\"elementor-heading-title elementor-size-default\">Plongez dans nos r\u00e9alisations<\/h2>\t\t\t\t<\/div>\n\t\t\t\t<\/div>\n\t\t\t\t\t<\/div>\n\t\t<\/div>\n\t\t\t\t\t<\/div>\n\t\t<\/section>\n\t\t\t\t<section class=\"elementor-section elementor-top-section elementor-element elementor-element-27831c6 elementor-section-boxed elementor-section-height-default elementor-section-height-default\" data-id=\"27831c6\" data-element_type=\"section\" data-e-type=\"section\">\n\t\t\t\t\t\t<div class=\"elementor-container elementor-column-gap-default\">\n\t\t\t\t\t<div class=\"elementor-column elementor-col-100 elementor-top-column elementor-element elementor-element-ee1c97b\" data-id=\"ee1c97b\" data-element_type=\"column\" data-e-type=\"column\">\n\t\t\t<div class=\"elementor-widget-wrap elementor-element-populated\">\n\t\t\t\t\t\t<div class=\"elementor-element elementor-element-ec2d7ad elementor-widget elementor-widget-spacer\" data-id=\"ec2d7ad\" data-element_type=\"widget\" data-e-type=\"widget\" data-widget_type=\"spacer.default\">\n\t\t\t\t<div class=\"elementor-widget-container\">\n\t\t\t\t\t\t\t<div class=\"elementor-spacer\">\n\t\t\t<div class=\"elementor-spacer-inner\"><\/div>\n\t\t<\/div>\n\t\t\t\t\t\t<\/div>\n\t\t\t\t<\/div>\n\t\t\t\t\t<\/div>\n\t\t<\/div>\n\t\t\t\t\t<\/div>\n\t\t<\/section>\n\t\t\t\t<section class=\"elementor-section elementor-top-section elementor-element elementor-element-33cff00 elementor-section-boxed elementor-section-height-default elementor-section-height-default\" data-id=\"33cff00\" data-element_type=\"section\" data-e-type=\"section\">\n\t\t\t\t\t\t<div class=\"elementor-container elementor-column-gap-default\">\n\t\t\t\t\t<div class=\"elementor-column elementor-col-100 elementor-top-column elementor-element elementor-element-b7ffb14\" data-id=\"b7ffb14\" data-element_type=\"column\" data-e-type=\"column\">\n\t\t\t<div class=\"elementor-widget-wrap elementor-element-populated\">\n\t\t\t\t\t\t<div class=\"elementor-element elementor-element-40ec698 elementor-grid-2 elementor-grid-tablet-2 elementor-grid-mobile-1 elementor-posts--thumbnail-top elementor-card-shadow-yes elementor-posts__hover-gradient elementor-widget elementor-widget-posts\" data-id=\"40ec698\" data-element_type=\"widget\" data-e-type=\"widget\" data-settings=\"{&quot;cards_columns&quot;:&quot;2&quot;,&quot;cards_row_gap&quot;:{&quot;unit&quot;:&quot;px&quot;,&quot;size&quot;:47,&quot;sizes&quot;:[]},&quot;cards_columns_tablet&quot;:&quot;2&quot;,&quot;cards_columns_mobile&quot;:&quot;1&quot;,&quot;cards_row_gap_tablet&quot;:{&quot;unit&quot;:&quot;px&quot;,&quot;size&quot;:&quot;&quot;,&quot;sizes&quot;:[]},&quot;cards_row_gap_mobile&quot;:{&quot;unit&quot;:&quot;px&quot;,&quot;size&quot;:&quot;&quot;,&quot;sizes&quot;:[]}}\" data-widget_type=\"posts.cards\">\n\t\t\t\t<div class=\"elementor-widget-container\">\n\t\t\t\t\t\t\t<div class=\"elementor-posts-container elementor-posts elementor-posts--skin-cards elementor-grid\" role=\"list\">\n\t\t\t\t<article class=\"elementor-post elementor-grid-item post-4515 realisation type-realisation status-publish format-standard has-post-thumbnail hentry category-ravalement-de-facade\" role=\"listitem\">\n\t\t\t<div class=\"elementor-post__card\">\n\t\t\t\t<a class=\"elementor-post__thumbnail__link\" href=\"https:\/\/grandouestfacades.fr\/nantes\/realisation\/ravalement-facades-treillieres\/\" tabindex=\"-1\" ><div class=\"elementor-post__thumbnail\"><img fetchpriority=\"high\" decoding=\"async\" width=\"768\" height=\"576\" src=\"https:\/\/grandouestfacades.fr\/nantes\/wp-content\/uploads\/sites\/5\/2025\/06\/20200623_163108-1-768x576.jpg\" class=\"attachment-medium_large size-medium_large wp-image-4518\" alt=\"Ravalement de fa\u00e7ades Treilli\u00e8res - Fa\u00e7ade de la maison\" srcset=\"https:\/\/grandouestfacades.fr\/nantes\/wp-content\/uploads\/sites\/5\/2025\/06\/20200623_163108-1-768x576.jpg 768w, https:\/\/grandouestfacades.fr\/nantes\/wp-content\/uploads\/sites\/5\/2025\/06\/20200623_163108-1-300x225.jpg 300w, https:\/\/grandouestfacades.fr\/nantes\/wp-content\/uploads\/sites\/5\/2025\/06\/20200623_163108-1-1024x768.jpg 1024w, https:\/\/grandouestfacades.fr\/nantes\/wp-content\/uploads\/sites\/5\/2025\/06\/20200623_163108-1-1536x1152.jpg 1536w, https:\/\/grandouestfacades.fr\/nantes\/wp-content\/uploads\/sites\/5\/2025\/06\/20200623_163108-1-2048x1536.jpg 2048w\" sizes=\"(max-width: 768px) 100vw, 768px\" \/><\/div><\/a>\n\t\t\t\t<div class=\"elementor-post__badge\">Ravalement de fa\u00e7ade<\/div>\n\t\t\t\t<div class=\"elementor-post__text\">\n\t\t\t\t<h3 class=\"elementor-post__title\">\n\t\t\t<a href=\"https:\/\/grandouestfacades.fr\/nantes\/realisation\/ravalement-facades-treillieres\/\" >\n\t\t\t\tRavalement de fa\u00e7ades Treilli\u00e8res\t\t\t<\/a>\n\t\t<\/h3>\n\t\t\t\t<div class=\"elementor-post__excerpt\">\n\t\t\t<p>\u00c0 Treilli\u00e8res, commune r\u00e9sidentielle au nord de Nantes, les fa\u00e7ades subissent de plein fouet les intemp\u00e9ries oc\u00e9aniques. Vents charg\u00e9s d\u2019embruns, humidit\u00e9 persistante, alternance de pluie<\/p>\n\t\t<\/div>\n\t\t\n\t\t<a class=\"elementor-post__read-more\" href=\"https:\/\/grandouestfacades.fr\/nantes\/realisation\/ravalement-facades-treillieres\/\" aria-label=\"En savoir plus sur Ravalement de fa\u00e7ades Treilli\u00e8res\" tabindex=\"-1\" >\n\t\t\tLire la suite\t\t<\/a>\n\n\t\t\t\t<\/div>\n\t\t\t\t\t<\/div>\n\t\t<\/article>\n\t\t\t\t<article class=\"elementor-post elementor-grid-item post-4469 realisation type-realisation status-publish format-standard has-post-thumbnail hentry category-isolation category-ravalement-de-facade\" role=\"listitem\">\n\t\t\t<div class=\"elementor-post__card\">\n\t\t\t\t<a class=\"elementor-post__thumbnail__link\" href=\"https:\/\/grandouestfacades.fr\/nantes\/realisation\/peinture-isolante-exterieure-guide\/\" tabindex=\"-1\" ><div class=\"elementor-post__thumbnail\"><img decoding=\"async\" width=\"768\" height=\"364\" src=\"https:\/\/grandouestfacades.fr\/nantes\/wp-content\/uploads\/sites\/5\/2024\/01\/20210518_180508-1-768x364.jpg\" class=\"attachment-medium_large size-medium_large wp-image-4475\" alt=\"Peinture Ext\u00e9rieure Isolante\" srcset=\"https:\/\/grandouestfacades.fr\/nantes\/wp-content\/uploads\/sites\/5\/2024\/01\/20210518_180508-1-768x364.jpg 768w, https:\/\/grandouestfacades.fr\/nantes\/wp-content\/uploads\/sites\/5\/2024\/01\/20210518_180508-1-300x142.jpg 300w, https:\/\/grandouestfacades.fr\/nantes\/wp-content\/uploads\/sites\/5\/2024\/01\/20210518_180508-1-1024x485.jpg 1024w, https:\/\/grandouestfacades.fr\/nantes\/wp-content\/uploads\/sites\/5\/2024\/01\/20210518_180508-1-1536x728.jpg 1536w, https:\/\/grandouestfacades.fr\/nantes\/wp-content\/uploads\/sites\/5\/2024\/01\/20210518_180508-1-2048x971.jpg 2048w\" sizes=\"(max-width: 768px) 100vw, 768px\" \/><\/div><\/a>\n\t\t\t\t<div class=\"elementor-post__badge\">Isolation<\/div>\n\t\t\t\t<div class=\"elementor-post__text\">\n\t\t\t\t<h3 class=\"elementor-post__title\">\n\t\t\t<a href=\"https:\/\/grandouestfacades.fr\/nantes\/realisation\/peinture-isolante-exterieure-guide\/\" >\n\t\t\t\tPeinture isolante Ext\u00e9rieure &#8211; Le Guide Complet\t\t\t<\/a>\n\t\t<\/h3>\n\t\t\t\t<div class=\"elementor-post__excerpt\">\n\t\t\t<p>Votre maison fait grise mine ? Peut-\u00eatre est-ce le moment de pr\u00e9voir la r\u00e9novation de ses murs ext\u00e9rieurs. Vu l\u2019actualit\u00e9 \u00e9conomique et environnementale, en profiter<\/p>\n\t\t<\/div>\n\t\t\n\t\t<a class=\"elementor-post__read-more\" href=\"https:\/\/grandouestfacades.fr\/nantes\/realisation\/peinture-isolante-exterieure-guide\/\" aria-label=\"En savoir plus sur Peinture isolante Ext\u00e9rieure &#8211; Le Guide Complet\" tabindex=\"-1\" >\n\t\t\tLire la suite\t\t<\/a>\n\n\t\t\t\t<\/div>\n\t\t\t\t\t<\/div>\n\t\t<\/article>\n\t\t\t\t<article class=\"elementor-post elementor-grid-item post-4458 realisation type-realisation status-publish format-standard has-post-thumbnail hentry category-ravalement-de-facade\" role=\"listitem\">\n\t\t\t<div class=\"elementor-post__card\">\n\t\t\t\t<a class=\"elementor-post__thumbnail__link\" href=\"https:\/\/grandouestfacades.fr\/nantes\/realisation\/peinture-enduit\/\" tabindex=\"-1\" ><div class=\"elementor-post__thumbnail\"><img decoding=\"async\" width=\"768\" height=\"432\" src=\"https:\/\/grandouestfacades.fr\/nantes\/wp-content\/uploads\/sites\/5\/2024\/01\/Peinture-Enduit-Exterieur-Chantier-a-Nantes-1-768x432.jpg\" class=\"attachment-medium_large size-medium_large wp-image-4468\" alt=\"Peinture Enduit Ext\u00e9rieur\" srcset=\"https:\/\/grandouestfacades.fr\/nantes\/wp-content\/uploads\/sites\/5\/2024\/01\/Peinture-Enduit-Exterieur-Chantier-a-Nantes-1-768x432.jpg 768w, https:\/\/grandouestfacades.fr\/nantes\/wp-content\/uploads\/sites\/5\/2024\/01\/Peinture-Enduit-Exterieur-Chantier-a-Nantes-1-300x169.jpg 300w, https:\/\/grandouestfacades.fr\/nantes\/wp-content\/uploads\/sites\/5\/2024\/01\/Peinture-Enduit-Exterieur-Chantier-a-Nantes-1-1024x577.jpg 1024w, https:\/\/grandouestfacades.fr\/nantes\/wp-content\/uploads\/sites\/5\/2024\/01\/Peinture-Enduit-Exterieur-Chantier-a-Nantes-1-1536x865.jpg 1536w, https:\/\/grandouestfacades.fr\/nantes\/wp-content\/uploads\/sites\/5\/2024\/01\/Peinture-Enduit-Exterieur-Chantier-a-Nantes-1-2048x1153.jpg 2048w\" sizes=\"(max-width: 768px) 100vw, 768px\" \/><\/div><\/a>\n\t\t\t\t<div class=\"elementor-post__badge\">Ravalement de fa\u00e7ade<\/div>\n\t\t\t\t<div class=\"elementor-post__text\">\n\t\t\t\t<h3 class=\"elementor-post__title\">\n\t\t\t<a href=\"https:\/\/grandouestfacades.fr\/nantes\/realisation\/peinture-enduit\/\" >\n\t\t\t\tPeinture enduit ext\u00e9rieur\t\t\t<\/a>\n\t\t<\/h3>\n\t\t\t\t<div class=\"elementor-post__excerpt\">\n\t\t\t<p>Dans la plupart des m\u00e9tropoles comme Nantes, le Code de la construction et de l\u2019habitation pr\u00e9conise la remise en bon \u00e9tat de propret\u00e9 des fa\u00e7ades<\/p>\n\t\t<\/div>\n\t\t\n\t\t<a class=\"elementor-post__read-more\" href=\"https:\/\/grandouestfacades.fr\/nantes\/realisation\/peinture-enduit\/\" aria-label=\"En savoir plus sur Peinture enduit ext\u00e9rieur\" tabindex=\"-1\" >\n\t\t\tLire la suite\t\t<\/a>\n\n\t\t\t\t<\/div>\n\t\t\t\t\t<\/div>\n\t\t<\/article>\n\t\t\t\t<article class=\"elementor-post elementor-grid-item post-4454 realisation type-realisation status-publish format-standard has-post-thumbnail hentry category-ravalement-de-facade\" role=\"listitem\">\n\t\t\t<div class=\"elementor-post__card\">\n\t\t\t\t<a class=\"elementor-post__thumbnail__link\" href=\"https:\/\/grandouestfacades.fr\/nantes\/realisation\/mur-poreux\/\" tabindex=\"-1\" ><div class=\"elementor-post__thumbnail\"><img loading=\"lazy\" decoding=\"async\" width=\"768\" height=\"432\" src=\"https:\/\/grandouestfacades.fr\/nantes\/wp-content\/uploads\/sites\/5\/2023\/08\/20230411_164039-768x432.jpg\" class=\"attachment-medium_large size-medium_large wp-image-4455\" alt=\"Mur poreux sur une maison de Saint-S\u00e9bastien sur Loire (44)\" srcset=\"https:\/\/grandouestfacades.fr\/nantes\/wp-content\/uploads\/sites\/5\/2023\/08\/20230411_164039-768x432.jpg 768w, https:\/\/grandouestfacades.fr\/nantes\/wp-content\/uploads\/sites\/5\/2023\/08\/20230411_164039-300x169.jpg 300w, https:\/\/grandouestfacades.fr\/nantes\/wp-content\/uploads\/sites\/5\/2023\/08\/20230411_164039-1024x577.jpg 1024w, https:\/\/grandouestfacades.fr\/nantes\/wp-content\/uploads\/sites\/5\/2023\/08\/20230411_164039-1536x865.jpg 1536w, https:\/\/grandouestfacades.fr\/nantes\/wp-content\/uploads\/sites\/5\/2023\/08\/20230411_164039-2048x1153.jpg 2048w\" sizes=\"(max-width: 768px) 100vw, 768px\" \/><\/div><\/a>\n\t\t\t\t<div class=\"elementor-post__badge\">Ravalement de fa\u00e7ade<\/div>\n\t\t\t\t<div class=\"elementor-post__text\">\n\t\t\t\t<h3 class=\"elementor-post__title\">\n\t\t\t<a href=\"https:\/\/grandouestfacades.fr\/nantes\/realisation\/mur-poreux\/\" >\n\t\t\t\tMur poreux &#8211; Saint-S\u00e9bastien sur Loire\t\t\t<\/a>\n\t\t<\/h3>\n\t\t\t\t<div class=\"elementor-post__excerpt\">\n\t\t\t<p>Entre littoral atlantique et vignoble nantais, Saint-S\u00e9bastien-sur-Loire fait partie de Nantes M\u00e9tropole. Elle abrite 28\u2009000&nbsp;habitants sur 1200&nbsp;hectares. Comme le pr\u00e9conise le Code de la construction<\/p>\n\t\t<\/div>\n\t\t\n\t\t<a class=\"elementor-post__read-more\" href=\"https:\/\/grandouestfacades.fr\/nantes\/realisation\/mur-poreux\/\" aria-label=\"En savoir plus sur Mur poreux &#8211; Saint-S\u00e9bastien sur Loire\" tabindex=\"-1\" >\n\t\t\tLire la suite\t\t<\/a>\n\n\t\t\t\t<\/div>\n\t\t\t\t\t<\/div>\n\t\t<\/article>\n\t\t\t\t<article class=\"elementor-post elementor-grid-item post-4446 realisation type-realisation status-publish format-standard has-post-thumbnail hentry category-ravalement-de-facade\" role=\"listitem\">\n\t\t\t<div class=\"elementor-post__card\">\n\t\t\t\t<a class=\"elementor-post__thumbnail__link\" href=\"https:\/\/grandouestfacades.fr\/nantes\/realisation\/revetement-facade-vertou\/\" tabindex=\"-1\" ><div class=\"elementor-post__thumbnail\"><img loading=\"lazy\" decoding=\"async\" width=\"768\" height=\"432\" src=\"https:\/\/grandouestfacades.fr\/nantes\/wp-content\/uploads\/sites\/5\/2023\/04\/20170726_151442-768x432.jpg\" class=\"attachment-medium_large size-medium_large wp-image-4450\" alt=\"Ravalement de fa\u00e7ades \u00e0 Vertou (44)\" srcset=\"https:\/\/grandouestfacades.fr\/nantes\/wp-content\/uploads\/sites\/5\/2023\/04\/20170726_151442-768x432.jpg 768w, https:\/\/grandouestfacades.fr\/nantes\/wp-content\/uploads\/sites\/5\/2023\/04\/20170726_151442-300x169.jpg 300w, https:\/\/grandouestfacades.fr\/nantes\/wp-content\/uploads\/sites\/5\/2023\/04\/20170726_151442-1024x576.jpg 1024w, https:\/\/grandouestfacades.fr\/nantes\/wp-content\/uploads\/sites\/5\/2023\/04\/20170726_151442-1536x864.jpg 1536w, https:\/\/grandouestfacades.fr\/nantes\/wp-content\/uploads\/sites\/5\/2023\/04\/20170726_151442-2048x1152.jpg 2048w\" sizes=\"(max-width: 768px) 100vw, 768px\" \/><\/div><\/a>\n\t\t\t\t<div class=\"elementor-post__badge\">Ravalement de fa\u00e7ade<\/div>\n\t\t\t\t<div class=\"elementor-post__text\">\n\t\t\t\t<h3 class=\"elementor-post__title\">\n\t\t\t<a href=\"https:\/\/grandouestfacades.fr\/nantes\/realisation\/revetement-facade-vertou\/\" >\n\t\t\t\tRavalement de Fa\u00e7ade Vertou\t\t\t<\/a>\n\t\t<\/h3>\n\t\t\t\t<div class=\"elementor-post__excerpt\">\n\t\t\t<p>Vertou, ville dynamique et innovante de la m\u00e9tropole de Nantes, compte 25\u2009000&nbsp;\u00e2mes et 2\u2009700&nbsp;entreprises. C\u2019est au latin Vertavum que ses habitants doivent leur nom&nbsp;: les<\/p>\n\t\t<\/div>\n\t\t\n\t\t<a class=\"elementor-post__read-more\" href=\"https:\/\/grandouestfacades.fr\/nantes\/realisation\/revetement-facade-vertou\/\" aria-label=\"En savoir plus sur Ravalement de Fa\u00e7ade Vertou\" tabindex=\"-1\" >\n\t\t\tLire la suite\t\t<\/a>\n\n\t\t\t\t<\/div>\n\t\t\t\t\t<\/div>\n\t\t<\/article>\n\t\t\t\t<article class=\"elementor-post elementor-grid-item post-4426 realisation type-realisation status-publish format-standard has-post-thumbnail hentry category-ravalement-de-facade\" role=\"listitem\">\n\t\t\t<div class=\"elementor-post__card\">\n\t\t\t\t<a class=\"elementor-post__thumbnail__link\" href=\"https:\/\/grandouestfacades.fr\/nantes\/realisation\/ravalement-facades-saint-herblain\/\" tabindex=\"-1\" ><div class=\"elementor-post__thumbnail\"><img loading=\"lazy\" decoding=\"async\" width=\"768\" height=\"364\" src=\"https:\/\/grandouestfacades.fr\/nantes\/wp-content\/uploads\/sites\/5\/2022\/12\/20201125_113925-768x364.jpg\" class=\"attachment-medium_large size-medium_large wp-image-4427\" alt=\"Ravalement de fa\u00e7ades \u00e0 Saint-Herblain\" srcset=\"https:\/\/grandouestfacades.fr\/nantes\/wp-content\/uploads\/sites\/5\/2022\/12\/20201125_113925-768x364.jpg 768w, https:\/\/grandouestfacades.fr\/nantes\/wp-content\/uploads\/sites\/5\/2022\/12\/20201125_113925-300x142.jpg 300w, https:\/\/grandouestfacades.fr\/nantes\/wp-content\/uploads\/sites\/5\/2022\/12\/20201125_113925-1024x485.jpg 1024w, https:\/\/grandouestfacades.fr\/nantes\/wp-content\/uploads\/sites\/5\/2022\/12\/20201125_113925-1536x728.jpg 1536w, https:\/\/grandouestfacades.fr\/nantes\/wp-content\/uploads\/sites\/5\/2022\/12\/20201125_113925-2048x971.jpg 2048w\" sizes=\"(max-width: 768px) 100vw, 768px\" \/><\/div><\/a>\n\t\t\t\t<div class=\"elementor-post__badge\">Ravalement de fa\u00e7ade<\/div>\n\t\t\t\t<div class=\"elementor-post__text\">\n\t\t\t\t<h3 class=\"elementor-post__title\">\n\t\t\t<a href=\"https:\/\/grandouestfacades.fr\/nantes\/realisation\/ravalement-facades-saint-herblain\/\" >\n\t\t\t\tRavalement de fa\u00e7ades \u00e0 Saint-Herblain\t\t\t<\/a>\n\t\t<\/h3>\n\t\t\t\t<div class=\"elementor-post__excerpt\">\n\t\t\t<p>Au sud d\u2019Orvault et de Sautron, Saint-Herblain se situe entre Cou\u00ebron, Indre et Nantes m\u00eame. La Loire la s\u00e9pare de Bouguenais, de La Montagne et<\/p>\n\t\t<\/div>\n\t\t\n\t\t<a class=\"elementor-post__read-more\" href=\"https:\/\/grandouestfacades.fr\/nantes\/realisation\/ravalement-facades-saint-herblain\/\" aria-label=\"En savoir plus sur Ravalement de fa\u00e7ades \u00e0 Saint-Herblain\" tabindex=\"-1\" >\n\t\t\tLire la suite\t\t<\/a>\n\n\t\t\t\t<\/div>\n\t\t\t\t\t<\/div>\n\t\t<\/article>\n\t\t\t\t<\/div>\n\t\t\n\t\t\t\t\t\t<\/div>\n\t\t\t\t<\/div>\n\t\t\t\t\t<\/div>\n\t\t<\/div>\n\t\t\t\t\t<\/div>\n\t\t<\/section>\n\t\t\t\t<section class=\"elementor-section elementor-top-section elementor-element elementor-element-1674113 elementor-section-boxed elementor-section-height-default elementor-section-height-default\" data-id=\"1674113\" data-element_type=\"section\" data-e-type=\"section\">\n\t\t\t\t\t\t<div class=\"elementor-container elementor-column-gap-default\">\n\t\t\t\t\t<div class=\"elementor-column elementor-col-100 elementor-top-column elementor-element elementor-element-bfeb463\" data-id=\"bfeb463\" data-element_type=\"column\" data-e-type=\"column\">\n\t\t\t<div class=\"elementor-widget-wrap elementor-element-populated\">\n\t\t\t\t\t\t<div class=\"elementor-element elementor-element-5576a1f elementor-widget elementor-widget-spacer\" data-id=\"5576a1f\" data-element_type=\"widget\" data-e-type=\"widget\" data-widget_type=\"spacer.default\">\n\t\t\t\t<div class=\"elementor-widget-container\">\n\t\t\t\t\t\t\t<div class=\"elementor-spacer\">\n\t\t\t<div class=\"elementor-spacer-inner\"><\/div>\n\t\t<\/div>\n\t\t\t\t\t\t<\/div>\n\t\t\t\t<\/div>\n\t\t\t\t\t<\/div>\n\t\t<\/div>\n\t\t\t\t\t<\/div>\n\t\t<\/section>\n\t\t\t\t<\/div>\n\t\t","protected":false},"excerpt":{"rendered":"<p>Plongez dans nos r\u00e9alisations<\/p>\n","protected":false},"author":1,"featured_media":0,"parent":0,"menu_order":0,"comment_status":"closed","ping_status":"closed","template":"","meta":{"footnotes":""},"class_list":["post-85","page","type-page","status-publish","hentry"],"yoast_head":"<!-- This site is optimized with the Yoast SEO plugin v27.5 - https:\/\/yoast.com\/product\/yoast-seo-wordpress\/ -->\n<title>Les r\u00e9alisations proches de chez vous - Grand Ouest Fa\u00e7ades - Agence Nantes<\/title>\n<meta name=\"description\" content=\"Retrouvez l&#039;ensemble de nos r\u00e9alisations proches de chez vous et rejoignez la famille Grand Ouest Fa\u00e7ades.\" \/>\n<meta name=\"robots\" content=\"index, follow, max-snippet:-1, max-image-preview:large, max-video-preview:-1\" \/>\n<link rel=\"canonical\" href=\"https:\/\/grandouestfacades.fr\/nantes\/realisations\/\" \/>\n<meta property=\"og:locale\" content=\"fr_FR\" \/>\n<meta property=\"og:type\" content=\"article\" \/>\n<meta property=\"og:title\" content=\"Les r\u00e9alisations proches de chez vous - Grand Ouest Fa\u00e7ades - Agence Nantes\" \/>\n<meta property=\"og:description\" content=\"Retrouvez l&#039;ensemble de nos r\u00e9alisations proches de chez vous et rejoignez la famille Grand Ouest Fa\u00e7ades.\" \/>\n<meta property=\"og:url\" content=\"https:\/\/grandouestfacades.fr\/nantes\/realisations\/\" \/>\n<meta property=\"og:site_name\" content=\"Grand Ouest Fa\u00e7ades - Agence Nantes\" \/>\n<meta property=\"article:modified_time\" content=\"2024-02-19T12:21:07+00:00\" \/>\n<meta name=\"twitter:card\" content=\"summary_large_image\" \/>\n<meta name=\"twitter:label1\" content=\"Dur\u00e9e de lecture estim\u00e9e\" \/>\n\t<meta name=\"twitter:data1\" content=\"4 minutes\" \/>\n<script type=\"application\/ld+json\" class=\"yoast-schema-graph\">{\"@context\":\"https:\\\/\\\/schema.org\",\"@graph\":[{\"@type\":\"WebPage\",\"@id\":\"https:\\\/\\\/grandouestfacades.fr\\\/nantes\\\/realisations\\\/\",\"url\":\"https:\\\/\\\/grandouestfacades.fr\\\/nantes\\\/realisations\\\/\",\"name\":\"Les r\u00e9alisations proches de chez vous - Grand Ouest Fa\u00e7ades - Agence Nantes\",\"isPartOf\":{\"@id\":\"https:\\\/\\\/grandouestfacades.fr\\\/nantes\\\/#website\"},\"datePublished\":\"2020-08-09T22:17:10+00:00\",\"dateModified\":\"2024-02-19T12:21:07+00:00\",\"description\":\"Retrouvez l'ensemble de nos r\u00e9alisations proches de chez vous et rejoignez la famille Grand Ouest Fa\u00e7ades.\",\"breadcrumb\":{\"@id\":\"https:\\\/\\\/grandouestfacades.fr\\\/nantes\\\/realisations\\\/#breadcrumb\"},\"inLanguage\":\"fr-FR\",\"potentialAction\":[{\"@type\":\"ReadAction\",\"target\":[\"https:\\\/\\\/grandouestfacades.fr\\\/nantes\\\/realisations\\\/\"]}]},{\"@type\":\"BreadcrumbList\",\"@id\":\"https:\\\/\\\/grandouestfacades.fr\\\/nantes\\\/realisations\\\/#breadcrumb\",\"itemListElement\":[{\"@type\":\"ListItem\",\"position\":1,\"name\":\"Accueil\",\"item\":\"https:\\\/\\\/grandouestfacades.fr\\\/nantes\\\/\"},{\"@type\":\"ListItem\",\"position\":2,\"name\":\"R\u00e9alisations\"}]},{\"@type\":\"WebSite\",\"@id\":\"https:\\\/\\\/grandouestfacades.fr\\\/nantes\\\/#website\",\"url\":\"https:\\\/\\\/grandouestfacades.fr\\\/nantes\\\/\",\"name\":\"La Baule - Grand Ouest Fa\u00e7ades\",\"description\":\"La fa\u00e7ade dont vous r\u00eavez\",\"publisher\":{\"@id\":\"https:\\\/\\\/grandouestfacades.fr\\\/nantes\\\/#organization\"},\"potentialAction\":[{\"@type\":\"SearchAction\",\"target\":{\"@type\":\"EntryPoint\",\"urlTemplate\":\"https:\\\/\\\/grandouestfacades.fr\\\/nantes\\\/?s={search_term_string}\"},\"query-input\":{\"@type\":\"PropertyValueSpecification\",\"valueRequired\":true,\"valueName\":\"search_term_string\"}}],\"inLanguage\":\"fr-FR\"},{\"@type\":\"Organization\",\"@id\":\"https:\\\/\\\/grandouestfacades.fr\\\/nantes\\\/#organization\",\"name\":\"Grand Ouest Fa\u00e7ades La Baule\",\"url\":\"https:\\\/\\\/grandouestfacades.fr\\\/nantes\\\/\",\"logo\":{\"@type\":\"ImageObject\",\"inLanguage\":\"fr-FR\",\"@id\":\"https:\\\/\\\/grandouestfacades.fr\\\/nantes\\\/#\\\/schema\\\/logo\\\/image\\\/\",\"url\":\"https:\\\/\\\/grandouestfacades.fr\\\/nantes\\\/wp-content\\\/uploads\\\/sites\\\/5\\\/2021\\\/09\\\/Logo_agence_sans_GO_La_Baule.png\",\"contentUrl\":\"https:\\\/\\\/grandouestfacades.fr\\\/nantes\\\/wp-content\\\/uploads\\\/sites\\\/5\\\/2021\\\/09\\\/Logo_agence_sans_GO_La_Baule.png\",\"width\":827,\"height\":265,\"caption\":\"Grand Ouest Fa\u00e7ades La Baule\"},\"image\":{\"@id\":\"https:\\\/\\\/grandouestfacades.fr\\\/nantes\\\/#\\\/schema\\\/logo\\\/image\\\/\"}}]}<\/script>\n<!-- \/ Yoast SEO plugin. -->","yoast_head_json":{"title":"Les r\u00e9alisations proches de chez vous - Grand Ouest Fa\u00e7ades - Agence Nantes","description":"Retrouvez l'ensemble de nos r\u00e9alisations proches de chez vous et rejoignez la famille Grand Ouest Fa\u00e7ades.","robots":{"index":"index","follow":"follow","max-snippet":"max-snippet:-1","max-image-preview":"max-image-preview:large","max-video-preview":"max-video-preview:-1"},"canonical":"https:\/\/grandouestfacades.fr\/nantes\/realisations\/","og_locale":"fr_FR","og_type":"article","og_title":"Les r\u00e9alisations proches de chez vous - Grand Ouest Fa\u00e7ades - Agence Nantes","og_description":"Retrouvez l'ensemble de nos r\u00e9alisations proches de chez vous et rejoignez la famille Grand Ouest Fa\u00e7ades.","og_url":"https:\/\/grandouestfacades.fr\/nantes\/realisations\/","og_site_name":"Grand Ouest Fa\u00e7ades - Agence Nantes","article_modified_time":"2024-02-19T12:21:07+00:00","twitter_card":"summary_large_image","twitter_misc":{"Dur\u00e9e de lecture estim\u00e9e":"4 minutes"},"schema":{"@context":"https:\/\/schema.org","@graph":[{"@type":"WebPage","@id":"https:\/\/grandouestfacades.fr\/nantes\/realisations\/","url":"https:\/\/grandouestfacades.fr\/nantes\/realisations\/","name":"Les r\u00e9alisations proches de chez vous - Grand Ouest Fa\u00e7ades - Agence Nantes","isPartOf":{"@id":"https:\/\/grandouestfacades.fr\/nantes\/#website"},"datePublished":"2020-08-09T22:17:10+00:00","dateModified":"2024-02-19T12:21:07+00:00","description":"Retrouvez l'ensemble de nos r\u00e9alisations proches de chez vous et rejoignez la famille Grand Ouest Fa\u00e7ades.","breadcrumb":{"@id":"https:\/\/grandouestfacades.fr\/nantes\/realisations\/#breadcrumb"},"inLanguage":"fr-FR","potentialAction":[{"@type":"ReadAction","target":["https:\/\/grandouestfacades.fr\/nantes\/realisations\/"]}]},{"@type":"BreadcrumbList","@id":"https:\/\/grandouestfacades.fr\/nantes\/realisations\/#breadcrumb","itemListElement":[{"@type":"ListItem","position":1,"name":"Accueil","item":"https:\/\/grandouestfacades.fr\/nantes\/"},{"@type":"ListItem","position":2,"name":"R\u00e9alisations"}]},{"@type":"WebSite","@id":"https:\/\/grandouestfacades.fr\/nantes\/#website","url":"https:\/\/grandouestfacades.fr\/nantes\/","name":"La Baule - Grand Ouest Fa\u00e7ades","description":"La fa\u00e7ade dont vous r\u00eavez","publisher":{"@id":"https:\/\/grandouestfacades.fr\/nantes\/#organization"},"potentialAction":[{"@type":"SearchAction","target":{"@type":"EntryPoint","urlTemplate":"https:\/\/grandouestfacades.fr\/nantes\/?s={search_term_string}"},"query-input":{"@type":"PropertyValueSpecification","valueRequired":true,"valueName":"search_term_string"}}],"inLanguage":"fr-FR"},{"@type":"Organization","@id":"https:\/\/grandouestfacades.fr\/nantes\/#organization","name":"Grand Ouest Fa\u00e7ades La Baule","url":"https:\/\/grandouestfacades.fr\/nantes\/","logo":{"@type":"ImageObject","inLanguage":"fr-FR","@id":"https:\/\/grandouestfacades.fr\/nantes\/#\/schema\/logo\/image\/","url":"https:\/\/grandouestfacades.fr\/nantes\/wp-content\/uploads\/sites\/5\/2021\/09\/Logo_agence_sans_GO_La_Baule.png","contentUrl":"https:\/\/grandouestfacades.fr\/nantes\/wp-content\/uploads\/sites\/5\/2021\/09\/Logo_agence_sans_GO_La_Baule.png","width":827,"height":265,"caption":"Grand Ouest Fa\u00e7ades La Baule"},"image":{"@id":"https:\/\/grandouestfacades.fr\/nantes\/#\/schema\/logo\/image\/"}}]}},"_links":{"self":[{"href":"https:\/\/grandouestfacades.fr\/nantes\/wp-json\/wp\/v2\/pages\/85","targetHints":{"allow":["GET"]}}],"collection":[{"href":"https:\/\/grandouestfacades.fr\/nantes\/wp-json\/wp\/v2\/pages"}],"about":[{"href":"https:\/\/grandouestfacades.fr\/nantes\/wp-json\/wp\/v2\/types\/page"}],"author":[{"embeddable":true,"href":"https:\/\/grandouestfacades.fr\/nantes\/wp-json\/wp\/v2\/users\/1"}],"replies":[{"embeddable":true,"href":"https:\/\/grandouestfacades.fr\/nantes\/wp-json\/wp\/v2\/comments?post=85"}],"version-history":[{"count":24,"href":"https:\/\/grandouestfacades.fr\/nantes\/wp-json\/wp\/v2\/pages\/85\/revisions"}],"predecessor-version":[{"id":4490,"href":"https:\/\/grandouestfacades.fr\/nantes\/wp-json\/wp\/v2\/pages\/85\/revisions\/4490"}],"wp:attachment":[{"href":"https:\/\/grandouestfacades.fr\/nantes\/wp-json\/wp\/v2\/media?parent=85"}],"curies":[{"name":"wp","href":"https:\/\/api.w.org\/{rel}","templated":true}]}}