{"id":4426,"date":"2022-12-20T09:29:43","date_gmt":"2022-12-20T08:29:43","guid":{"rendered":"https:\/\/grandouestfacades.fr\/nantes\/?post_type=realisation&#038;p=4426"},"modified":"2022-12-20T09:44:13","modified_gmt":"2022-12-20T08:44:13","slug":"ravalement-facades-saint-herblain","status":"publish","type":"realisation","link":"https:\/\/grandouestfacades.fr\/nantes\/realisation\/ravalement-facades-saint-herblain\/","title":{"rendered":"Ravalement de fa\u00e7ades \u00e0 Saint-Herblain"},"content":{"rendered":"\n<p>Au sud d\u2019Orvault et de Sautron, <strong>Saint-Herblain<\/strong> se situe entre Cou\u00ebron, Indre et Nantes m\u00eame. La Loire la s\u00e9pare de Bouguenais, de La Montagne et de Rez\u00e9. Son patrimoine architectural m\u00eale maisons anciennes et demeures du XX et XXI<sup>e&nbsp;<\/sup>si\u00e8cle entour\u00e9es d\u2019espaces verts. La ville de Nantes pr\u00e9conise de garder ses <strong>fa\u00e7ades<\/strong> en bon \u00e9tat d\u2019entretien. Il est alors recommand\u00e9 de contacter un fa\u00e7adier tous les 10&nbsp;ans pour juger des <strong>r\u00e9novations<\/strong> n\u00e9cessaires. Cette maison de bourg mitoyenne pr\u00e9sentait des <strong>fissures<\/strong> sur les <strong>murs ext\u00e9rieurs<\/strong>. L\u2019\u00e9quipe de Grand Ouest Fa\u00e7ades opte donc pour un rev\u00eatement semi-\u00e9pais sur ce <strong>ravalement de fa\u00e7ades \u00e0 Saint-Herblain<\/strong>.&nbsp;<\/p>\n\n\n\n<figure class=\"wp-block-image aligncenter size-large\"><img fetchpriority=\"high\" decoding=\"async\" width=\"1024\" height=\"485\" src=\"https:\/\/grandouestfacades.fr\/nantes\/wp-content\/uploads\/sites\/5\/2022\/12\/20201125_113925-1-1024x485.jpg\" alt=\"\" class=\"wp-image-4432\" srcset=\"https:\/\/grandouestfacades.fr\/nantes\/wp-content\/uploads\/sites\/5\/2022\/12\/20201125_113925-1-1024x485.jpg 1024w, https:\/\/grandouestfacades.fr\/nantes\/wp-content\/uploads\/sites\/5\/2022\/12\/20201125_113925-1-300x142.jpg 300w, https:\/\/grandouestfacades.fr\/nantes\/wp-content\/uploads\/sites\/5\/2022\/12\/20201125_113925-1-768x364.jpg 768w, https:\/\/grandouestfacades.fr\/nantes\/wp-content\/uploads\/sites\/5\/2022\/12\/20201125_113925-1-1536x728.jpg 1536w, https:\/\/grandouestfacades.fr\/nantes\/wp-content\/uploads\/sites\/5\/2022\/12\/20201125_113925-1-2048x971.jpg 2048w\" sizes=\"(max-width: 1024px) 100vw, 1024px\" \/><figcaption class=\"wp-element-caption\">Ravalement de Fa\u00e7ades par rev\u00eatement semi-\u00e9pais<\/figcaption><\/figure>\n\n\n\n<h2 class=\"wp-block-heading\">Ravalement de fa\u00e7ades \u00e0 Saint-Herblain<\/h2>\n\n\n\n<h3 class=\"wp-block-heading\">Avant de choisir le rev\u00eatement<\/h3>\n\n\n\n<p>Pour d\u00e9cider du type de rev\u00eatement ad\u00e9quat au ravalement de vos fa\u00e7ades, un diagnostic visuel rel\u00e8ve d\u2019abord les d\u00e9gradations. Ce rendez-vous permet de lister les r\u00e9novations. Nos \u00e9quipes jugent aussi de l\u2019\u00e9tat de votre subjectile (parpaings, briques, b\u00e9ton de granulats, etc.). Le fa\u00e7adier contr\u00f4le la porosit\u00e9, l\u2019humidit\u00e9 et l\u2019adh\u00e9rence de vos murs. Enfin, il pr\u00e9conise les travaux appropri\u00e9s.<\/p>\n\n\n\n<p>Chez Grand Ouest Fa\u00e7ades Nantes, cette visite est gratuite et ne vous engage \u00e0 rien.<\/p>\n\n\n\n<p>Ce rendez-vous consigne notamment le fa\u00efen\u00e7age, les moisissures, ou les remont\u00e9es capillaires.&nbsp;<\/p>\n\n\n\n<p>Pour ce chantier de Saint-Herblain, la pr\u00e9sence de fissures \u00e9tait notable.<\/p>\n\n\n\n<p><\/p>\n\n\n\n<p class=\"has-text-align-center\"><a href=\"https:\/\/grandouestfacades.fr\/nantes\/demande-de-devis-diagnistic-gratuit\/\">Je veux b\u00e9n\u00e9ficier des conseils gratuits d\u2019un pro en ravalement de fa\u00e7ades.<\/a><\/p>\n\n\n\n<p><\/p>\n\n\n\n<h3 class=\"wp-block-heading\">Les avantages d\u2019un rev\u00eatement semi-\u00e9pais (RSE)<\/h3>\n\n\n\n<p>Les rev\u00eatements semi-\u00e9pais contrairement aux RPE (P pour plastique) sont respirants pour une meilleure perm\u00e9abilit\u00e9. Ils rendent les murs ext\u00e9rieurs imperm\u00e9ables aux eaux de ruissellement et \u00e0 la vapeur. Ils prot\u00e8gent votre maison de l\u2019humidit\u00e9. Sp\u00e9cialement adapt\u00e9s aux zones proches de l\u2019Atlantique, les <a href=\"https:\/\/grandouestfacades.fr\/nantes\/go-marque-exclusive\/\">rev\u00eatements GO TT<\/a> r\u00e9sistent \u00e0 l\u2019encrassement et aux micro-organismes port\u00e9s par les embruns. La r\u00e9gion nantaise, comme sa voisine lig\u00e9rienne, subit les intemp\u00e9ries et pr\u00e9cipitations typiques des climats oc\u00e9aniques. Les moisissures fleurissent donc r\u00e9guli\u00e8rement sur les toitures et pignons, particuli\u00e8rement expos\u00e9s aux ventes d\u2019ouest.<\/p>\n\n\n\n<p>Chez Grand Ouest Fa\u00e7ades Nantes, nos peintres en b\u00e2timent n\u2019utilisent que la marque professionnelle de tr\u00e8s haute qualit\u00e9 GO Exclusive.<\/p>\n\n\n\n<p>En effet, gr\u00e2ce \u00e0 leurs propri\u00e9t\u00e9s min\u00e9rales et organiques, les finitions (entre autres siloxane) sont&nbsp;:<\/p>\n\n\n\n<ul class=\"wp-block-list\">\n<li>microporeuses\u2009;<\/li>\n\n\n\n<li>hydrophobes (repoussent l\u2019eau)\u2009;<\/li>\n\n\n\n<li>tr\u00e8s opaques (recouvrent la teinte des couches pr\u00e9c\u00e9dentes)\u2009;<\/li>\n\n\n\n<li>imperm\u00e9ables\u2009;<\/li>\n\n\n\n<li>hydrofuges (prot\u00e8gent contre les fortes pluies).<\/li>\n<\/ul>\n\n\n\n<p>Leur \u00e9lasticit\u00e9 masque les microfissures.<\/p>\n\n\n\n<p>Elles conviennent \u00e0 tous supports&nbsp;: b\u00e9ton, enduit, mortier, cr\u00e9pis ou peinture.<\/p>\n\n\n\n<p>Le choix de coloris permet de respecter les tons pierre ou blancs.<\/p>\n\n\n\n<h3 class=\"wp-block-heading\">Rev\u00eatement adapt\u00e9 aux zones au climat oc\u00e9anique<\/h3>\n\n\n\n<p>\u00c9carts de temp\u00e9ratures et pr\u00e9cipitations restent r\u00e9guliers en Loire-Atlantique. Les vents d\u2019ouest et les embruns portent naturellement les mousses et lichens en provenance de l\u2019oc\u00e9an. D\u2019o\u00f9 l\u2019importance de choisir des produits adapt\u00e9s au milieu salin.<\/p>\n\n\n\n<p>Nos peintures semi-\u00e9paisses et rev\u00eatements GO Exclusive prot\u00e8gent durablement par leur pouvoir antimoisissures. En phase aqueuse, elles pallient le verdissement.<\/p>\n\n\n\n<h2 class=\"wp-block-heading\">Traitement des fissures<\/h2>\n\n\n\n<h3 class=\"wp-block-heading\">Pourquoi les fissures apparaissent\u2009?<\/h3>\n\n\n\n<p>\u00c0 chaque maison, sa raison. Cependant, les causes de fissuration viennent toujours d\u2019un des ph\u00e9nom\u00e8nes suivants&nbsp;:<\/p>\n\n\n\n<ul class=\"wp-block-list\">\n<li>glissement ou mouvement de terrain\u2009;<\/li>\n\n\n\n<li>fondations insuffisantes lors de la construction\u2009;<\/li>\n\n\n\n<li>dilatation du b\u00e9ton\u2009;<\/li>\n\n\n\n<li>malfa\u00e7on \u00e0 l\u2019origine.<\/li>\n<\/ul>\n\n\n\n<p>\ud83d\udca1 Astuce de pro<\/p>\n\n\n\n<p>Surveillez r\u00e9guli\u00e8rement vos murs, notez les fissures (m\u00eame minimes) et leur taille. Suivre leur \u00e9volution aidera votre fa\u00e7adier \u00e0 pr\u00e9voir le meilleur traitement.<\/p>\n\n\n\n<h3 class=\"wp-block-heading\">Reconna\u00eetre le type de fissures<\/h3>\n\n\n\n<p>La taille de l\u2019ouverture d\u00e9termine le type de fissures et donc la mani\u00e8re dont l\u2019entreprise de ravalement va les travailler.<\/p>\n\n\n\n<p>On les classe selon 4&nbsp;grandes familles&nbsp;:<\/p>\n\n\n\n<p>\u27a1\ufe0f les microfissures inf\u00e9rieures \u00e0 0,2&nbsp;mm\u2009;<\/p>\n\n\n\n<p>\u27a1\ufe0f les fissures entre 0,2&nbsp;mm et 0,5&nbsp;mm\u2009;<\/p>\n\n\n\n<p>\u27a1\ufe0f les fissures sup\u00e9rieures \u00e0 0,5&nbsp;mm\u2009;<\/p>\n\n\n\n<p>\u27a1\ufe0f Les l\u00e9zardes sup\u00e9rieures \u00e0 2&nbsp;mm. Ces derni\u00e8res requi\u00e8rent une \u00e9tude technique sp\u00e9cifique.<\/p>\n\n\n\n<p>Ici, \u00e0 Saint-Herblain, il s\u2019agissait de fissures entre 0,2 et 0,5. Nous les avons travaill\u00e9es \u00e0 la disqueuse et rebouch\u00e9es avec un enduit fibr\u00e9.<\/p>\n\n\n\n<figure class=\"wp-block-gallery has-nested-images columns-default is-cropped wp-block-gallery-1 is-layout-flex wp-block-gallery-is-layout-flex\">\n<figure class=\"wp-block-image size-large\"><img decoding=\"async\" width=\"1024\" height=\"768\" data-id=\"4430\" src=\"https:\/\/grandouestfacades.fr\/nantes\/wp-content\/uploads\/sites\/5\/2022\/12\/20200923_170203-1024x768.jpg\" alt=\"\" class=\"wp-image-4430\" srcset=\"https:\/\/grandouestfacades.fr\/nantes\/wp-content\/uploads\/sites\/5\/2022\/12\/20200923_170203-1024x768.jpg 1024w, https:\/\/grandouestfacades.fr\/nantes\/wp-content\/uploads\/sites\/5\/2022\/12\/20200923_170203-300x225.jpg 300w, https:\/\/grandouestfacades.fr\/nantes\/wp-content\/uploads\/sites\/5\/2022\/12\/20200923_170203-768x576.jpg 768w, https:\/\/grandouestfacades.fr\/nantes\/wp-content\/uploads\/sites\/5\/2022\/12\/20200923_170203-1536x1152.jpg 1536w, https:\/\/grandouestfacades.fr\/nantes\/wp-content\/uploads\/sites\/5\/2022\/12\/20200923_170203-2048x1536.jpg 2048w\" sizes=\"(max-width: 1024px) 100vw, 1024px\" \/><\/figure>\n\n\n\n<figure class=\"wp-block-image size-large\"><img decoding=\"async\" width=\"1024\" height=\"768\" data-id=\"4429\" src=\"https:\/\/grandouestfacades.fr\/nantes\/wp-content\/uploads\/sites\/5\/2022\/12\/20200923_170224-1024x768.jpg\" alt=\"\" class=\"wp-image-4429\" srcset=\"https:\/\/grandouestfacades.fr\/nantes\/wp-content\/uploads\/sites\/5\/2022\/12\/20200923_170224-1024x768.jpg 1024w, https:\/\/grandouestfacades.fr\/nantes\/wp-content\/uploads\/sites\/5\/2022\/12\/20200923_170224-300x225.jpg 300w, https:\/\/grandouestfacades.fr\/nantes\/wp-content\/uploads\/sites\/5\/2022\/12\/20200923_170224-768x576.jpg 768w, https:\/\/grandouestfacades.fr\/nantes\/wp-content\/uploads\/sites\/5\/2022\/12\/20200923_170224-1536x1152.jpg 1536w, https:\/\/grandouestfacades.fr\/nantes\/wp-content\/uploads\/sites\/5\/2022\/12\/20200923_170224-2048x1536.jpg 2048w\" sizes=\"(max-width: 1024px) 100vw, 1024px\" \/><\/figure>\n\n\n\n<figure class=\"wp-block-image size-large\"><img loading=\"lazy\" decoding=\"async\" width=\"1024\" height=\"768\" data-id=\"4428\" src=\"https:\/\/grandouestfacades.fr\/nantes\/wp-content\/uploads\/sites\/5\/2022\/12\/20200923_170241-1024x768.jpg\" alt=\"\" class=\"wp-image-4428\" srcset=\"https:\/\/grandouestfacades.fr\/nantes\/wp-content\/uploads\/sites\/5\/2022\/12\/20200923_170241-1024x768.jpg 1024w, https:\/\/grandouestfacades.fr\/nantes\/wp-content\/uploads\/sites\/5\/2022\/12\/20200923_170241-300x225.jpg 300w, https:\/\/grandouestfacades.fr\/nantes\/wp-content\/uploads\/sites\/5\/2022\/12\/20200923_170241-768x576.jpg 768w, https:\/\/grandouestfacades.fr\/nantes\/wp-content\/uploads\/sites\/5\/2022\/12\/20200923_170241-1536x1152.jpg 1536w, https:\/\/grandouestfacades.fr\/nantes\/wp-content\/uploads\/sites\/5\/2022\/12\/20200923_170241-2048x1536.jpg 2048w\" sizes=\"(max-width: 1024px) 100vw, 1024px\" \/><\/figure>\n<figcaption class=\"blocks-gallery-caption wp-element-caption\">Fissures entre 0,2 et 0,5 mm &#8211; Chantier de Saint-Herblain (44)<\/figcaption><\/figure>\n\n\n\n<h3 class=\"wp-block-heading\">Comment traiter les fissurations\u2009?<\/h3>\n\n\n\n<h3 class=\"wp-block-heading\">Les microfissures<\/h3>\n\n\n\n<p>Les fissures mineures (microfissures) sont recouvertes par la peinture de finition. Une seule couche si l\u2019ouverture n\u2019exc\u00e8de pas 0,2&nbsp;mm, deux couches \u00e0 partir de 0,3&nbsp;mm.<\/p>\n\n\n\n<p>D\u00e8s 0,5&nbsp;mm d\u2019ouverture, le fa\u00e7adier opte pour une premi\u00e8re couche arm\u00e9e, la seconde standard.<\/p>\n\n\n\n<h3 class=\"wp-block-heading\">Les fissures<\/h3>\n\n\n\n<p>On parle de fissure quand l\u2019ouverture atteint 1&nbsp;mm.<\/p>\n\n\n\n<p>Dans tous les cas, on commence par gratter et brosser le mur pour \u00f4ter les parties friables. Puis, un enduit de rebouchage calfeutre et colmate.<\/p>\n\n\n\n<p>Avant la pose d\u2019un rev\u00eatement semi-\u00e9pais, on pr\u00e9conise de faire un pontage (pose d\u2019un galon de largeur appropri\u00e9e, au droit des fissures, destin\u00e9 \u00e0 r\u00e9partir les contraintes).<\/p>\n\n\n\n<h2 class=\"wp-block-heading\">La s\u00e9curit\u00e9 du chantier<\/h2>\n\n\n\n<h3 class=\"wp-block-heading\">Mise en s\u00e9curit\u00e9 d\u2019un chantier<\/h3>\n\n\n\n<p>Avant de commencer les travaux proprement dits, l\u2019entreprise de ravalement prot\u00e8ge \u00e0 l\u2019aide de b\u00e2ches, les surfaces telles que les terrasses, appuis de fen\u00eatres, descentes et goutti\u00e8res. Bref, toutes les parties non destin\u00e9es \u00e0 la r\u00e9novation.<\/p>\n\n\n\n<p>Chaque fa\u00e7adier se prot\u00e8ge aussi convenablement&nbsp;: chaussures de s\u00e9curit\u00e9, lunettes, casques et gants.<\/p>\n\n\n\n<h3 class=\"wp-block-heading\">Engins d\u2019\u00e9l\u00e9vation<\/h3>\n\n\n\n<p>Si les travaux ne sont pas \u00e0 hauteur d\u2019homme, il faut pr\u00e9voir une \u00e9chelle, un \u00e9chafaudage ou une nacelle.&nbsp;<\/p>\n\n\n\n<p>Si vous effectuez vous-m\u00eames de tels travaux&nbsp;:<\/p>\n\n\n\n<ul class=\"wp-block-list\">\n<li>v\u00e9rifiez bien la conformit\u00e9 des \u00e9l\u00e9ments utilis\u00e9s\u2009;<\/li>\n\n\n\n<li>assurez-vous qu\u2019aucun trou ou bosse du terrain ne mette en p\u00e9ril l\u2019\u00e9quilibre de votre \u00e9chelle.<\/li>\n<\/ul>\n\n\n\n<p>Ce chantier \u00e0 Saint-Herblain a n\u00e9cessit\u00e9 une nacelle pour le pignon et les fa\u00e7ades.<\/p>\n\n\n\n<p>En ville, comme \u00e0 Nantes, des autorisations sont requises pour l\u2019emprise au sol de l\u2019engin \u00e9l\u00e9vateur.&nbsp;<\/p>\n\n\n\n<p>\ud83d\udca1 Astuce de pro&nbsp;:<\/p>\n\n\n\n<p>La municipalit\u00e9 nantaise d\u00e9livre des passes temporaires pour les v\u00e9hicules de chantier en centre-ville. Ne pas en faire la demande au pr\u00e9alable retardera vos travaux.<\/p>\n\n\n\n<p>Chez Grand Ouest Fa\u00e7ades Nantes, nous nous chargeons des d\u00e9marches administratives.<\/p>\n\n\n\n<p>C\u2019est donc une maison comme neuve que nous rendons \u00e0 ses propri\u00e9taires herblinois. Le ravalement de fa\u00e7ades contribue \u00e0 l\u2019embellissement, mais aussi \u00e0 la sauvegarde de votre patrimoine. R\u00e9nover ses murs ext\u00e9rieurs et sa toiture participe \u00e9galement \u00e0 renforcer l\u2019isolation et \u00e0 faire des \u00e9conomies d\u2019\u00e9nergie. Faire confiance \u00e0 des pros assure des travaux de qualit\u00e9 r\u00e9alis\u00e9s selon les r\u00e8gles de l\u2019art.<\/p>\n\n\n\n<p><\/p>\n\n\n\n<p class=\"has-text-align-center\"><a href=\"https:\/\/grandouestfacades.fr\/nantes\/demande-de-devis-diagnistic-gratuit\/\">Moi aussi, je veux des murs ext\u00e9rieurs propres et correctement prot\u00e9g\u00e9s. Je contacte Grand Ouest Fa\u00e7ades Nantes.<\/a><\/p>\n\n\n\n<p><\/p>\n\n\n\n<figure class=\"wp-block-gallery aligncenter has-nested-images columns-default is-cropped wp-block-gallery-2 is-layout-flex wp-block-gallery-is-layout-flex\">\n<figure class=\"wp-block-image size-large\"><img loading=\"lazy\" decoding=\"async\" width=\"815\" height=\"1024\" data-id=\"4434\" src=\"https:\/\/grandouestfacades.fr\/nantes\/wp-content\/uploads\/sites\/5\/2022\/12\/20190703_165351_2-815x1024.jpg\" alt=\"\" class=\"wp-image-4434\" srcset=\"https:\/\/grandouestfacades.fr\/nantes\/wp-content\/uploads\/sites\/5\/2022\/12\/20190703_165351_2-815x1024.jpg 815w, https:\/\/grandouestfacades.fr\/nantes\/wp-content\/uploads\/sites\/5\/2022\/12\/20190703_165351_2-239x300.jpg 239w, https:\/\/grandouestfacades.fr\/nantes\/wp-content\/uploads\/sites\/5\/2022\/12\/20190703_165351_2-768x965.jpg 768w, https:\/\/grandouestfacades.fr\/nantes\/wp-content\/uploads\/sites\/5\/2022\/12\/20190703_165351_2-1222x1536.jpg 1222w, https:\/\/grandouestfacades.fr\/nantes\/wp-content\/uploads\/sites\/5\/2022\/12\/20190703_165351_2-1630x2048.jpg 1630w, https:\/\/grandouestfacades.fr\/nantes\/wp-content\/uploads\/sites\/5\/2022\/12\/20190703_165351_2-scaled.jpg 2037w\" sizes=\"(max-width: 815px) 100vw, 815px\" \/><figcaption class=\"wp-element-caption\">Avant<\/figcaption><\/figure>\n\n\n\n<figure class=\"wp-block-image size-large\"><img loading=\"lazy\" decoding=\"async\" width=\"1024\" height=\"485\" data-id=\"4439\" src=\"https:\/\/grandouestfacades.fr\/nantes\/wp-content\/uploads\/sites\/5\/2022\/12\/20201125_113925-2-1024x485.jpg\" alt=\"\" class=\"wp-image-4439\" srcset=\"https:\/\/grandouestfacades.fr\/nantes\/wp-content\/uploads\/sites\/5\/2022\/12\/20201125_113925-2-1024x485.jpg 1024w, https:\/\/grandouestfacades.fr\/nantes\/wp-content\/uploads\/sites\/5\/2022\/12\/20201125_113925-2-300x142.jpg 300w, https:\/\/grandouestfacades.fr\/nantes\/wp-content\/uploads\/sites\/5\/2022\/12\/20201125_113925-2-768x364.jpg 768w, https:\/\/grandouestfacades.fr\/nantes\/wp-content\/uploads\/sites\/5\/2022\/12\/20201125_113925-2-1536x728.jpg 1536w, https:\/\/grandouestfacades.fr\/nantes\/wp-content\/uploads\/sites\/5\/2022\/12\/20201125_113925-2-2048x971.jpg 2048w\" sizes=\"(max-width: 1024px) 100vw, 1024px\" \/><figcaption class=\"wp-element-caption\">Apr\u00e8s<\/figcaption><\/figure>\n<\/figure>\n","protected":false},"excerpt":{"rendered":"<p>Au sud d\u2019Orvault et de Sautron, Saint-Herblain se situe entre Cou\u00ebron, Indre et Nantes m\u00eame. La Loire la s\u00e9pare de Bouguenais, de La Montagne et de Rez\u00e9. Son patrimoine architectural m\u00eale maisons anciennes et demeures du XX et XXIe&nbsp;si\u00e8cle entour\u00e9es d\u2019espaces verts. La ville de Nantes pr\u00e9conise de garder ses fa\u00e7ades en bon \u00e9tat d\u2019entretien. [&hellip;]<\/p>\n","protected":false},"author":7,"featured_media":4427,"template":"","format":"standard","categories":[6],"class_list":["post-4426","realisation","type-realisation","status-publish","format-standard","has-post-thumbnail","hentry","category-ravalement-de-facade"],"yoast_head":"<!-- This site is optimized with the Yoast SEO plugin v27.5 - https:\/\/yoast.com\/product\/yoast-seo-wordpress\/ -->\n<title>Ravalement de fa\u00e7ades \u00e0 Saint-Herblain - Finition Semi-\u00c9paisse<\/title>\n<meta name=\"description\" content=\"Ravalement de fa\u00e7ades \u00e0 Saint-Herblain - Pourquoi choisir un rev\u00eatement Semi-\u00c9pais. Grand Ouest Fa\u00e7ades Nantes vous explique.\" \/>\n<meta name=\"robots\" content=\"index, follow, max-snippet:-1, max-image-preview:large, max-video-preview:-1\" \/>\n<link rel=\"canonical\" href=\"https:\/\/grandouestfacades.fr\/nantes\/realisation\/ravalement-facades-saint-herblain\/\" \/>\n<meta property=\"og:locale\" content=\"fr_FR\" \/>\n<meta property=\"og:type\" content=\"article\" \/>\n<meta property=\"og:title\" content=\"Ravalement de fa\u00e7ades \u00e0 Saint-Herblain - Finition Semi-\u00c9paisse\" \/>\n<meta property=\"og:description\" content=\"Ravalement de fa\u00e7ades \u00e0 Saint-Herblain - Pourquoi choisir un rev\u00eatement Semi-\u00c9pais. Grand Ouest Fa\u00e7ades Nantes vous explique.\" \/>\n<meta property=\"og:url\" content=\"https:\/\/grandouestfacades.fr\/nantes\/realisation\/ravalement-facades-saint-herblain\/\" \/>\n<meta property=\"og:site_name\" content=\"Grand Ouest Fa\u00e7ades - Agence Nantes\" \/>\n<meta property=\"article:modified_time\" content=\"2022-12-20T08:44:13+00:00\" \/>\n<meta property=\"og:image\" content=\"https:\/\/grandouestfacades.fr\/nantes\/wp-content\/uploads\/sites\/5\/2022\/12\/20201125_113925-scaled.jpg\" \/>\n\t<meta property=\"og:image:width\" content=\"2560\" \/>\n\t<meta property=\"og:image:height\" content=\"1213\" \/>\n\t<meta property=\"og:image:type\" content=\"image\/jpeg\" \/>\n<meta name=\"twitter:card\" content=\"summary_large_image\" \/>\n<meta name=\"twitter:label1\" content=\"Dur\u00e9e de lecture estim\u00e9e\" \/>\n\t<meta name=\"twitter:data1\" content=\"7 minutes\" \/>\n<script type=\"application\/ld+json\" class=\"yoast-schema-graph\">{\"@context\":\"https:\\\/\\\/schema.org\",\"@graph\":[{\"@type\":\"WebPage\",\"@id\":\"https:\\\/\\\/grandouestfacades.fr\\\/nantes\\\/realisation\\\/ravalement-facades-saint-herblain\\\/\",\"url\":\"https:\\\/\\\/grandouestfacades.fr\\\/nantes\\\/realisation\\\/ravalement-facades-saint-herblain\\\/\",\"name\":\"Ravalement de fa\u00e7ades \u00e0 Saint-Herblain - Finition Semi-\u00c9paisse\",\"isPartOf\":{\"@id\":\"https:\\\/\\\/grandouestfacades.fr\\\/nantes\\\/#website\"},\"primaryImageOfPage\":{\"@id\":\"https:\\\/\\\/grandouestfacades.fr\\\/nantes\\\/realisation\\\/ravalement-facades-saint-herblain\\\/#primaryimage\"},\"image\":{\"@id\":\"https:\\\/\\\/grandouestfacades.fr\\\/nantes\\\/realisation\\\/ravalement-facades-saint-herblain\\\/#primaryimage\"},\"thumbnailUrl\":\"https:\\\/\\\/grandouestfacades.fr\\\/nantes\\\/wp-content\\\/uploads\\\/sites\\\/5\\\/2022\\\/12\\\/20201125_113925-scaled.jpg\",\"datePublished\":\"2022-12-20T08:29:43+00:00\",\"dateModified\":\"2022-12-20T08:44:13+00:00\",\"description\":\"Ravalement de fa\u00e7ades \u00e0 Saint-Herblain - Pourquoi choisir un rev\u00eatement Semi-\u00c9pais. Grand Ouest Fa\u00e7ades Nantes vous explique.\",\"breadcrumb\":{\"@id\":\"https:\\\/\\\/grandouestfacades.fr\\\/nantes\\\/realisation\\\/ravalement-facades-saint-herblain\\\/#breadcrumb\"},\"inLanguage\":\"fr-FR\",\"potentialAction\":[{\"@type\":\"ReadAction\",\"target\":[\"https:\\\/\\\/grandouestfacades.fr\\\/nantes\\\/realisation\\\/ravalement-facades-saint-herblain\\\/\"]}]},{\"@type\":\"ImageObject\",\"inLanguage\":\"fr-FR\",\"@id\":\"https:\\\/\\\/grandouestfacades.fr\\\/nantes\\\/realisation\\\/ravalement-facades-saint-herblain\\\/#primaryimage\",\"url\":\"https:\\\/\\\/grandouestfacades.fr\\\/nantes\\\/wp-content\\\/uploads\\\/sites\\\/5\\\/2022\\\/12\\\/20201125_113925-scaled.jpg\",\"contentUrl\":\"https:\\\/\\\/grandouestfacades.fr\\\/nantes\\\/wp-content\\\/uploads\\\/sites\\\/5\\\/2022\\\/12\\\/20201125_113925-scaled.jpg\",\"width\":2560,\"height\":1213,\"caption\":\"Ravalement de fa\u00e7ades \u00e0 Saint-Herblain\"},{\"@type\":\"BreadcrumbList\",\"@id\":\"https:\\\/\\\/grandouestfacades.fr\\\/nantes\\\/realisation\\\/ravalement-facades-saint-herblain\\\/#breadcrumb\",\"itemListElement\":[{\"@type\":\"ListItem\",\"position\":1,\"name\":\"Accueil\",\"item\":\"https:\\\/\\\/grandouestfacades.fr\\\/nantes\\\/\"},{\"@type\":\"ListItem\",\"position\":2,\"name\":\"Ravalement de fa\u00e7ades \u00e0 Saint-Herblain\"}]},{\"@type\":\"WebSite\",\"@id\":\"https:\\\/\\\/grandouestfacades.fr\\\/nantes\\\/#website\",\"url\":\"https:\\\/\\\/grandouestfacades.fr\\\/nantes\\\/\",\"name\":\"La Baule - Grand Ouest Fa\u00e7ades\",\"description\":\"La fa\u00e7ade dont vous r\u00eavez\",\"publisher\":{\"@id\":\"https:\\\/\\\/grandouestfacades.fr\\\/nantes\\\/#organization\"},\"potentialAction\":[{\"@type\":\"SearchAction\",\"target\":{\"@type\":\"EntryPoint\",\"urlTemplate\":\"https:\\\/\\\/grandouestfacades.fr\\\/nantes\\\/?s={search_term_string}\"},\"query-input\":{\"@type\":\"PropertyValueSpecification\",\"valueRequired\":true,\"valueName\":\"search_term_string\"}}],\"inLanguage\":\"fr-FR\"},{\"@type\":\"Organization\",\"@id\":\"https:\\\/\\\/grandouestfacades.fr\\\/nantes\\\/#organization\",\"name\":\"Grand Ouest Fa\u00e7ades La Baule\",\"url\":\"https:\\\/\\\/grandouestfacades.fr\\\/nantes\\\/\",\"logo\":{\"@type\":\"ImageObject\",\"inLanguage\":\"fr-FR\",\"@id\":\"https:\\\/\\\/grandouestfacades.fr\\\/nantes\\\/#\\\/schema\\\/logo\\\/image\\\/\",\"url\":\"https:\\\/\\\/grandouestfacades.fr\\\/nantes\\\/wp-content\\\/uploads\\\/sites\\\/5\\\/2021\\\/09\\\/Logo_agence_sans_GO_La_Baule.png\",\"contentUrl\":\"https:\\\/\\\/grandouestfacades.fr\\\/nantes\\\/wp-content\\\/uploads\\\/sites\\\/5\\\/2021\\\/09\\\/Logo_agence_sans_GO_La_Baule.png\",\"width\":827,\"height\":265,\"caption\":\"Grand Ouest Fa\u00e7ades La Baule\"},\"image\":{\"@id\":\"https:\\\/\\\/grandouestfacades.fr\\\/nantes\\\/#\\\/schema\\\/logo\\\/image\\\/\"}}]}<\/script>\n<!-- \/ Yoast SEO plugin. -->","yoast_head_json":{"title":"Ravalement de fa\u00e7ades \u00e0 Saint-Herblain - Finition Semi-\u00c9paisse","description":"Ravalement de fa\u00e7ades \u00e0 Saint-Herblain - Pourquoi choisir un rev\u00eatement Semi-\u00c9pais. Grand Ouest Fa\u00e7ades Nantes vous explique.","robots":{"index":"index","follow":"follow","max-snippet":"max-snippet:-1","max-image-preview":"max-image-preview:large","max-video-preview":"max-video-preview:-1"},"canonical":"https:\/\/grandouestfacades.fr\/nantes\/realisation\/ravalement-facades-saint-herblain\/","og_locale":"fr_FR","og_type":"article","og_title":"Ravalement de fa\u00e7ades \u00e0 Saint-Herblain - Finition Semi-\u00c9paisse","og_description":"Ravalement de fa\u00e7ades \u00e0 Saint-Herblain - Pourquoi choisir un rev\u00eatement Semi-\u00c9pais. Grand Ouest Fa\u00e7ades Nantes vous explique.","og_url":"https:\/\/grandouestfacades.fr\/nantes\/realisation\/ravalement-facades-saint-herblain\/","og_site_name":"Grand Ouest Fa\u00e7ades - Agence Nantes","article_modified_time":"2022-12-20T08:44:13+00:00","og_image":[{"width":2560,"height":1213,"url":"https:\/\/grandouestfacades.fr\/nantes\/wp-content\/uploads\/sites\/5\/2022\/12\/20201125_113925-scaled.jpg","type":"image\/jpeg"}],"twitter_card":"summary_large_image","twitter_misc":{"Dur\u00e9e de lecture estim\u00e9e":"7 minutes"},"schema":{"@context":"https:\/\/schema.org","@graph":[{"@type":"WebPage","@id":"https:\/\/grandouestfacades.fr\/nantes\/realisation\/ravalement-facades-saint-herblain\/","url":"https:\/\/grandouestfacades.fr\/nantes\/realisation\/ravalement-facades-saint-herblain\/","name":"Ravalement de fa\u00e7ades \u00e0 Saint-Herblain - Finition Semi-\u00c9paisse","isPartOf":{"@id":"https:\/\/grandouestfacades.fr\/nantes\/#website"},"primaryImageOfPage":{"@id":"https:\/\/grandouestfacades.fr\/nantes\/realisation\/ravalement-facades-saint-herblain\/#primaryimage"},"image":{"@id":"https:\/\/grandouestfacades.fr\/nantes\/realisation\/ravalement-facades-saint-herblain\/#primaryimage"},"thumbnailUrl":"https:\/\/grandouestfacades.fr\/nantes\/wp-content\/uploads\/sites\/5\/2022\/12\/20201125_113925-scaled.jpg","datePublished":"2022-12-20T08:29:43+00:00","dateModified":"2022-12-20T08:44:13+00:00","description":"Ravalement de fa\u00e7ades \u00e0 Saint-Herblain - Pourquoi choisir un rev\u00eatement Semi-\u00c9pais. Grand Ouest Fa\u00e7ades Nantes vous explique.","breadcrumb":{"@id":"https:\/\/grandouestfacades.fr\/nantes\/realisation\/ravalement-facades-saint-herblain\/#breadcrumb"},"inLanguage":"fr-FR","potentialAction":[{"@type":"ReadAction","target":["https:\/\/grandouestfacades.fr\/nantes\/realisation\/ravalement-facades-saint-herblain\/"]}]},{"@type":"ImageObject","inLanguage":"fr-FR","@id":"https:\/\/grandouestfacades.fr\/nantes\/realisation\/ravalement-facades-saint-herblain\/#primaryimage","url":"https:\/\/grandouestfacades.fr\/nantes\/wp-content\/uploads\/sites\/5\/2022\/12\/20201125_113925-scaled.jpg","contentUrl":"https:\/\/grandouestfacades.fr\/nantes\/wp-content\/uploads\/sites\/5\/2022\/12\/20201125_113925-scaled.jpg","width":2560,"height":1213,"caption":"Ravalement de fa\u00e7ades \u00e0 Saint-Herblain"},{"@type":"BreadcrumbList","@id":"https:\/\/grandouestfacades.fr\/nantes\/realisation\/ravalement-facades-saint-herblain\/#breadcrumb","itemListElement":[{"@type":"ListItem","position":1,"name":"Accueil","item":"https:\/\/grandouestfacades.fr\/nantes\/"},{"@type":"ListItem","position":2,"name":"Ravalement de fa\u00e7ades \u00e0 Saint-Herblain"}]},{"@type":"WebSite","@id":"https:\/\/grandouestfacades.fr\/nantes\/#website","url":"https:\/\/grandouestfacades.fr\/nantes\/","name":"La Baule - Grand Ouest Fa\u00e7ades","description":"La fa\u00e7ade dont vous r\u00eavez","publisher":{"@id":"https:\/\/grandouestfacades.fr\/nantes\/#organization"},"potentialAction":[{"@type":"SearchAction","target":{"@type":"EntryPoint","urlTemplate":"https:\/\/grandouestfacades.fr\/nantes\/?s={search_term_string}"},"query-input":{"@type":"PropertyValueSpecification","valueRequired":true,"valueName":"search_term_string"}}],"inLanguage":"fr-FR"},{"@type":"Organization","@id":"https:\/\/grandouestfacades.fr\/nantes\/#organization","name":"Grand Ouest Fa\u00e7ades La Baule","url":"https:\/\/grandouestfacades.fr\/nantes\/","logo":{"@type":"ImageObject","inLanguage":"fr-FR","@id":"https:\/\/grandouestfacades.fr\/nantes\/#\/schema\/logo\/image\/","url":"https:\/\/grandouestfacades.fr\/nantes\/wp-content\/uploads\/sites\/5\/2021\/09\/Logo_agence_sans_GO_La_Baule.png","contentUrl":"https:\/\/grandouestfacades.fr\/nantes\/wp-content\/uploads\/sites\/5\/2021\/09\/Logo_agence_sans_GO_La_Baule.png","width":827,"height":265,"caption":"Grand Ouest Fa\u00e7ades La Baule"},"image":{"@id":"https:\/\/grandouestfacades.fr\/nantes\/#\/schema\/logo\/image\/"}}]}},"_links":{"self":[{"href":"https:\/\/grandouestfacades.fr\/nantes\/wp-json\/wp\/v2\/realisation\/4426","targetHints":{"allow":["GET"]}}],"collection":[{"href":"https:\/\/grandouestfacades.fr\/nantes\/wp-json\/wp\/v2\/realisation"}],"about":[{"href":"https:\/\/grandouestfacades.fr\/nantes\/wp-json\/wp\/v2\/types\/realisation"}],"author":[{"embeddable":true,"href":"https:\/\/grandouestfacades.fr\/nantes\/wp-json\/wp\/v2\/users\/7"}],"wp:featuredmedia":[{"embeddable":true,"href":"https:\/\/grandouestfacades.fr\/nantes\/wp-json\/wp\/v2\/media\/4427"}],"wp:attachment":[{"href":"https:\/\/grandouestfacades.fr\/nantes\/wp-json\/wp\/v2\/media?parent=4426"}],"wp:term":[{"taxonomy":"category","embeddable":true,"href":"https:\/\/grandouestfacades.fr\/nantes\/wp-json\/wp\/v2\/categories?post=4426"}],"curies":[{"name":"wp","href":"https:\/\/api.w.org\/{rel}","templated":true}]}}