{"id":4446,"date":"2023-04-14T17:35:12","date_gmt":"2023-04-14T15:35:12","guid":{"rendered":"https:\/\/grandouestfacades.fr\/nantes\/?post_type=realisation&#038;p=4446"},"modified":"2024-01-04T14:49:20","modified_gmt":"2024-01-04T13:49:20","slug":"revetement-facade-vertou","status":"publish","type":"realisation","link":"https:\/\/grandouestfacades.fr\/nantes\/realisation\/revetement-facade-vertou\/","title":{"rendered":"Ravalement de Fa\u00e7ade Vertou"},"content":{"rendered":"\n<p class=\"has-medium-font-size\">Vertou, ville dynamique et innovante de la m\u00e9tropole de Nantes, compte 25\u2009000&nbsp;\u00e2mes et 2\u2009700&nbsp;entreprises. C\u2019est au latin Vertavum que ses habitants doivent leur nom&nbsp;: les Vertaviens. Le ch\u00e2teau de la Fr\u00e9moire ou le moulin Gautron font la renomm\u00e9e de cette ville situ\u00e9e juste au sud de la Loire o\u00f9 coule la S\u00e8vre.&nbsp;Mais ce sont les murs ext\u00e9rieurs de cette <strong>maison<\/strong> mitoyenne de bourg qui incitent nos clients \u00e0 faire appel \u00e0 Grand Ouest Fa\u00e7ades Nantes. <strong>Fissures<\/strong> et <strong>\u00e9clats d\u2019enduit<\/strong> apparaissent sur les pignons. Nettoyage de la <strong>toiture<\/strong> en <strong>tuiles<\/strong> et remplacement des <strong>goutti\u00e8res <\/strong>participent aussi au rendu final. Voici en quelques lignes explicites le d\u00e9roul\u00e9 d\u2019un chantier de <strong>ravalement de fa\u00e7ade \u00e0 Vertou<\/strong> en Loire-Atlantique.<\/p>\n\n\n\n<h2 class=\"wp-block-heading\">Ravalement de fa\u00e7ade \u00e0 Vertou&nbsp;: comment bien pr\u00e9parer son chantier\u2009?<\/h2>\n\n\n\n<h3 class=\"wp-block-heading has-medium-font-size\">Liste de travaux d\u00e9finis<\/h3>\n\n\n\n<p class=\"has-medium-font-size\">Une bonne organisation commence par une liste exhaustive des actions \u00e0 mener. Lors de la visite diagnostic gratuite, on rel\u00e8ve visuellement toutes les d\u00e9gradations \u00e0 corriger. Le fa\u00e7adier v\u00e9rifie notamment&nbsp;:<\/p>\n\n\n\n<ul class=\"wp-block-list\">\n<li class=\"has-medium-font-size\">les salissures et empreintes de champignons ou moisissures\u2009;<\/li>\n\n\n\n<li class=\"has-medium-font-size\">les \u00e9clats de pierre (\u00e9paufrures) ou de b\u00e9ton\u2009;<\/li>\n\n\n\n<li class=\"has-medium-font-size\">les fissures et l\u00e9zardes\u2009;<\/li>\n\n\n\n<li class=\"has-medium-font-size\">le fa\u00efen\u00e7age (craqu\u00e8lement en surface)\u2009;<\/li>\n\n\n\n<li class=\"has-medium-font-size\">le farinage (traces blanches)\u2009;<\/li>\n\n\n\n<li class=\"has-medium-font-size\">les \u00e9caillages, cloquages ou pelages\u2009;<\/li>\n\n\n\n<li class=\"has-medium-font-size\">le bullage (d\u00e9faut de plan\u00e9it\u00e9)\u2009;<\/li>\n\n\n\n<li class=\"has-medium-font-size\">les ponts thermiques, etc.<\/li>\n<\/ul>\n\n\n\n<p class=\"has-medium-font-size\">Son \u0153il d\u2019expert note aussi la porosit\u00e9, l\u2019humidit\u00e9 et l\u2019adh\u00e9rence des supports.<\/p>\n\n\n\n<p class=\"has-medium-font-size\">Ainsi, vous connaissez imm\u00e9diatement les travaux \u00e0 pr\u00e9voir sur votre maison. Aucune surprise \u00e0 la r\u00e9ception du devis. Vous visualisez chaque poste et savez quels produits et traitements sont pr\u00e9conis\u00e9s et pourquoi.<\/p>\n\n\n\n<h3 class=\"wp-block-heading\">Mise en protection<\/h3>\n\n\n\n<p class=\"has-medium-font-size\">Nos \u00e9quipes pr\u00e9servent des \u00e9claboussures les surfaces non concern\u00e9es par les travaux de r\u00e9novation. Ainsi, terrasse, appuis de fen\u00eatre, descente de goutti\u00e8re sont recouverts par des b\u00e2ches imperm\u00e9ables.<\/p>\n\n\n\n<p class=\"has-medium-font-size\">Chacun rev\u00eat les \u00e9quipements de protection individuelle pr\u00e9vus par les r\u00e8gles de l\u2019art du fa\u00e7adier.<\/p>\n\n\n\n<figure class=\"wp-block-image aligncenter\"><img decoding=\"async\" src=\"https:\/\/lh3.googleusercontent.com\/uoIG6c3dmaJT2y-XJQqX3zng1CLPXyW5wsjts5WZgFdnAgTK71ua1GH9hjJkQjuDsn44rnihJoWJPMR8E7_OEugbuXNcyHHU29jnDOwxnoVvqH6nLKcakWGDqP399oVVcdeL-FUGgaooi_v2prJ5SJI\" alt=\"\" \/><figcaption class=\"wp-element-caption\">\u00c9quipement de protection du fa\u00e7adier<\/figcaption><\/figure>\n\n\n\n<h3 class=\"wp-block-heading\">Mat\u00e9riel d\u2019\u00e9l\u00e9vation<\/h3>\n\n\n\n<p class=\"has-medium-font-size\">Si les travaux ne sont pas \u00e0 hauteur d\u2019homme, une \u00e9chelle, un \u00e9chafaudage homologu\u00e9 voire une nacelle s\u2019av\u00e8rent n\u00e9cessaires.<\/p>\n\n\n\n<p class=\"has-medium-font-size\">Quel que soit le mat\u00e9riel pr\u00e9vu, on consulte minutieusement le sol \u00e0 la recherche de quelconque excavation qui pourrait g\u00eaner le bon \u00e9quilibre. Au besoin, un stabilisateur s\u00e9curise l\u2019installation.<\/p>\n\n\n\n<figure class=\"wp-block-image aligncenter is-resized\"><img fetchpriority=\"high\" decoding=\"async\" src=\"https:\/\/lh3.googleusercontent.com\/ykAEtNR1DroBrQjgQHlconew_7svs3KI1TWotds_y9a9TvvAebu4Bvepwr88Iely-HoZjDXFtZsxBB3FnQRAJnMZBlSNKczZvmG-2J8YlZGpuS4JpB97PMav54ZUv8Ziilj5gwBIDRZBZzhRVwJh07A\" alt=\"\" width=\"752\" height=\"418\" \/><figcaption class=\"wp-element-caption\">Ravalement de fa\u00e7ade \u00e0 Vertou (44)<\/figcaption><\/figure>\n\n\n\n<p class=\"has-medium-font-size\">On v\u00e9rifie \u00e9galement l\u2019absence de fils \u00e9lectriques \u00e0 haute tension.<\/p>\n\n\n\n<p class=\"has-medium-font-size\">Selon les cas, la municipalit\u00e9 valide l\u2019emprise au sol de l\u2019engin.<\/p>\n\n\n\n<p class=\"has-medium-font-size\">\u00c0 savoir qu\u2019en agglom\u00e9ration (Nantes par exemple), des passes temporaires autorisent la circulation des v\u00e9hicules de chantier. Cette maison de bourg \u00e0 Vertou ne requiert pas cette formalit\u00e9.&nbsp;<\/p>\n\n\n\n<h2 class=\"wp-block-heading\">Traitement des fissures et \u00e9clats de b\u00e9ton<\/h2>\n\n\n\n<p class=\"has-medium-font-size\">Quel mat\u00e9riel pr\u00e9voir pour pr\u00e9parer le subjectile\u2009?<\/p>\n\n\n\n<p class=\"has-medium-font-size\">La caisse \u00e0 outils du parfait fa\u00e7adier contient toujours une pointerolle, une massette, un riflard de ma\u00e7on, une brosse m\u00e9tallique, une \u00e9ponge gros travaux, un rouleau adapt\u00e9 aux peintures et rev\u00eatements.<\/p>\n\n\n\n<h3 class=\"wp-block-heading\">Les diff\u00e9rentes causes de fissures<\/h3>\n\n\n\n<p class=\"has-medium-font-size\">Plusieurs circonstances engendrent l\u2019apparition de fissures sur les murs ext\u00e9rieurs d\u2019une maison. Les d\u00e9terminer permet de traiter la cause r\u00e9elle de mani\u00e8re p\u00e9renne, et donc de choisir le bon proc\u00e9d\u00e9 de r\u00e9novation.<\/p>\n\n\n\n<p class=\"has-medium-font-size\">Parmi les principales raisons&nbsp;: pr\u00e9cipitations, mouvements de terrain, tassement de sol d\u2019assise, probl\u00e8mes de fondations, ph\u00e9nom\u00e8ne de retrait ou de dilatation du b\u00e9ton ou malfa\u00e7on.<\/p>\n\n\n\n<h3 class=\"wp-block-heading\">Traiter les fissures et les \u00e9clats d\u2019enduit<\/h3>\n\n\n\n<p class=\"has-medium-font-size\">La peinture sous-couche de fixation comble les fissures minimes (les microfissures). Un rev\u00eatement de classe&nbsp;i1 ou i2 suffit. Si l\u2019ouverture de la fissure exc\u00e8de 0,5&nbsp;mm, on pr\u00e9voit deux couches, dont la premi\u00e8re est arm\u00e9e.<\/p>\n\n\n\n<p class=\"has-medium-font-size\">Pour les fissures plus grandes, un colmatage est indispensable. \u00c0 l\u2019aide d\u2019un disque ou d\u2019un burin, on \u00e9carte l\u2019ouverture puis on la calfeutre avec un enduit de rebouchage. Celles-ci seront recouvertes par un produit de performance&nbsp;i4.<\/p>\n\n\n\n<p class=\"has-medium-font-size\">Ici, \u00e0 Vertou, il s\u2019agissait de fissures avec un rev\u00eatement i1. <\/p>\n\n\n\n<p class=\"has-text-align-center has-medium-font-size\"><a href=\"https:\/\/grandouestfacades.fr\/normes\/\">Je consulte les normes relatives au ravalement de fa\u00e7ade.<\/a><\/p>\n\n\n\n<p><\/p>\n\n\n\n<p class=\"has-medium-font-size\">\u00c0 savoir qu\u2019au-del\u00e0 de 2&nbsp;mm, les l\u00e9zardes supposent une \u00e9tude technique sp\u00e9cifique.<\/p>\n\n\n\n<p class=\"has-medium-font-size\">Les \u00e9clats d\u2019enduit, pour leur part, sont gratt\u00e9s et bross\u00e9s lors de la pr\u00e9paration du subjectile.<\/p>\n\n\n\n<p><\/p>\n\n\n\n<p class=\"has-text-align-center has-medium-font-size\"><a href=\"https:\/\/grandouestfacades.fr\/nantes\/demande-de-devis-diagnostic-gratuit\/\">Je demande \u00e0 un pro son avis sur les fissures de mes fa\u00e7ades.<\/a><\/p>\n\n\n\n<h2 class=\"wp-block-heading\">Rev\u00eatement semi-\u00e9pais sur une fa\u00e7ade fissur\u00e9e<\/h2>\n\n\n\n<h3 class=\"wp-block-heading\">Le fixateur<\/h3>\n\n\n\n<p class=\"has-medium-font-size\">La pose d\u2019un fixateur permet la parfaite adh\u00e9rence du rev\u00eatement final. Chez Grand Ouest Fa\u00e7ades Nantes, nous n\u2019utilisons que la gamme de produits professionnels GO Exclusive.<\/p>\n\n\n\n<p class=\"has-medium-font-size\">La tr\u00e8s grande qualit\u00e9 de cette marque assure de&nbsp;:<\/p>\n\n\n\n<p class=\"has-medium-font-size\">\ud83d\udc49 combler les absorptions pour une surface plane\u2009;<\/p>\n\n\n\n<p class=\"has-medium-font-size\">\ud83d\udc49 retenir les pulv\u00e9rulences restantes\u2009;<\/p>\n\n\n\n<p class=\"has-medium-font-size\">\ud83d\udc49 prot\u00e9ger le subjectile\u2009;<\/p>\n\n\n\n<p class=\"has-medium-font-size\">\ud83d\udc49 opacifier\u2009;&nbsp;<\/p>\n\n\n\n<p class=\"has-medium-font-size\">\ud83d\udc49 respecter l\u2019environnement.<\/p>\n\n\n\n<p><\/p>\n\n\n\n<p class=\"has-text-align-center has-medium-font-size\"><a href=\"https:\/\/grandouestfacades.fr\/nantes\/go-marque-exclusive\/\">Je d\u00e9couvre les produits professionnels GO Exclusive.<\/a><\/p>\n\n\n\n<h3 class=\"wp-block-heading\">La finition peinture semi-\u00e9paisse<\/h3>\n\n\n\n<p class=\"has-medium-font-size\">Vu les \u00e9clats de b\u00e9ton que pr\u00e9sentait cette maison vertavienne, le choix du rev\u00eatement semi-\u00e9pais est plus judicieux. Il va combler et reboucher convenablement les traces laiss\u00e9es par les fissures.<\/p>\n\n\n\n<h2 class=\"wp-block-heading\">Nettoyage toiture en tuiles \u00e0 Vertou<\/h2>\n\n\n\n<p class=\"has-medium-font-size\">Enfin, nos experts nettoient les tuiles avec de l\u2019eau pure pour une toiture impeccable. En effet, nous limitons autant que possible, les produits d\u00e9tergents et polluants.<\/p>\n\n\n\n<p class=\"has-medium-font-size\">\u00c0 basse ou haute pression, nous rin\u00e7ons les tuiles (ou les ardoises selon les cas) afin d\u2019\u00e9liminer toute trace de mousse et autres salissures.<\/p>\n\n\n\n<p class=\"has-medium-font-size\">Au besoin, on pulv\u00e9rise un antimousse pr\u00e9ventif.<\/p>\n\n\n\n<p class=\"has-medium-font-size\">Vertou, situ\u00e9 en Pays de Loire, subit le climat marin de l\u2019Oc\u00e9an Atlantique. Comme dans toute la p\u00e9riph\u00e9rie de Nantes, les couvertures re\u00e7oivent les lichens et micro-organismes port\u00e9s par les embruns du littoral.<\/p>\n\n\n\n<p class=\"has-medium-font-size\">Enfin, nous rempla\u00e7ons la goutti\u00e8re gris anthracite pour un rendu final parfaitement propre.<\/p>\n\n\n\n<figure class=\"wp-block-gallery has-nested-images columns-default is-cropped wp-block-gallery-1 is-layout-flex wp-block-gallery-is-layout-flex\">\n<figure class=\"wp-block-image size-large\"><img decoding=\"async\" width=\"1024\" height=\"576\" data-id=\"4448\" src=\"https:\/\/grandouestfacades.fr\/nantes\/wp-content\/uploads\/sites\/5\/2023\/04\/20170606_090039-1024x576.jpg\" alt=\"Ravalement de fa\u00e7ade arri\u00e8re\" class=\"wp-image-4448\" srcset=\"https:\/\/grandouestfacades.fr\/nantes\/wp-content\/uploads\/sites\/5\/2023\/04\/20170606_090039-1024x576.jpg 1024w, https:\/\/grandouestfacades.fr\/nantes\/wp-content\/uploads\/sites\/5\/2023\/04\/20170606_090039-300x169.jpg 300w, https:\/\/grandouestfacades.fr\/nantes\/wp-content\/uploads\/sites\/5\/2023\/04\/20170606_090039-768x432.jpg 768w, https:\/\/grandouestfacades.fr\/nantes\/wp-content\/uploads\/sites\/5\/2023\/04\/20170606_090039-1536x864.jpg 1536w, https:\/\/grandouestfacades.fr\/nantes\/wp-content\/uploads\/sites\/5\/2023\/04\/20170606_090039-2048x1152.jpg 2048w\" sizes=\"(max-width: 1024px) 100vw, 1024px\" \/><figcaption class=\"wp-element-caption\">Ravalement de fa\u00e7ade arri\u00e8re<\/figcaption><\/figure>\n\n\n\n<figure class=\"wp-block-image size-large\"><img decoding=\"async\" width=\"1024\" height=\"576\" data-id=\"4449\" src=\"https:\/\/grandouestfacades.fr\/nantes\/wp-content\/uploads\/sites\/5\/2023\/04\/20170606_090055-1024x576.jpg\" alt=\"Ravalement de pignon\" class=\"wp-image-4449\" srcset=\"https:\/\/grandouestfacades.fr\/nantes\/wp-content\/uploads\/sites\/5\/2023\/04\/20170606_090055-1024x576.jpg 1024w, https:\/\/grandouestfacades.fr\/nantes\/wp-content\/uploads\/sites\/5\/2023\/04\/20170606_090055-300x169.jpg 300w, https:\/\/grandouestfacades.fr\/nantes\/wp-content\/uploads\/sites\/5\/2023\/04\/20170606_090055-768x432.jpg 768w, https:\/\/grandouestfacades.fr\/nantes\/wp-content\/uploads\/sites\/5\/2023\/04\/20170606_090055-1536x864.jpg 1536w, https:\/\/grandouestfacades.fr\/nantes\/wp-content\/uploads\/sites\/5\/2023\/04\/20170606_090055-2048x1152.jpg 2048w\" sizes=\"(max-width: 1024px) 100vw, 1024px\" \/><figcaption class=\"wp-element-caption\">Ravalement de pignon<\/figcaption><\/figure>\n\n\n\n<figure class=\"wp-block-image size-large\"><img loading=\"lazy\" decoding=\"async\" width=\"1024\" height=\"576\" data-id=\"4447\" src=\"https:\/\/grandouestfacades.fr\/nantes\/wp-content\/uploads\/sites\/5\/2023\/04\/20170712_173159-1024x576.jpg\" alt=\"Fa\u00e7ade principale\" class=\"wp-image-4447\" srcset=\"https:\/\/grandouestfacades.fr\/nantes\/wp-content\/uploads\/sites\/5\/2023\/04\/20170712_173159-1024x576.jpg 1024w, https:\/\/grandouestfacades.fr\/nantes\/wp-content\/uploads\/sites\/5\/2023\/04\/20170712_173159-300x169.jpg 300w, https:\/\/grandouestfacades.fr\/nantes\/wp-content\/uploads\/sites\/5\/2023\/04\/20170712_173159-768x432.jpg 768w, https:\/\/grandouestfacades.fr\/nantes\/wp-content\/uploads\/sites\/5\/2023\/04\/20170712_173159-1536x864.jpg 1536w, https:\/\/grandouestfacades.fr\/nantes\/wp-content\/uploads\/sites\/5\/2023\/04\/20170712_173159-2048x1152.jpg 2048w\" sizes=\"(max-width: 1024px) 100vw, 1024px\" \/><figcaption class=\"wp-element-caption\">Fa\u00e7ade principale<\/figcaption><\/figure>\n<\/figure>\n\n\n\n<p class=\"has-medium-font-size\">Qu\u2019en pensez-vous\u2009?<\/p>\n\n\n\n<p class=\"has-medium-font-size\">J\u2019habite autour de Nantes et chez moi aussi le climat atlantique laisse des traces sur les fa\u00e7ades.<\/p>\n\n\n\n<p class=\"has-text-align-center has-medium-font-size\"><a href=\"https:\/\/grandouestfacades.fr\/nantes\/demande-de-devis-diagnostic-gratuit\/\">Je demande le diagnostic gratuit d\u2019un expert de Grand Ouest Fa\u00e7ades Nantes.<\/a><\/p>\n\n\n\n<p class=\"has-medium-font-size\">Et si ce simple coup de fil vous donnait tous les conseils de pro pour embellir votre maison\u2009? Quand la mise en valeur et la protection de votre propri\u00e9t\u00e9 s\u2019allient aux \u00e9conomies d\u2019\u00e9nergie, pourquoi s\u2019en priver\u2009? Ravalement de fa\u00e7ade, nettoyage de toiture, reprise des fissures, autant d\u2019entretiens dont chaque pavillon a besoin, au moins une fois tous les 10&nbsp;ans. Pensez-y !<\/p>\n\n\n\n<p class=\"has-medium-font-size\">Je d\u00e9couvre un chantier similaire \u00e0 <a href=\"https:\/\/grandouestfacades.fr\/nantes\/realisation\/ravalement-facades-saint-herblain\/\" target=\"_blank\" rel=\"noreferrer noopener\">Saint-Herblain<\/a>.&nbsp;<\/p>\n","protected":false},"excerpt":{"rendered":"<p>Vertou, ville dynamique et innovante de la m\u00e9tropole de Nantes, compte 25\u2009000&nbsp;\u00e2mes et 2\u2009700&nbsp;entreprises. C\u2019est au latin Vertavum que ses habitants doivent leur nom&nbsp;: les Vertaviens. Le ch\u00e2teau de la Fr\u00e9moire ou le moulin Gautron font la renomm\u00e9e de cette ville situ\u00e9e juste au sud de la Loire o\u00f9 coule la S\u00e8vre.&nbsp;Mais ce sont les [&hellip;]<\/p>\n","protected":false},"author":7,"featured_media":4450,"template":"","format":"standard","categories":[6],"class_list":["post-4446","realisation","type-realisation","status-publish","format-standard","has-post-thumbnail","hentry","category-ravalement-de-facade"],"yoast_head":"<!-- This site is optimized with the Yoast SEO plugin v27.5 - https:\/\/yoast.com\/product\/yoast-seo-wordpress\/ -->\n<title>Ravalement de fa\u00e7ade \u00e0 Vertou - Grand Ouest Fa\u00e7ades Nantes<\/title>\n<meta name=\"description\" content=\"Ravalement de fa\u00e7ade \u00e0 Vertou - La reprise des fissures, des \u00e9clats d&#039;enduit et le nettoyage de la toiture en tuiles ravivent votre maison\" \/>\n<meta name=\"robots\" content=\"index, follow, max-snippet:-1, max-image-preview:large, max-video-preview:-1\" \/>\n<link rel=\"canonical\" href=\"https:\/\/grandouestfacades.fr\/nantes\/realisation\/revetement-facade-vertou\/\" \/>\n<meta property=\"og:locale\" content=\"fr_FR\" \/>\n<meta property=\"og:type\" content=\"article\" \/>\n<meta property=\"og:title\" content=\"Ravalement de fa\u00e7ade \u00e0 Vertou - Grand Ouest Fa\u00e7ades Nantes\" \/>\n<meta property=\"og:description\" content=\"Ravalement de fa\u00e7ade \u00e0 Vertou - La reprise des fissures, des \u00e9clats d&#039;enduit et le nettoyage de la toiture en tuiles ravivent votre maison\" \/>\n<meta property=\"og:url\" content=\"https:\/\/grandouestfacades.fr\/nantes\/realisation\/revetement-facade-vertou\/\" \/>\n<meta property=\"og:site_name\" content=\"Grand Ouest Fa\u00e7ades - Agence Nantes\" \/>\n<meta property=\"article:modified_time\" content=\"2024-01-04T13:49:20+00:00\" \/>\n<meta property=\"og:image\" content=\"https:\/\/grandouestfacades.fr\/nantes\/wp-content\/uploads\/sites\/5\/2023\/04\/20170726_151442-scaled.jpg\" \/>\n\t<meta property=\"og:image:width\" content=\"2560\" \/>\n\t<meta property=\"og:image:height\" content=\"1440\" \/>\n\t<meta property=\"og:image:type\" content=\"image\/jpeg\" \/>\n<meta name=\"twitter:card\" content=\"summary_large_image\" \/>\n<meta name=\"twitter:label1\" content=\"Dur\u00e9e de lecture estim\u00e9e\" \/>\n\t<meta name=\"twitter:data1\" content=\"7 minutes\" \/>\n<script type=\"application\/ld+json\" class=\"yoast-schema-graph\">{\"@context\":\"https:\\\/\\\/schema.org\",\"@graph\":[{\"@type\":\"WebPage\",\"@id\":\"https:\\\/\\\/grandouestfacades.fr\\\/nantes\\\/realisation\\\/revetement-facade-vertou\\\/\",\"url\":\"https:\\\/\\\/grandouestfacades.fr\\\/nantes\\\/realisation\\\/revetement-facade-vertou\\\/\",\"name\":\"Ravalement de fa\u00e7ade \u00e0 Vertou - Grand Ouest Fa\u00e7ades Nantes\",\"isPartOf\":{\"@id\":\"https:\\\/\\\/grandouestfacades.fr\\\/nantes\\\/#website\"},\"primaryImageOfPage\":{\"@id\":\"https:\\\/\\\/grandouestfacades.fr\\\/nantes\\\/realisation\\\/revetement-facade-vertou\\\/#primaryimage\"},\"image\":{\"@id\":\"https:\\\/\\\/grandouestfacades.fr\\\/nantes\\\/realisation\\\/revetement-facade-vertou\\\/#primaryimage\"},\"thumbnailUrl\":\"https:\\\/\\\/grandouestfacades.fr\\\/nantes\\\/wp-content\\\/uploads\\\/sites\\\/5\\\/2023\\\/04\\\/20170726_151442-scaled.jpg\",\"datePublished\":\"2023-04-14T15:35:12+00:00\",\"dateModified\":\"2024-01-04T13:49:20+00:00\",\"description\":\"Ravalement de fa\u00e7ade \u00e0 Vertou - La reprise des fissures, des \u00e9clats d'enduit et le nettoyage de la toiture en tuiles ravivent votre maison\",\"breadcrumb\":{\"@id\":\"https:\\\/\\\/grandouestfacades.fr\\\/nantes\\\/realisation\\\/revetement-facade-vertou\\\/#breadcrumb\"},\"inLanguage\":\"fr-FR\",\"potentialAction\":[{\"@type\":\"ReadAction\",\"target\":[\"https:\\\/\\\/grandouestfacades.fr\\\/nantes\\\/realisation\\\/revetement-facade-vertou\\\/\"]}]},{\"@type\":\"ImageObject\",\"inLanguage\":\"fr-FR\",\"@id\":\"https:\\\/\\\/grandouestfacades.fr\\\/nantes\\\/realisation\\\/revetement-facade-vertou\\\/#primaryimage\",\"url\":\"https:\\\/\\\/grandouestfacades.fr\\\/nantes\\\/wp-content\\\/uploads\\\/sites\\\/5\\\/2023\\\/04\\\/20170726_151442-scaled.jpg\",\"contentUrl\":\"https:\\\/\\\/grandouestfacades.fr\\\/nantes\\\/wp-content\\\/uploads\\\/sites\\\/5\\\/2023\\\/04\\\/20170726_151442-scaled.jpg\",\"width\":2560,\"height\":1440,\"caption\":\"Ravalement de fa\u00e7ades et pignon \u00e0 Vertou (44)\"},{\"@type\":\"BreadcrumbList\",\"@id\":\"https:\\\/\\\/grandouestfacades.fr\\\/nantes\\\/realisation\\\/revetement-facade-vertou\\\/#breadcrumb\",\"itemListElement\":[{\"@type\":\"ListItem\",\"position\":1,\"name\":\"Accueil\",\"item\":\"https:\\\/\\\/grandouestfacades.fr\\\/nantes\\\/\"},{\"@type\":\"ListItem\",\"position\":2,\"name\":\"Ravalement de Fa\u00e7ade Vertou\"}]},{\"@type\":\"WebSite\",\"@id\":\"https:\\\/\\\/grandouestfacades.fr\\\/nantes\\\/#website\",\"url\":\"https:\\\/\\\/grandouestfacades.fr\\\/nantes\\\/\",\"name\":\"La Baule - Grand Ouest Fa\u00e7ades\",\"description\":\"La fa\u00e7ade dont vous r\u00eavez\",\"publisher\":{\"@id\":\"https:\\\/\\\/grandouestfacades.fr\\\/nantes\\\/#organization\"},\"potentialAction\":[{\"@type\":\"SearchAction\",\"target\":{\"@type\":\"EntryPoint\",\"urlTemplate\":\"https:\\\/\\\/grandouestfacades.fr\\\/nantes\\\/?s={search_term_string}\"},\"query-input\":{\"@type\":\"PropertyValueSpecification\",\"valueRequired\":true,\"valueName\":\"search_term_string\"}}],\"inLanguage\":\"fr-FR\"},{\"@type\":\"Organization\",\"@id\":\"https:\\\/\\\/grandouestfacades.fr\\\/nantes\\\/#organization\",\"name\":\"Grand Ouest Fa\u00e7ades La Baule\",\"url\":\"https:\\\/\\\/grandouestfacades.fr\\\/nantes\\\/\",\"logo\":{\"@type\":\"ImageObject\",\"inLanguage\":\"fr-FR\",\"@id\":\"https:\\\/\\\/grandouestfacades.fr\\\/nantes\\\/#\\\/schema\\\/logo\\\/image\\\/\",\"url\":\"https:\\\/\\\/grandouestfacades.fr\\\/nantes\\\/wp-content\\\/uploads\\\/sites\\\/5\\\/2021\\\/09\\\/Logo_agence_sans_GO_La_Baule.png\",\"contentUrl\":\"https:\\\/\\\/grandouestfacades.fr\\\/nantes\\\/wp-content\\\/uploads\\\/sites\\\/5\\\/2021\\\/09\\\/Logo_agence_sans_GO_La_Baule.png\",\"width\":827,\"height\":265,\"caption\":\"Grand Ouest Fa\u00e7ades La Baule\"},\"image\":{\"@id\":\"https:\\\/\\\/grandouestfacades.fr\\\/nantes\\\/#\\\/schema\\\/logo\\\/image\\\/\"}}]}<\/script>\n<!-- \/ Yoast SEO plugin. -->","yoast_head_json":{"title":"Ravalement de fa\u00e7ade \u00e0 Vertou - Grand Ouest Fa\u00e7ades Nantes","description":"Ravalement de fa\u00e7ade \u00e0 Vertou - La reprise des fissures, des \u00e9clats d'enduit et le nettoyage de la toiture en tuiles ravivent votre maison","robots":{"index":"index","follow":"follow","max-snippet":"max-snippet:-1","max-image-preview":"max-image-preview:large","max-video-preview":"max-video-preview:-1"},"canonical":"https:\/\/grandouestfacades.fr\/nantes\/realisation\/revetement-facade-vertou\/","og_locale":"fr_FR","og_type":"article","og_title":"Ravalement de fa\u00e7ade \u00e0 Vertou - Grand Ouest Fa\u00e7ades Nantes","og_description":"Ravalement de fa\u00e7ade \u00e0 Vertou - La reprise des fissures, des \u00e9clats d'enduit et le nettoyage de la toiture en tuiles ravivent votre maison","og_url":"https:\/\/grandouestfacades.fr\/nantes\/realisation\/revetement-facade-vertou\/","og_site_name":"Grand Ouest Fa\u00e7ades - Agence Nantes","article_modified_time":"2024-01-04T13:49:20+00:00","og_image":[{"width":2560,"height":1440,"url":"https:\/\/grandouestfacades.fr\/nantes\/wp-content\/uploads\/sites\/5\/2023\/04\/20170726_151442-scaled.jpg","type":"image\/jpeg"}],"twitter_card":"summary_large_image","twitter_misc":{"Dur\u00e9e de lecture estim\u00e9e":"7 minutes"},"schema":{"@context":"https:\/\/schema.org","@graph":[{"@type":"WebPage","@id":"https:\/\/grandouestfacades.fr\/nantes\/realisation\/revetement-facade-vertou\/","url":"https:\/\/grandouestfacades.fr\/nantes\/realisation\/revetement-facade-vertou\/","name":"Ravalement de fa\u00e7ade \u00e0 Vertou - Grand Ouest Fa\u00e7ades Nantes","isPartOf":{"@id":"https:\/\/grandouestfacades.fr\/nantes\/#website"},"primaryImageOfPage":{"@id":"https:\/\/grandouestfacades.fr\/nantes\/realisation\/revetement-facade-vertou\/#primaryimage"},"image":{"@id":"https:\/\/grandouestfacades.fr\/nantes\/realisation\/revetement-facade-vertou\/#primaryimage"},"thumbnailUrl":"https:\/\/grandouestfacades.fr\/nantes\/wp-content\/uploads\/sites\/5\/2023\/04\/20170726_151442-scaled.jpg","datePublished":"2023-04-14T15:35:12+00:00","dateModified":"2024-01-04T13:49:20+00:00","description":"Ravalement de fa\u00e7ade \u00e0 Vertou - La reprise des fissures, des \u00e9clats d'enduit et le nettoyage de la toiture en tuiles ravivent votre maison","breadcrumb":{"@id":"https:\/\/grandouestfacades.fr\/nantes\/realisation\/revetement-facade-vertou\/#breadcrumb"},"inLanguage":"fr-FR","potentialAction":[{"@type":"ReadAction","target":["https:\/\/grandouestfacades.fr\/nantes\/realisation\/revetement-facade-vertou\/"]}]},{"@type":"ImageObject","inLanguage":"fr-FR","@id":"https:\/\/grandouestfacades.fr\/nantes\/realisation\/revetement-facade-vertou\/#primaryimage","url":"https:\/\/grandouestfacades.fr\/nantes\/wp-content\/uploads\/sites\/5\/2023\/04\/20170726_151442-scaled.jpg","contentUrl":"https:\/\/grandouestfacades.fr\/nantes\/wp-content\/uploads\/sites\/5\/2023\/04\/20170726_151442-scaled.jpg","width":2560,"height":1440,"caption":"Ravalement de fa\u00e7ades et pignon \u00e0 Vertou (44)"},{"@type":"BreadcrumbList","@id":"https:\/\/grandouestfacades.fr\/nantes\/realisation\/revetement-facade-vertou\/#breadcrumb","itemListElement":[{"@type":"ListItem","position":1,"name":"Accueil","item":"https:\/\/grandouestfacades.fr\/nantes\/"},{"@type":"ListItem","position":2,"name":"Ravalement de Fa\u00e7ade Vertou"}]},{"@type":"WebSite","@id":"https:\/\/grandouestfacades.fr\/nantes\/#website","url":"https:\/\/grandouestfacades.fr\/nantes\/","name":"La Baule - Grand Ouest Fa\u00e7ades","description":"La fa\u00e7ade dont vous r\u00eavez","publisher":{"@id":"https:\/\/grandouestfacades.fr\/nantes\/#organization"},"potentialAction":[{"@type":"SearchAction","target":{"@type":"EntryPoint","urlTemplate":"https:\/\/grandouestfacades.fr\/nantes\/?s={search_term_string}"},"query-input":{"@type":"PropertyValueSpecification","valueRequired":true,"valueName":"search_term_string"}}],"inLanguage":"fr-FR"},{"@type":"Organization","@id":"https:\/\/grandouestfacades.fr\/nantes\/#organization","name":"Grand Ouest Fa\u00e7ades La Baule","url":"https:\/\/grandouestfacades.fr\/nantes\/","logo":{"@type":"ImageObject","inLanguage":"fr-FR","@id":"https:\/\/grandouestfacades.fr\/nantes\/#\/schema\/logo\/image\/","url":"https:\/\/grandouestfacades.fr\/nantes\/wp-content\/uploads\/sites\/5\/2021\/09\/Logo_agence_sans_GO_La_Baule.png","contentUrl":"https:\/\/grandouestfacades.fr\/nantes\/wp-content\/uploads\/sites\/5\/2021\/09\/Logo_agence_sans_GO_La_Baule.png","width":827,"height":265,"caption":"Grand Ouest Fa\u00e7ades La Baule"},"image":{"@id":"https:\/\/grandouestfacades.fr\/nantes\/#\/schema\/logo\/image\/"}}]}},"_links":{"self":[{"href":"https:\/\/grandouestfacades.fr\/nantes\/wp-json\/wp\/v2\/realisation\/4446","targetHints":{"allow":["GET"]}}],"collection":[{"href":"https:\/\/grandouestfacades.fr\/nantes\/wp-json\/wp\/v2\/realisation"}],"about":[{"href":"https:\/\/grandouestfacades.fr\/nantes\/wp-json\/wp\/v2\/types\/realisation"}],"author":[{"embeddable":true,"href":"https:\/\/grandouestfacades.fr\/nantes\/wp-json\/wp\/v2\/users\/7"}],"wp:featuredmedia":[{"embeddable":true,"href":"https:\/\/grandouestfacades.fr\/nantes\/wp-json\/wp\/v2\/media\/4450"}],"wp:attachment":[{"href":"https:\/\/grandouestfacades.fr\/nantes\/wp-json\/wp\/v2\/media?parent=4446"}],"wp:term":[{"taxonomy":"category","embeddable":true,"href":"https:\/\/grandouestfacades.fr\/nantes\/wp-json\/wp\/v2\/categories?post=4446"}],"curies":[{"name":"wp","href":"https:\/\/api.w.org\/{rel}","templated":true}]}}