{"id":2825,"date":"2025-06-23T15:15:16","date_gmt":"2025-06-23T13:15:16","guid":{"rendered":"https:\/\/grandouestfacades.fr\/?page_id=3"},"modified":"2025-08-04T12:28:57","modified_gmt":"2025-08-04T10:28:57","slug":"mentions-legales","status":"publish","type":"page","link":"https:\/\/grandouestfacades.fr\/rennes\/mentions-legales\/","title":{"rendered":"Mentions l\u00e9gales"},"content":{"rendered":"\t\t<div data-elementor-type=\"wp-page\" data-elementor-id=\"2825\" class=\"elementor elementor-2825\" data-elementor-post-type=\"page\">\n\t\t\t\t<div class=\"elementor-element elementor-element-eb48e7e e-flex e-con-boxed e-con e-parent\" data-id=\"eb48e7e\" data-element_type=\"container\" data-e-type=\"container\">\n\t\t\t\t\t<div class=\"e-con-inner\">\n\t\t<div class=\"elementor-element elementor-element-67c81fc e-con-full e-flex e-con e-child\" data-id=\"67c81fc\" data-element_type=\"container\" data-e-type=\"container\">\n\t\t\t\t<div class=\"elementor-element elementor-element-80d3ee1 elementor-widget elementor-widget-heading\" data-id=\"80d3ee1\" data-element_type=\"widget\" data-e-type=\"widget\" data-widget_type=\"heading.default\">\n\t\t\t\t\t<h1 class=\"elementor-heading-title elementor-size-default\">Mentions L\u00e9gales - Grand Ouest Fa\u00e7ades<\/h1>\t\t\t\t<\/div>\n\t\t\t\t<div class=\"elementor-element elementor-element-7520aba elementor-widget elementor-widget-text-editor\" data-id=\"7520aba\" data-element_type=\"widget\" data-e-type=\"widget\" data-widget_type=\"text-editor.default\">\n\t\t\t\t\t\t\t\t\t<h2>1. Pr\u00e9sentation du site<\/h2><p>En vertu de l&rsquo;article 6 de la loi n\u00b0 2004-575 du 21 juin 2004 pour la confiance dans l&rsquo;\u00e9conomie num\u00e9rique, il est pr\u00e9cis\u00e9 aux utilisateurs du site https:\/\/grandouestfacades.fr l&rsquo;identit\u00e9 des diff\u00e9rents intervenants dans le cadre de sa r\u00e9alisation et de son suivi :<\/p><p><strong>Propri\u00e9taire :<\/strong> GOF GROUPE (GRAND OUEST FACADES GROUPE) \u2013 SAS 928748680 \u2013 12 PLACE DE L&rsquo;EGLISE, 56190 AMBON<\/p><p><strong>Cr\u00e9ateur :<\/strong> Agence YouTribe \u2013 https:\/\/youtribe.io\/<\/p><p><strong>Responsable publication et DPO :<\/strong> Magalie Moran \u2013 reminiac@grandouestfacades.fr<\/p><p><strong>H\u00e9bergeur :<\/strong> YouTribe S.A.S \u2013 68 avenue du Mar\u00e9chal de Lattre de Tassigny, 44500 La Baule Escoublac \u2013 hello@youtribe.io<\/p><p><strong>Cr\u00e9dits :<\/strong> Site web d\u00e9velopp\u00e9 par l&rsquo;agence YouTribe<\/p><h2>2. Conditions g\u00e9n\u00e9rales d&rsquo;utilisation du site et des services propos\u00e9s<\/h2><p>L&rsquo;utilisation du site https:\/\/grandouestfacades.fr implique l&rsquo;acceptation pleine et enti\u00e8re des conditions g\u00e9n\u00e9rales d&rsquo;utilisation ci-apr\u00e8s d\u00e9crites. Ces conditions d&rsquo;utilisation sont susceptibles d&rsquo;\u00eatre modifi\u00e9es ou compl\u00e9t\u00e9es \u00e0 tout moment, les utilisateurs du site https:\/\/grandouestfacades.fr sont donc invit\u00e9s \u00e0 les consulter de mani\u00e8re r\u00e9guli\u00e8re.<\/p><p>Ce site est normalement accessible \u00e0 tout moment aux utilisateurs. Une interruption pour raison de maintenance technique peut \u00eatre toutefois d\u00e9cid\u00e9e par GOF GROUPE, qui s&rsquo;efforcera alors de communiquer pr\u00e9alablement aux utilisateurs les dates et heures de l&rsquo;intervention.<\/p><p>Le site https:\/\/grandouestfacades.fr est mis \u00e0 jour r\u00e9guli\u00e8rement par GOF GROUPE. De la m\u00eame fa\u00e7on, les mentions l\u00e9gales peuvent \u00eatre modifi\u00e9es \u00e0 tout moment : elles s&rsquo;imposent n\u00e9anmoins \u00e0 l&rsquo;utilisateur qui est invit\u00e9 \u00e0 s&rsquo;y r\u00e9f\u00e9rer le plus souvent possible afin d&rsquo;en prendre connaissance.<\/p><h2>3. Description des services fournis<\/h2><p>Le site https:\/\/grandouestfacades.fr a pour objet de fournir une information concernant l&rsquo;ensemble des activit\u00e9s de la soci\u00e9t\u00e9.<\/p><p>GOF GROUPE s&rsquo;efforce de fournir sur le site https:\/\/grandouestfacades.fr des informations aussi pr\u00e9cises que possible. Toutefois, il ne pourra \u00eatre tenu responsable des omissions, des inexactitudes et des carences dans la mise \u00e0 jour, qu&rsquo;elles soient de son fait ou du fait des tiers partenaires qui lui fournissent ces informations.<\/p><p>Toutes les informations indiqu\u00e9es sur le site https:\/\/grandouestfacades.fr sont donn\u00e9es \u00e0 titre indicatif, et sont susceptibles d&rsquo;\u00e9voluer. Par ailleurs, les renseignements figurant sur le site https:\/\/grandouestfacades.fr ne sont pas exhaustifs. Ils sont donn\u00e9s sous r\u00e9serve de modifications ayant \u00e9t\u00e9 apport\u00e9es depuis leur mise en ligne.<\/p><h2>4. Limitations contractuelles sur les donn\u00e9es techniques<\/h2><p>Le site utilise la technologie JavaScript.<\/p><p>Le site Internet ne pourra \u00eatre tenu responsable de dommages mat\u00e9riels li\u00e9s \u00e0 l&rsquo;utilisation du site. De plus, l&rsquo;utilisateur du site s&rsquo;engage \u00e0 acc\u00e9der au site en utilisant un mat\u00e9riel r\u00e9cent, ne contenant pas de virus et avec un navigateur de derni\u00e8re g\u00e9n\u00e9ration mis-\u00e0-jour.<\/p><h2>5. Propri\u00e9t\u00e9 intellectuelle et contrefa\u00e7ons<\/h2><p>GOF GROUPE est propri\u00e9taire des droits de propri\u00e9t\u00e9 intellectuelle ou d\u00e9tient les droits d&rsquo;usage sur tous les \u00e9l\u00e9ments accessibles sur le site, notamment les textes, images, graphismes, logo, ic\u00f4nes, sons, logiciels.<\/p><p>Toute reproduction, repr\u00e9sentation, modification, publication, adaptation de tout ou partie des \u00e9l\u00e9ments du site, quel que soit le moyen ou le proc\u00e9d\u00e9 utilis\u00e9, est interdite, sauf autorisation \u00e9crite pr\u00e9alable de GOF GROUPE.<\/p><p>Toute exploitation non autoris\u00e9e du site ou de l&rsquo;un quelconque des \u00e9l\u00e9ments qu&rsquo;il contient sera consid\u00e9r\u00e9e comme constitutive d&rsquo;une contrefa\u00e7on et poursuivie conform\u00e9ment aux dispositions des articles L.335-2 et suivants du Code de Propri\u00e9t\u00e9 Intellectuelle.<\/p><h2>6. Limitations de responsabilit\u00e9<\/h2><p>GOF GROUPE ne pourra \u00eatre tenu responsable des dommages directs et indirects caus\u00e9s au mat\u00e9riel de l&rsquo;utilisateur, lors de l&rsquo;acc\u00e8s au site https:\/\/grandouestfacades.fr, et r\u00e9sultant soit de l&rsquo;utilisation d&rsquo;un mat\u00e9riel ne r\u00e9pondant pas aux sp\u00e9cifications indiqu\u00e9es au point 4, soit de l&rsquo;apparition d&rsquo;un bug ou d&rsquo;une incompatibilit\u00e9.<\/p><p>GOF GROUPE ne pourra \u00e9galement \u00eatre tenu responsable des dommages indirects (tels par exemple qu&rsquo;une perte de march\u00e9 ou perte d&rsquo;une chance) cons\u00e9cutifs \u00e0 l&rsquo;utilisation du site https:\/\/grandouestfacades.fr.<\/p><p>Des espaces interactifs (possibilit\u00e9 de poser des questions dans l&rsquo;espace contact) sont \u00e0 la disposition des utilisateurs. GOF GROUPE se r\u00e9serve le droit de supprimer, sans mise en demeure pr\u00e9alable, tout contenu d\u00e9pos\u00e9 dans cet espace qui contreviendrait \u00e0 la l\u00e9gislation applicable en France, en particulier aux dispositions relatives \u00e0 la protection des donn\u00e9es. Le cas \u00e9ch\u00e9ant, GOF GROUPE se r\u00e9serve \u00e9galement la possibilit\u00e9 de mettre en cause la responsabilit\u00e9 civile et\/ou p\u00e9nale de l&rsquo;utilisateur, notamment en cas de message \u00e0 caract\u00e8re raciste, injurieux, diffamant, ou pornographique, quel que soit le support utilis\u00e9 (texte, photographie\u2026).<\/p><h2>7. Gestion des donn\u00e9es personnelles<\/h2><p>En France, les donn\u00e9es personnelles sont notamment prot\u00e9g\u00e9es par la loi n\u00b0 78-87 du 6 janvier 1978, la loi n\u00b0 2004-801 du 6 ao\u00fbt 2004, l&rsquo;article L. 226-13 du Code p\u00e9nal et la Directive Europ\u00e9enne du 24 octobre 1995.<\/p><p>\u00c0 l&rsquo;occasion de l&rsquo;utilisation du site https:\/\/grandouestfacades.fr, peuvent \u00eatre recueillies : l&rsquo;URL des liens par l&rsquo;interm\u00e9diaire desquels l&rsquo;utilisateur a acc\u00e9d\u00e9 au site https:\/\/grandouestfacades.fr, le fournisseur d&rsquo;acc\u00e8s de l&rsquo;utilisateur, l&rsquo;adresse de protocole Internet (IP) de l&rsquo;utilisateur.<\/p><p>En tout \u00e9tat de cause GOF GROUPE ne collecte des informations personnelles relatives \u00e0 l&rsquo;utilisateur que pour le besoin de certains services propos\u00e9s par le site https:\/\/grandouestfacades.fr. L&rsquo;utilisateur fournit ces informations en toute connaissance de cause, notamment lorsqu&rsquo;il proc\u00e8de par lui-m\u00eame \u00e0 leur saisie. Il est alors pr\u00e9cis\u00e9 \u00e0 l&rsquo;utilisateur du site https:\/\/grandouestfacades.fr l&rsquo;obligation ou non de fournir ces informations.<\/p><p>Conform\u00e9ment aux dispositions des articles 38 et suivants de la loi 78-17 du 6 janvier 1978 relative \u00e0 l&rsquo;informatique, aux fichiers et aux libert\u00e9s, tout utilisateur dispose d&rsquo;un droit d&rsquo;acc\u00e8s, de rectification et d&rsquo;opposition aux donn\u00e9es personnelles le concernant, en effectuant sa demande \u00e9crite et sign\u00e9e, accompagn\u00e9e d&rsquo;une copie du titre d&rsquo;identit\u00e9 avec signature du titulaire de la pi\u00e8ce, en pr\u00e9cisant l&rsquo;adresse \u00e0 laquelle la r\u00e9ponse doit \u00eatre envoy\u00e9e.<\/p><p>Aucune information personnelle de l&rsquo;utilisateur du site https:\/\/grandouestfacades.fr n&rsquo;est publi\u00e9e \u00e0 l&rsquo;insu de l&rsquo;utilisateur, \u00e9chang\u00e9e, transf\u00e9r\u00e9e, c\u00e9d\u00e9e ou vendue sur un support quelconque \u00e0 des tiers. Seule l&rsquo;hypoth\u00e8se du rachat de GOF GROUPE et de ses droits permettrait la transmission des dites informations \u00e0 l&rsquo;\u00e9ventuel acqu\u00e9reur qui serait \u00e0 son tour tenu de la m\u00eame obligation de conservation et de modification des donn\u00e9es vis \u00e0 vis de l&rsquo;utilisateur du site https:\/\/grandouestfacades.fr.<\/p><p>Les bases de donn\u00e9es sont prot\u00e9g\u00e9es par les dispositions de la loi du 1er juillet 1998 transposant la directive 96\/9 du 11 mars 1996 relative \u00e0 la protection juridique des bases de donn\u00e9es.<\/p><h2>8. Liens hypertextes et cookies<\/h2><p>Le site https:\/\/grandouestfacades.fr contient un certain nombre de liens hypertextes vers d&rsquo;autres sites, mis en place avec l&rsquo;autorisation de GOF GROUPE. Cependant, GOF GROUPE n&rsquo;a pas la possibilit\u00e9 de v\u00e9rifier le contenu des sites ainsi visit\u00e9s, et n&rsquo;assumera en cons\u00e9quence aucune responsabilit\u00e9 de ce fait.<\/p><p>La navigation sur le site https:\/\/grandouestfacades.fr est susceptible de provoquer l&rsquo;installation de cookie(s) sur l&rsquo;ordinateur de l&rsquo;utilisateur. Un cookie est un fichier de petite taille, qui ne permet pas l&rsquo;identification de l&rsquo;utilisateur, mais qui enregistre des informations relatives \u00e0 la navigation d&rsquo;un ordinateur sur un site. Les donn\u00e9es ainsi obtenues visent \u00e0 faciliter la navigation ult\u00e9rieure sur le site, et ont \u00e9galement vocation \u00e0 permettre diverses mesures de fr\u00e9quentation.<\/p><p>Le refus d&rsquo;installation d&rsquo;un cookie peut entra\u00eener l&rsquo;impossibilit\u00e9 d&rsquo;acc\u00e9der \u00e0 certains services. L&rsquo;utilisateur peut toutefois configurer son ordinateur de la mani\u00e8re suivante, pour refuser l&rsquo;installation des cookies :<\/p><h3>Configuration des cookies par navigateur :<\/h3><p><strong>Sous Internet Explorer :<\/strong> onglet outil (pictogramme en forme de rouage en haut \u00e0 droite) \/ options internet. Cliquez sur Confidentialit\u00e9 et choisissez Bloquer tous les cookies. Validez sur Ok.<\/p><p><strong>Sous Firefox :<\/strong> en haut de la fen\u00eatre du navigateur, cliquez sur le bouton Firefox, puis aller dans l&rsquo;onglet Options. Cliquer sur l&rsquo;onglet Vie priv\u00e9e. Param\u00e9trez les R\u00e8gles de conservation sur : utiliser les param\u00e8tres personnalis\u00e9s pour l&rsquo;historique. Enfin d\u00e9cochez-la pour d\u00e9sactiver les cookies.<\/p><p><strong>Sous Safari :<\/strong> Cliquez en haut \u00e0 droite du navigateur sur le pictogramme de menu (symbolis\u00e9 par un rouage). S\u00e9lectionnez Param\u00e8tres. Cliquez sur Afficher les param\u00e8tres avanc\u00e9s. Dans la section \u00ab\u00a0Confidentialit\u00e9\u00a0\u00bb, cliquez sur Param\u00e8tres de contenu. Dans la section \u00ab\u00a0Cookies\u00a0\u00bb, vous pouvez bloquer les cookies.<\/p><p><strong>Sous Chrome :<\/strong> Cliquez en haut \u00e0 droite du navigateur sur le pictogramme de menu (symbolis\u00e9 par trois lignes horizontales). S\u00e9lectionnez Param\u00e8tres. Cliquez sur Afficher les param\u00e8tres avanc\u00e9s. Dans la section \u00ab\u00a0Confidentialit\u00e9\u00a0\u00bb, cliquez sur pr\u00e9f\u00e9rences. Dans l&rsquo;onglet \u00ab\u00a0Confidentialit\u00e9\u00a0\u00bb, vous pouvez bloquer les cookies.<\/p><h2>9. Droit applicable et attribution de juridiction<\/h2><p>Tout litige en relation avec l&rsquo;utilisation du site https:\/\/grandouestfacades.fr est soumis au droit fran\u00e7ais. Il est fait attribution exclusive de juridiction aux tribunaux comp\u00e9tents de Vannes.<\/p><h2>10. Les principales lois concern\u00e9es<\/h2><p>Loi n\u00b0 78-17 du 6 janvier 1978, notamment modifi\u00e9e par la loi n\u00b0 2004-801 du 6 ao\u00fbt 2004 relative \u00e0 l&rsquo;informatique, aux fichiers et aux libert\u00e9s.<\/p><p>Loi n\u00b0 2004-575 du 21 juin 2004 pour la confiance dans l&rsquo;\u00e9conomie num\u00e9rique.<\/p><h2>11. Lexique<\/h2><p><strong>Utilisateur :<\/strong> Internaute se connectant, utilisant le site susnomm\u00e9.<\/p><p><strong>Informations personnelles :<\/strong> \u00ab les informations qui permettent, sous quelque forme que ce soit, directement ou non, l&rsquo;identification des personnes physiques auxquelles elles s&rsquo;appliquent \u00bb (article 4 de la loi n\u00b0 78-17 du 6 janvier 1978).<\/p>\t\t\t\t\t\t\t\t<\/div>\n\t\t\t\t<div class=\"elementor-element elementor-element-83d86a9 elementor-widget elementor-widget-spacer\" data-id=\"83d86a9\" data-element_type=\"widget\" data-e-type=\"widget\" data-widget_type=\"spacer.default\">\n\t\t\t\t\t\t\t<div class=\"elementor-spacer\">\n\t\t\t<div class=\"elementor-spacer-inner\"><\/div>\n\t\t<\/div>\n\t\t\t\t\t\t<\/div>\n\t\t\t\t<\/div>\n\t\t<div class=\"elementor-element elementor-element-bc3f54e e-con-full e-flex e-con e-child\" data-id=\"bc3f54e\" data-element_type=\"container\" data-e-type=\"container\">\n\t\t\t\t<div class=\"elementor-element elementor-element-888a2e1 elementor-widget elementor-widget-heading\" data-id=\"888a2e1\" data-element_type=\"widget\" data-e-type=\"widget\" data-widget_type=\"heading.default\">\n\t\t\t\t\t<h1 class=\"elementor-heading-title elementor-size-default\">Politique de Confidentialit\u00e9<\/h1>\t\t\t\t<\/div>\n\t\t\t\t<div class=\"elementor-element elementor-element-bf298f1 elementor-widget elementor-widget-text-editor\" data-id=\"bf298f1\" data-element_type=\"widget\" data-e-type=\"widget\" data-widget_type=\"text-editor.default\">\n\t\t\t\t\t\t\t\t\t<div><div class=\"grid-cols-1 grid gap-2.5 [&amp;_&gt;_*]:min-w-0 !gap-3.5\"><p class=\"whitespace-normal break-words\"><strong>Date d&rsquo;entr\u00e9e en vigueur le 04\/08\/2025<\/strong><\/p><p class=\"whitespace-normal break-words\">Cette politique de confidentialit\u00e9 d\u00e9crit les pratiques de GOF GROUPE (GRAND OUEST FACADES GROUPE), 12 PLACE DE L&rsquo;EGLISE, 56190 AMBON, Loire-Atlantique, France, email : <a class=\"underline\" href=\"mailto:reminiac@grandouestfacades.fr\">reminiac@grandouestfacades.fr<\/a>, concernant la collecte, l&rsquo;utilisation et la divulgation de vos informations que nous recueillons lorsque vous utilisez notre site web (<a class=\"underline\" href=\"https:\/\/grandouestfacades.fr\">https:\/\/grandouestfacades.fr<\/a>) (le \u00ab\u00a0Service\u00a0\u00bb). En acc\u00e9dant ou en utilisant le Service, vous consentez \u00e0 la collecte, \u00e0 l&rsquo;utilisation et \u00e0 la divulgation de vos informations conform\u00e9ment \u00e0 cette politique de confidentialit\u00e9. Si vous n&rsquo;y consentez pas, veuillez ne pas acc\u00e9der ou utiliser le Service.<\/p><p class=\"whitespace-normal break-words\">Nous pouvons modifier cette politique de confidentialit\u00e9 \u00e0 tout moment sans pr\u00e9avis et publierons la politique r\u00e9vis\u00e9e sur le Service. La politique r\u00e9vis\u00e9e entrera en vigueur 180 jours apr\u00e8s sa publication sur le Service et votre acc\u00e8s continu ou votre utilisation du Service apr\u00e8s cette date constituera votre acceptation de la politique r\u00e9vis\u00e9e. Nous vous recommandons donc de consulter r\u00e9guli\u00e8rement cette page.<\/p><h2 class=\"text-xl font-bold text-text-100 mt-1 -mb-0.5\">Informations que nous collectons<\/h2><p class=\"whitespace-normal break-words\">Nous collecterons et traiterons les informations personnelles suivantes vous concernant :<\/p><ul class=\"[&amp;:not(:last-child)_ul]:pb-1 [&amp;:not(:last-child)_ol]:pb-1 list-disc space-y-1.5 pl-7\"><li class=\"whitespace-normal break-words\"><strong>Nom<\/strong><\/li><li class=\"whitespace-normal break-words\"><strong>Email<\/strong><\/li><li class=\"whitespace-normal break-words\"><strong>T\u00e9l\u00e9phone<\/strong><\/li><li class=\"whitespace-normal break-words\"><strong>Adresse<\/strong><\/li><li class=\"whitespace-normal break-words\"><strong>Informations sur votre projet<\/strong> (type de travaux, localisation, etc.)<\/li><\/ul><h2 class=\"text-xl font-bold text-text-100 mt-1 -mb-0.5\">Comment nous utilisons vos informations<\/h2><p class=\"whitespace-normal break-words\">Nous utiliserons les informations que nous collectons \u00e0 votre sujet aux fins suivantes :<\/p><ul class=\"[&amp;:not(:last-child)_ul]:pb-1 [&amp;:not(:last-child)_ol]:pb-1 list-disc space-y-1.5 pl-7\"><li class=\"whitespace-normal break-words\"><strong>Traitement des demandes de devis<\/strong><\/li><li class=\"whitespace-normal break-words\"><strong>Support client<\/strong><\/li><li class=\"whitespace-normal break-words\"><strong>Communication commerciale<\/strong> (avec votre consentement)<\/li><li class=\"whitespace-normal break-words\"><strong>Am\u00e9lioration de nos services<\/strong><\/li><li class=\"whitespace-normal break-words\"><strong>Respect de nos obligations l\u00e9gales<\/strong><\/li><\/ul><p class=\"whitespace-normal break-words\">Si nous souhaitons utiliser vos informations \u00e0 d&rsquo;autres fins, nous vous demanderons votre consentement et n&rsquo;utiliserons vos informations qu&rsquo;apr\u00e8s avoir re\u00e7u votre consentement et uniquement aux fins pour lesquelles vous avez donn\u00e9 votre consentement, sauf si la loi nous oblige \u00e0 faire autrement.<\/p><h2 class=\"text-xl font-bold text-text-100 mt-1 -mb-0.5\">Comment nous partageons vos informations<\/h2><p class=\"whitespace-normal break-words\">Nous ne transf\u00e9rerons pas vos informations personnelles \u00e0 des tiers sans votre consentement, sauf dans des circonstances limit\u00e9es d\u00e9crites ci-dessous :<\/p><ul class=\"[&amp;:not(:last-child)_ul]:pb-1 [&amp;:not(:last-child)_ol]:pb-1 list-disc space-y-1.5 pl-7\"><li class=\"whitespace-normal break-words\"><strong>Analyse et statistiques<\/strong><\/li><li class=\"whitespace-normal break-words\"><strong>Prestataires techniques<\/strong> (h\u00e9bergement, maintenance)<\/li><li class=\"whitespace-normal break-words\"><strong>Partenaires commerciaux<\/strong> (sous-traitants, fournisseurs) dans le cadre de l&rsquo;ex\u00e9cution de vos projets<\/li><\/ul><p class=\"whitespace-normal break-words\">Nous exigeons que ces tiers n&rsquo;utilisent les informations personnelles que nous leur transf\u00e9rons que dans le but pour lequel elles ont \u00e9t\u00e9 transf\u00e9r\u00e9es et qu&rsquo;ils ne les conservent pas plus longtemps que n\u00e9cessaire pour atteindre ce but.<\/p><p class=\"whitespace-normal break-words\">Nous pouvons \u00e9galement divulguer vos informations personnelles pour les raisons suivantes :<\/p><ol class=\"[&amp;:not(:last-child)_ul]:pb-1 [&amp;:not(:last-child)_ol]:pb-1 list-decimal space-y-1.5 pl-7\"><li class=\"whitespace-normal break-words\">Pour nous conformer aux lois, r\u00e9glementations, ordonnances judiciaires ou autres proc\u00e9dures l\u00e9gales applicables<\/li><li class=\"whitespace-normal break-words\">Pour faire respecter vos accords avec nous, y compris cette politique de confidentialit\u00e9<\/li><li class=\"whitespace-normal break-words\">Pour r\u00e9pondre aux r\u00e9clamations selon lesquelles votre utilisation du Service viole les droits d&rsquo;un tiers<\/li><\/ol><p class=\"whitespace-normal break-words\">Si le Service ou notre entreprise fusionne ou est acquis par une autre entreprise, vos informations feront partie des actifs transf\u00e9r\u00e9s au nouveau propri\u00e9taire.<\/p><h2 class=\"text-xl font-bold text-text-100 mt-1 -mb-0.5\">Conservation de vos informations<\/h2><p class=\"whitespace-normal break-words\">Nous conserverons vos informations personnelles pendant 3 ans apr\u00e8s votre derni\u00e8re interaction avec nos services ou aussi longtemps que nous en aurons besoin pour atteindre les objectifs pour lesquels elles ont \u00e9t\u00e9 collect\u00e9es, comme d\u00e9taill\u00e9 dans cette politique de confidentialit\u00e9. Nous pourrions avoir besoin de conserver certaines informations pendant des p\u00e9riodes plus longues pour des raisons de tenue de registres\/rapports conform\u00e9ment \u00e0 la loi applicable ou pour d&rsquo;autres raisons l\u00e9gitimes telles que l&rsquo;application des droits l\u00e9gaux, la pr\u00e9vention de la fraude, etc. Les informations anonymes r\u00e9siduelles et les informations agr\u00e9g\u00e9es, qui ne vous identifient pas (directement ou indirectement), peuvent \u00eatre stock\u00e9es ind\u00e9finiment.<\/p><h2 class=\"text-xl font-bold text-text-100 mt-1 -mb-0.5\">Vos droits<\/h2><p class=\"whitespace-normal break-words\">Selon la loi applicable, vous pouvez avoir le droit d&rsquo;acc\u00e9der \u00e0 vos donn\u00e9es personnelles, de les rectifier ou de les effacer, de recevoir une copie de vos donn\u00e9es personnelles, de restreindre ou de vous opposer au traitement actif de vos donn\u00e9es, de nous demander de partager (porter) vos informations personnelles \u00e0 une autre entit\u00e9, de retirer tout consentement que vous nous avez donn\u00e9 pour traiter vos donn\u00e9es, le droit de d\u00e9poser une plainte aupr\u00e8s d&rsquo;une autorit\u00e9 statutaire et tout autre droit pertinent en vertu des lois applicables.<\/p><p class=\"whitespace-normal break-words\">Pour exercer ces droits, vous pouvez nous \u00e9crire \u00e0 <strong><a class=\"underline\" href=\"mailto:reminiac@grandouestfacades.fr\">reminiac@grandouestfacades.fr<\/a><\/strong>. Nous r\u00e9pondrons \u00e0 votre demande conform\u00e9ment \u00e0 la loi applicable.<\/p><p class=\"whitespace-normal break-words\">Notez que si vous ne nous autorisez pas \u00e0 collecter ou \u00e0 traiter les informations personnelles requises ou si vous retirez le consentement de les traiter aux fins requises, vous ne pourrez peut-\u00eatre pas acc\u00e9der ou utiliser les services pour lesquels vos informations \u00e9taient demand\u00e9es.<\/p><h2 class=\"text-xl font-bold text-text-100 mt-1 -mb-0.5\">Cookies et technologies similaires<\/h2><p class=\"whitespace-normal break-words\">Pour en savoir plus sur la fa\u00e7on dont nous utilisons ces technologies de suivi et sur vos choix \u00e0 cet \u00e9gard, veuillez consulter notre section cookies dans nos mentions l\u00e9gales.<\/p><p class=\"whitespace-normal break-words\">La navigation sur notre site est susceptible de provoquer l&rsquo;installation de cookie(s) sur votre ordinateur. Un cookie est un fichier de petite taille qui enregistre des informations relatives \u00e0 la navigation d&rsquo;un utilisateur sur un site. Les donn\u00e9es ainsi obtenues permettent d&rsquo;obtenir des mesures de fr\u00e9quentation et d&rsquo;am\u00e9liorer votre exp\u00e9rience utilisateur.<\/p><p class=\"whitespace-normal break-words\">Vous avez la possibilit\u00e9 d&rsquo;accepter ou de refuser les cookies en modifiant les param\u00e8tres de votre navigateur. Aucun cookie ne sera d\u00e9pos\u00e9 sans votre consentement.<\/p><p class=\"whitespace-normal break-words\">Les cookies sont enregistr\u00e9s pour une dur\u00e9e maximale de 13 mois.<\/p><h2 class=\"text-xl font-bold text-text-100 mt-1 -mb-0.5\">S\u00e9curit\u00e9<\/h2><p class=\"whitespace-normal break-words\">La s\u00e9curit\u00e9 de vos informations est importante pour nous et nous utiliserons des mesures de s\u00e9curit\u00e9 raisonnables pour pr\u00e9venir la perte, l&rsquo;utilisation abusive ou l&rsquo;alt\u00e9ration non autoris\u00e9e de vos informations sous notre contr\u00f4le. Cependant, compte tenu des risques inh\u00e9rents, nous ne pouvons garantir une s\u00e9curit\u00e9 absolue et, par cons\u00e9quent, nous ne pouvons pas assurer ou garantir la s\u00e9curit\u00e9 de toute information que vous nous transmettez et vous le faites \u00e0 vos propres risques.<\/p><h2 class=\"text-xl font-bold text-text-100 mt-1 -mb-0.5\">Liens tiers et utilisation de vos informations<\/h2><p class=\"whitespace-normal break-words\">Notre Service peut contenir des liens vers d&rsquo;autres sites web qui ne sont pas exploit\u00e9s par nous. Cette politique de confidentialit\u00e9 ne traite pas de la politique de confidentialit\u00e9 et des autres pratiques de tiers, y compris tout tiers exploitant un site web ou un service accessible via un lien sur le Service. Nous vous conseillons vivement de consulter la politique de confidentialit\u00e9 de chaque site que vous visitez. Nous n&rsquo;avons aucun contr\u00f4le et n&rsquo;assumons aucune responsabilit\u00e9 quant au contenu, aux politiques de confidentialit\u00e9 ou aux pratiques des sites ou services tiers.<\/p><h2 class=\"text-xl font-bold text-text-100 mt-1 -mb-0.5\">R\u00e9clamation \/ Responsable de la protection des donn\u00e9es<\/h2><p class=\"whitespace-normal break-words\">Si vous avez des questions ou des pr\u00e9occupations concernant le traitement de vos informations dont nous disposons, vous pouvez envoyer un e-mail \u00e0 notre responsable des r\u00e9clamations \u00e0 :<\/p><p class=\"whitespace-normal break-words\"><strong>GOF GROUPE (GRAND OUEST FACADES GROUPE)<\/strong><br \/>12 PLACE DE L&rsquo;EGLISE<br \/>56190 AMBON<br \/>Email : <a class=\"underline\" href=\"mailto:reminiac@grandouestfacades.fr\">reminiac@grandouestfacades.fr<\/a><\/p><p class=\"whitespace-normal break-words\">Nous r\u00e9pondrons \u00e0 vos pr\u00e9occupations conform\u00e9ment \u00e0 la loi applicable.<\/p><h2 class=\"text-xl font-bold text-text-100 mt-1 -mb-0.5\">Contact<\/h2><p class=\"whitespace-normal break-words\">Pour toute question concernant cette politique de confidentialit\u00e9, vous pouvez nous contacter :<\/p><ul class=\"[&amp;:not(:last-child)_ul]:pb-1 [&amp;:not(:last-child)_ol]:pb-1 list-disc space-y-1.5 pl-7\"><li class=\"whitespace-normal break-words\"><strong>Email :<\/strong> <a class=\"underline\" href=\"mailto:reminiac@grandouestfacades.fr\">reminiac@grandouestfacades.fr<\/a><\/li><li class=\"whitespace-normal break-words\"><strong>Adresse :<\/strong> GOF GROUPE, 12 PLACE DE L&rsquo;EGLISE, 56190 AMBON<\/li><li class=\"whitespace-normal break-words\"><strong>Site web :<\/strong> <a class=\"underline\" href=\"https:\/\/grandouestfacades.fr\">https:\/\/grandouestfacades.fr<\/a><\/li><\/ul><\/div><\/div>\t\t\t\t\t\t\t\t<\/div>\n\t\t\t\t<div class=\"elementor-element elementor-element-41d808e elementor-widget elementor-widget-spacer\" data-id=\"41d808e\" data-element_type=\"widget\" data-e-type=\"widget\" data-widget_type=\"spacer.default\">\n\t\t\t\t\t\t\t<div class=\"elementor-spacer\">\n\t\t\t<div class=\"elementor-spacer-inner\"><\/div>\n\t\t<\/div>\n\t\t\t\t\t\t<\/div>\n\t\t\t\t<\/div>\n\t\t\t\t\t<\/div>\n\t\t\t\t<\/div>\n\t\t\t\t<\/div>\n\t\t","protected":false},"excerpt":{"rendered":"<p>Mentions L\u00e9gales &#8211; Grand Ouest Fa\u00e7ades 1. Pr\u00e9sentation du site En vertu de l&rsquo;article 6 de la loi n\u00b0 2004-575 du 21 juin 2004 pour la confiance dans l&rsquo;\u00e9conomie num\u00e9rique, il est pr\u00e9cis\u00e9 aux utilisateurs du site https:\/\/grandouestfacades.fr l&rsquo;identit\u00e9 des diff\u00e9rents intervenants dans le cadre de sa r\u00e9alisation et de son suivi : Propri\u00e9taire : [&hellip;]<\/p>\n","protected":false},"author":1,"featured_media":0,"parent":0,"menu_order":0,"comment_status":"closed","ping_status":"open","template":"","meta":{"footnotes":""},"class_list":["post-2825","page","type-page","status-publish","hentry"],"yoast_head":"<!-- This site is optimized with the Yoast SEO plugin v27.4 - https:\/\/yoast.com\/product\/yoast-seo-wordpress\/ -->\n<title>Mentions l\u00e9gales - Rennes - Grand Ouest Fa\u00e7ades<\/title>\n<meta name=\"robots\" content=\"index, follow, max-snippet:-1, max-image-preview:large, max-video-preview:-1\" \/>\n<link rel=\"canonical\" href=\"https:\/\/grandouestfacades.fr\/rennes\/mentions-legales\/\" \/>\n<meta property=\"og:locale\" content=\"fr_FR\" \/>\n<meta property=\"og:type\" content=\"article\" \/>\n<meta property=\"og:title\" content=\"Mentions l\u00e9gales - Rennes - Grand Ouest Fa\u00e7ades\" \/>\n<meta property=\"og:description\" content=\"Mentions L\u00e9gales &#8211; Grand Ouest Fa\u00e7ades 1. Pr\u00e9sentation du site En vertu de l&rsquo;article 6 de la loi n\u00b0 2004-575 du 21 juin 2004 pour la confiance dans l&rsquo;\u00e9conomie num\u00e9rique, il est pr\u00e9cis\u00e9 aux utilisateurs du site https:\/\/grandouestfacades.fr l&rsquo;identit\u00e9 des diff\u00e9rents intervenants dans le cadre de sa r\u00e9alisation et de son suivi : Propri\u00e9taire : [&hellip;]\" \/>\n<meta property=\"og:url\" content=\"https:\/\/grandouestfacades.fr\/rennes\/mentions-legales\/\" \/>\n<meta property=\"og:site_name\" content=\"Rennes - Grand Ouest Fa\u00e7ades\" \/>\n<meta property=\"article:modified_time\" content=\"2025-08-04T10:28:57+00:00\" \/>\n<meta name=\"twitter:card\" content=\"summary_large_image\" \/>\n<meta name=\"twitter:label1\" content=\"Dur\u00e9e de lecture estim\u00e9e\" \/>\n\t<meta name=\"twitter:data1\" content=\"13 minutes\" \/>\n<script type=\"application\/ld+json\" class=\"yoast-schema-graph\">{\"@context\":\"https:\\\/\\\/schema.org\",\"@graph\":[{\"@type\":\"WebPage\",\"@id\":\"https:\\\/\\\/grandouestfacades.fr\\\/rennes\\\/mentions-legales\\\/\",\"url\":\"https:\\\/\\\/grandouestfacades.fr\\\/rennes\\\/mentions-legales\\\/\",\"name\":\"Mentions l\u00e9gales - Rennes - Grand Ouest Fa\u00e7ades\",\"isPartOf\":{\"@id\":\"https:\\\/\\\/grandouestfacades.fr\\\/rennes\\\/#website\"},\"datePublished\":\"2025-06-23T13:15:16+00:00\",\"dateModified\":\"2025-08-04T10:28:57+00:00\",\"breadcrumb\":{\"@id\":\"https:\\\/\\\/grandouestfacades.fr\\\/rennes\\\/mentions-legales\\\/#breadcrumb\"},\"inLanguage\":\"fr-FR\",\"potentialAction\":[{\"@type\":\"ReadAction\",\"target\":[\"https:\\\/\\\/grandouestfacades.fr\\\/rennes\\\/mentions-legales\\\/\"]}]},{\"@type\":\"BreadcrumbList\",\"@id\":\"https:\\\/\\\/grandouestfacades.fr\\\/rennes\\\/mentions-legales\\\/#breadcrumb\",\"itemListElement\":[{\"@type\":\"ListItem\",\"position\":1,\"name\":\"Accueil\",\"item\":\"https:\\\/\\\/grandouestfacades.fr\\\/rennes\\\/\"},{\"@type\":\"ListItem\",\"position\":2,\"name\":\"Mentions l\u00e9gales\"}]},{\"@type\":\"WebSite\",\"@id\":\"https:\\\/\\\/grandouestfacades.fr\\\/rennes\\\/#website\",\"url\":\"https:\\\/\\\/grandouestfacades.fr\\\/rennes\\\/\",\"name\":\"La Baule - Grand Ouest Fa\u00e7ades\",\"description\":\"Votre fa\u00e7ade, comme neuve !\",\"publisher\":{\"@id\":\"https:\\\/\\\/grandouestfacades.fr\\\/rennes\\\/#organization\"},\"potentialAction\":[{\"@type\":\"SearchAction\",\"target\":{\"@type\":\"EntryPoint\",\"urlTemplate\":\"https:\\\/\\\/grandouestfacades.fr\\\/rennes\\\/?s={search_term_string}\"},\"query-input\":{\"@type\":\"PropertyValueSpecification\",\"valueRequired\":true,\"valueName\":\"search_term_string\"}}],\"inLanguage\":\"fr-FR\"},{\"@type\":\"Organization\",\"@id\":\"https:\\\/\\\/grandouestfacades.fr\\\/rennes\\\/#organization\",\"name\":\"Grand Ouest Fa\u00e7ades La Baule\",\"url\":\"https:\\\/\\\/grandouestfacades.fr\\\/rennes\\\/\",\"logo\":{\"@type\":\"ImageObject\",\"inLanguage\":\"fr-FR\",\"@id\":\"https:\\\/\\\/grandouestfacades.fr\\\/rennes\\\/#\\\/schema\\\/logo\\\/image\\\/\",\"url\":\"https:\\\/\\\/grandouestfacades.fr\\\/rennes\\\/wp-content\\\/uploads\\\/sites\\\/6\\\/2021\\\/09\\\/Logo_agence_sans_GO_La_Baule.png\",\"contentUrl\":\"https:\\\/\\\/grandouestfacades.fr\\\/rennes\\\/wp-content\\\/uploads\\\/sites\\\/6\\\/2021\\\/09\\\/Logo_agence_sans_GO_La_Baule.png\",\"width\":827,\"height\":265,\"caption\":\"Grand Ouest Fa\u00e7ades La Baule\"},\"image\":{\"@id\":\"https:\\\/\\\/grandouestfacades.fr\\\/rennes\\\/#\\\/schema\\\/logo\\\/image\\\/\"}}]}<\/script>\n<!-- \/ Yoast SEO plugin. -->","yoast_head_json":{"title":"Mentions l\u00e9gales - Rennes - Grand Ouest Fa\u00e7ades","robots":{"index":"index","follow":"follow","max-snippet":"max-snippet:-1","max-image-preview":"max-image-preview:large","max-video-preview":"max-video-preview:-1"},"canonical":"https:\/\/grandouestfacades.fr\/rennes\/mentions-legales\/","og_locale":"fr_FR","og_type":"article","og_title":"Mentions l\u00e9gales - Rennes - Grand Ouest Fa\u00e7ades","og_description":"Mentions L\u00e9gales &#8211; Grand Ouest Fa\u00e7ades 1. Pr\u00e9sentation du site En vertu de l&rsquo;article 6 de la loi n\u00b0 2004-575 du 21 juin 2004 pour la confiance dans l&rsquo;\u00e9conomie num\u00e9rique, il est pr\u00e9cis\u00e9 aux utilisateurs du site https:\/\/grandouestfacades.fr l&rsquo;identit\u00e9 des diff\u00e9rents intervenants dans le cadre de sa r\u00e9alisation et de son suivi : Propri\u00e9taire : [&hellip;]","og_url":"https:\/\/grandouestfacades.fr\/rennes\/mentions-legales\/","og_site_name":"Rennes - Grand Ouest Fa\u00e7ades","article_modified_time":"2025-08-04T10:28:57+00:00","twitter_card":"summary_large_image","twitter_misc":{"Dur\u00e9e de lecture estim\u00e9e":"13 minutes"},"schema":{"@context":"https:\/\/schema.org","@graph":[{"@type":"WebPage","@id":"https:\/\/grandouestfacades.fr\/rennes\/mentions-legales\/","url":"https:\/\/grandouestfacades.fr\/rennes\/mentions-legales\/","name":"Mentions l\u00e9gales - Rennes - Grand Ouest Fa\u00e7ades","isPartOf":{"@id":"https:\/\/grandouestfacades.fr\/rennes\/#website"},"datePublished":"2025-06-23T13:15:16+00:00","dateModified":"2025-08-04T10:28:57+00:00","breadcrumb":{"@id":"https:\/\/grandouestfacades.fr\/rennes\/mentions-legales\/#breadcrumb"},"inLanguage":"fr-FR","potentialAction":[{"@type":"ReadAction","target":["https:\/\/grandouestfacades.fr\/rennes\/mentions-legales\/"]}]},{"@type":"BreadcrumbList","@id":"https:\/\/grandouestfacades.fr\/rennes\/mentions-legales\/#breadcrumb","itemListElement":[{"@type":"ListItem","position":1,"name":"Accueil","item":"https:\/\/grandouestfacades.fr\/rennes\/"},{"@type":"ListItem","position":2,"name":"Mentions l\u00e9gales"}]},{"@type":"WebSite","@id":"https:\/\/grandouestfacades.fr\/rennes\/#website","url":"https:\/\/grandouestfacades.fr\/rennes\/","name":"La Baule - Grand Ouest Fa\u00e7ades","description":"Votre fa\u00e7ade, comme neuve !","publisher":{"@id":"https:\/\/grandouestfacades.fr\/rennes\/#organization"},"potentialAction":[{"@type":"SearchAction","target":{"@type":"EntryPoint","urlTemplate":"https:\/\/grandouestfacades.fr\/rennes\/?s={search_term_string}"},"query-input":{"@type":"PropertyValueSpecification","valueRequired":true,"valueName":"search_term_string"}}],"inLanguage":"fr-FR"},{"@type":"Organization","@id":"https:\/\/grandouestfacades.fr\/rennes\/#organization","name":"Grand Ouest Fa\u00e7ades La Baule","url":"https:\/\/grandouestfacades.fr\/rennes\/","logo":{"@type":"ImageObject","inLanguage":"fr-FR","@id":"https:\/\/grandouestfacades.fr\/rennes\/#\/schema\/logo\/image\/","url":"https:\/\/grandouestfacades.fr\/rennes\/wp-content\/uploads\/sites\/6\/2021\/09\/Logo_agence_sans_GO_La_Baule.png","contentUrl":"https:\/\/grandouestfacades.fr\/rennes\/wp-content\/uploads\/sites\/6\/2021\/09\/Logo_agence_sans_GO_La_Baule.png","width":827,"height":265,"caption":"Grand Ouest Fa\u00e7ades La Baule"},"image":{"@id":"https:\/\/grandouestfacades.fr\/rennes\/#\/schema\/logo\/image\/"}}]}},"_links":{"self":[{"href":"https:\/\/grandouestfacades.fr\/rennes\/wp-json\/wp\/v2\/pages\/2825","targetHints":{"allow":["GET"]}}],"collection":[{"href":"https:\/\/grandouestfacades.fr\/rennes\/wp-json\/wp\/v2\/pages"}],"about":[{"href":"https:\/\/grandouestfacades.fr\/rennes\/wp-json\/wp\/v2\/types\/page"}],"author":[{"embeddable":true,"href":"https:\/\/grandouestfacades.fr\/rennes\/wp-json\/wp\/v2\/users\/1"}],"replies":[{"embeddable":true,"href":"https:\/\/grandouestfacades.fr\/rennes\/wp-json\/wp\/v2\/comments?post=2825"}],"version-history":[{"count":7,"href":"https:\/\/grandouestfacades.fr\/rennes\/wp-json\/wp\/v2\/pages\/2825\/revisions"}],"predecessor-version":[{"id":4779,"href":"https:\/\/grandouestfacades.fr\/rennes\/wp-json\/wp\/v2\/pages\/2825\/revisions\/4779"}],"wp:attachment":[{"href":"https:\/\/grandouestfacades.fr\/rennes\/wp-json\/wp\/v2\/media?parent=2825"}],"curies":[{"name":"wp","href":"https:\/\/api.w.org\/{rel}","templated":true}]}}