{"id":3862,"date":"2025-06-23T15:15:16","date_gmt":"2025-06-23T13:15:16","guid":{"rendered":"https:\/\/grandouestfacades.fr\/rennes\/?page_id=3862"},"modified":"2025-07-08T15:48:08","modified_gmt":"2025-07-08T13:48:08","slug":"ravalement-de-facades","status":"publish","type":"page","link":"https:\/\/grandouestfacades.fr\/rennes\/ravalement-de-facades\/","title":{"rendered":"Ravalement de fa\u00e7ades"},"content":{"rendered":"\t\t<div data-elementor-type=\"wp-page\" data-elementor-id=\"3862\" class=\"elementor elementor-3862\" data-elementor-post-type=\"page\">\n\t\t\t\t<div class=\"elementor-element elementor-element-2452c0a e-flex e-con-boxed e-con e-parent\" data-id=\"2452c0a\" data-element_type=\"container\" data-e-type=\"container\" data-settings=\"{&quot;background_background&quot;:&quot;classic&quot;,&quot;shape_divider_bottom&quot;:&quot;triangle&quot;,&quot;shape_divider_bottom_negative&quot;:&quot;yes&quot;}\">\n\t\t\t\t\t<div class=\"e-con-inner\">\n\t\t\t\t<div class=\"elementor-shape elementor-shape-bottom\" aria-hidden=\"true\" data-negative=\"true\">\n\t\t\t<svg xmlns=\"http:\/\/www.w3.org\/2000\/svg\" viewBox=\"0 0 1000 100\" preserveAspectRatio=\"none\">\n\t<path class=\"elementor-shape-fill\" d=\"M500.2,94.7L0,0v100h1000V0L500.2,94.7z\"\/>\n<\/svg>\t\t<\/div>\n\t\t<div class=\"elementor-element elementor-element-0aaf1c4 e-con-full e-flex e-con e-child\" data-id=\"0aaf1c4\" data-element_type=\"container\" data-e-type=\"container\">\n\t\t\t\t<div class=\"elementor-element elementor-element-ceeb87c elementor-widget elementor-widget-heading\" data-id=\"ceeb87c\" data-element_type=\"widget\" data-e-type=\"widget\" data-widget_type=\"heading.default\">\n\t\t\t\t\t<h1 class=\"elementor-heading-title elementor-size-default\">Grand Ouest Fa\u00e7ades Rennes<br>\nRavalement de Fa\u00e7ades<\/h1>\t\t\t\t<\/div>\n\t\t\t\t<\/div>\n\t\t\t\t\t<\/div>\n\t\t\t\t<\/div>\n\t\t<div class=\"elementor-element elementor-element-7751396 e-flex e-con-boxed e-con e-parent\" data-id=\"7751396\" data-element_type=\"container\" data-e-type=\"container\">\n\t\t\t\t\t<div class=\"e-con-inner\">\n\t\t<div class=\"elementor-element elementor-element-9e2f904 e-con-full e-flex elementor-invisible e-con e-child\" data-id=\"9e2f904\" data-element_type=\"container\" data-e-type=\"container\" data-settings=\"{&quot;background_background&quot;:&quot;classic&quot;,&quot;animation&quot;:&quot;fadeInUp&quot;}\">\n\t\t<div class=\"elementor-element elementor-element-6338f11 e-con-full e-flex e-con e-child\" data-id=\"6338f11\" data-element_type=\"container\" data-e-type=\"container\">\n\t\t<div class=\"elementor-element elementor-element-52b0ad5 e-con-full e-flex e-con e-child\" data-id=\"52b0ad5\" data-element_type=\"container\" data-e-type=\"container\">\n\t\t\t\t<div class=\"elementor-element elementor-element-d91169d elementor-widget elementor-widget-image\" data-id=\"d91169d\" data-element_type=\"widget\" data-e-type=\"widget\" data-widget_type=\"image.default\">\n\t\t\t\t\t\t\t\t\t\t\t\t\t\t\t<img fetchpriority=\"high\" decoding=\"async\" width=\"287\" height=\"287\" src=\"https:\/\/grandouestfacades.fr\/rennes\/wp-content\/uploads\/sites\/6\/2020\/08\/picto_ravalement.png\" class=\"attachment-large size-large wp-image-41\" alt=\"picto_ravalement\" srcset=\"https:\/\/grandouestfacades.fr\/rennes\/wp-content\/uploads\/sites\/6\/2020\/08\/picto_ravalement.png 287w, https:\/\/grandouestfacades.fr\/rennes\/wp-content\/uploads\/sites\/6\/2020\/08\/picto_ravalement-150x150.png 150w\" sizes=\"(max-width: 287px) 100vw, 287px\" \/>\t\t\t\t\t\t\t\t\t\t\t\t\t\t\t<\/div>\n\t\t\t\t<\/div>\n\t\t\t\t<\/div>\n\t\t\t\t<div class=\"elementor-element elementor-element-531fe9b elementor-widget elementor-widget-text-editor\" data-id=\"531fe9b\" data-element_type=\"widget\" data-e-type=\"widget\" data-widget_type=\"text-editor.default\">\n\t\t\t\t\t\t\t\t\t<p class=\"whitespace-normal break-words\">Grand Ouest Fa\u00e7ades Rennes vous accompagne dans vos projets de r\u00e9novation de fa\u00e7ades et pignons. Solutions adapt\u00e9es au climat breton et aux sp\u00e9cificit\u00e9s urbaines.<\/p>\t\t\t\t\t\t\t\t<\/div>\n\t\t\t\t<\/div>\n\t\t\t\t\t<\/div>\n\t\t\t\t<\/div>\n\t\t<div class=\"elementor-element elementor-element-1c68e12 e-flex e-con-boxed e-con e-parent\" data-id=\"1c68e12\" data-element_type=\"container\" data-e-type=\"container\">\n\t\t\t\t\t<div class=\"e-con-inner\">\n\t\t<div class=\"elementor-element elementor-element-a9d237c e-flex e-con-boxed e-con e-child\" data-id=\"a9d237c\" data-element_type=\"container\" data-e-type=\"container\">\n\t\t\t\t\t<div class=\"e-con-inner\">\n\t\t<div class=\"elementor-element elementor-element-4d03f3f e-con-full e-flex e-con e-child\" data-id=\"4d03f3f\" data-element_type=\"container\" data-e-type=\"container\">\n\t\t<div class=\"elementor-element elementor-element-89adbed e-con-full e-flex e-con e-child\" data-id=\"89adbed\" data-element_type=\"container\" data-e-type=\"container\">\n\t\t\t\t<div class=\"elementor-element elementor-element-e5f1f84 elementor-widget elementor-widget-image\" data-id=\"e5f1f84\" data-element_type=\"widget\" data-e-type=\"widget\" data-widget_type=\"image.default\">\n\t\t\t\t\t\t\t\t\t\t\t\t\t\t\t<img decoding=\"async\" width=\"800\" height=\"383\" src=\"https:\/\/grandouestfacades.fr\/rennes\/wp-content\/uploads\/sites\/6\/2022\/12\/Sample_GOF_main_slider-2-1024x490-1.jpg\" class=\"attachment-large size-large wp-image-4313\" alt=\"\" srcset=\"https:\/\/grandouestfacades.fr\/rennes\/wp-content\/uploads\/sites\/6\/2022\/12\/Sample_GOF_main_slider-2-1024x490-1.jpg 1024w, https:\/\/grandouestfacades.fr\/rennes\/wp-content\/uploads\/sites\/6\/2022\/12\/Sample_GOF_main_slider-2-1024x490-1-300x144.jpg 300w, https:\/\/grandouestfacades.fr\/rennes\/wp-content\/uploads\/sites\/6\/2022\/12\/Sample_GOF_main_slider-2-1024x490-1-768x368.jpg 768w\" sizes=\"(max-width: 800px) 100vw, 800px\" \/>\t\t\t\t\t\t\t\t\t\t\t\t\t\t\t<\/div>\n\t\t\t\t<\/div>\n\t\t\t\t<\/div>\n\t\t<div class=\"elementor-element elementor-element-8f0ff3c e-con-full e-flex e-con e-child\" data-id=\"8f0ff3c\" data-element_type=\"container\" data-e-type=\"container\">\n\t\t<div class=\"elementor-element elementor-element-0887e2c e-con-full e-flex e-con e-child\" data-id=\"0887e2c\" data-element_type=\"container\" data-e-type=\"container\">\n\t\t\t\t<div class=\"elementor-element elementor-element-e8a440d elementor-widget elementor-widget-image\" data-id=\"e8a440d\" data-element_type=\"widget\" data-e-type=\"widget\" data-widget_type=\"image.default\">\n\t\t\t\t\t\t\t\t\t\t\t\t\t\t\t<img decoding=\"async\" src=\"https:\/\/grandouestfacades.fr\/rennes\/wp-content\/uploads\/sites\/6\/elementor\/thumbs\/20210610_121824-scaled-1-pxekvtfr0hqgsu4h9yl84vuajd6lorxiizg896pp5s-r7hwg47gbt57mvi7qeg3k66ea3ifnonig84s5m4za8.jpg\" title=\"20210610_121824-scaled-1-pxekvtfr0hqgsu4h9yl84vuajd6lorxiizg896pp5s\" alt=\"20210610_121824-scaled-1-pxekvtfr0hqgsu4h9yl84vuajd6lorxiizg896pp5s\" loading=\"lazy\" \/>\t\t\t\t\t\t\t\t\t\t\t\t\t\t\t<\/div>\n\t\t\t\t<\/div>\n\t\t<div class=\"elementor-element elementor-element-db18d87 e-con-full e-flex e-con e-child\" data-id=\"db18d87\" data-element_type=\"container\" data-e-type=\"container\">\n\t\t\t\t<div class=\"elementor-element elementor-element-2f17923 elementor-widget elementor-widget-image\" data-id=\"2f17923\" data-element_type=\"widget\" data-e-type=\"widget\" data-widget_type=\"image.default\">\n\t\t\t\t\t\t\t\t\t\t\t\t\t\t\t<img decoding=\"async\" src=\"https:\/\/grandouestfacades.fr\/rennes\/wp-content\/uploads\/sites\/6\/elementor\/thumbs\/SR-Production-5-pxekvpoe95lbie9xvwypuwsg5tp4tzil6guac2v9uo-r7hwg70ywb92lpe49xnz9ngs294jarypgm38lg0srk.jpg\" title=\"SR-Production-5-pxekvpoe95lbie9xvwypuwsg5tp4tzil6guac2v9uo\" alt=\"SR-Production-5-pxekvpoe95lbie9xvwypuwsg5tp4tzil6guac2v9uo\" loading=\"lazy\" \/>\t\t\t\t\t\t\t\t\t\t\t\t\t\t\t<\/div>\n\t\t\t\t<\/div>\n\t\t\t\t<\/div>\n\t\t<div class=\"elementor-element elementor-element-06ebcbe e-con-full e-flex e-con e-child\" data-id=\"06ebcbe\" data-element_type=\"container\" data-e-type=\"container\">\n\t\t\t\t<div class=\"elementor-element elementor-element-54d5f2b elementor-widget elementor-widget-heading\" data-id=\"54d5f2b\" data-element_type=\"widget\" data-e-type=\"widget\" data-widget_type=\"heading.default\">\n\t\t\t\t\t<h2 class=\"elementor-heading-title elementor-size-default\">Ravalement de fa\u00e7ades | Retrouvez l'\u00e9clat de votre fa\u00e7ade<\/h2>\t\t\t\t<\/div>\n\t\t\t\t<div class=\"elementor-element elementor-element-9ba1998 elementor-widget-divider--view-line elementor-widget elementor-widget-divider\" data-id=\"9ba1998\" data-element_type=\"widget\" data-e-type=\"widget\" data-widget_type=\"divider.default\">\n\t\t\t\t\t\t\t<div class=\"elementor-divider\">\n\t\t\t<span class=\"elementor-divider-separator\">\n\t\t\t\t\t\t<\/span>\n\t\t<\/div>\n\t\t\t\t\t\t<\/div>\n\t\t\t\t<\/div>\n\t\t<div class=\"elementor-element elementor-element-7b83ad6 e-con-full e-flex e-con e-child\" data-id=\"7b83ad6\" data-element_type=\"container\" data-e-type=\"container\">\n\t\t<div class=\"elementor-element elementor-element-3ee5bbb e-con-full e-flex e-con e-child\" data-id=\"3ee5bbb\" data-element_type=\"container\" data-e-type=\"container\">\n\t\t\t\t<div class=\"elementor-element elementor-element-9e3e47b elementor-widget elementor-widget-text-editor\" data-id=\"9e3e47b\" data-element_type=\"widget\" data-e-type=\"widget\" data-widget_type=\"text-editor.default\">\n\t\t\t\t\t\t\t\t\t<p class=\"whitespace-normal break-words\">Votre demeure vous tient \u00e0 c\u0153ur, elle repr\u00e9sente votre <strong>refuge familial<\/strong> et prot\u00e8ge vos proches. Situ\u00e9e dans la dynamique m\u00e9tropole rennaise ou dans les communes p\u00e9riph\u00e9riques de l&rsquo;Ille-et-Vilaine, votre habitation subit les assauts du <strong>climat breton<\/strong>. Les pluies fr\u00e9quentes, l&rsquo;humidit\u00e9 ambiante et les variations thermiques alt\u00e8rent progressivement l&rsquo;aspect de vos murs ext\u00e9rieurs.<\/p>\t\t\t\t\t\t\t\t<\/div>\n\t\t\t\t<\/div>\n\t\t<div class=\"elementor-element elementor-element-93b8386 e-con-full e-flex e-con e-child\" data-id=\"93b8386\" data-element_type=\"container\" data-e-type=\"container\">\n\t\t\t\t<div class=\"elementor-element elementor-element-187a942 elementor-widget elementor-widget-text-editor\" data-id=\"187a942\" data-element_type=\"widget\" data-e-type=\"widget\" data-widget_type=\"text-editor.default\">\n\t\t\t\t\t\t\t\t\t<p class=\"whitespace-normal break-words\">Excellente nouvelle ! Grand Ouest Fa\u00e7ades Rennes, <strong>sp\u00e9cialiste du ravalement de fa\u00e7ades<\/strong> et de la r\u00e9novation, vous guide et vous soutient pour pr\u00e9server votre habitation et lui redonner sa <strong>splendeur d&rsquo;origine<\/strong>. Notre intervention garantit \u00e0 vos murs une <strong>protection ext\u00e9rieure isolante<\/strong> performante, r\u00e9sistante et durable. Nos <strong>15 ann\u00e9es d&rsquo;exp\u00e9rience<\/strong> t\u00e9moignent de notre savoir-faire.<\/p>\t\t\t\t\t\t\t\t<\/div>\n\t\t\t\t<\/div>\n\t\t\t\t<\/div>\n\t\t<div class=\"elementor-element elementor-element-cb39e88 e-con-full e-flex e-con e-child\" data-id=\"cb39e88\" data-element_type=\"container\" data-e-type=\"container\">\n\t\t\t\t<div class=\"elementor-element elementor-element-c91235e elementor-widget elementor-widget-heading\" data-id=\"c91235e\" data-element_type=\"widget\" data-e-type=\"widget\" data-widget_type=\"heading.default\">\n\t\t\t\t\t<h3 class=\"elementor-heading-title elementor-size-default\">Notre savoir-faire technique r\u00e9pond \u00e0 toutes vos attentes :<\/h3>\t\t\t\t<\/div>\n\t\t<div class=\"elementor-element elementor-element-46635f4 e-con-full e-flex e-con e-child\" data-id=\"46635f4\" data-element_type=\"container\" data-e-type=\"container\">\n\t\t\t\t<div class=\"elementor-element elementor-element-35215a1 elementor-widget__width-initial elementor-widget-mobile__width-inherit elementor-icon-list--layout-traditional elementor-list-item-link-full_width elementor-widget elementor-widget-icon-list\" data-id=\"35215a1\" data-element_type=\"widget\" data-e-type=\"widget\" data-widget_type=\"icon-list.default\">\n\t\t\t\t\t\t\t<ul class=\"elementor-icon-list-items\">\n\t\t\t\t\t\t\t<li class=\"elementor-icon-list-item\">\n\t\t\t\t\t\t\t\t\t\t\t<span class=\"elementor-icon-list-icon\">\n\t\t\t\t\t\t\t<i aria-hidden=\"true\" class=\"fas fa-check\"><\/i>\t\t\t\t\t\t<\/span>\n\t\t\t\t\t\t\t\t\t\t<span class=\"elementor-icon-list-text\">Suppression des traces color\u00e9es (rouges, vertes, noires) pr\u00e9sentes sur vos murs ext\u00e9rieurs et pignons<\/span>\n\t\t\t\t\t\t\t\t\t<\/li>\n\t\t\t\t\t\t\t\t<li class=\"elementor-icon-list-item\">\n\t\t\t\t\t\t\t\t\t\t\t<span class=\"elementor-icon-list-icon\">\n\t\t\t\t\t\t\t<i aria-hidden=\"true\" class=\"fas fa-check\"><\/i>\t\t\t\t\t\t<\/span>\n\t\t\t\t\t\t\t\t\t\t<span class=\"elementor-icon-list-text\">Mise en peinture int\u00e9grale de vos surfaces ext\u00e9rieures et pignons<\/span>\n\t\t\t\t\t\t\t\t\t<\/li>\n\t\t\t\t\t\t\t\t<li class=\"elementor-icon-list-item\">\n\t\t\t\t\t\t\t\t\t\t\t<span class=\"elementor-icon-list-icon\">\n\t\t\t\t\t\t\t<i aria-hidden=\"true\" class=\"fas fa-check\"><\/i>\t\t\t\t\t\t<\/span>\n\t\t\t\t\t\t\t\t\t\t<span class=\"elementor-icon-list-text\">Pose de rev\u00eatements semi-\u00e9pais r\u00e9sine destin\u00e9s \u00e0 la r\u00e9paration des fissures<\/span>\n\t\t\t\t\t\t\t\t\t<\/li>\n\t\t\t\t\t\t<\/ul>\n\t\t\t\t\t\t<\/div>\n\t\t\t\t<div class=\"elementor-element elementor-element-331fe36 elementor-widget__width-initial elementor-widget-mobile__width-inherit elementor-icon-list--layout-traditional elementor-list-item-link-full_width elementor-widget elementor-widget-icon-list\" data-id=\"331fe36\" data-element_type=\"widget\" data-e-type=\"widget\" data-widget_type=\"icon-list.default\">\n\t\t\t\t\t\t\t<ul class=\"elementor-icon-list-items\">\n\t\t\t\t\t\t\t<li class=\"elementor-icon-list-item\">\n\t\t\t\t\t\t\t\t\t\t\t<span class=\"elementor-icon-list-icon\">\n\t\t\t\t\t\t\t<i aria-hidden=\"true\" class=\"fas fa-check\"><\/i>\t\t\t\t\t\t<\/span>\n\t\t\t\t\t\t\t\t\t\t<span class=\"elementor-icon-list-text\">Restauration des fa\u00e7ades et pignons gr\u00e2ce \u00e0 nos enduits d\u00e9coratifs<\/span>\n\t\t\t\t\t\t\t\t\t<\/li>\n\t\t\t\t\t\t\t\t<li class=\"elementor-icon-list-item\">\n\t\t\t\t\t\t\t\t\t\t\t<span class=\"elementor-icon-list-icon\">\n\t\t\t\t\t\t\t<i aria-hidden=\"true\" class=\"fas fa-check\"><\/i>\t\t\t\t\t\t<\/span>\n\t\t\t\t\t\t\t\t\t\t<span class=\"elementor-icon-list-text\">Reprise de vos enduits color\u00e9s dans la masse (application monocouche), etc.<\/span>\n\t\t\t\t\t\t\t\t\t<\/li>\n\t\t\t\t\t\t<\/ul>\n\t\t\t\t\t\t<\/div>\n\t\t\t\t<\/div>\n\t\t\t\t<\/div>\n\t\t<div class=\"elementor-element elementor-element-ccfc839 e-con-full e-flex e-con e-child\" data-id=\"ccfc839\" data-element_type=\"container\" data-e-type=\"container\">\n\t\t\t\t<div class=\"elementor-element elementor-element-76cf7b6 elementor-widget elementor-widget-heading\" data-id=\"76cf7b6\" data-element_type=\"widget\" data-e-type=\"widget\" data-widget_type=\"heading.default\">\n\t\t\t\t\t<h2 class=\"elementor-heading-title elementor-size-default\">Notre savoir-faire en ravalement au service d'une relation de confiance<\/h2>\t\t\t\t<\/div>\n\t\t\t\t<div class=\"elementor-element elementor-element-d97f6d4 elementor-widget-divider--view-line elementor-widget elementor-widget-divider\" data-id=\"d97f6d4\" data-element_type=\"widget\" data-e-type=\"widget\" data-widget_type=\"divider.default\">\n\t\t\t\t\t\t\t<div class=\"elementor-divider\">\n\t\t\t<span class=\"elementor-divider-separator\">\n\t\t\t\t\t\t<\/span>\n\t\t<\/div>\n\t\t\t\t\t\t<\/div>\n\t\t\t\t<\/div>\n\t\t<div class=\"elementor-element elementor-element-d9b6eee e-con-full e-flex e-con e-child\" data-id=\"d9b6eee\" data-element_type=\"container\" data-e-type=\"container\">\n\t\t<div class=\"elementor-element elementor-element-ed428dd e-con-full e-flex e-con e-child\" data-id=\"ed428dd\" data-element_type=\"container\" data-e-type=\"container\">\n\t\t\t\t<div class=\"elementor-element elementor-element-19ec545 elementor-widget elementor-widget-text-editor\" data-id=\"19ec545\" data-element_type=\"widget\" data-e-type=\"widget\" data-widget_type=\"text-editor.default\">\n\t\t\t\t\t\t\t\t\t<p class=\"whitespace-normal break-words\">Chez Grand Ouest Fa\u00e7ades, nous accordons une importance particuli\u00e8re \u00e0 votre implication. Il s&rsquo;agit de votre habitation, vous la connaissez mieux que quiconque. Vous participez au <strong>diagnostic<\/strong> et \u00e9changez avec un <strong>interlocuteur d\u00e9di\u00e9<\/strong> qui vous suit durant toute la dur\u00e9e des travaux de r\u00e9novation. Ainsi, il ma\u00eetrise parfaitement votre projet et vous renseigne imm\u00e9diatement.<\/p><p class=\"whitespace-normal break-words\">Il vous fait b\u00e9n\u00e9ficier de son <strong>expertise<\/strong>, lui accorderez-vous votre <strong>confiance<\/strong> ?<\/p><p class=\"whitespace-normal break-words\">Avec l&rsquo;honn\u00eatet\u00e9 et le respect, l&rsquo;authenticit\u00e9 de notre relation constitue les <strong>fondements solides et durables<\/strong> de notre entreprise et de vos travaux.<\/p><p class=\"whitespace-normal break-words\">Toute une \u00e9quipe se mobilise derri\u00e8re votre contact personnel pour multiplier les comp\u00e9tences. Nous travaillons en \u00e9troite collaboration avec nos fournisseurs pour vous offrir le meilleur et r\u00e9pondre parfaitement \u00e0 vos souhaits et exigences.<\/p>\t\t\t\t\t\t\t\t<\/div>\n\t\t\t\t<\/div>\n\t\t<div class=\"elementor-element elementor-element-df7c3e5 e-con-full e-flex e-con e-child\" data-id=\"df7c3e5\" data-element_type=\"container\" data-e-type=\"container\">\n\t\t\t\t<div class=\"elementor-element elementor-element-86e0a28 elementor-widget elementor-widget-image\" data-id=\"86e0a28\" data-element_type=\"widget\" data-e-type=\"widget\" data-widget_type=\"image.default\">\n\t\t\t\t\t\t\t\t\t\t\t\t\t\t\t<img decoding=\"async\" width=\"800\" height=\"600\" src=\"https:\/\/grandouestfacades.fr\/rennes\/wp-content\/uploads\/sites\/6\/2022\/12\/20210614_083530-scaled-1-1024x768-1.jpg\" class=\"attachment-large size-large wp-image-4315\" alt=\"\" srcset=\"https:\/\/grandouestfacades.fr\/rennes\/wp-content\/uploads\/sites\/6\/2022\/12\/20210614_083530-scaled-1-1024x768-1.jpg 1024w, https:\/\/grandouestfacades.fr\/rennes\/wp-content\/uploads\/sites\/6\/2022\/12\/20210614_083530-scaled-1-1024x768-1-300x225.jpg 300w, https:\/\/grandouestfacades.fr\/rennes\/wp-content\/uploads\/sites\/6\/2022\/12\/20210614_083530-scaled-1-1024x768-1-768x576.jpg 768w\" sizes=\"(max-width: 800px) 100vw, 800px\" \/>\t\t\t\t\t\t\t\t\t\t\t\t\t\t\t<\/div>\n\t\t\t\t<\/div>\n\t\t\t\t<\/div>\n\t\t<div class=\"elementor-element elementor-element-43c89c3 e-con-full e-flex e-con e-child\" data-id=\"43c89c3\" data-element_type=\"container\" data-e-type=\"container\">\n\t\t\t\t<div class=\"elementor-element elementor-element-2b7d1f3 elementor-widget elementor-widget-text-editor\" data-id=\"2b7d1f3\" data-element_type=\"widget\" data-e-type=\"widget\" data-widget_type=\"text-editor.default\">\n\t\t\t\t\t\t\t\t\t<p class=\"whitespace-normal break-words\">Lors d&rsquo;un rendez-vous d&rsquo;environ une heure trente, nous \u00e9tablissons ensemble un <strong>bilan visuel<\/strong> des d\u00e9sordres. Nous prenons les m\u00e9tr\u00e9s et dressons un <strong>diagnostic gratuit<\/strong> des murs ext\u00e9rieurs de votre demeure :<\/p>\t\t\t\t\t\t\t\t<\/div>\n\t\t\t\t<\/div>\n\t\t\t\t<div class=\"elementor-element elementor-element-3aa653c elementor-widget-mobile__width-inherit elementor-widget__width-initial elementor-icon-list--layout-traditional elementor-list-item-link-full_width elementor-widget elementor-widget-icon-list\" data-id=\"3aa653c\" data-element_type=\"widget\" data-e-type=\"widget\" data-widget_type=\"icon-list.default\">\n\t\t\t\t\t\t\t<ul class=\"elementor-icon-list-items\">\n\t\t\t\t\t\t\t<li class=\"elementor-icon-list-item\">\n\t\t\t\t\t\t\t\t\t\t\t<span class=\"elementor-icon-list-icon\">\n\t\t\t\t\t\t\t<i aria-hidden=\"true\" class=\"fas fa-check\"><\/i>\t\t\t\t\t\t<\/span>\n\t\t\t\t\t\t\t\t\t\t<span class=\"elementor-icon-list-text\">Fissures diverses, fissures \u00e9volutives, fissures de cisaillement, fissures p\u00e9n\u00e9trantes et transversales<\/span>\n\t\t\t\t\t\t\t\t\t<\/li>\n\t\t\t\t\t\t\t\t<li class=\"elementor-icon-list-item\">\n\t\t\t\t\t\t\t\t\t\t\t<span class=\"elementor-icon-list-icon\">\n\t\t\t\t\t\t\t<i aria-hidden=\"true\" class=\"fas fa-check\"><\/i>\t\t\t\t\t\t<\/span>\n\t\t\t\t\t\t\t\t\t\t<span class=\"elementor-icon-list-text\">Craquelures superficielles<\/span>\n\t\t\t\t\t\t\t\t\t<\/li>\n\t\t\t\t\t\t\t\t<li class=\"elementor-icon-list-item\">\n\t\t\t\t\t\t\t\t\t\t\t<span class=\"elementor-icon-list-icon\">\n\t\t\t\t\t\t\t<i aria-hidden=\"true\" class=\"fas fa-check\"><\/i>\t\t\t\t\t\t<\/span>\n\t\t\t\t\t\t\t\t\t\t<span class=\"elementor-icon-list-text\">D\u00e9veloppement de moisissures<\/span>\n\t\t\t\t\t\t\t\t\t<\/li>\n\t\t\t\t\t\t\t\t<li class=\"elementor-icon-list-item\">\n\t\t\t\t\t\t\t\t\t\t\t<span class=\"elementor-icon-list-icon\">\n\t\t\t\t\t\t\t<i aria-hidden=\"true\" class=\"fas fa-check\"><\/i>\t\t\t\t\t\t<\/span>\n\t\t\t\t\t\t\t\t\t\t<span class=\"elementor-icon-list-text\">Infiltrations par capillarit\u00e9, etc.<\/span>\n\t\t\t\t\t\t\t\t\t<\/li>\n\t\t\t\t\t\t<\/ul>\n\t\t\t\t\t\t<\/div>\n\t\t\t\t<div class=\"elementor-element elementor-element-3a31e0e elementor-widget elementor-widget-text-editor\" data-id=\"3a31e0e\" data-element_type=\"widget\" data-e-type=\"widget\" data-widget_type=\"text-editor.default\">\n\t\t\t\t\t\t\t\t\t<p class=\"whitespace-normal break-words\">Nous vous r\u00e9v\u00e9lons tout ! Notre priorit\u00e9, la <strong>clart\u00e9 et la transparence<\/strong> de notre chiffrage.<\/p><p class=\"whitespace-normal break-words\">Nous relevons toutes les dimensions utiles, et surtout, nous vous expliquons ce que nous observons, vous d\u00e9taillons chaque ligne du devis. Ainsi, vous b\u00e9n\u00e9ficiez d&rsquo;une <strong>expertise gratuite<\/strong>, comprenez exactement pourquoi, comment nous vous proposons d&rsquo;intervenir et avec quels mat\u00e9riaux. En effet, chaque type de d\u00e9sordre n\u00e9cessite une <strong>r\u00e9paration sp\u00e9cifique<\/strong> que seul un professionnel peut d\u00e9terminer.<\/p>\t\t\t\t\t\t\t\t<\/div>\n\t\t\t\t\t<\/div>\n\t\t\t\t<\/div>\n\t\t\t\t\t<\/div>\n\t\t\t\t<\/div>\n\t\t<div class=\"elementor-element elementor-element-5d38b0f e-flex e-con-boxed e-con e-parent\" data-id=\"5d38b0f\" data-element_type=\"container\" data-e-type=\"container\" data-settings=\"{&quot;background_background&quot;:&quot;classic&quot;}\">\n\t\t\t\t\t<div class=\"e-con-inner\">\n\t\t\t\t<div class=\"elementor-element elementor-element-983ff40 elementor-widget elementor-widget-heading\" data-id=\"983ff40\" data-element_type=\"widget\" data-e-type=\"widget\" data-widget_type=\"heading.default\">\n\t\t\t\t\t<h2 class=\"elementor-heading-title elementor-size-default\">Diagnostic gratuit<\/h2>\t\t\t\t<\/div>\n\t\t\t\t<div class=\"elementor-element elementor-element-8148031 elementor-widget-divider--view-line elementor-widget elementor-widget-divider\" data-id=\"8148031\" data-element_type=\"widget\" data-e-type=\"widget\" data-widget_type=\"divider.default\">\n\t\t\t\t\t\t\t<div class=\"elementor-divider\">\n\t\t\t<span class=\"elementor-divider-separator\">\n\t\t\t\t\t\t<\/span>\n\t\t<\/div>\n\t\t\t\t\t\t<\/div>\n\t\t\t\t<div class=\"elementor-element elementor-element-6b902ce elementor-widget elementor-widget-text-editor\" data-id=\"6b902ce\" data-element_type=\"widget\" data-e-type=\"widget\" data-widget_type=\"text-editor.default\">\n\t\t\t\t\t\t\t\t\t<p class=\"whitespace-normal break-words\">J&rsquo;obtiens une expertise gratuite, je prends contact avec mon agence locale<\/p>\t\t\t\t\t\t\t\t<\/div>\n\t\t\t\t<div class=\"elementor-element elementor-element-ad306ae elementor-align-center elementor-widget elementor-widget-button\" data-id=\"ad306ae\" data-element_type=\"widget\" data-e-type=\"widget\" data-widget_type=\"button.default\">\n\t\t\t\t\t\t\t\t\t\t<a class=\"elementor-button elementor-button-link elementor-size-sm\" href=\"https:\/\/grandouestfacades.fr\/rennes\/demande-de-devis-diagnostic-gratuit\/\">\n\t\t\t\t\t\t<span class=\"elementor-button-content-wrapper\">\n\t\t\t\t\t\t<span class=\"elementor-button-icon\">\n\t\t\t\t<i aria-hidden=\"true\" class=\"far fa-arrow-alt-circle-right\"><\/i>\t\t\t<\/span>\n\t\t\t\t\t\t\t\t\t<span class=\"elementor-button-text\">Joindre l'agence Grand Ouest Fa\u00e7ades Rennes<\/span>\n\t\t\t\t\t<\/span>\n\t\t\t\t\t<\/a>\n\t\t\t\t\t\t\t\t<\/div>\n\t\t\t\t\t<\/div>\n\t\t\t\t<\/div>\n\t\t<div class=\"elementor-element elementor-element-795d2e0 e-flex e-con-boxed e-con e-parent\" data-id=\"795d2e0\" data-element_type=\"container\" data-e-type=\"container\">\n\t\t\t\t\t<div class=\"e-con-inner\">\n\t\t<div class=\"elementor-element elementor-element-71b447b e-con-full e-flex e-con e-child\" data-id=\"71b447b\" data-element_type=\"container\" data-e-type=\"container\">\n\t\t<div class=\"elementor-element elementor-element-046c961 e-con-full e-flex e-con e-child\" data-id=\"046c961\" data-element_type=\"container\" data-e-type=\"container\">\n\t\t\t\t<div class=\"elementor-element elementor-element-8c38c86 elementor-widget elementor-widget-heading\" data-id=\"8c38c86\" data-element_type=\"widget\" data-e-type=\"widget\" data-widget_type=\"heading.default\">\n\t\t\t\t\t<h2 class=\"elementor-heading-title elementor-size-default\">Go marque exclusive | Peintures et rev\u00eatements professionnels haut de gamme\n<\/h2>\t\t\t\t<\/div>\n\t\t\t\t<div class=\"elementor-element elementor-element-c28a0be elementor-widget-divider--view-line elementor-widget elementor-widget-divider\" data-id=\"c28a0be\" data-element_type=\"widget\" data-e-type=\"widget\" data-widget_type=\"divider.default\">\n\t\t\t\t\t\t\t<div class=\"elementor-divider\">\n\t\t\t<span class=\"elementor-divider-separator\">\n\t\t\t\t\t\t<\/span>\n\t\t<\/div>\n\t\t\t\t\t\t<\/div>\n\t\t\t\t<\/div>\n\t\t<div class=\"elementor-element elementor-element-eb7c454 e-con-full e-flex e-con e-child\" data-id=\"eb7c454\" data-element_type=\"container\" data-e-type=\"container\">\n\t\t<div class=\"elementor-element elementor-element-6cdd488 e-con-full e-flex e-con e-child\" data-id=\"6cdd488\" data-element_type=\"container\" data-e-type=\"container\">\n\t\t\t\t<div class=\"elementor-element elementor-element-e32956c elementor-widget elementor-widget-text-editor\" data-id=\"e32956c\" data-element_type=\"widget\" data-e-type=\"widget\" data-widget_type=\"text-editor.default\">\n\t\t\t\t\t\t\t\t\t<p class=\"whitespace-normal break-words\">Pluies bretonnes, humidit\u00e9 persistante, vents et intemp\u00e9ries attaquent les murs de la r\u00e9gion rennaise et transportent des <strong>micro-organismes<\/strong> (algues, champignons, lichens) responsables des traces de moisissures ou de l&rsquo;impr\u00e9gnation d&rsquo;humidit\u00e9.<\/p>\t\t\t\t\t\t\t\t<\/div>\n\t\t\t\t<\/div>\n\t\t<div class=\"elementor-element elementor-element-03a6591 e-con-full e-flex e-con e-child\" data-id=\"03a6591\" data-element_type=\"container\" data-e-type=\"container\">\n\t\t\t\t<div class=\"elementor-element elementor-element-4b1e495 elementor-widget elementor-widget-text-editor\" data-id=\"4b1e495\" data-element_type=\"widget\" data-e-type=\"widget\" data-widget_type=\"text-editor.default\">\n\t\t\t\t\t\t\t\t\t<p class=\"whitespace-normal break-words\">Fissures, l\u00e9zardes, infiltrations par capillarit\u00e9, salissures, l&rsquo;ensemble de ces voies d&rsquo;acc\u00e8s facilitent la propagation de ces \u00e9l\u00e9ments nuisibles sur les fa\u00e7ades et pignons de votre bien immobilier, habitation individuelle, y compris accol\u00e9e. Riche de <strong>70 ans d&rsquo;exp\u00e9rience<\/strong>, notre collection professionnelle de peintures et rev\u00eatements <strong>Exclusive Go<\/strong> convient \u00e0 toutes les conditions climatiques, y compris les plus exigeantes.<\/p>\t\t\t\t\t\t\t\t<\/div>\n\t\t\t\t<\/div>\n\t\t\t\t<\/div>\n\t\t<div class=\"elementor-element elementor-element-da7a4b2 e-con-full e-flex e-con e-child\" data-id=\"da7a4b2\" data-element_type=\"container\" data-e-type=\"container\">\n\t\t\t\t<div class=\"elementor-element elementor-element-032a776 elementor-widget elementor-widget-heading\" data-id=\"032a776\" data-element_type=\"widget\" data-e-type=\"widget\" data-widget_type=\"heading.default\">\n\t\t\t\t\t<h3 class=\"elementor-heading-title elementor-size-default\">Nos peintures (notamment siloxane) associent les propri\u00e9t\u00e9s min\u00e9rales et organiques.<\/h3>\t\t\t\t<\/div>\n\t\t<div class=\"elementor-element elementor-element-7f8ccbf e-con-full e-flex e-con e-child\" data-id=\"7f8ccbf\" data-element_type=\"container\" data-e-type=\"container\">\n\t\t\t\t<div class=\"elementor-element elementor-element-c3d9375 elementor-widget__width-initial elementor-widget-mobile__width-inherit elementor-icon-list--layout-traditional elementor-list-item-link-full_width elementor-widget elementor-widget-icon-list\" data-id=\"c3d9375\" data-element_type=\"widget\" data-e-type=\"widget\" data-widget_type=\"icon-list.default\">\n\t\t\t\t\t\t\t<ul class=\"elementor-icon-list-items\">\n\t\t\t\t\t\t\t<li class=\"elementor-icon-list-item\">\n\t\t\t\t\t\t\t\t\t\t\t<span class=\"elementor-icon-list-icon\">\n\t\t\t\t\t\t\t<i aria-hidden=\"true\" class=\"fas fa-check\"><\/i>\t\t\t\t\t\t<\/span>\n\t\t\t\t\t\t\t\t\t\t<span class=\"elementor-icon-list-text\">Microporosit\u00e9<\/span>\n\t\t\t\t\t\t\t\t\t<\/li>\n\t\t\t\t\t\t\t\t<li class=\"elementor-icon-list-item\">\n\t\t\t\t\t\t\t\t\t\t\t<span class=\"elementor-icon-list-icon\">\n\t\t\t\t\t\t\t<i aria-hidden=\"true\" class=\"fas fa-check\"><\/i>\t\t\t\t\t\t<\/span>\n\t\t\t\t\t\t\t\t\t\t<span class=\"elementor-icon-list-text\">Caract\u00e8re hydrophobe (elle chasse l'eau)<\/span>\n\t\t\t\t\t\t\t\t\t<\/li>\n\t\t\t\t\t\t\t\t<li class=\"elementor-icon-list-item\">\n\t\t\t\t\t\t\t\t\t\t\t<span class=\"elementor-icon-list-icon\">\n\t\t\t\t\t\t\t<i aria-hidden=\"true\" class=\"fas fa-check\"><\/i>\t\t\t\t\t\t<\/span>\n\t\t\t\t\t\t\t\t\t\t<span class=\"elementor-icon-list-text\">Opacit\u00e9 renforc\u00e9e<\/span>\n\t\t\t\t\t\t\t\t\t<\/li>\n\t\t\t\t\t\t<\/ul>\n\t\t\t\t\t\t<\/div>\n\t\t\t\t<div class=\"elementor-element elementor-element-14a0109 elementor-widget__width-initial elementor-widget-mobile__width-inherit elementor-icon-list--layout-traditional elementor-list-item-link-full_width elementor-widget elementor-widget-icon-list\" data-id=\"14a0109\" data-element_type=\"widget\" data-e-type=\"widget\" data-widget_type=\"icon-list.default\">\n\t\t\t\t\t\t\t<ul class=\"elementor-icon-list-items\">\n\t\t\t\t\t\t\t<li class=\"elementor-icon-list-item\">\n\t\t\t\t\t\t\t\t\t\t\t<span class=\"elementor-icon-list-icon\">\n\t\t\t\t\t\t\t<i aria-hidden=\"true\" class=\"fas fa-check\"><\/i>\t\t\t\t\t\t<\/span>\n\t\t\t\t\t\t\t\t\t\t<span class=\"elementor-icon-list-text\">\u00c9tanch\u00e9it\u00e9<\/span>\n\t\t\t\t\t\t\t\t\t<\/li>\n\t\t\t\t\t\t\t\t<li class=\"elementor-icon-list-item\">\n\t\t\t\t\t\t\t\t\t\t\t<span class=\"elementor-icon-list-icon\">\n\t\t\t\t\t\t\t<i aria-hidden=\"true\" class=\"fas fa-check\"><\/i>\t\t\t\t\t\t<\/span>\n\t\t\t\t\t\t\t\t\t\t<span class=\"elementor-icon-list-text\">Propri\u00e9t\u00e9s hydrofuges (protection contre les intemp\u00e9ries)<\/span>\n\t\t\t\t\t\t\t\t\t<\/li>\n\t\t\t\t\t\t<\/ul>\n\t\t\t\t\t\t<\/div>\n\t\t\t\t<\/div>\n\t\t\t\t<\/div>\n\t\t<div class=\"elementor-element elementor-element-a87cdea e-con-full e-flex e-con e-child\" data-id=\"a87cdea\" data-element_type=\"container\" data-e-type=\"container\">\n\t\t\t\t<div class=\"elementor-element elementor-element-b528d7d elementor-widget elementor-widget-heading\" data-id=\"b528d7d\" data-element_type=\"widget\" data-e-type=\"widget\" data-widget_type=\"heading.default\">\n\t\t\t\t\t<h3 class=\"elementor-heading-title elementor-size-default\">Elle rassemble les propri\u00e9t\u00e9s indispensables \u00e0 une protection optimum en milieu humide :<\/h3>\t\t\t\t<\/div>\n\t\t<div class=\"elementor-element elementor-element-f5c0307 e-con-full e-flex e-con e-child\" data-id=\"f5c0307\" data-element_type=\"container\" data-e-type=\"container\">\n\t\t\t\t<div class=\"elementor-element elementor-element-d5c3432 elementor-widget__width-initial elementor-widget-mobile__width-inherit elementor-icon-list--layout-traditional elementor-list-item-link-full_width elementor-widget elementor-widget-icon-list\" data-id=\"d5c3432\" data-element_type=\"widget\" data-e-type=\"widget\" data-widget_type=\"icon-list.default\">\n\t\t\t\t\t\t\t<ul class=\"elementor-icon-list-items\">\n\t\t\t\t\t\t\t<li class=\"elementor-icon-list-item\">\n\t\t\t\t\t\t\t\t\t\t\t<span class=\"elementor-icon-list-icon\">\n\t\t\t\t\t\t\t<i aria-hidden=\"true\" class=\"fas fa-check\"><\/i>\t\t\t\t\t\t<\/span>\n\t\t\t\t\t\t\t\t\t\t<span class=\"elementor-icon-list-text\">Sa composition aqueuse lui conf\u00e8re une r\u00e9sistance au verdissement<\/span>\n\t\t\t\t\t\t\t\t\t<\/li>\n\t\t\t\t\t\t\t\t<li class=\"elementor-icon-list-item\">\n\t\t\t\t\t\t\t\t\t\t\t<span class=\"elementor-icon-list-icon\">\n\t\t\t\t\t\t\t<i aria-hidden=\"true\" class=\"fas fa-check\"><\/i>\t\t\t\t\t\t<\/span>\n\t\t\t\t\t\t\t\t\t\t<span class=\"elementor-icon-list-text\">Propri\u00e9t\u00e9s anti-moisissures<\/span>\n\t\t\t\t\t\t\t\t\t<\/li>\n\t\t\t\t\t\t\t\t<li class=\"elementor-icon-list-item\">\n\t\t\t\t\t\t\t\t\t\t\t<span class=\"elementor-icon-list-icon\">\n\t\t\t\t\t\t\t<i aria-hidden=\"true\" class=\"fas fa-check\"><\/i>\t\t\t\t\t\t<\/span>\n\t\t\t\t\t\t\t\t\t\t<span class=\"elementor-icon-list-text\">Elle dissimule les microfissures gr\u00e2ce \u00e0 sa souplesse<\/span>\n\t\t\t\t\t\t\t\t\t<\/li>\n\t\t\t\t\t\t\t\t<li class=\"elementor-icon-list-item\">\n\t\t\t\t\t\t\t\t\t\t\t<span class=\"elementor-icon-list-icon\">\n\t\t\t\t\t\t\t<i aria-hidden=\"true\" class=\"fas fa-check\"><\/i>\t\t\t\t\t\t<\/span>\n\t\t\t\t\t\t\t\t\t\t<span class=\"elementor-icon-list-text\">Sa coloration (blanche ou color\u00e9e) perdure dans le temps<\/span>\n\t\t\t\t\t\t\t\t\t<\/li>\n\t\t\t\t\t\t\t\t<li class=\"elementor-icon-list-item\">\n\t\t\t\t\t\t\t\t\t\t\t<span class=\"elementor-icon-list-icon\">\n\t\t\t\t\t\t\t<i aria-hidden=\"true\" class=\"fas fa-check\"><\/i>\t\t\t\t\t\t<\/span>\n\t\t\t\t\t\t\t\t\t\t<span class=\"elementor-icon-list-text\">Elle restaure et pr\u00e9serve<\/span>\n\t\t\t\t\t\t\t\t\t<\/li>\n\t\t\t\t\t\t<\/ul>\n\t\t\t\t\t\t<\/div>\n\t\t\t\t<div class=\"elementor-element elementor-element-0a2e6d8 elementor-widget__width-initial elementor-widget-mobile__width-inherit elementor-icon-list--layout-traditional elementor-list-item-link-full_width elementor-widget elementor-widget-icon-list\" data-id=\"0a2e6d8\" data-element_type=\"widget\" data-e-type=\"widget\" data-widget_type=\"icon-list.default\">\n\t\t\t\t\t\t\t<ul class=\"elementor-icon-list-items\">\n\t\t\t\t\t\t\t<li class=\"elementor-icon-list-item\">\n\t\t\t\t\t\t\t\t\t\t\t<span class=\"elementor-icon-list-icon\">\n\t\t\t\t\t\t\t<i aria-hidden=\"true\" class=\"fas fa-check\"><\/i>\t\t\t\t\t\t<\/span>\n\t\t\t\t\t\t\t\t\t\t<span class=\"elementor-icon-list-text\">Elle s'adapte \u00e0 tous supports (b\u00e9ton, enduit, mortier, briques, pl\u00e2tres, cr\u00e9pis, peinture)<\/span>\n\t\t\t\t\t\t\t\t\t<\/li>\n\t\t\t\t\t\t\t\t<li class=\"elementor-icon-list-item\">\n\t\t\t\t\t\t\t\t\t\t\t<span class=\"elementor-icon-list-icon\">\n\t\t\t\t\t\t\t<i aria-hidden=\"true\" class=\"fas fa-check\"><\/i>\t\t\t\t\t\t<\/span>\n\t\t\t\t\t\t\t\t\t\t<span class=\"elementor-icon-list-text\">Elle se d\u00e9cline en multiples teintes et convient aux nuances pierre ou blanches<\/span>\n\t\t\t\t\t\t\t\t\t<\/li>\n\t\t\t\t\t\t\t\t<li class=\"elementor-icon-list-item\">\n\t\t\t\t\t\t\t\t\t\t\t<span class=\"elementor-icon-list-icon\">\n\t\t\t\t\t\t\t<i aria-hidden=\"true\" class=\"fas fa-check\"><\/i>\t\t\t\t\t\t<\/span>\n\t\t\t\t\t\t\t\t\t\t<span class=\"elementor-icon-list-text\">Elle respecte la directive 2004\/42\/CE. Limite UE (Cat. A\/c) 40 g\/L \u2014 Maximum 30 g\/L de COV.<\/span>\n\t\t\t\t\t\t\t\t\t<\/li>\n\t\t\t\t\t\t<\/ul>\n\t\t\t\t\t\t<\/div>\n\t\t\t\t<\/div>\n\t\t\t\t<\/div>\n\t\t<div class=\"elementor-element elementor-element-7f4c77d e-con-full e-flex e-con e-child\" data-id=\"7f4c77d\" data-element_type=\"container\" data-e-type=\"container\">\n\t\t\t\t<div class=\"elementor-element elementor-element-a68e612 elementor-widget elementor-widget-heading\" data-id=\"a68e612\" data-element_type=\"widget\" data-e-type=\"widget\" data-widget_type=\"heading.default\">\n\t\t\t\t\t<h2 class=\"elementor-heading-title elementor-size-default\">Restauration | D\u00e9marche \u00e9coresponsable et solidaire<\/h2>\t\t\t\t<\/div>\n\t\t\t\t<div class=\"elementor-element elementor-element-3d8e3ba elementor-widget-divider--view-line elementor-widget elementor-widget-divider\" data-id=\"3d8e3ba\" data-element_type=\"widget\" data-e-type=\"widget\" data-widget_type=\"divider.default\">\n\t\t\t\t\t\t\t<div class=\"elementor-divider\">\n\t\t\t<span class=\"elementor-divider-separator\">\n\t\t\t\t\t\t<\/span>\n\t\t<\/div>\n\t\t\t\t\t\t<\/div>\n\t\t\t\t<\/div>\n\t\t<div class=\"elementor-element elementor-element-a8eaf26 e-con-full e-flex e-con e-child\" data-id=\"a8eaf26\" data-element_type=\"container\" data-e-type=\"container\">\n\t\t<div class=\"elementor-element elementor-element-69e71ff e-con-full e-flex e-con e-child\" data-id=\"69e71ff\" data-element_type=\"container\" data-e-type=\"container\">\n\t\t\t\t<div class=\"elementor-element elementor-element-14bf97a elementor-widget elementor-widget-image\" data-id=\"14bf97a\" data-element_type=\"widget\" data-e-type=\"widget\" data-widget_type=\"image.default\">\n\t\t\t\t\t\t\t\t\t\t\t\t\t\t\t<img loading=\"lazy\" decoding=\"async\" width=\"800\" height=\"473\" src=\"https:\/\/grandouestfacades.fr\/rennes\/wp-content\/uploads\/sites\/6\/2020\/08\/GO_-_logo_pour_fond_clair-1024x605.png\" class=\"attachment-large size-large wp-image-33\" alt=\"Marque Exclusive GO\" srcset=\"https:\/\/grandouestfacades.fr\/rennes\/wp-content\/uploads\/sites\/6\/2020\/08\/GO_-_logo_pour_fond_clair-1024x605.png 1024w, https:\/\/grandouestfacades.fr\/rennes\/wp-content\/uploads\/sites\/6\/2020\/08\/GO_-_logo_pour_fond_clair-300x177.png 300w, https:\/\/grandouestfacades.fr\/rennes\/wp-content\/uploads\/sites\/6\/2020\/08\/GO_-_logo_pour_fond_clair-768x454.png 768w, https:\/\/grandouestfacades.fr\/rennes\/wp-content\/uploads\/sites\/6\/2020\/08\/GO_-_logo_pour_fond_clair.png 1299w\" sizes=\"(max-width: 800px) 100vw, 800px\" \/>\t\t\t\t\t\t\t\t\t\t\t\t\t\t\t<\/div>\n\t\t\t\t<\/div>\n\t\t<div class=\"elementor-element elementor-element-1c2dbcc e-con-full e-flex e-con e-child\" data-id=\"1c2dbcc\" data-element_type=\"container\" data-e-type=\"container\">\n\t\t\t\t<div class=\"elementor-element elementor-element-ed5441c elementor-widget elementor-widget-text-editor\" data-id=\"ed5441c\" data-element_type=\"widget\" data-e-type=\"widget\" data-widget_type=\"text-editor.default\">\n\t\t\t\t\t\t\t\t\t<p class=\"whitespace-normal break-words\">Attentifs \u00e0 notre contribution pour la sauvegarde du <strong>paysage breton<\/strong> et de notre plan\u00e8te, nous employons exclusivement des <strong>peintures fran\u00e7aises \u00e9coresponsables<\/strong>. \u00c9labor\u00e9es avec un minimum de solvants et de polluants, elles participent \u00e0 la protection environnementale.<\/p><p class=\"whitespace-normal break-words\">Nous effectuons le tri de nos contenants et nous inscrivons dans une <strong>d\u00e9marche \u00e9thique et citoyenne<\/strong>. Souhaitez-vous nous consulter ? Contactez-nous ! Connaissez-vous nos programmes de parrainage ?<\/p><p class=\"whitespace-normal break-words\">L&rsquo;agence Grand Ouest Fa\u00e7ade de Rennes op\u00e8re sur l&rsquo;ensemble de la <strong>m\u00e9tropole rennaise<\/strong> et ses alentours, une demande de devis et nous intervenons pour un <strong>diagnostic gratuit<\/strong> concernant les travaux de ravalement, d&rsquo;isolation, de toiture ou humidit\u00e9 !<\/p>\t\t\t\t\t\t\t\t<\/div>\n\t\t\t\t<\/div>\n\t\t\t\t<\/div>\n\t\t\t\t<\/div>\n\t\t\t\t\t<\/div>\n\t\t\t\t<\/div>\n\t\t\t\t<\/div>\n\t\t","protected":false},"excerpt":{"rendered":"<p>Grand Ouest Fa\u00e7ades Rennes Ravalement de Fa\u00e7ades Grand Ouest Fa\u00e7ades Rennes vous accompagne dans vos projets de r\u00e9novation de fa\u00e7ades et pignons. Solutions adapt\u00e9es au climat breton et aux sp\u00e9cificit\u00e9s urbaines. Ravalement de fa\u00e7ades | Retrouvez l&rsquo;\u00e9clat de votre fa\u00e7ade Votre demeure vous tient \u00e0 c\u0153ur, elle repr\u00e9sente votre refuge familial et prot\u00e8ge vos proches. [&hellip;]<\/p>\n","protected":false},"author":3,"featured_media":0,"parent":0,"menu_order":0,"comment_status":"closed","ping_status":"closed","template":"elementor_header_footer","meta":{"footnotes":""},"class_list":["post-3862","page","type-page","status-publish","hentry"],"yoast_head":"<!-- This site is optimized with the Yoast SEO plugin v27.4 - https:\/\/yoast.com\/product\/yoast-seo-wordpress\/ -->\n<title>Grand Ouest Fa\u00e7ades \u00e0 Rennes | Ravalement de Fa\u00e7ades Rennes<\/title>\n<meta name=\"description\" content=\"Ravalement de Fa\u00e7ades | Grand Ouest Fa\u00e7ades Rennes vous conseille concernant r\u00e9novation de fa\u00e7ades et pignons.\" \/>\n<meta name=\"robots\" content=\"index, follow, max-snippet:-1, max-image-preview:large, max-video-preview:-1\" \/>\n<link rel=\"canonical\" href=\"https:\/\/grandouestfacades.fr\/rennes\/ravalement-de-facades\/\" \/>\n<meta property=\"og:locale\" content=\"fr_FR\" \/>\n<meta property=\"og:type\" content=\"article\" \/>\n<meta property=\"og:title\" content=\"Grand Ouest Fa\u00e7ades \u00e0 Rennes | Ravalement de Fa\u00e7ades Rennes\" \/>\n<meta property=\"og:description\" content=\"Ravalement de Fa\u00e7ades | Grand Ouest Fa\u00e7ades Rennes vous conseille concernant r\u00e9novation de fa\u00e7ades et pignons.\" \/>\n<meta property=\"og:url\" content=\"https:\/\/grandouestfacades.fr\/rennes\/ravalement-de-facades\/\" \/>\n<meta property=\"og:site_name\" content=\"Rennes - Grand Ouest Fa\u00e7ades\" \/>\n<meta property=\"article:modified_time\" content=\"2025-07-08T13:48:08+00:00\" \/>\n<meta property=\"og:image\" content=\"https:\/\/grandouestfacades.fr\/rennes\/wp-content\/uploads\/sites\/6\/2020\/08\/picto_ravalement.png\" \/>\n\t<meta property=\"og:image:width\" content=\"287\" \/>\n\t<meta property=\"og:image:height\" content=\"287\" \/>\n\t<meta property=\"og:image:type\" content=\"image\/png\" \/>\n<meta name=\"twitter:card\" content=\"summary_large_image\" \/>\n<meta name=\"twitter:label1\" content=\"Dur\u00e9e de lecture estim\u00e9e\" \/>\n\t<meta name=\"twitter:data1\" content=\"5 minutes\" \/>\n<script type=\"application\/ld+json\" class=\"yoast-schema-graph\">{\"@context\":\"https:\\\/\\\/schema.org\",\"@graph\":[{\"@type\":\"WebPage\",\"@id\":\"https:\\\/\\\/grandouestfacades.fr\\\/rennes\\\/ravalement-de-facades\\\/\",\"url\":\"https:\\\/\\\/grandouestfacades.fr\\\/rennes\\\/ravalement-de-facades\\\/\",\"name\":\"Grand Ouest Fa\u00e7ades \u00e0 Rennes | Ravalement de Fa\u00e7ades Rennes\",\"isPartOf\":{\"@id\":\"https:\\\/\\\/grandouestfacades.fr\\\/rennes\\\/#website\"},\"primaryImageOfPage\":{\"@id\":\"https:\\\/\\\/grandouestfacades.fr\\\/rennes\\\/ravalement-de-facades\\\/#primaryimage\"},\"image\":{\"@id\":\"https:\\\/\\\/grandouestfacades.fr\\\/rennes\\\/ravalement-de-facades\\\/#primaryimage\"},\"thumbnailUrl\":\"https:\\\/\\\/grandouestfacades.fr\\\/rennes\\\/wp-content\\\/uploads\\\/sites\\\/6\\\/2020\\\/08\\\/picto_ravalement.png\",\"datePublished\":\"2025-06-23T13:15:16+00:00\",\"dateModified\":\"2025-07-08T13:48:08+00:00\",\"description\":\"Ravalement de Fa\u00e7ades | Grand Ouest Fa\u00e7ades Rennes vous conseille concernant r\u00e9novation de fa\u00e7ades et pignons.\",\"breadcrumb\":{\"@id\":\"https:\\\/\\\/grandouestfacades.fr\\\/rennes\\\/ravalement-de-facades\\\/#breadcrumb\"},\"inLanguage\":\"fr-FR\",\"potentialAction\":[{\"@type\":\"ReadAction\",\"target\":[\"https:\\\/\\\/grandouestfacades.fr\\\/rennes\\\/ravalement-de-facades\\\/\"]}]},{\"@type\":\"ImageObject\",\"inLanguage\":\"fr-FR\",\"@id\":\"https:\\\/\\\/grandouestfacades.fr\\\/rennes\\\/ravalement-de-facades\\\/#primaryimage\",\"url\":\"https:\\\/\\\/grandouestfacades.fr\\\/rennes\\\/wp-content\\\/uploads\\\/sites\\\/6\\\/2020\\\/08\\\/picto_ravalement.png\",\"contentUrl\":\"https:\\\/\\\/grandouestfacades.fr\\\/rennes\\\/wp-content\\\/uploads\\\/sites\\\/6\\\/2020\\\/08\\\/picto_ravalement.png\",\"width\":287,\"height\":287,\"caption\":\"picto_ravalement\"},{\"@type\":\"BreadcrumbList\",\"@id\":\"https:\\\/\\\/grandouestfacades.fr\\\/rennes\\\/ravalement-de-facades\\\/#breadcrumb\",\"itemListElement\":[{\"@type\":\"ListItem\",\"position\":1,\"name\":\"Accueil\",\"item\":\"https:\\\/\\\/grandouestfacades.fr\\\/rennes\\\/\"},{\"@type\":\"ListItem\",\"position\":2,\"name\":\"Ravalement de fa\u00e7ades\"}]},{\"@type\":\"WebSite\",\"@id\":\"https:\\\/\\\/grandouestfacades.fr\\\/rennes\\\/#website\",\"url\":\"https:\\\/\\\/grandouestfacades.fr\\\/rennes\\\/\",\"name\":\"La Baule - Grand Ouest Fa\u00e7ades\",\"description\":\"Votre fa\u00e7ade, comme neuve !\",\"publisher\":{\"@id\":\"https:\\\/\\\/grandouestfacades.fr\\\/rennes\\\/#organization\"},\"potentialAction\":[{\"@type\":\"SearchAction\",\"target\":{\"@type\":\"EntryPoint\",\"urlTemplate\":\"https:\\\/\\\/grandouestfacades.fr\\\/rennes\\\/?s={search_term_string}\"},\"query-input\":{\"@type\":\"PropertyValueSpecification\",\"valueRequired\":true,\"valueName\":\"search_term_string\"}}],\"inLanguage\":\"fr-FR\"},{\"@type\":\"Organization\",\"@id\":\"https:\\\/\\\/grandouestfacades.fr\\\/rennes\\\/#organization\",\"name\":\"Grand Ouest Fa\u00e7ades La Baule\",\"url\":\"https:\\\/\\\/grandouestfacades.fr\\\/rennes\\\/\",\"logo\":{\"@type\":\"ImageObject\",\"inLanguage\":\"fr-FR\",\"@id\":\"https:\\\/\\\/grandouestfacades.fr\\\/rennes\\\/#\\\/schema\\\/logo\\\/image\\\/\",\"url\":\"https:\\\/\\\/grandouestfacades.fr\\\/rennes\\\/wp-content\\\/uploads\\\/sites\\\/6\\\/2021\\\/09\\\/Logo_agence_sans_GO_La_Baule.png\",\"contentUrl\":\"https:\\\/\\\/grandouestfacades.fr\\\/rennes\\\/wp-content\\\/uploads\\\/sites\\\/6\\\/2021\\\/09\\\/Logo_agence_sans_GO_La_Baule.png\",\"width\":827,\"height\":265,\"caption\":\"Grand Ouest Fa\u00e7ades La Baule\"},\"image\":{\"@id\":\"https:\\\/\\\/grandouestfacades.fr\\\/rennes\\\/#\\\/schema\\\/logo\\\/image\\\/\"}}]}<\/script>\n<!-- \/ Yoast SEO plugin. -->","yoast_head_json":{"title":"Grand Ouest Fa\u00e7ades \u00e0 Rennes | Ravalement de Fa\u00e7ades Rennes","description":"Ravalement de Fa\u00e7ades | Grand Ouest Fa\u00e7ades Rennes vous conseille concernant r\u00e9novation de fa\u00e7ades et pignons.","robots":{"index":"index","follow":"follow","max-snippet":"max-snippet:-1","max-image-preview":"max-image-preview:large","max-video-preview":"max-video-preview:-1"},"canonical":"https:\/\/grandouestfacades.fr\/rennes\/ravalement-de-facades\/","og_locale":"fr_FR","og_type":"article","og_title":"Grand Ouest Fa\u00e7ades \u00e0 Rennes | Ravalement de Fa\u00e7ades Rennes","og_description":"Ravalement de Fa\u00e7ades | Grand Ouest Fa\u00e7ades Rennes vous conseille concernant r\u00e9novation de fa\u00e7ades et pignons.","og_url":"https:\/\/grandouestfacades.fr\/rennes\/ravalement-de-facades\/","og_site_name":"Rennes - Grand Ouest Fa\u00e7ades","article_modified_time":"2025-07-08T13:48:08+00:00","og_image":[{"width":287,"height":287,"url":"https:\/\/grandouestfacades.fr\/rennes\/wp-content\/uploads\/sites\/6\/2020\/08\/picto_ravalement.png","type":"image\/png"}],"twitter_card":"summary_large_image","twitter_misc":{"Dur\u00e9e de lecture estim\u00e9e":"5 minutes"},"schema":{"@context":"https:\/\/schema.org","@graph":[{"@type":"WebPage","@id":"https:\/\/grandouestfacades.fr\/rennes\/ravalement-de-facades\/","url":"https:\/\/grandouestfacades.fr\/rennes\/ravalement-de-facades\/","name":"Grand Ouest Fa\u00e7ades \u00e0 Rennes | Ravalement de Fa\u00e7ades Rennes","isPartOf":{"@id":"https:\/\/grandouestfacades.fr\/rennes\/#website"},"primaryImageOfPage":{"@id":"https:\/\/grandouestfacades.fr\/rennes\/ravalement-de-facades\/#primaryimage"},"image":{"@id":"https:\/\/grandouestfacades.fr\/rennes\/ravalement-de-facades\/#primaryimage"},"thumbnailUrl":"https:\/\/grandouestfacades.fr\/rennes\/wp-content\/uploads\/sites\/6\/2020\/08\/picto_ravalement.png","datePublished":"2025-06-23T13:15:16+00:00","dateModified":"2025-07-08T13:48:08+00:00","description":"Ravalement de Fa\u00e7ades | Grand Ouest Fa\u00e7ades Rennes vous conseille concernant r\u00e9novation de fa\u00e7ades et pignons.","breadcrumb":{"@id":"https:\/\/grandouestfacades.fr\/rennes\/ravalement-de-facades\/#breadcrumb"},"inLanguage":"fr-FR","potentialAction":[{"@type":"ReadAction","target":["https:\/\/grandouestfacades.fr\/rennes\/ravalement-de-facades\/"]}]},{"@type":"ImageObject","inLanguage":"fr-FR","@id":"https:\/\/grandouestfacades.fr\/rennes\/ravalement-de-facades\/#primaryimage","url":"https:\/\/grandouestfacades.fr\/rennes\/wp-content\/uploads\/sites\/6\/2020\/08\/picto_ravalement.png","contentUrl":"https:\/\/grandouestfacades.fr\/rennes\/wp-content\/uploads\/sites\/6\/2020\/08\/picto_ravalement.png","width":287,"height":287,"caption":"picto_ravalement"},{"@type":"BreadcrumbList","@id":"https:\/\/grandouestfacades.fr\/rennes\/ravalement-de-facades\/#breadcrumb","itemListElement":[{"@type":"ListItem","position":1,"name":"Accueil","item":"https:\/\/grandouestfacades.fr\/rennes\/"},{"@type":"ListItem","position":2,"name":"Ravalement de fa\u00e7ades"}]},{"@type":"WebSite","@id":"https:\/\/grandouestfacades.fr\/rennes\/#website","url":"https:\/\/grandouestfacades.fr\/rennes\/","name":"La Baule - Grand Ouest Fa\u00e7ades","description":"Votre fa\u00e7ade, comme neuve !","publisher":{"@id":"https:\/\/grandouestfacades.fr\/rennes\/#organization"},"potentialAction":[{"@type":"SearchAction","target":{"@type":"EntryPoint","urlTemplate":"https:\/\/grandouestfacades.fr\/rennes\/?s={search_term_string}"},"query-input":{"@type":"PropertyValueSpecification","valueRequired":true,"valueName":"search_term_string"}}],"inLanguage":"fr-FR"},{"@type":"Organization","@id":"https:\/\/grandouestfacades.fr\/rennes\/#organization","name":"Grand Ouest Fa\u00e7ades La Baule","url":"https:\/\/grandouestfacades.fr\/rennes\/","logo":{"@type":"ImageObject","inLanguage":"fr-FR","@id":"https:\/\/grandouestfacades.fr\/rennes\/#\/schema\/logo\/image\/","url":"https:\/\/grandouestfacades.fr\/rennes\/wp-content\/uploads\/sites\/6\/2021\/09\/Logo_agence_sans_GO_La_Baule.png","contentUrl":"https:\/\/grandouestfacades.fr\/rennes\/wp-content\/uploads\/sites\/6\/2021\/09\/Logo_agence_sans_GO_La_Baule.png","width":827,"height":265,"caption":"Grand Ouest Fa\u00e7ades La Baule"},"image":{"@id":"https:\/\/grandouestfacades.fr\/rennes\/#\/schema\/logo\/image\/"}}]}},"_links":{"self":[{"href":"https:\/\/grandouestfacades.fr\/rennes\/wp-json\/wp\/v2\/pages\/3862","targetHints":{"allow":["GET"]}}],"collection":[{"href":"https:\/\/grandouestfacades.fr\/rennes\/wp-json\/wp\/v2\/pages"}],"about":[{"href":"https:\/\/grandouestfacades.fr\/rennes\/wp-json\/wp\/v2\/types\/page"}],"author":[{"embeddable":true,"href":"https:\/\/grandouestfacades.fr\/rennes\/wp-json\/wp\/v2\/users\/3"}],"replies":[{"embeddable":true,"href":"https:\/\/grandouestfacades.fr\/rennes\/wp-json\/wp\/v2\/comments?post=3862"}],"version-history":[{"count":59,"href":"https:\/\/grandouestfacades.fr\/rennes\/wp-json\/wp\/v2\/pages\/3862\/revisions"}],"predecessor-version":[{"id":4629,"href":"https:\/\/grandouestfacades.fr\/rennes\/wp-json\/wp\/v2\/pages\/3862\/revisions\/4629"}],"wp:attachment":[{"href":"https:\/\/grandouestfacades.fr\/rennes\/wp-json\/wp\/v2\/media?parent=3862"}],"curies":[{"name":"wp","href":"https:\/\/api.w.org\/{rel}","templated":true}]}}