{"id":3893,"date":"2025-06-23T15:15:16","date_gmt":"2025-06-23T13:15:16","guid":{"rendered":"https:\/\/grandouestfacades.fr\/rennes\/?page_id=3893"},"modified":"2025-07-08T17:06:17","modified_gmt":"2025-07-08T15:06:17","slug":"isolation-par-lexterieur","status":"publish","type":"page","link":"https:\/\/grandouestfacades.fr\/rennes\/isolation-par-lexterieur\/","title":{"rendered":"Isolation par l\u2019ext\u00e9rieur"},"content":{"rendered":"\t\t<div data-elementor-type=\"wp-page\" data-elementor-id=\"3893\" class=\"elementor elementor-3893\" data-elementor-post-type=\"page\">\n\t\t\t\t<div class=\"elementor-element elementor-element-1d448656 e-flex e-con-boxed e-con e-parent\" data-id=\"1d448656\" data-element_type=\"container\" data-e-type=\"container\" data-settings=\"{&quot;background_background&quot;:&quot;classic&quot;,&quot;shape_divider_bottom&quot;:&quot;triangle&quot;,&quot;shape_divider_bottom_negative&quot;:&quot;yes&quot;}\">\n\t\t\t\t\t<div class=\"e-con-inner\">\n\t\t\t\t<div class=\"elementor-shape elementor-shape-bottom\" aria-hidden=\"true\" data-negative=\"true\">\n\t\t\t<svg xmlns=\"http:\/\/www.w3.org\/2000\/svg\" viewBox=\"0 0 1000 100\" preserveAspectRatio=\"none\">\n\t<path class=\"elementor-shape-fill\" d=\"M500.2,94.7L0,0v100h1000V0L500.2,94.7z\"\/>\n<\/svg>\t\t<\/div>\n\t\t<div class=\"elementor-element elementor-element-42742321 e-con-full e-flex e-con e-child\" data-id=\"42742321\" data-element_type=\"container\" data-e-type=\"container\">\n\t\t\t\t<div class=\"elementor-element elementor-element-5fd29083 elementor-widget elementor-widget-heading\" data-id=\"5fd29083\" data-element_type=\"widget\" data-e-type=\"widget\" data-widget_type=\"heading.default\">\n\t\t\t\t\t<h1 class=\"elementor-heading-title elementor-size-default\">Grand Ouest Fa\u00e7ades Rennes<br>\nIsolation par l\u2019ext\u00e9rieur\n\n<\/h1>\t\t\t\t<\/div>\n\t\t\t\t<\/div>\n\t\t\t\t\t<\/div>\n\t\t\t\t<\/div>\n\t\t<div class=\"elementor-element elementor-element-71b7f854 e-flex e-con-boxed e-con e-parent\" data-id=\"71b7f854\" data-element_type=\"container\" data-e-type=\"container\">\n\t\t\t\t\t<div class=\"e-con-inner\">\n\t\t<div class=\"elementor-element elementor-element-2e7ce677 e-con-full e-flex elementor-invisible e-con e-child\" data-id=\"2e7ce677\" data-element_type=\"container\" data-e-type=\"container\" data-settings=\"{&quot;background_background&quot;:&quot;classic&quot;,&quot;animation&quot;:&quot;fadeInUp&quot;}\">\n\t\t<div class=\"elementor-element elementor-element-3936d474 e-con-full e-flex e-con e-child\" data-id=\"3936d474\" data-element_type=\"container\" data-e-type=\"container\">\n\t\t<div class=\"elementor-element elementor-element-48433925 e-con-full e-flex e-con e-child\" data-id=\"48433925\" data-element_type=\"container\" data-e-type=\"container\">\n\t\t\t\t<div class=\"elementor-element elementor-element-76ec643f elementor-widget elementor-widget-image\" data-id=\"76ec643f\" data-element_type=\"widget\" data-e-type=\"widget\" data-widget_type=\"image.default\">\n\t\t\t\t\t\t\t\t\t\t\t\t\t\t\t<img fetchpriority=\"high\" decoding=\"async\" width=\"287\" height=\"287\" src=\"https:\/\/grandouestfacades.fr\/rennes\/wp-content\/uploads\/sites\/6\/2020\/08\/picto_isolation.png\" class=\"attachment-large size-large wp-image-39\" alt=\"picto_isolation\" srcset=\"https:\/\/grandouestfacades.fr\/rennes\/wp-content\/uploads\/sites\/6\/2020\/08\/picto_isolation.png 287w, https:\/\/grandouestfacades.fr\/rennes\/wp-content\/uploads\/sites\/6\/2020\/08\/picto_isolation-150x150.png 150w\" sizes=\"(max-width: 287px) 100vw, 287px\" \/>\t\t\t\t\t\t\t\t\t\t\t\t\t\t\t<\/div>\n\t\t\t\t<\/div>\n\t\t\t\t<\/div>\n\t\t\t\t<div class=\"elementor-element elementor-element-4d1f672d elementor-widget elementor-widget-text-editor\" data-id=\"4d1f672d\" data-element_type=\"widget\" data-e-type=\"widget\" data-widget_type=\"text-editor.default\">\n\t\t\t\t\t\t\t\t\t<p class=\"whitespace-normal break-words\">Grand Ouest Fa\u00e7ades Rennes vous offre la solution la plus appropri\u00e9e pour pr\u00e9server votre habitation des d\u00e9perditions thermiques.<\/p>\t\t\t\t\t\t\t\t<\/div>\n\t\t\t\t<\/div>\n\t\t\t\t\t<\/div>\n\t\t\t\t<\/div>\n\t\t<div class=\"elementor-element elementor-element-4c10efbc e-flex e-con-boxed e-con e-parent\" data-id=\"4c10efbc\" data-element_type=\"container\" data-e-type=\"container\">\n\t\t\t\t\t<div class=\"e-con-inner\">\n\t\t<div class=\"elementor-element elementor-element-73fa43d8 e-flex e-con-boxed e-con e-child\" data-id=\"73fa43d8\" data-element_type=\"container\" data-e-type=\"container\">\n\t\t\t\t\t<div class=\"e-con-inner\">\n\t\t<div class=\"elementor-element elementor-element-69f9251c e-con-full e-flex e-con e-child\" data-id=\"69f9251c\" data-element_type=\"container\" data-e-type=\"container\">\n\t\t<div class=\"elementor-element elementor-element-817c13e e-con-full e-flex e-con e-child\" data-id=\"817c13e\" data-element_type=\"container\" data-e-type=\"container\">\n\t\t\t\t<div class=\"elementor-element elementor-element-3fd5ec7c elementor-widget elementor-widget-image\" data-id=\"3fd5ec7c\" data-element_type=\"widget\" data-e-type=\"widget\" data-widget_type=\"image.default\">\n\t\t\t\t\t\t\t\t\t\t\t\t\t\t\t<img decoding=\"async\" width=\"800\" height=\"445\" src=\"https:\/\/grandouestfacades.fr\/rennes\/wp-content\/uploads\/sites\/6\/2025\/07\/Isolation1.1-1024x570.webp\" class=\"attachment-large size-large wp-image-4656\" alt=\"\" srcset=\"https:\/\/grandouestfacades.fr\/rennes\/wp-content\/uploads\/sites\/6\/2025\/07\/Isolation1.1-1024x570.webp 1024w, https:\/\/grandouestfacades.fr\/rennes\/wp-content\/uploads\/sites\/6\/2025\/07\/Isolation1.1-300x167.webp 300w, https:\/\/grandouestfacades.fr\/rennes\/wp-content\/uploads\/sites\/6\/2025\/07\/Isolation1.1-768x427.webp 768w, https:\/\/grandouestfacades.fr\/rennes\/wp-content\/uploads\/sites\/6\/2025\/07\/Isolation1.1-1536x854.webp 1536w, https:\/\/grandouestfacades.fr\/rennes\/wp-content\/uploads\/sites\/6\/2025\/07\/Isolation1.1.webp 1920w\" sizes=\"(max-width: 800px) 100vw, 800px\" \/>\t\t\t\t\t\t\t\t\t\t\t\t\t\t\t<\/div>\n\t\t\t\t<\/div>\n\t\t\t\t<\/div>\n\t\t<div class=\"elementor-element elementor-element-4196d281 e-con-full e-flex e-con e-child\" data-id=\"4196d281\" data-element_type=\"container\" data-e-type=\"container\">\n\t\t<div class=\"elementor-element elementor-element-15c25a05 e-con-full e-flex e-con e-child\" data-id=\"15c25a05\" data-element_type=\"container\" data-e-type=\"container\">\n\t\t\t\t<div class=\"elementor-element elementor-element-33bb815c elementor-widget elementor-widget-image\" data-id=\"33bb815c\" data-element_type=\"widget\" data-e-type=\"widget\" data-widget_type=\"image.default\">\n\t\t\t\t\t\t\t\t\t\t\t\t\t\t\t<img decoding=\"async\" src=\"https:\/\/grandouestfacades.fr\/rennes\/wp-content\/uploads\/sites\/6\/elementor\/thumbs\/TESSIER-8-pxekvy4xynwwevxniimczcnliajfr9g67mpnnkiqao-r7hwg7yt35acxbcr4g2lu588nmzwih2fsqqq2pzelc.jpg\" title=\"TESSIER-8-pxekvy4xynwwevxniimczcnliajfr9g67mpnnkiqao\" alt=\"TESSIER-8-pxekvy4xynwwevxniimczcnliajfr9g67mpnnkiqao\" loading=\"lazy\" \/>\t\t\t\t\t\t\t\t\t\t\t\t\t\t\t<\/div>\n\t\t\t\t<\/div>\n\t\t<div class=\"elementor-element elementor-element-994496 e-con-full e-flex e-con e-child\" data-id=\"994496\" data-element_type=\"container\" data-e-type=\"container\">\n\t\t\t\t<div class=\"elementor-element elementor-element-67805bab elementor-widget elementor-widget-image\" data-id=\"67805bab\" data-element_type=\"widget\" data-e-type=\"widget\" data-widget_type=\"image.default\">\n\t\t\t\t\t\t\t\t\t\t\t\t\t\t\t<img decoding=\"async\" src=\"https:\/\/grandouestfacades.fr\/rennes\/wp-content\/uploads\/sites\/6\/elementor\/thumbs\/TESSIER-6-pxekvy4xynwwevxniimczcnliajfr9g67mpnnkiqao-r7hwg7yt35acxbcr4g2lu588nmzwih2fsqqq2pzelc.jpg\" title=\"TESSIER-6-pxekvy4xynwwevxniimczcnliajfr9g67mpnnkiqao\" alt=\"TESSIER-6-pxekvy4xynwwevxniimczcnliajfr9g67mpnnkiqao\" loading=\"lazy\" \/>\t\t\t\t\t\t\t\t\t\t\t\t\t\t\t<\/div>\n\t\t\t\t<\/div>\n\t\t\t\t<\/div>\n\t\t<div class=\"elementor-element elementor-element-309959 e-con-full e-flex e-con e-child\" data-id=\"309959\" data-element_type=\"container\" data-e-type=\"container\">\n\t\t\t\t<div class=\"elementor-element elementor-element-2ce71d85 elementor-widget elementor-widget-heading\" data-id=\"2ce71d85\" data-element_type=\"widget\" data-e-type=\"widget\" data-widget_type=\"heading.default\">\n\t\t\t\t\t<h2 class=\"elementor-heading-title elementor-size-default\">Isolation par l'ext\u00e9rieur | Pr\u00e9server sa demeure contre le froid<\/h2>\t\t\t\t<\/div>\n\t\t\t\t<div class=\"elementor-element elementor-element-e5f3eb7 elementor-widget-divider--view-line elementor-widget elementor-widget-divider\" data-id=\"e5f3eb7\" data-element_type=\"widget\" data-e-type=\"widget\" data-widget_type=\"divider.default\">\n\t\t\t\t\t\t\t<div class=\"elementor-divider\">\n\t\t\t<span class=\"elementor-divider-separator\">\n\t\t\t\t\t\t<\/span>\n\t\t<\/div>\n\t\t\t\t\t\t<\/div>\n\t\t\t\t<\/div>\n\t\t<div class=\"elementor-element elementor-element-30a05bbf e-con-full e-flex e-con e-child\" data-id=\"30a05bbf\" data-element_type=\"container\" data-e-type=\"container\">\n\t\t<div class=\"elementor-element elementor-element-fc5ea18 e-con-full e-flex e-con e-child\" data-id=\"fc5ea18\" data-element_type=\"container\" data-e-type=\"container\">\n\t\t\t\t<div class=\"elementor-element elementor-element-ce2fd58 elementor-widget elementor-widget-heading\" data-id=\"ce2fd58\" data-element_type=\"widget\" data-e-type=\"widget\" data-widget_type=\"heading.default\">\n\t\t\t\t\t<h3 class=\"elementor-heading-title elementor-size-default\">Pourquoi par l'ext\u00e9rieur ?<\/h3>\t\t\t\t<\/div>\n\t\t\t\t<div class=\"elementor-element elementor-element-3687784 elementor-widget elementor-widget-text-editor\" data-id=\"3687784\" data-element_type=\"widget\" data-e-type=\"widget\" data-widget_type=\"text-editor.default\">\n\t\t\t\t\t\t\t\t\t<p class=\"whitespace-normal break-words\">Voici quelques ann\u00e9es que votre demeure est \u00e9difi\u00e9e. Peut-\u00eatre appr\u00e9ciez-vous y organiser des r\u00e9unions familiales ou des d\u00eeners entre amis ? Seulement, vous avez beau chauffer, ajuster le thermostat de vos radiateurs ou de votre chaudi\u00e8re, faire une belle flamb\u00e9e, vous ressentez le froid. Plaids et boissons chaudes ne parviennent pas \u00e0 r\u00e9chauffer l&rsquo;atmosph\u00e8re et vous avez l&rsquo;impression que l&rsquo;air glacial ext\u00e9rieur p\u00e9n\u00e8tre chez vous sans obstacle. Vos <strong>factures d&rsquo;\u00e9nergie<\/strong> s&rsquo;envolent \u00e0 vue d&rsquo;\u0153il, pourtant la temp\u00e9rature int\u00e9rieure demeure trop basse et vous manquez de confort.<\/p>\t\t\t\t\t\t\t\t<\/div>\n\t\t\t\t<\/div>\n\t\t<div class=\"elementor-element elementor-element-4808a613 e-con-full e-flex e-con e-child\" data-id=\"4808a613\" data-element_type=\"container\" data-e-type=\"container\">\n\t\t\t\t<div class=\"elementor-element elementor-element-13b34695 elementor-widget elementor-widget-text-editor\" data-id=\"13b34695\" data-element_type=\"widget\" data-e-type=\"widget\" data-widget_type=\"text-editor.default\">\n\t\t\t\t\t\t\t\t\t<p class=\"whitespace-normal break-words\">Le <strong>climat rennais<\/strong> est de type oc\u00e9anique temp\u00e9r\u00e9. La ville conna\u00eet des pr\u00e9cipitations r\u00e9guli\u00e8res tout au long de l&rsquo;ann\u00e9e, avec des averses plus soutenues en automne et en hiver. Les temp\u00e9ratures moyennes oscillent de 3 \u00e0 8 degr\u00e9s Celsius en hiver et de 18 \u00e0 23 degr\u00e9s Celsius en \u00e9t\u00e9. Les vents dominants proviennent de l&rsquo;ouest et peuvent apporter des pluies bretonnes lorsqu&rsquo;ils sont soutenus. R\u00e9sider dans la <strong>m\u00e9tropole rennaise<\/strong>, c&rsquo;est un plaisir, un privil\u00e8ge, mais c&rsquo;est aussi une excellente raison de bien isoler sa maison.<\/p><p class=\"whitespace-normal break-words\">\u00c0 noter que les <strong>d\u00e9perditions de chaleur<\/strong> jouent un r\u00f4le d\u00e9terminant sur le r\u00e9chauffement climatique.<\/p>\t\t\t\t\t\t\t\t<\/div>\n\t\t\t\t<\/div>\n\t\t\t\t<\/div>\n\t\t<div class=\"elementor-element elementor-element-3ce4a435 e-con-full e-flex e-con e-child\" data-id=\"3ce4a435\" data-element_type=\"container\" data-e-type=\"container\">\n\t\t\t\t<div class=\"elementor-element elementor-element-c798e48 elementor-widget elementor-widget-heading\" data-id=\"c798e48\" data-element_type=\"widget\" data-e-type=\"widget\" data-widget_type=\"heading.default\">\n\t\t\t\t\t<h3 class=\"elementor-heading-title elementor-size-default\">V\u00e9rifiez-vous r\u00e9guli\u00e8rement l'isolation de vos murs ?<\/h3>\t\t\t\t<\/div>\n\t\t\t\t<div class=\"elementor-element elementor-element-907f3a2 elementor-widget elementor-widget-text-editor\" data-id=\"907f3a2\" data-element_type=\"widget\" data-e-type=\"widget\" data-widget_type=\"text-editor.default\">\n\t\t\t\t\t\t\t\t\t<p class=\"whitespace-normal break-words\">Avez-vous song\u00e9 \u00e0 v\u00e9rifier l&rsquo;isolation des parois ? <strong>25 % des pertes de chaleur<\/strong> passent par elles. D\u00e8s lors, deux solutions s&rsquo;offrent \u00e0 vous. Isoler par l&rsquo;ext\u00e9rieur ou par l&rsquo;int\u00e9rieur. L&rsquo;inconv\u00e9nient de cette derni\u00e8re solution est la <strong>r\u00e9duction de surface habitable<\/strong>. Comptez environ 15 cm d&rsquo;\u00e9paisseur, soit une diminution de votre espace de vie de quelque 5 %.<\/p><p><strong>L&rsquo;autre option<\/strong> ? L&rsquo;isolation de votre maison par <strong>l&rsquo;ext\u00e9rieur<\/strong> :<\/p>\t\t\t\t\t\t\t\t<\/div>\n\t\t<div class=\"elementor-element elementor-element-106b1efa e-con-full e-flex e-con e-child\" data-id=\"106b1efa\" data-element_type=\"container\" data-e-type=\"container\">\n\t\t\t\t<div class=\"elementor-element elementor-element-250c5270 elementor-widget__width-initial elementor-widget-mobile__width-inherit elementor-icon-list--layout-traditional elementor-list-item-link-full_width elementor-widget elementor-widget-icon-list\" data-id=\"250c5270\" data-element_type=\"widget\" data-e-type=\"widget\" data-widget_type=\"icon-list.default\">\n\t\t\t\t\t\t\t<ul class=\"elementor-icon-list-items\">\n\t\t\t\t\t\t\t<li class=\"elementor-icon-list-item\">\n\t\t\t\t\t\t\t\t\t\t\t<span class=\"elementor-icon-list-icon\">\n\t\t\t\t\t\t\t<i aria-hidden=\"true\" class=\"fas fa-check\"><\/i>\t\t\t\t\t\t<\/span>\n\t\t\t\t\t\t\t\t\t\t<span class=\"elementor-icon-list-text\">Vous maintenez la grandeur de vos pi\u00e8ces<\/span>\n\t\t\t\t\t\t\t\t\t<\/li>\n\t\t\t\t\t\t\t\t<li class=\"elementor-icon-list-item\">\n\t\t\t\t\t\t\t\t\t\t\t<span class=\"elementor-icon-list-icon\">\n\t\t\t\t\t\t\t<i aria-hidden=\"true\" class=\"fas fa-check\"><\/i>\t\t\t\t\t\t<\/span>\n\t\t\t\t\t\t\t\t\t\t<span class=\"elementor-icon-list-text\">Vous redonnez un nouvel \u00e9clat \u00e0 votre demeure<\/span>\n\t\t\t\t\t\t\t\t\t<\/li>\n\t\t\t\t\t\t\t\t<li class=\"elementor-icon-list-item\">\n\t\t\t\t\t\t\t\t\t\t\t<span class=\"elementor-icon-list-icon\">\n\t\t\t\t\t\t\t<i aria-hidden=\"true\" class=\"fas fa-check\"><\/i>\t\t\t\t\t\t<\/span>\n\t\t\t\t\t\t\t\t\t\t<span class=\"elementor-icon-list-text\">Vous gagnez imm\u00e9diatement en chaleur int\u00e9rieure et en confort de vie<\/span>\n\t\t\t\t\t\t\t\t\t<\/li>\n\t\t\t\t\t\t<\/ul>\n\t\t\t\t\t\t<\/div>\n\t\t\t\t<div class=\"elementor-element elementor-element-6708bb73 elementor-widget__width-initial elementor-widget-mobile__width-inherit elementor-icon-list--layout-traditional elementor-list-item-link-full_width elementor-widget elementor-widget-icon-list\" data-id=\"6708bb73\" data-element_type=\"widget\" data-e-type=\"widget\" data-widget_type=\"icon-list.default\">\n\t\t\t\t\t\t\t<ul class=\"elementor-icon-list-items\">\n\t\t\t\t\t\t\t<li class=\"elementor-icon-list-item\">\n\t\t\t\t\t\t\t\t\t\t\t<span class=\"elementor-icon-list-icon\">\n\t\t\t\t\t\t\t<i aria-hidden=\"true\" class=\"fas fa-check\"><\/i>\t\t\t\t\t\t<\/span>\n\t\t\t\t\t\t\t\t\t\t<span class=\"elementor-icon-list-text\">Vous r\u00e9duisez vos factures de 15 \u00e0 20 % selon l\u2019\u00e9tat actuel de vos murs ext\u00e9rieurs et l\u2019anciennet\u00e9 de votre pavillon (mitoyen ou isol\u00e9)<\/span>\n\t\t\t\t\t\t\t\t\t<\/li>\n\t\t\t\t\t\t\t\t<li class=\"elementor-icon-list-item\">\n\t\t\t\t\t\t\t\t\t\t\t<span class=\"elementor-icon-list-icon\">\n\t\t\t\t\t\t\t<i aria-hidden=\"true\" class=\"fas fa-check\"><\/i>\t\t\t\t\t\t<\/span>\n\t\t\t\t\t\t\t\t\t\t<span class=\"elementor-icon-list-text\">Vous augmentez la valeur de votre patrimoine.<\/span>\n\t\t\t\t\t\t\t\t\t<\/li>\n\t\t\t\t\t\t<\/ul>\n\t\t\t\t\t\t<\/div>\n\t\t\t\t<\/div>\n\t\t\t\t<div class=\"elementor-element elementor-element-eb751ab elementor-widget elementor-widget-text-editor\" data-id=\"eb751ab\" data-element_type=\"widget\" data-e-type=\"widget\" data-widget_type=\"text-editor.default\">\n\t\t\t\t\t\t\t\t\t<p class=\"whitespace-normal break-words\">Les parois font d\u00e9sormais barrage au froid. Vous profitez enfin de votre chauffage qu&rsquo;il soit \u00e9lectrique, au gaz, au fuel. Vos magnifiques flammes cocooning accompagnent vos longues soir\u00e9es d&rsquo;hiver par leur <strong>cr\u00e9pitement incessant<\/strong> et r\u00e9confortant.<\/p>\t\t\t\t\t\t\t\t<\/div>\n\t\t\t\t<\/div>\n\t\t<div class=\"elementor-element elementor-element-691a0d08 e-con-full e-flex e-con e-child\" data-id=\"691a0d08\" data-element_type=\"container\" data-e-type=\"container\">\n\t\t\t\t<div class=\"elementor-element elementor-element-4acdbca elementor-widget elementor-widget-heading\" data-id=\"4acdbca\" data-element_type=\"widget\" data-e-type=\"widget\" data-widget_type=\"heading.default\">\n\t\t\t\t\t<h3 class=\"elementor-heading-title elementor-size-default\">Un r\u00f4le de conseil et d'accompagnement<\/h3>\t\t\t\t<\/div>\n\t\t\t\t<div class=\"elementor-element elementor-element-42ab7201 elementor-widget elementor-widget-text-editor\" data-id=\"42ab7201\" data-element_type=\"widget\" data-e-type=\"widget\" data-widget_type=\"text-editor.default\">\n\t\t\t\t\t\t\t\t\t<p class=\"whitespace-normal break-words\">Grand Ouest Fa\u00e7ades, <strong>entreprise sp\u00e9cialis\u00e9e en isolation ext\u00e9rieure<\/strong>, vous guide dans votre projet. Notre expert se rend \u00e0 votre domicile pour \u00e9tablir un <strong>diagnostic de vos parois<\/strong>. Il vous explique ce qu&rsquo;il observe et vous d\u00e9taille les travaux propos\u00e9s dans le devis qu&rsquo;il vous pr\u00e9pare. Ainsi, vous savez exactement pourquoi telle m\u00e9thode est privil\u00e9gi\u00e9e. Votre contact reste votre <strong>seul interlocuteur<\/strong>. Il vous renseigne \u00e0 la moindre question, et ce, jusqu&rsquo;\u00e0 la fin de votre chantier.<\/p>\t\t\t\t\t\t\t\t<\/div>\n\t\t<div class=\"elementor-element elementor-element-eab4166 e-con-full e-flex e-con e-child\" data-id=\"eab4166\" data-element_type=\"container\" data-e-type=\"container\">\n\t\t\t\t<div class=\"elementor-element elementor-element-5202177 elementor-widget elementor-widget-heading\" data-id=\"5202177\" data-element_type=\"widget\" data-e-type=\"widget\" data-widget_type=\"heading.default\">\n\t\t\t\t\t<h2 class=\"elementor-heading-title elementor-size-default\">Meilleur isolant thermique pour les parois ext\u00e9rieures | Notre choix<\/h2>\t\t\t\t<\/div>\n\t\t\t\t<div class=\"elementor-element elementor-element-9e37d24 elementor-widget-divider--view-line elementor-widget elementor-widget-divider\" data-id=\"9e37d24\" data-element_type=\"widget\" data-e-type=\"widget\" data-widget_type=\"divider.default\">\n\t\t\t\t\t\t\t<div class=\"elementor-divider\">\n\t\t\t<span class=\"elementor-divider-separator\">\n\t\t\t\t\t\t<\/span>\n\t\t<\/div>\n\t\t\t\t\t\t<\/div>\n\t\t\t\t<\/div>\n\t\t\t\t<\/div>\n\t\t<div class=\"elementor-element elementor-element-2ab5991e e-con-full e-flex e-con e-child\" data-id=\"2ab5991e\" data-element_type=\"container\" data-e-type=\"container\">\n\t\t<div class=\"elementor-element elementor-element-134a7ae4 e-con-full e-flex e-con e-child\" data-id=\"134a7ae4\" data-element_type=\"container\" data-e-type=\"container\">\n\t\t\t\t<div class=\"elementor-element elementor-element-9187b06 elementor-widget elementor-widget-text-editor\" data-id=\"9187b06\" data-element_type=\"widget\" data-e-type=\"widget\" data-widget_type=\"text-editor.default\">\n\t\t\t\t\t\t\t\t\t<p class=\"whitespace-normal break-words\">Pour redonner \u00e0 votre maison une <strong>temp\u00e9rature int\u00e9rieure id\u00e9ale<\/strong>, nous utilisons, chez Grand Ouest Fa\u00e7ades Rennes, <strong>Theotherm<\/strong> la premi\u00e8re peinture certifi\u00e9e confort thermique iso 8301. Pourquoi ?<\/p><p class=\"whitespace-normal break-words\"><strong>Elle vous permet de :<\/strong><\/p>\t\t\t\t\t\t\t\t<\/div>\n\t\t\t\t<div class=\"elementor-element elementor-element-351563e9 elementor-widget__width-initial elementor-widget-mobile__width-inherit elementor-icon-list--layout-traditional elementor-list-item-link-full_width elementor-widget elementor-widget-icon-list\" data-id=\"351563e9\" data-element_type=\"widget\" data-e-type=\"widget\" data-widget_type=\"icon-list.default\">\n\t\t\t\t\t\t\t<ul class=\"elementor-icon-list-items\">\n\t\t\t\t\t\t\t<li class=\"elementor-icon-list-item\">\n\t\t\t\t\t\t\t\t\t\t\t<span class=\"elementor-icon-list-icon\">\n\t\t\t\t\t\t\t<i aria-hidden=\"true\" class=\"fas fa-check\"><\/i>\t\t\t\t\t\t<\/span>\n\t\t\t\t\t\t\t\t\t\t<span class=\"elementor-icon-list-text\">R\u00e9duire votre consommation d'\u00e9nergie soit une \u00e9conomie financi\u00e8re<\/span>\n\t\t\t\t\t\t\t\t\t<\/li>\n\t\t\t\t\t\t\t\t<li class=\"elementor-icon-list-item\">\n\t\t\t\t\t\t\t\t\t\t\t<span class=\"elementor-icon-list-icon\">\n\t\t\t\t\t\t\t<i aria-hidden=\"true\" class=\"fas fa-check\"><\/i>\t\t\t\t\t\t<\/span>\n\t\t\t\t\t\t\t\t\t\t<span class=\"elementor-icon-list-text\">Moins polluer<\/span>\n\t\t\t\t\t\t\t\t\t<\/li>\n\t\t\t\t\t\t\t\t<li class=\"elementor-icon-list-item\">\n\t\t\t\t\t\t\t\t\t\t\t<span class=\"elementor-icon-list-icon\">\n\t\t\t\t\t\t\t<i aria-hidden=\"true\" class=\"fas fa-check\"><\/i>\t\t\t\t\t\t<\/span>\n\t\t\t\t\t\t\t\t\t\t<span class=\"elementor-icon-list-text\">B\u00e9n\u00e9ficier d'une action longue dur\u00e9e (r\u00e9flexion des infrarouges)<\/span>\n\t\t\t\t\t\t\t\t\t<\/li>\n\t\t\t\t\t\t\t\t<li class=\"elementor-icon-list-item\">\n\t\t\t\t\t\t\t\t\t\t\t<span class=\"elementor-icon-list-icon\">\n\t\t\t\t\t\t\t<i aria-hidden=\"true\" class=\"fas fa-check\"><\/i>\t\t\t\t\t\t<\/span>\n\t\t\t\t\t\t\t\t\t\t<span class=\"elementor-icon-list-text\">Garder votre surface habitable intacte<\/span>\n\t\t\t\t\t\t\t\t\t<\/li>\n\t\t\t\t\t\t\t\t<li class=\"elementor-icon-list-item\">\n\t\t\t\t\t\t\t\t\t\t\t<span class=\"elementor-icon-list-icon\">\n\t\t\t\t\t\t\t<i aria-hidden=\"true\" class=\"fas fa-check\"><\/i>\t\t\t\t\t\t<\/span>\n\t\t\t\t\t\t\t\t\t\t<span class=\"elementor-icon-list-text\">Ne pas vous soucier de l'adaptabilit\u00e9 : cette peinture convient \u00e0 tous types de construction (moderne, ancienne, r\u00e9nov\u00e9e, etc.)<\/span>\n\t\t\t\t\t\t\t\t\t<\/li>\n\t\t\t\t\t\t<\/ul>\n\t\t\t\t\t\t<\/div>\n\t\t\t\t<\/div>\n\t\t<div class=\"elementor-element elementor-element-7b9ae95b e-con-full e-flex e-con e-child\" data-id=\"7b9ae95b\" data-element_type=\"container\" data-e-type=\"container\">\n\t\t\t\t<div class=\"elementor-element elementor-element-2cd499c1 elementor-widget elementor-widget-image\" data-id=\"2cd499c1\" data-element_type=\"widget\" data-e-type=\"widget\" data-widget_type=\"image.default\">\n\t\t\t\t\t\t\t\t\t\t\t\t\t\t\t<img decoding=\"async\" src=\"https:\/\/grandouestfacades.fr\/rennes\/wp-content\/uploads\/sites\/6\/elementor\/thumbs\/isolation_GOF_2.1-r8gmsrvzgholeoftrb2wi79o3ly7ma6g40hudq63ik.webp\" title=\"isolation_GOF_2.1\" alt=\"isolation_GOF_2.1\" loading=\"lazy\" \/>\t\t\t\t\t\t\t\t\t\t\t\t\t\t\t<\/div>\n\t\t\t\t<\/div>\n\t\t\t\t<\/div>\n\t\t\t\t<div class=\"elementor-element elementor-element-3d2239de elementor-widget elementor-widget-text-editor\" data-id=\"3d2239de\" data-element_type=\"widget\" data-e-type=\"widget\" data-widget_type=\"text-editor.default\">\n\t\t\t\t\t\t\t\t\t<p class=\"whitespace-normal break-words\">Notre <strong>rev\u00eatement isolant<\/strong> agit sur deux leviers d&rsquo;am\u00e9lioration de confort : la conduction et le rayonnement.<\/p>\t\t\t\t\t\t\t\t<\/div>\n\t\t<div class=\"elementor-element elementor-element-b109490 e-con-full e-flex e-con e-child\" data-id=\"b109490\" data-element_type=\"container\" data-e-type=\"container\">\n\t\t<div class=\"elementor-element elementor-element-7a4a933 e-con-full e-flex e-con e-child\" data-id=\"7a4a933\" data-element_type=\"container\" data-e-type=\"container\">\n\t\t\t\t<div class=\"elementor-element elementor-element-f5475bb elementor-widget elementor-widget-heading\" data-id=\"f5475bb\" data-element_type=\"widget\" data-e-type=\"widget\" data-widget_type=\"heading.default\">\n\t\t\t\t\t<h3 class=\"elementor-heading-title elementor-size-default\">La conductivit\u00e9 thermique<\/h3>\t\t\t\t<\/div>\n\t\t\t\t<div class=\"elementor-element elementor-element-cbb5e88 elementor-widget elementor-widget-text-editor\" data-id=\"cbb5e88\" data-element_type=\"widget\" data-e-type=\"widget\" data-widget_type=\"text-editor.default\">\n\t\t\t\t\t\t\t\t\t<p class=\"whitespace-normal break-words\">Ce terme technique refl\u00e8te tout simplement la capacit\u00e9 des mat\u00e9riaux de vos parois \u00e0 transmettre la chaleur ou le froid. Plus la conductivit\u00e9 est faible, <strong>meilleure est l&rsquo;isolation<\/strong>. Notre peinture Theotherm r\u00e9duit cette conduction gr\u00e2ce \u00e0 sa structure poreuse qui respecte l&rsquo;hygrom\u00e9trie de vos cloisons.<\/p>\t\t\t\t\t\t\t\t<\/div>\n\t\t\t\t<\/div>\n\t\t<div class=\"elementor-element elementor-element-5799ff4 e-con-full e-flex e-con e-child\" data-id=\"5799ff4\" data-element_type=\"container\" data-e-type=\"container\">\n\t\t\t\t<div class=\"elementor-element elementor-element-ce8af72 elementor-widget elementor-widget-heading\" data-id=\"ce8af72\" data-element_type=\"widget\" data-e-type=\"widget\" data-widget_type=\"heading.default\">\n\t\t\t\t\t<h3 class=\"elementor-heading-title elementor-size-default\">Le rayonnement ou r\u00e9flexion des infrarouges<\/h3>\t\t\t\t<\/div>\n\t\t\t\t<div class=\"elementor-element elementor-element-487fb9a elementor-widget elementor-widget-text-editor\" data-id=\"487fb9a\" data-element_type=\"widget\" data-e-type=\"widget\" data-widget_type=\"text-editor.default\">\n\t\t\t\t\t\t\t\t\t<p class=\"whitespace-normal break-words\">Imaginez-vous install\u00e9 sur un banc face au soleil. Ses rayons vous enveloppent et r\u00e9chauffent l&rsquo;int\u00e9rieur de votre corps, car votre peau absorbe la chaleur. Votre casquette, elle, la renvoie et vous prot\u00e8ge. C&rsquo;est identique pour vos parois ! Si le rev\u00eatement <b>capte la chaleur des ultraviolets<\/b>, la temp\u00e9rature monte dans la maison. \u00c0 l&rsquo;inverse, s&rsquo;ils les r\u00e9fl\u00e9chissent, vos pi\u00e8ces restent froides.<\/p><p class=\"whitespace-normal break-words\">Les particules de notre peinture g\u00e8rent les infrarouges pour r\u00e9guler les \u00e9carts de temp\u00e9rature et am\u00e9liorer votre <strong>confort thermique<\/strong>.<\/p><p class=\"whitespace-normal break-words\">Ainsi, la peinture vous pr\u00e9serve du froid en hiver et du chaud en \u00e9t\u00e9.<\/p>\t\t\t\t\t\t\t\t<\/div>\n\t\t\t\t<\/div>\n\t\t\t\t<\/div>\n\t\t\t\t\t<\/div>\n\t\t\t\t<\/div>\n\t\t\t\t\t<\/div>\n\t\t\t\t<\/div>\n\t\t<div class=\"elementor-element elementor-element-6919276e e-flex e-con-boxed e-con e-parent\" data-id=\"6919276e\" data-element_type=\"container\" data-e-type=\"container\" data-settings=\"{&quot;background_background&quot;:&quot;classic&quot;}\">\n\t\t\t\t\t<div class=\"e-con-inner\">\n\t\t\t\t<div class=\"elementor-element elementor-element-2495f1dc elementor-widget elementor-widget-heading\" data-id=\"2495f1dc\" data-element_type=\"widget\" data-e-type=\"widget\" data-widget_type=\"heading.default\">\n\t\t\t\t\t<h2 class=\"elementor-heading-title elementor-size-default\">Expertise gratuite<\/h2>\t\t\t\t<\/div>\n\t\t\t\t<div class=\"elementor-element elementor-element-28cc5b79 elementor-widget-divider--view-line elementor-widget elementor-widget-divider\" data-id=\"28cc5b79\" data-element_type=\"widget\" data-e-type=\"widget\" data-widget_type=\"divider.default\">\n\t\t\t\t\t\t\t<div class=\"elementor-divider\">\n\t\t\t<span class=\"elementor-divider-separator\">\n\t\t\t\t\t\t<\/span>\n\t\t<\/div>\n\t\t\t\t\t\t<\/div>\n\t\t\t\t<div class=\"elementor-element elementor-element-16370d47 elementor-widget elementor-widget-text-editor\" data-id=\"16370d47\" data-element_type=\"widget\" data-e-type=\"widget\" data-widget_type=\"text-editor.default\">\n\t\t\t\t\t\t\t\t\t<p class=\"whitespace-normal break-words\">J&rsquo;obtiens une analyse gratuite, je sollicite mon agence locale<\/p>\t\t\t\t\t\t\t\t<\/div>\n\t\t\t\t<div class=\"elementor-element elementor-element-5e01aec3 elementor-align-center elementor-widget elementor-widget-button\" data-id=\"5e01aec3\" data-element_type=\"widget\" data-e-type=\"widget\" data-widget_type=\"button.default\">\n\t\t\t\t\t\t\t\t\t\t<a class=\"elementor-button elementor-button-link elementor-size-sm\" href=\"https:\/\/grandouestfacades.fr\/rennes\/demande-de-devis-diagnostic-gratuit\/\">\n\t\t\t\t\t\t<span class=\"elementor-button-content-wrapper\">\n\t\t\t\t\t\t<span class=\"elementor-button-icon\">\n\t\t\t\t<i aria-hidden=\"true\" class=\"far fa-arrow-alt-circle-right\"><\/i>\t\t\t<\/span>\n\t\t\t\t\t\t\t\t\t<span class=\"elementor-button-text\">Joindre l'agence Grand Ouest Fa\u00e7ades Rennes<\/span>\n\t\t\t\t\t<\/span>\n\t\t\t\t\t<\/a>\n\t\t\t\t\t\t\t\t<\/div>\n\t\t\t\t\t<\/div>\n\t\t\t\t<\/div>\n\t\t<div class=\"elementor-element elementor-element-44c0d4b4 e-flex e-con-boxed e-con e-parent\" data-id=\"44c0d4b4\" data-element_type=\"container\" data-e-type=\"container\">\n\t\t\t\t\t<div class=\"e-con-inner\">\n\t\t<div class=\"elementor-element elementor-element-1e97a3be e-con-full e-flex e-con e-child\" data-id=\"1e97a3be\" data-element_type=\"container\" data-e-type=\"container\">\n\t\t<div class=\"elementor-element elementor-element-175803df e-con-full e-flex e-con e-child\" data-id=\"175803df\" data-element_type=\"container\" data-e-type=\"container\">\n\t\t\t\t<div class=\"elementor-element elementor-element-7abfbb45 elementor-widget elementor-widget-heading\" data-id=\"7abfbb45\" data-element_type=\"widget\" data-e-type=\"widget\" data-widget_type=\"heading.default\">\n\t\t\t\t\t<h2 class=\"elementor-heading-title elementor-size-default\">Gains d'\u00e9nergie | Les gestes responsables<\/h2>\t\t\t\t<\/div>\n\t\t\t\t<div class=\"elementor-element elementor-element-13f669e1 elementor-widget-divider--view-line elementor-widget elementor-widget-divider\" data-id=\"13f669e1\" data-element_type=\"widget\" data-e-type=\"widget\" data-widget_type=\"divider.default\">\n\t\t\t\t\t\t\t<div class=\"elementor-divider\">\n\t\t\t<span class=\"elementor-divider-separator\">\n\t\t\t\t\t\t<\/span>\n\t\t<\/div>\n\t\t\t\t\t\t<\/div>\n\t\t\t\t<\/div>\n\t\t<div class=\"elementor-element elementor-element-147f2792 e-con-full e-flex e-con e-child\" data-id=\"147f2792\" data-element_type=\"container\" data-e-type=\"container\">\n\t\t<div class=\"elementor-element elementor-element-1f4fe7cd e-con-full e-flex e-con e-child\" data-id=\"1f4fe7cd\" data-element_type=\"container\" data-e-type=\"container\">\n\t\t\t\t<div class=\"elementor-element elementor-element-3ef89c2d elementor-widget elementor-widget-heading\" data-id=\"3ef89c2d\" data-element_type=\"widget\" data-e-type=\"widget\" data-widget_type=\"heading.default\">\n\t\t\t\t\t<h3 class=\"elementor-heading-title elementor-size-default\">Une Isolation \u00e9coresponsable<\/h3>\t\t\t\t<\/div>\n\t\t\t\t<div class=\"elementor-element elementor-element-3ce3a5db elementor-widget elementor-widget-text-editor\" data-id=\"3ce3a5db\" data-element_type=\"widget\" data-e-type=\"widget\" data-widget_type=\"text-editor.default\">\n\t\t\t\t\t\t\t\t\t<p class=\"whitespace-normal break-words\">La <strong>loi Grenelle Environnement<\/strong> et autres normes RT 2015 ou RT 2020 encouragent chacun \u00e0 apporter sa pierre \u00e0 l&rsquo;\u00e9difice d&rsquo;une nouvelle plan\u00e8te plus propre. R\u00e9duire la consommation d&rsquo;\u00e9nergie primaire et favoriser les b\u00e2timents \u00e0 <strong>\u00e9nergie positive<\/strong> sont deux r\u00e9ponses concr\u00e8tes.<\/p>\t\t\t\t\t\t\t\t<\/div>\n\t\t\t\t<\/div>\n\t\t<div class=\"elementor-element elementor-element-22c7a21e e-con-full e-flex e-con e-child\" data-id=\"22c7a21e\" data-element_type=\"container\" data-e-type=\"container\">\n\t\t\t\t<div class=\"elementor-element elementor-element-e9d8964 elementor-widget elementor-widget-text-editor\" data-id=\"e9d8964\" data-element_type=\"widget\" data-e-type=\"widget\" data-widget_type=\"text-editor.default\">\n\t\t\t\t\t\t\t\t\t<p class=\"whitespace-normal break-words\">Prendre soin de vos maisons dans la <strong>r\u00e9gion rennaise<\/strong> passe aussi par un devoir de citoyen du monde. C&rsquo;est pourquoi nous mettons un point d&rsquo;honneur \u00e0 choisir des <strong>produits respectueux de l&rsquo;environnement<\/strong>. La qualit\u00e9 se prouve par le peu de solvants ou polluants qu&rsquo;ils contiennent. De plus, dans cette m\u00eame logique \u00e9coresponsable, nous trions d\u00e9chets et r\u00e9cipients. Contactez-nous pour en discuter !<\/p>\t\t\t\t\t\t\t\t<\/div>\n\t\t\t\t<\/div>\n\t\t\t\t<\/div>\n\t\t<div class=\"elementor-element elementor-element-5cce1b67 e-con-full e-flex e-con e-child\" data-id=\"5cce1b67\" data-element_type=\"container\" data-e-type=\"container\">\n\t\t\t\t<div class=\"elementor-element elementor-element-eba66dc elementor-widget elementor-widget-heading\" data-id=\"eba66dc\" data-element_type=\"widget\" data-e-type=\"widget\" data-widget_type=\"heading.default\">\n\t\t\t\t\t<h3 class=\"elementor-heading-title elementor-size-default\">Quelques bonnes pratiques<\/h3>\t\t\t\t<\/div>\n\t\t\t\t<div class=\"elementor-element elementor-element-3de8cb8 elementor-widget elementor-widget-text-editor\" data-id=\"3de8cb8\" data-element_type=\"widget\" data-e-type=\"widget\" data-widget_type=\"text-editor.default\">\n\t\t\t\t\t\t\t\t\t<p class=\"whitespace-normal break-words\">Petit rappel de quelques gestes quotidiens suppl\u00e9mentaires pour faire la chasse aux <strong>courants d&rsquo;air<\/strong>, aux factures trop lourdes et am\u00e9liorer votre confort int\u00e9rieur :<\/p>\t\t\t\t\t\t\t\t<\/div>\n\t\t<div class=\"elementor-element elementor-element-1bf447ec e-con-full e-flex e-con e-child\" data-id=\"1bf447ec\" data-element_type=\"container\" data-e-type=\"container\">\n\t\t<div class=\"elementor-element elementor-element-11e5f1e0 e-con-full e-flex e-con e-child\" data-id=\"11e5f1e0\" data-element_type=\"container\" data-e-type=\"container\">\n\t\t\t\t<div class=\"elementor-element elementor-element-2efbbb6 elementor-widget__width-initial elementor-widget-mobile__width-inherit elementor-icon-list--layout-traditional elementor-list-item-link-full_width elementor-widget elementor-widget-icon-list\" data-id=\"2efbbb6\" data-element_type=\"widget\" data-e-type=\"widget\" data-widget_type=\"icon-list.default\">\n\t\t\t\t\t\t\t<ul class=\"elementor-icon-list-items\">\n\t\t\t\t\t\t\t<li class=\"elementor-icon-list-item\">\n\t\t\t\t\t\t\t\t\t\t\t<span class=\"elementor-icon-list-icon\">\n\t\t\t\t\t\t\t<i aria-hidden=\"true\" class=\"fas fa-check\"><\/i>\t\t\t\t\t\t<\/span>\n\t\t\t\t\t\t\t\t\t\t<span class=\"elementor-icon-list-text\">V\u00e9rifier les joints des fen\u00eatres<\/span>\n\t\t\t\t\t\t\t\t\t<\/li>\n\t\t\t\t\t\t\t\t<li class=\"elementor-icon-list-item\">\n\t\t\t\t\t\t\t\t\t\t\t<span class=\"elementor-icon-list-icon\">\n\t\t\t\t\t\t\t<i aria-hidden=\"true\" class=\"fas fa-check\"><\/i>\t\t\t\t\t\t<\/span>\n\t\t\t\t\t\t\t\t\t\t<span class=\"elementor-icon-list-text\">Fixer un rouleau ou un adh\u00e9sif au bas des portes<\/span>\n\t\t\t\t\t\t\t\t\t<\/li>\n\t\t\t\t\t\t\t\t<li class=\"elementor-icon-list-item\">\n\t\t\t\t\t\t\t\t\t\t\t<span class=\"elementor-icon-list-icon\">\n\t\t\t\t\t\t\t<i aria-hidden=\"true\" class=\"fas fa-check\"><\/i>\t\t\t\t\t\t<\/span>\n\t\t\t\t\t\t\t\t\t\t<span class=\"elementor-icon-list-text\">Poser des rideaux thermiques aux fen\u00eatres et portes ext\u00e9rieures<\/span>\n\t\t\t\t\t\t\t\t\t<\/li>\n\t\t\t\t\t\t\t\t<li class=\"elementor-icon-list-item\">\n\t\t\t\t\t\t\t\t\t\t\t<span class=\"elementor-icon-list-icon\">\n\t\t\t\t\t\t\t<i aria-hidden=\"true\" class=\"fas fa-check\"><\/i>\t\t\t\t\t\t<\/span>\n\t\t\t\t\t\t\t\t\t\t<span class=\"elementor-icon-list-text\">Fermer les volets d\u00e8s que la nuit tombe<\/span>\n\t\t\t\t\t\t\t\t\t<\/li>\n\t\t\t\t\t\t\t\t<li class=\"elementor-icon-list-item\">\n\t\t\t\t\t\t\t\t\t\t\t<span class=\"elementor-icon-list-icon\">\n\t\t\t\t\t\t\t<i aria-hidden=\"true\" class=\"fas fa-check\"><\/i>\t\t\t\t\t\t<\/span>\n\t\t\t\t\t\t\t\t\t\t<span class=\"elementor-icon-list-text\">Penser aussi \u00e0 l'isolation thermique du sol en disposant des tapis \u00e9pais<\/span>\n\t\t\t\t\t\t\t\t\t<\/li>\n\t\t\t\t\t\t\t\t<li class=\"elementor-icon-list-item\">\n\t\t\t\t\t\t\t\t\t\t\t<span class=\"elementor-icon-list-icon\">\n\t\t\t\t\t\t\t<i aria-hidden=\"true\" class=\"fas fa-check\"><\/i>\t\t\t\t\t\t<\/span>\n\t\t\t\t\t\t\t\t\t\t<span class=\"elementor-icon-list-text\">Pr\u00e9voir un r\u00e9flecteur de chaleur derri\u00e8re les radiateurs (une simple feuille de papier alu gliss\u00e9e entre le mur et le radiateur diffuse mieux la chaleur)<\/span>\n\t\t\t\t\t\t\t\t\t<\/li>\n\t\t\t\t\t\t\t\t<li class=\"elementor-icon-list-item\">\n\t\t\t\t\t\t\t\t\t\t\t<span class=\"elementor-icon-list-icon\">\n\t\t\t\t\t\t\t<i aria-hidden=\"true\" class=\"fas fa-check\"><\/i>\t\t\t\t\t\t<\/span>\n\t\t\t\t\t\t\t\t\t\t<span class=\"elementor-icon-list-text\">Inspecter vos prises \u00e9lectriques. Les constructions anciennes sont particuli\u00e8rement concern\u00e9es par ce ph\u00e9nom\u00e8ne<\/span>\n\t\t\t\t\t\t\t\t\t<\/li>\n\t\t\t\t\t\t<\/ul>\n\t\t\t\t\t\t<\/div>\n\t\t\t\t<\/div>\n\t\t<div class=\"elementor-element elementor-element-18a32dc7 e-con-full e-flex e-con e-child\" data-id=\"18a32dc7\" data-element_type=\"container\" data-e-type=\"container\">\n\t\t\t\t<div class=\"elementor-element elementor-element-170cdf89 elementor-widget elementor-widget-image\" data-id=\"170cdf89\" data-element_type=\"widget\" data-e-type=\"widget\" data-widget_type=\"image.default\">\n\t\t\t\t\t\t\t\t\t\t\t\t\t\t\t<img decoding=\"async\" src=\"https:\/\/grandouestfacades.fr\/rennes\/wp-content\/uploads\/sites\/6\/elementor\/thumbs\/Isolation1.1-r8gmb3j8xnhaxowvoceqk13ltljghfet8h6rvif4tc.webp\" title=\"Isolation1.1\" alt=\"Isolation1.1\" loading=\"lazy\" \/>\t\t\t\t\t\t\t\t\t\t\t\t\t\t\t<\/div>\n\t\t\t\t<\/div>\n\t\t\t\t<\/div>\n\t\t\t\t<\/div>\n\t\t<div class=\"elementor-element elementor-element-6260ee43 e-con-full e-flex e-con e-child\" data-id=\"6260ee43\" data-element_type=\"container\" data-e-type=\"container\">\n\t\t\t\t<div class=\"elementor-element elementor-element-7f77ea19 elementor-widget elementor-widget-heading\" data-id=\"7f77ea19\" data-element_type=\"widget\" data-e-type=\"widget\" data-widget_type=\"heading.default\">\n\t\t\t\t\t<h2 class=\"elementor-heading-title elementor-size-default\">Go Marque Exclusive <\/h2>\t\t\t\t<\/div>\n\t\t\t\t<div class=\"elementor-element elementor-element-3efe0563 elementor-widget-divider--view-line elementor-widget elementor-widget-divider\" data-id=\"3efe0563\" data-element_type=\"widget\" data-e-type=\"widget\" data-widget_type=\"divider.default\">\n\t\t\t\t\t\t\t<div class=\"elementor-divider\">\n\t\t\t<span class=\"elementor-divider-separator\">\n\t\t\t\t\t\t<\/span>\n\t\t<\/div>\n\t\t\t\t\t\t<\/div>\n\t\t\t\t<\/div>\n\t\t<div class=\"elementor-element elementor-element-515363f e-con-full e-flex e-con e-child\" data-id=\"515363f\" data-element_type=\"container\" data-e-type=\"container\">\n\t\t<div class=\"elementor-element elementor-element-951f498 e-con-full e-flex e-con e-child\" data-id=\"951f498\" data-element_type=\"container\" data-e-type=\"container\">\n\t\t\t\t<div class=\"elementor-element elementor-element-3710f407 elementor-widget elementor-widget-image\" data-id=\"3710f407\" data-element_type=\"widget\" data-e-type=\"widget\" data-widget_type=\"image.default\">\n\t\t\t\t\t\t\t\t\t\t\t\t\t\t\t<img decoding=\"async\" width=\"800\" height=\"473\" src=\"https:\/\/grandouestfacades.fr\/rennes\/wp-content\/uploads\/sites\/6\/2020\/08\/GO_-_logo_pour_fond_clair-1024x605.png\" class=\"attachment-large size-large wp-image-33\" alt=\"Marque Exclusive GO\" srcset=\"https:\/\/grandouestfacades.fr\/rennes\/wp-content\/uploads\/sites\/6\/2020\/08\/GO_-_logo_pour_fond_clair-1024x605.png 1024w, https:\/\/grandouestfacades.fr\/rennes\/wp-content\/uploads\/sites\/6\/2020\/08\/GO_-_logo_pour_fond_clair-300x177.png 300w, https:\/\/grandouestfacades.fr\/rennes\/wp-content\/uploads\/sites\/6\/2020\/08\/GO_-_logo_pour_fond_clair-768x454.png 768w, https:\/\/grandouestfacades.fr\/rennes\/wp-content\/uploads\/sites\/6\/2020\/08\/GO_-_logo_pour_fond_clair.png 1299w\" sizes=\"(max-width: 800px) 100vw, 800px\" \/>\t\t\t\t\t\t\t\t\t\t\t\t\t\t\t<\/div>\n\t\t\t\t<\/div>\n\t\t<div class=\"elementor-element elementor-element-72a367ba e-con-full e-flex e-con e-child\" data-id=\"72a367ba\" data-element_type=\"container\" data-e-type=\"container\">\n\t\t\t\t<div class=\"elementor-element elementor-element-3f301b31 elementor-widget elementor-widget-text-editor\" data-id=\"3f301b31\" data-element_type=\"widget\" data-e-type=\"widget\" data-widget_type=\"text-editor.default\">\n\t\t\t\t\t\t\t\t\t<div><div class=\"grid-cols-1 grid gap-2.5 [&amp;_&gt;_*]:min-w-0 !gap-3.5\"><p class=\"whitespace-normal break-words\">L&rsquo;agence Grand Ouest Fa\u00e7ade Rennes op\u00e8re sur toute la <strong>m\u00e9tropole rennaise<\/strong> et sa p\u00e9riph\u00e9rie. Un appel, une demande de devis et nous voici pour un <strong>diagnostic gratuit<\/strong> pour les travaux de ravalement, d&rsquo;isolation, de toiture ou humidit\u00e9 !<\/p><\/div><\/div>\t\t\t\t\t\t\t\t<\/div>\n\t\t\t\t<\/div>\n\t\t\t\t<\/div>\n\t\t\t\t<\/div>\n\t\t\t\t\t<\/div>\n\t\t\t\t<\/div>\n\t\t\t\t<\/div>\n\t\t","protected":false},"excerpt":{"rendered":"<p>Grand Ouest Fa\u00e7ades Rennes Isolation par l\u2019ext\u00e9rieur Grand Ouest Fa\u00e7ades Rennes vous offre la solution la plus appropri\u00e9e pour pr\u00e9server votre habitation des d\u00e9perditions thermiques. Isolation par l&rsquo;ext\u00e9rieur | Pr\u00e9server sa demeure contre le froid Pourquoi par l&rsquo;ext\u00e9rieur ? Voici quelques ann\u00e9es que votre demeure est \u00e9difi\u00e9e. Peut-\u00eatre appr\u00e9ciez-vous y organiser des r\u00e9unions familiales ou [&hellip;]<\/p>\n","protected":false},"author":3,"featured_media":0,"parent":0,"menu_order":0,"comment_status":"closed","ping_status":"closed","template":"elementor_header_footer","meta":{"footnotes":""},"class_list":["post-3893","page","type-page","status-publish","hentry"],"yoast_head":"<!-- This site is optimized with the Yoast SEO plugin v27.4 - https:\/\/yoast.com\/product\/yoast-seo-wordpress\/ -->\n<title>Grand Ouest Fa\u00e7ades Rennes | Isolation par l\u2019ext\u00e9rieur<\/title>\n<meta name=\"description\" content=\"Isolation ext\u00e9rieure | Grand Ouest Fa\u00e7ades Rennes vous propose la solution la plus adapt\u00e9e pour prot\u00e9ger votre maison\" \/>\n<meta name=\"robots\" content=\"index, follow, max-snippet:-1, max-image-preview:large, max-video-preview:-1\" \/>\n<link rel=\"canonical\" href=\"https:\/\/grandouestfacades.fr\/rennes\/isolation-par-lexterieur\/\" \/>\n<meta property=\"og:locale\" content=\"fr_FR\" \/>\n<meta property=\"og:type\" content=\"article\" \/>\n<meta property=\"og:title\" content=\"Grand Ouest Fa\u00e7ades Rennes | Isolation par l\u2019ext\u00e9rieur\" \/>\n<meta property=\"og:description\" content=\"Isolation ext\u00e9rieure | Grand Ouest Fa\u00e7ades Rennes vous propose la solution la plus adapt\u00e9e pour prot\u00e9ger votre maison\" \/>\n<meta property=\"og:url\" content=\"https:\/\/grandouestfacades.fr\/rennes\/isolation-par-lexterieur\/\" \/>\n<meta property=\"og:site_name\" content=\"Rennes - Grand Ouest Fa\u00e7ades\" \/>\n<meta property=\"article:modified_time\" content=\"2025-07-08T15:06:17+00:00\" \/>\n<meta property=\"og:image\" content=\"https:\/\/grandouestfacades.fr\/rennes\/wp-content\/uploads\/sites\/6\/2020\/08\/picto_isolation.png\" \/>\n\t<meta property=\"og:image:width\" content=\"287\" \/>\n\t<meta property=\"og:image:height\" content=\"287\" \/>\n\t<meta property=\"og:image:type\" content=\"image\/png\" \/>\n<meta name=\"twitter:card\" content=\"summary_large_image\" \/>\n<meta name=\"twitter:label1\" content=\"Dur\u00e9e de lecture estim\u00e9e\" \/>\n\t<meta name=\"twitter:data1\" content=\"6 minutes\" \/>\n<script type=\"application\/ld+json\" class=\"yoast-schema-graph\">{\"@context\":\"https:\\\/\\\/schema.org\",\"@graph\":[{\"@type\":\"WebPage\",\"@id\":\"https:\\\/\\\/grandouestfacades.fr\\\/rennes\\\/isolation-par-lexterieur\\\/\",\"url\":\"https:\\\/\\\/grandouestfacades.fr\\\/rennes\\\/isolation-par-lexterieur\\\/\",\"name\":\"Grand Ouest Fa\u00e7ades Rennes | Isolation par l\u2019ext\u00e9rieur\",\"isPartOf\":{\"@id\":\"https:\\\/\\\/grandouestfacades.fr\\\/rennes\\\/#website\"},\"primaryImageOfPage\":{\"@id\":\"https:\\\/\\\/grandouestfacades.fr\\\/rennes\\\/isolation-par-lexterieur\\\/#primaryimage\"},\"image\":{\"@id\":\"https:\\\/\\\/grandouestfacades.fr\\\/rennes\\\/isolation-par-lexterieur\\\/#primaryimage\"},\"thumbnailUrl\":\"https:\\\/\\\/grandouestfacades.fr\\\/rennes\\\/wp-content\\\/uploads\\\/sites\\\/6\\\/2020\\\/08\\\/picto_isolation.png\",\"datePublished\":\"2025-06-23T13:15:16+00:00\",\"dateModified\":\"2025-07-08T15:06:17+00:00\",\"description\":\"Isolation ext\u00e9rieure | Grand Ouest Fa\u00e7ades Rennes vous propose la solution la plus adapt\u00e9e pour prot\u00e9ger votre maison\",\"breadcrumb\":{\"@id\":\"https:\\\/\\\/grandouestfacades.fr\\\/rennes\\\/isolation-par-lexterieur\\\/#breadcrumb\"},\"inLanguage\":\"fr-FR\",\"potentialAction\":[{\"@type\":\"ReadAction\",\"target\":[\"https:\\\/\\\/grandouestfacades.fr\\\/rennes\\\/isolation-par-lexterieur\\\/\"]}]},{\"@type\":\"ImageObject\",\"inLanguage\":\"fr-FR\",\"@id\":\"https:\\\/\\\/grandouestfacades.fr\\\/rennes\\\/isolation-par-lexterieur\\\/#primaryimage\",\"url\":\"https:\\\/\\\/grandouestfacades.fr\\\/rennes\\\/wp-content\\\/uploads\\\/sites\\\/6\\\/2020\\\/08\\\/picto_isolation.png\",\"contentUrl\":\"https:\\\/\\\/grandouestfacades.fr\\\/rennes\\\/wp-content\\\/uploads\\\/sites\\\/6\\\/2020\\\/08\\\/picto_isolation.png\",\"width\":287,\"height\":287,\"caption\":\"picto_isolation\"},{\"@type\":\"BreadcrumbList\",\"@id\":\"https:\\\/\\\/grandouestfacades.fr\\\/rennes\\\/isolation-par-lexterieur\\\/#breadcrumb\",\"itemListElement\":[{\"@type\":\"ListItem\",\"position\":1,\"name\":\"Accueil\",\"item\":\"https:\\\/\\\/grandouestfacades.fr\\\/rennes\\\/\"},{\"@type\":\"ListItem\",\"position\":2,\"name\":\"Isolation par l\u2019ext\u00e9rieur\"}]},{\"@type\":\"WebSite\",\"@id\":\"https:\\\/\\\/grandouestfacades.fr\\\/rennes\\\/#website\",\"url\":\"https:\\\/\\\/grandouestfacades.fr\\\/rennes\\\/\",\"name\":\"La Baule - Grand Ouest Fa\u00e7ades\",\"description\":\"Votre fa\u00e7ade, comme neuve !\",\"publisher\":{\"@id\":\"https:\\\/\\\/grandouestfacades.fr\\\/rennes\\\/#organization\"},\"potentialAction\":[{\"@type\":\"SearchAction\",\"target\":{\"@type\":\"EntryPoint\",\"urlTemplate\":\"https:\\\/\\\/grandouestfacades.fr\\\/rennes\\\/?s={search_term_string}\"},\"query-input\":{\"@type\":\"PropertyValueSpecification\",\"valueRequired\":true,\"valueName\":\"search_term_string\"}}],\"inLanguage\":\"fr-FR\"},{\"@type\":\"Organization\",\"@id\":\"https:\\\/\\\/grandouestfacades.fr\\\/rennes\\\/#organization\",\"name\":\"Grand Ouest Fa\u00e7ades La Baule\",\"url\":\"https:\\\/\\\/grandouestfacades.fr\\\/rennes\\\/\",\"logo\":{\"@type\":\"ImageObject\",\"inLanguage\":\"fr-FR\",\"@id\":\"https:\\\/\\\/grandouestfacades.fr\\\/rennes\\\/#\\\/schema\\\/logo\\\/image\\\/\",\"url\":\"https:\\\/\\\/grandouestfacades.fr\\\/rennes\\\/wp-content\\\/uploads\\\/sites\\\/6\\\/2021\\\/09\\\/Logo_agence_sans_GO_La_Baule.png\",\"contentUrl\":\"https:\\\/\\\/grandouestfacades.fr\\\/rennes\\\/wp-content\\\/uploads\\\/sites\\\/6\\\/2021\\\/09\\\/Logo_agence_sans_GO_La_Baule.png\",\"width\":827,\"height\":265,\"caption\":\"Grand Ouest Fa\u00e7ades La Baule\"},\"image\":{\"@id\":\"https:\\\/\\\/grandouestfacades.fr\\\/rennes\\\/#\\\/schema\\\/logo\\\/image\\\/\"}}]}<\/script>\n<!-- \/ Yoast SEO plugin. -->","yoast_head_json":{"title":"Grand Ouest Fa\u00e7ades Rennes | Isolation par l\u2019ext\u00e9rieur","description":"Isolation ext\u00e9rieure | Grand Ouest Fa\u00e7ades Rennes vous propose la solution la plus adapt\u00e9e pour prot\u00e9ger votre maison","robots":{"index":"index","follow":"follow","max-snippet":"max-snippet:-1","max-image-preview":"max-image-preview:large","max-video-preview":"max-video-preview:-1"},"canonical":"https:\/\/grandouestfacades.fr\/rennes\/isolation-par-lexterieur\/","og_locale":"fr_FR","og_type":"article","og_title":"Grand Ouest Fa\u00e7ades Rennes | Isolation par l\u2019ext\u00e9rieur","og_description":"Isolation ext\u00e9rieure | Grand Ouest Fa\u00e7ades Rennes vous propose la solution la plus adapt\u00e9e pour prot\u00e9ger votre maison","og_url":"https:\/\/grandouestfacades.fr\/rennes\/isolation-par-lexterieur\/","og_site_name":"Rennes - Grand Ouest Fa\u00e7ades","article_modified_time":"2025-07-08T15:06:17+00:00","og_image":[{"width":287,"height":287,"url":"https:\/\/grandouestfacades.fr\/rennes\/wp-content\/uploads\/sites\/6\/2020\/08\/picto_isolation.png","type":"image\/png"}],"twitter_card":"summary_large_image","twitter_misc":{"Dur\u00e9e de lecture estim\u00e9e":"6 minutes"},"schema":{"@context":"https:\/\/schema.org","@graph":[{"@type":"WebPage","@id":"https:\/\/grandouestfacades.fr\/rennes\/isolation-par-lexterieur\/","url":"https:\/\/grandouestfacades.fr\/rennes\/isolation-par-lexterieur\/","name":"Grand Ouest Fa\u00e7ades Rennes | Isolation par l\u2019ext\u00e9rieur","isPartOf":{"@id":"https:\/\/grandouestfacades.fr\/rennes\/#website"},"primaryImageOfPage":{"@id":"https:\/\/grandouestfacades.fr\/rennes\/isolation-par-lexterieur\/#primaryimage"},"image":{"@id":"https:\/\/grandouestfacades.fr\/rennes\/isolation-par-lexterieur\/#primaryimage"},"thumbnailUrl":"https:\/\/grandouestfacades.fr\/rennes\/wp-content\/uploads\/sites\/6\/2020\/08\/picto_isolation.png","datePublished":"2025-06-23T13:15:16+00:00","dateModified":"2025-07-08T15:06:17+00:00","description":"Isolation ext\u00e9rieure | Grand Ouest Fa\u00e7ades Rennes vous propose la solution la plus adapt\u00e9e pour prot\u00e9ger votre maison","breadcrumb":{"@id":"https:\/\/grandouestfacades.fr\/rennes\/isolation-par-lexterieur\/#breadcrumb"},"inLanguage":"fr-FR","potentialAction":[{"@type":"ReadAction","target":["https:\/\/grandouestfacades.fr\/rennes\/isolation-par-lexterieur\/"]}]},{"@type":"ImageObject","inLanguage":"fr-FR","@id":"https:\/\/grandouestfacades.fr\/rennes\/isolation-par-lexterieur\/#primaryimage","url":"https:\/\/grandouestfacades.fr\/rennes\/wp-content\/uploads\/sites\/6\/2020\/08\/picto_isolation.png","contentUrl":"https:\/\/grandouestfacades.fr\/rennes\/wp-content\/uploads\/sites\/6\/2020\/08\/picto_isolation.png","width":287,"height":287,"caption":"picto_isolation"},{"@type":"BreadcrumbList","@id":"https:\/\/grandouestfacades.fr\/rennes\/isolation-par-lexterieur\/#breadcrumb","itemListElement":[{"@type":"ListItem","position":1,"name":"Accueil","item":"https:\/\/grandouestfacades.fr\/rennes\/"},{"@type":"ListItem","position":2,"name":"Isolation par l\u2019ext\u00e9rieur"}]},{"@type":"WebSite","@id":"https:\/\/grandouestfacades.fr\/rennes\/#website","url":"https:\/\/grandouestfacades.fr\/rennes\/","name":"La Baule - Grand Ouest Fa\u00e7ades","description":"Votre fa\u00e7ade, comme neuve !","publisher":{"@id":"https:\/\/grandouestfacades.fr\/rennes\/#organization"},"potentialAction":[{"@type":"SearchAction","target":{"@type":"EntryPoint","urlTemplate":"https:\/\/grandouestfacades.fr\/rennes\/?s={search_term_string}"},"query-input":{"@type":"PropertyValueSpecification","valueRequired":true,"valueName":"search_term_string"}}],"inLanguage":"fr-FR"},{"@type":"Organization","@id":"https:\/\/grandouestfacades.fr\/rennes\/#organization","name":"Grand Ouest Fa\u00e7ades La Baule","url":"https:\/\/grandouestfacades.fr\/rennes\/","logo":{"@type":"ImageObject","inLanguage":"fr-FR","@id":"https:\/\/grandouestfacades.fr\/rennes\/#\/schema\/logo\/image\/","url":"https:\/\/grandouestfacades.fr\/rennes\/wp-content\/uploads\/sites\/6\/2021\/09\/Logo_agence_sans_GO_La_Baule.png","contentUrl":"https:\/\/grandouestfacades.fr\/rennes\/wp-content\/uploads\/sites\/6\/2021\/09\/Logo_agence_sans_GO_La_Baule.png","width":827,"height":265,"caption":"Grand Ouest Fa\u00e7ades La Baule"},"image":{"@id":"https:\/\/grandouestfacades.fr\/rennes\/#\/schema\/logo\/image\/"}}]}},"_links":{"self":[{"href":"https:\/\/grandouestfacades.fr\/rennes\/wp-json\/wp\/v2\/pages\/3893","targetHints":{"allow":["GET"]}}],"collection":[{"href":"https:\/\/grandouestfacades.fr\/rennes\/wp-json\/wp\/v2\/pages"}],"about":[{"href":"https:\/\/grandouestfacades.fr\/rennes\/wp-json\/wp\/v2\/types\/page"}],"author":[{"embeddable":true,"href":"https:\/\/grandouestfacades.fr\/rennes\/wp-json\/wp\/v2\/users\/3"}],"replies":[{"embeddable":true,"href":"https:\/\/grandouestfacades.fr\/rennes\/wp-json\/wp\/v2\/comments?post=3893"}],"version-history":[{"count":30,"href":"https:\/\/grandouestfacades.fr\/rennes\/wp-json\/wp\/v2\/pages\/3893\/revisions"}],"predecessor-version":[{"id":4829,"href":"https:\/\/grandouestfacades.fr\/rennes\/wp-json\/wp\/v2\/pages\/3893\/revisions\/4829"}],"wp:attachment":[{"href":"https:\/\/grandouestfacades.fr\/rennes\/wp-json\/wp\/v2\/media?parent=3893"}],"curies":[{"name":"wp","href":"https:\/\/api.w.org\/{rel}","templated":true}]}}