{"id":3919,"date":"2025-06-23T15:15:16","date_gmt":"2025-06-23T13:15:16","guid":{"rendered":"https:\/\/grandouestfacades.fr\/rennes\/?page_id=3919"},"modified":"2025-07-08T16:39:59","modified_gmt":"2025-07-08T14:39:59","slug":"humidite-remontee-capillaire","status":"publish","type":"page","link":"https:\/\/grandouestfacades.fr\/rennes\/humidite-remontee-capillaire\/","title":{"rendered":"Humidit\u00e9 remont\u00e9e capillaire"},"content":{"rendered":"\t\t<div data-elementor-type=\"wp-page\" data-elementor-id=\"3919\" class=\"elementor elementor-3919\" data-elementor-post-type=\"page\">\n\t\t\t\t<div class=\"elementor-element elementor-element-4c3fd8c5 e-flex e-con-boxed e-con e-parent\" data-id=\"4c3fd8c5\" data-element_type=\"container\" data-e-type=\"container\" data-settings=\"{&quot;background_background&quot;:&quot;classic&quot;,&quot;shape_divider_bottom&quot;:&quot;triangle&quot;,&quot;shape_divider_bottom_negative&quot;:&quot;yes&quot;}\">\n\t\t\t\t\t<div class=\"e-con-inner\">\n\t\t\t\t<div class=\"elementor-shape elementor-shape-bottom\" aria-hidden=\"true\" data-negative=\"true\">\n\t\t\t<svg xmlns=\"http:\/\/www.w3.org\/2000\/svg\" viewBox=\"0 0 1000 100\" preserveAspectRatio=\"none\">\n\t<path class=\"elementor-shape-fill\" d=\"M500.2,94.7L0,0v100h1000V0L500.2,94.7z\"\/>\n<\/svg>\t\t<\/div>\n\t\t<div class=\"elementor-element elementor-element-3f2899d4 e-con-full e-flex e-con e-child\" data-id=\"3f2899d4\" data-element_type=\"container\" data-e-type=\"container\">\n\t\t\t\t<div class=\"elementor-element elementor-element-71fa1086 elementor-widget elementor-widget-heading\" data-id=\"71fa1086\" data-element_type=\"widget\" data-e-type=\"widget\" data-widget_type=\"heading.default\">\n\t\t\t\t\t<h1 class=\"elementor-heading-title elementor-size-default\">Grand Ouest Fa\u00e7ades Rennes<br>\nHumidit\u00e9 remont\u00e9e capillaire<\/h1>\t\t\t\t<\/div>\n\t\t\t\t<\/div>\n\t\t\t\t\t<\/div>\n\t\t\t\t<\/div>\n\t\t<div class=\"elementor-element elementor-element-379def71 e-flex e-con-boxed e-con e-parent\" data-id=\"379def71\" data-element_type=\"container\" data-e-type=\"container\">\n\t\t\t\t\t<div class=\"e-con-inner\">\n\t\t<div class=\"elementor-element elementor-element-685307e5 e-con-full e-flex elementor-invisible e-con e-child\" data-id=\"685307e5\" data-element_type=\"container\" data-e-type=\"container\" data-settings=\"{&quot;background_background&quot;:&quot;classic&quot;,&quot;animation&quot;:&quot;fadeInUp&quot;}\">\n\t\t<div class=\"elementor-element elementor-element-6f821148 e-con-full e-flex e-con e-child\" data-id=\"6f821148\" data-element_type=\"container\" data-e-type=\"container\">\n\t\t<div class=\"elementor-element elementor-element-37180e6e e-con-full e-flex e-con e-child\" data-id=\"37180e6e\" data-element_type=\"container\" data-e-type=\"container\">\n\t\t\t\t<div class=\"elementor-element elementor-element-5974bd60 elementor-widget elementor-widget-image\" data-id=\"5974bd60\" data-element_type=\"widget\" data-e-type=\"widget\" data-widget_type=\"image.default\">\n\t\t\t\t\t\t\t\t\t\t\t\t\t\t\t<img fetchpriority=\"high\" decoding=\"async\" width=\"287\" height=\"287\" src=\"https:\/\/grandouestfacades.fr\/rennes\/wp-content\/uploads\/sites\/6\/2020\/08\/picto_humidite.png\" class=\"attachment-large size-large wp-image-37\" alt=\"picto_humidite\" srcset=\"https:\/\/grandouestfacades.fr\/rennes\/wp-content\/uploads\/sites\/6\/2020\/08\/picto_humidite.png 287w, https:\/\/grandouestfacades.fr\/rennes\/wp-content\/uploads\/sites\/6\/2020\/08\/picto_humidite-150x150.png 150w\" sizes=\"(max-width: 287px) 100vw, 287px\" \/>\t\t\t\t\t\t\t\t\t\t\t\t\t\t\t<\/div>\n\t\t\t\t<\/div>\n\t\t\t\t<\/div>\n\t\t\t\t<div class=\"elementor-element elementor-element-77e13eac elementor-widget elementor-widget-text-editor\" data-id=\"77e13eac\" data-element_type=\"widget\" data-e-type=\"widget\" data-widget_type=\"text-editor.default\">\n\t\t\t\t\t\t\t\t\t<p class=\"whitespace-normal break-words\">Grand Ouest Fa\u00e7ades Rennes vous guide dans vos projets d&rsquo;ass\u00e8chement des murs. Solutions adapt\u00e9es au milieu urbain et aux sp\u00e9cificit\u00e9s climatiques bretonnes.<\/p>\t\t\t\t\t\t\t\t<\/div>\n\t\t\t\t<\/div>\n\t\t\t\t\t<\/div>\n\t\t\t\t<\/div>\n\t\t<div class=\"elementor-element elementor-element-667acd9d e-flex e-con-boxed e-con e-parent\" data-id=\"667acd9d\" data-element_type=\"container\" data-e-type=\"container\">\n\t\t\t\t\t<div class=\"e-con-inner\">\n\t\t<div class=\"elementor-element elementor-element-4302c822 e-flex e-con-boxed e-con e-child\" data-id=\"4302c822\" data-element_type=\"container\" data-e-type=\"container\">\n\t\t\t\t\t<div class=\"e-con-inner\">\n\t\t<div class=\"elementor-element elementor-element-598885c0 e-con-full e-flex e-con e-child\" data-id=\"598885c0\" data-element_type=\"container\" data-e-type=\"container\">\n\t\t<div class=\"elementor-element elementor-element-5770cbe4 e-con-full e-flex e-con e-child\" data-id=\"5770cbe4\" data-element_type=\"container\" data-e-type=\"container\">\n\t\t\t\t<div class=\"elementor-element elementor-element-909c89 elementor-widget elementor-widget-image\" data-id=\"909c89\" data-element_type=\"widget\" data-e-type=\"widget\" data-widget_type=\"image.default\">\n\t\t\t\t\t\t\t\t\t\t\t\t\t\t\t<img decoding=\"async\" width=\"800\" height=\"469\" src=\"https:\/\/grandouestfacades.fr\/rennes\/wp-content\/uploads\/sites\/6\/2022\/12\/P1010030-pxekvy534ly3t9aa4aum17hffzvc0pukjfgflabtdc.jpg\" class=\"attachment-large size-large wp-image-4345\" alt=\"\" srcset=\"https:\/\/grandouestfacades.fr\/rennes\/wp-content\/uploads\/sites\/6\/2022\/12\/P1010030-pxekvy534ly3t9aa4aum17hffzvc0pukjfgflabtdc.jpg 1024w, https:\/\/grandouestfacades.fr\/rennes\/wp-content\/uploads\/sites\/6\/2022\/12\/P1010030-pxekvy534ly3t9aa4aum17hffzvc0pukjfgflabtdc-300x176.jpg 300w, https:\/\/grandouestfacades.fr\/rennes\/wp-content\/uploads\/sites\/6\/2022\/12\/P1010030-pxekvy534ly3t9aa4aum17hffzvc0pukjfgflabtdc-768x450.jpg 768w\" sizes=\"(max-width: 800px) 100vw, 800px\" \/>\t\t\t\t\t\t\t\t\t\t\t\t\t\t\t<\/div>\n\t\t\t\t<\/div>\n\t\t\t\t<\/div>\n\t\t<div class=\"elementor-element elementor-element-57945f5 e-con-full e-flex e-con e-child\" data-id=\"57945f5\" data-element_type=\"container\" data-e-type=\"container\">\n\t\t<div class=\"elementor-element elementor-element-125177e6 e-con-full e-flex e-con e-child\" data-id=\"125177e6\" data-element_type=\"container\" data-e-type=\"container\">\n\t\t\t\t<div class=\"elementor-element elementor-element-1a7fa73d elementor-widget elementor-widget-image\" data-id=\"1a7fa73d\" data-element_type=\"widget\" data-e-type=\"widget\" data-widget_type=\"image.default\">\n\t\t\t\t\t\t\t\t\t\t\t\t\t\t\t<img decoding=\"async\" src=\"https:\/\/grandouestfacades.fr\/rennes\/wp-content\/uploads\/sites\/6\/elementor\/thumbs\/DSCF0465-pxekvx73rtvm39z0o07qeuw4wwo2jkcfvi266ak4gw-r7hwg634ph7sa3fhff9cp5pbgv9632uz4hfr4626xs.jpg\" title=\"DSCF0465-pxekvx73rtvm39z0o07qeuw4wwo2jkcfvi266ak4gw\" alt=\"DSCF0465-pxekvx73rtvm39z0o07qeuw4wwo2jkcfvi266ak4gw\" loading=\"lazy\" \/>\t\t\t\t\t\t\t\t\t\t\t\t\t\t\t<\/div>\n\t\t\t\t<\/div>\n\t\t<div class=\"elementor-element elementor-element-54cf58f5 e-con-full e-flex e-con e-child\" data-id=\"54cf58f5\" data-element_type=\"container\" data-e-type=\"container\">\n\t\t\t\t<div class=\"elementor-element elementor-element-21e78eda elementor-widget elementor-widget-image\" data-id=\"21e78eda\" data-element_type=\"widget\" data-e-type=\"widget\" data-widget_type=\"image.default\">\n\t\t\t\t\t\t\t\t\t\t\t\t\t\t\t<img decoding=\"async\" src=\"https:\/\/grandouestfacades.fr\/rennes\/wp-content\/uploads\/sites\/6\/elementor\/thumbs\/DSCF0585-pxekvx73rtvm39z0o07qeuw4wwo2jkcfvi266ak4gw-r7hwg634ph7sa3fhff9cp5pbgv9632uz4hfr4626xs.jpg\" title=\"DSCF0585-pxekvx73rtvm39z0o07qeuw4wwo2jkcfvi266ak4gw\" alt=\"DSCF0585-pxekvx73rtvm39z0o07qeuw4wwo2jkcfvi266ak4gw\" loading=\"lazy\" \/>\t\t\t\t\t\t\t\t\t\t\t\t\t\t\t<\/div>\n\t\t\t\t<\/div>\n\t\t\t\t<\/div>\n\t\t<div class=\"elementor-element elementor-element-307ac036 e-con-full e-flex e-con e-child\" data-id=\"307ac036\" data-element_type=\"container\" data-e-type=\"container\">\n\t\t\t\t<div class=\"elementor-element elementor-element-77c8b901 elementor-widget elementor-widget-heading\" data-id=\"77c8b901\" data-element_type=\"widget\" data-e-type=\"widget\" data-widget_type=\"heading.default\">\n\t\t\t\t\t<h2 class=\"elementor-heading-title elementor-size-default\">Humidit\u00e9 ext\u00e9rieure et infiltrations par capillarit\u00e9<\/h2>\t\t\t\t<\/div>\n\t\t\t\t<div class=\"elementor-element elementor-element-1f567a99 elementor-widget-divider--view-line elementor-widget elementor-widget-divider\" data-id=\"1f567a99\" data-element_type=\"widget\" data-e-type=\"widget\" data-widget_type=\"divider.default\">\n\t\t\t\t\t\t\t<div class=\"elementor-divider\">\n\t\t\t<span class=\"elementor-divider-separator\">\n\t\t\t\t\t\t<\/span>\n\t\t<\/div>\n\t\t\t\t\t\t<\/div>\n\t\t\t\t<\/div>\n\t\t<div class=\"elementor-element elementor-element-6f094739 e-con-full e-flex e-con e-child\" data-id=\"6f094739\" data-element_type=\"container\" data-e-type=\"container\">\n\t\t<div class=\"elementor-element elementor-element-3f7aaca8 e-con-full e-flex e-con e-child\" data-id=\"3f7aaca8\" data-element_type=\"container\" data-e-type=\"container\">\n\t\t\t\t<div class=\"elementor-element elementor-element-851bb1a elementor-widget elementor-widget-heading\" data-id=\"851bb1a\" data-element_type=\"widget\" data-e-type=\"widget\" data-widget_type=\"heading.default\">\n\t\t\t\t\t<h3 class=\"elementor-heading-title elementor-size-default\">Infiltrations capillaires en milieu urbain breton<\/h3>\t\t\t\t<\/div>\n\t\t\t\t<div class=\"elementor-element elementor-element-3875bf67 elementor-widget elementor-widget-text-editor\" data-id=\"3875bf67\" data-element_type=\"widget\" data-e-type=\"widget\" data-widget_type=\"text-editor.default\">\n\t\t\t\t\t\t\t\t\t<p class=\"whitespace-normal break-words\">Marques brun\u00e2tres, rayures inesth\u00e9tiques, aur\u00e9oles humides sur les parois des habitations, vous percevez ? \u00c9videmment ! C&rsquo;est si r\u00e9pandu. Saviez-vous que, d&rsquo;apr\u00e8s EDF, une <strong>habitation sur deux<\/strong> serait touch\u00e9e ? Les parois ext\u00e9rieures expos\u00e9es aux intemp\u00e9ries r\u00e9sistent difficilement en raison de leur perm\u00e9abilit\u00e9.<\/p>\t\t\t\t\t\t\t\t<\/div>\n\t\t\t\t<\/div>\n\t\t<div class=\"elementor-element elementor-element-da89b55 e-con-full e-flex e-con e-child\" data-id=\"da89b55\" data-element_type=\"container\" data-e-type=\"container\">\n\t\t\t\t<div class=\"elementor-element elementor-element-413b9708 elementor-widget elementor-widget-text-editor\" data-id=\"413b9708\" data-element_type=\"widget\" data-e-type=\"widget\" data-widget_type=\"text-editor.default\">\n\t\t\t\t\t\t\t\t\t<p class=\"whitespace-normal break-words\">En <strong>Bretagne<\/strong>, le ph\u00e9nom\u00e8ne se r\u00e9v\u00e8le d&rsquo;autant plus significatif que l&rsquo;humidit\u00e9 persistante v\u00e9hicule des particules et micro-organismes. Algues, lichens, champignons encouragent l&rsquo;absorption d&rsquo;eau et l&rsquo;\u00e9mergence de <strong>r\u00e9sidus d&rsquo;humidit\u00e9<\/strong> sur les murs des maisons. Et si le climat breton enrichit vos journ\u00e9es d&rsquo;une atmosph\u00e8re authentique, il marque vos parois d&rsquo;infiltrations et dessine des coulures noires, grises, voire rouges.<\/p>\t\t\t\t\t\t\t\t<\/div>\n\t\t\t\t<\/div>\n\t\t\t\t<\/div>\n\t\t<div class=\"elementor-element elementor-element-77f938d2 e-con-full e-flex e-con e-child\" data-id=\"77f938d2\" data-element_type=\"container\" data-e-type=\"container\">\n\t\t\t\t<div class=\"elementor-element elementor-element-56b6801 elementor-widget elementor-widget-heading\" data-id=\"56b6801\" data-element_type=\"widget\" data-e-type=\"widget\" data-widget_type=\"heading.default\">\n\t\t\t\t\t<h3 class=\"elementor-heading-title elementor-size-default\">Infiltration capillaire, qu'est-ce que cela signifie pr\u00e9cis\u00e9ment ?<\/h3>\t\t\t\t<\/div>\n\t\t<div class=\"elementor-element elementor-element-783b8424 e-con-full e-flex e-con e-child\" data-id=\"783b8424\" data-element_type=\"container\" data-e-type=\"container\">\n\t\t\t\t<div class=\"elementor-element elementor-element-3b9d945 elementor-widget elementor-widget-text-editor\" data-id=\"3b9d945\" data-element_type=\"widget\" data-e-type=\"widget\" data-widget_type=\"text-editor.default\">\n\t\t\t\t\t\t\t\t\t<p class=\"whitespace-normal break-words\">Au-del\u00e0 d&rsquo;une construction perm\u00e9able, les <strong>infiltrations capillaires<\/strong> expliquent les coulures humides dans les parois. Comment ? Vous vous \u00eates s\u00fbrement d\u00e9j\u00e0 amus\u00e9 \u00e0 poser votre morceau de sucre \u00e0 la surface de votre caf\u00e9. Vous observez alors le liquide se faufiler et grimper \u00e0 travers les grains du sucre. Les <strong>remont\u00e9es capillaires<\/strong> fonctionnent exactement selon le m\u00eame principe. Si vos murs demeurent en contact permanent avec le sol humide, l&rsquo;eau exploite la porosit\u00e9 des mat\u00e9riaux. Elle s&rsquo;insinue, pouvant s&rsquo;\u00e9lever jusqu&rsquo;\u00e0 1 m\u00e8tre de hauteur. Les d\u00e9t\u00e9riorations d\u00e9pendent de la qualit\u00e9 des parois, du niveau d&rsquo;humidit\u00e9 du sol et des capacit\u00e9s des murs \u00e0 \u00e9vacuer l&rsquo;eau. Alors, que faire ? Solliciter Grand Ouest Fa\u00e7ades ! Oui, naturellement ! Mais nous vous expliquons pourquoi.<\/p>\t\t\t\t\t\t\t\t<\/div>\n\t\t\t\t<\/div>\n\t\t\t\t<\/div>\n\t\t<div class=\"elementor-element elementor-element-749e9afc e-con-full e-flex e-con e-child\" data-id=\"749e9afc\" data-element_type=\"container\" data-e-type=\"container\">\n\t\t\t\t<div class=\"elementor-element elementor-element-32704a elementor-widget elementor-widget-heading\" data-id=\"32704a\" data-element_type=\"widget\" data-e-type=\"widget\" data-widget_type=\"heading.default\">\n\t\t\t\t\t<h2 class=\"elementor-heading-title elementor-size-default\">Parois ext\u00e9rieures humides | Les indicateurs d'alerte<\/h2>\t\t\t\t<\/div>\n\t\t\t\t<div class=\"elementor-element elementor-element-414e843c elementor-widget-divider--view-line elementor-widget elementor-widget-divider\" data-id=\"414e843c\" data-element_type=\"widget\" data-e-type=\"widget\" data-widget_type=\"divider.default\">\n\t\t\t\t\t\t\t<div class=\"elementor-divider\">\n\t\t\t<span class=\"elementor-divider-separator\">\n\t\t\t\t\t\t<\/span>\n\t\t<\/div>\n\t\t\t\t\t\t<\/div>\n\t\t\t\t<\/div>\n\t\t<div class=\"elementor-element elementor-element-45d0f7f5 e-con-full e-flex e-con e-child\" data-id=\"45d0f7f5\" data-element_type=\"container\" data-e-type=\"container\">\n\t\t<div class=\"elementor-element elementor-element-4d1800cd e-con-full e-flex e-con e-child\" data-id=\"4d1800cd\" data-element_type=\"container\" data-e-type=\"container\">\n\t\t\t\t<div class=\"elementor-element elementor-element-4485725b elementor-widget elementor-widget-text-editor\" data-id=\"4485725b\" data-element_type=\"widget\" data-e-type=\"widget\" data-widget_type=\"text-editor.default\">\n\t\t\t\t\t\t\t\t\t<p class=\"whitespace-normal break-words\">Chez Grand Ouest Fa\u00e7ades, nous accordons une attention toute particuli\u00e8re \u00e0 l&rsquo;<strong>inspection de votre domicile<\/strong>. Comment ?<\/p><p class=\"whitespace-normal break-words\">Chaque habitation est singuli\u00e8re. Son exposition, les mat\u00e9riaux qui la composent, la fa\u00e7on dont elle re\u00e7oit les intemp\u00e9ries font l&rsquo;objet de toute notre vigilance. \u00c0 vos c\u00f4t\u00e9s, nous effectuons le tour du propri\u00e9taire et relevons :<\/p>\t\t\t\t\t\t\t\t<\/div>\n\t\t\t\t<div class=\"elementor-element elementor-element-41c63918 elementor-widget__width-initial elementor-widget-mobile__width-inherit elementor-icon-list--layout-traditional elementor-list-item-link-full_width elementor-widget elementor-widget-icon-list\" data-id=\"41c63918\" data-element_type=\"widget\" data-e-type=\"widget\" data-widget_type=\"icon-list.default\">\n\t\t\t\t\t\t\t<ul class=\"elementor-icon-list-items\">\n\t\t\t\t\t\t\t<li class=\"elementor-icon-list-item\">\n\t\t\t\t\t\t\t\t\t\t\t<span class=\"elementor-icon-list-icon\">\n\t\t\t\t\t\t\t<i aria-hidden=\"true\" class=\"fas fa-check\"><\/i>\t\t\t\t\t\t<\/span>\n\t\t\t\t\t\t\t\t\t\t<span class=\"elementor-icon-list-text\">L'aspect esth\u00e9tique de l'enduit ext\u00e9rieur (il se ternit ou se d\u00e9tache)<\/span>\n\t\t\t\t\t\t\t\t\t<\/li>\n\t\t\t\t\t\t\t\t<li class=\"elementor-icon-list-item\">\n\t\t\t\t\t\t\t\t\t\t\t<span class=\"elementor-icon-list-icon\">\n\t\t\t\t\t\t\t<i aria-hidden=\"true\" class=\"fas fa-check\"><\/i>\t\t\t\t\t\t<\/span>\n\t\t\t\t\t\t\t\t\t\t<span class=\"elementor-icon-list-text\">L'\u00e9mergence de fissures<\/span>\n\t\t\t\t\t\t\t\t\t<\/li>\n\t\t\t\t\t\t\t\t<li class=\"elementor-icon-list-item\">\n\t\t\t\t\t\t\t\t\t\t\t<span class=\"elementor-icon-list-icon\">\n\t\t\t\t\t\t\t<i aria-hidden=\"true\" class=\"fas fa-check\"><\/i>\t\t\t\t\t\t<\/span>\n\t\t\t\t\t\t\t\t\t\t<span class=\"elementor-icon-list-text\">La pr\u00e9sence de mousse<\/span>\n\t\t\t\t\t\t\t\t\t<\/li>\n\t\t\t\t\t\t\t\t<li class=\"elementor-icon-list-item\">\n\t\t\t\t\t\t\t\t\t\t\t<span class=\"elementor-icon-list-icon\">\n\t\t\t\t\t\t\t<i aria-hidden=\"true\" class=\"fas fa-check\"><\/i>\t\t\t\t\t\t<\/span>\n\t\t\t\t\t\t\t\t\t\t<span class=\"elementor-icon-list-text\">La formation d'aur\u00e9oles d'humidit\u00e9<\/span>\n\t\t\t\t\t\t\t\t\t<\/li>\n\t\t\t\t\t\t\t\t<li class=\"elementor-icon-list-item\">\n\t\t\t\t\t\t\t\t\t\t\t<span class=\"elementor-icon-list-icon\">\n\t\t\t\t\t\t\t<i aria-hidden=\"true\" class=\"fas fa-check\"><\/i>\t\t\t\t\t\t<\/span>\n\t\t\t\t\t\t\t\t\t\t<span class=\"elementor-icon-list-text\">Le d\u00e9lai de s\u00e9chage des parois apr\u00e8s la pluie, etc.<\/span>\n\t\t\t\t\t\t\t\t\t<\/li>\n\t\t\t\t\t\t<\/ul>\n\t\t\t\t\t\t<\/div>\n\t\t\t\t<\/div>\n\t\t<div class=\"elementor-element elementor-element-f88da6b e-con-full e-flex e-con e-child\" data-id=\"f88da6b\" data-element_type=\"container\" data-e-type=\"container\">\n\t\t\t\t<div class=\"elementor-element elementor-element-7e973b94 elementor-widget elementor-widget-image\" data-id=\"7e973b94\" data-element_type=\"widget\" data-e-type=\"widget\" data-widget_type=\"image.default\">\n\t\t\t\t\t\t\t\t\t\t\t\t\t\t\t<img decoding=\"async\" src=\"https:\/\/grandouestfacades.fr\/rennes\/wp-content\/uploads\/sites\/6\/elementor\/thumbs\/Humidite_GOF_1-r8glyrvfbum4uq0lxu8kf9t1jvtgy22uziwxysng3w.webp\" title=\"Humidite_GOF_1\" alt=\"Humidite_GOF_1\" loading=\"lazy\" \/>\t\t\t\t\t\t\t\t\t\t\t\t\t\t\t<\/div>\n\t\t\t\t<\/div>\n\t\t\t\t<\/div>\n\t\t\t\t<div class=\"elementor-element elementor-element-d0cad17 elementor-widget elementor-widget-text-editor\" data-id=\"d0cad17\" data-element_type=\"widget\" data-e-type=\"widget\" data-widget_type=\"text-editor.default\">\n\t\t\t\t\t\t\t\t\t<p class=\"whitespace-normal break-words\">Suite \u00e0 cet <strong>audit<\/strong>, nous vous expliquons quelles mesures s&rsquo;imposent et pourquoi. Notre expert vous propose la <strong>meilleure solution<\/strong> pour traiter le probl\u00e8me \u00e0 la source. \u00c0 partir de l\u00e0, vous n&rsquo;avez qu&rsquo;un <strong>seul interlocuteur<\/strong>. Contact privil\u00e9gi\u00e9, il g\u00e8re votre dossier du d\u00e9but \u00e0 la fin. Il supervise les travaux et vous informe sur leur progression.<\/p><p class=\"whitespace-normal break-words\">Bien entendu, cette visite demeure enti\u00e8rement <strong>gratuite<\/strong>. Elle ne vous engage \u00e0 rien d&rsquo;autre que de recevoir un devis personnalis\u00e9 et transparent.<\/p>\t\t\t\t\t\t\t\t<\/div>\n\t\t\t\t<div class=\"elementor-element elementor-element-f48fd12 elementor-align-center elementor-widget elementor-widget-button\" data-id=\"f48fd12\" data-element_type=\"widget\" data-e-type=\"widget\" data-widget_type=\"button.default\">\n\t\t\t\t\t\t\t\t\t\t<a class=\"elementor-button elementor-button-link elementor-size-sm\" href=\"https:\/\/grandouestfacades.fr\/rennes\/demande-de-devis-diagnostic-gratuit\/\">\n\t\t\t\t\t\t<span class=\"elementor-button-content-wrapper\">\n\t\t\t\t\t\t<span class=\"elementor-button-icon\">\n\t\t\t\t<i aria-hidden=\"true\" class=\"far fa-arrow-alt-circle-right\"><\/i>\t\t\t<\/span>\n\t\t\t\t\t\t\t\t\t<span class=\"elementor-button-text\">J'obtiens un devis personnalis\u00e9 d'un expert<\/span>\n\t\t\t\t\t<\/span>\n\t\t\t\t\t<\/a>\n\t\t\t\t\t\t\t\t<\/div>\n\t\t\t\t<div class=\"elementor-element elementor-element-4ee2aaa elementor-widget elementor-widget-text-editor\" data-id=\"4ee2aaa\" data-element_type=\"widget\" data-e-type=\"widget\" data-widget_type=\"text-editor.default\">\n\t\t\t\t\t\t\t\t\t<p class=\"whitespace-normal break-words\">Il profite de son passage pour v\u00e9rifier que les d\u00e9g\u00e2ts ne r\u00e9sultent pas d&rsquo;une fuite d&rsquo;eau, par exemple ou autre cause ind\u00e9pendante de tout souci d&rsquo;\u00e9tanch\u00e9it\u00e9.<\/p>\t\t\t\t\t\t\t\t<\/div>\n\t\t\t\t\t<\/div>\n\t\t\t\t<\/div>\n\t\t\t\t\t<\/div>\n\t\t\t\t<\/div>\n\t\t<div class=\"elementor-element elementor-element-7d114202 e-flex e-con-boxed e-con e-parent\" data-id=\"7d114202\" data-element_type=\"container\" data-e-type=\"container\" data-settings=\"{&quot;background_background&quot;:&quot;classic&quot;}\">\n\t\t\t\t\t<div class=\"e-con-inner\">\n\t\t\t\t<div class=\"elementor-element elementor-element-3ee67f57 elementor-widget elementor-widget-heading\" data-id=\"3ee67f57\" data-element_type=\"widget\" data-e-type=\"widget\" data-widget_type=\"heading.default\">\n\t\t\t\t\t<h2 class=\"elementor-heading-title elementor-size-default\">Notre expertise, chez vous !<\/h2>\t\t\t\t<\/div>\n\t\t\t\t<div class=\"elementor-element elementor-element-74815acb elementor-widget-divider--view-line elementor-widget elementor-widget-divider\" data-id=\"74815acb\" data-element_type=\"widget\" data-e-type=\"widget\" data-widget_type=\"divider.default\">\n\t\t\t\t\t\t\t<div class=\"elementor-divider\">\n\t\t\t<span class=\"elementor-divider-separator\">\n\t\t\t\t\t\t<\/span>\n\t\t<\/div>\n\t\t\t\t\t\t<\/div>\n\t\t\t\t<div class=\"elementor-element elementor-element-a3a5642 elementor-widget elementor-widget-text-editor\" data-id=\"a3a5642\" data-element_type=\"widget\" data-e-type=\"widget\" data-widget_type=\"text-editor.default\">\n\t\t\t\t\t\t\t\t\t<p class=\"whitespace-normal break-words\">J&rsquo;obtiens une analyse gratuite, je sollicite mon agence locale<\/p>\t\t\t\t\t\t\t\t<\/div>\n\t\t\t\t<div class=\"elementor-element elementor-element-40d453c1 elementor-align-center elementor-widget elementor-widget-button\" data-id=\"40d453c1\" data-element_type=\"widget\" data-e-type=\"widget\" data-widget_type=\"button.default\">\n\t\t\t\t\t\t\t\t\t\t<a class=\"elementor-button elementor-button-link elementor-size-sm\" href=\"https:\/\/grandouestfacades.fr\/rennes\/demande-de-devis-diagnostic-gratuit\/\">\n\t\t\t\t\t\t<span class=\"elementor-button-content-wrapper\">\n\t\t\t\t\t\t<span class=\"elementor-button-icon\">\n\t\t\t\t<i aria-hidden=\"true\" class=\"far fa-arrow-alt-circle-right\"><\/i>\t\t\t<\/span>\n\t\t\t\t\t\t\t\t\t<span class=\"elementor-button-text\">Joindre l'agence Grand Ouest Fa\u00e7ades Rennes<\/span>\n\t\t\t\t\t<\/span>\n\t\t\t\t\t<\/a>\n\t\t\t\t\t\t\t\t<\/div>\n\t\t\t\t\t<\/div>\n\t\t\t\t<\/div>\n\t\t<div class=\"elementor-element elementor-element-1473896c e-flex e-con-boxed e-con e-parent\" data-id=\"1473896c\" data-element_type=\"container\" data-e-type=\"container\">\n\t\t\t\t\t<div class=\"e-con-inner\">\n\t\t<div class=\"elementor-element elementor-element-18fa00cc e-con-full e-flex e-con e-child\" data-id=\"18fa00cc\" data-element_type=\"container\" data-e-type=\"container\">\n\t\t<div class=\"elementor-element elementor-element-2d068d22 e-con-full e-flex e-con e-child\" data-id=\"2d068d22\" data-element_type=\"container\" data-e-type=\"container\">\n\t\t\t\t<div class=\"elementor-element elementor-element-e3a05f7 elementor-widget elementor-widget-heading\" data-id=\"e3a05f7\" data-element_type=\"widget\" data-e-type=\"widget\" data-widget_type=\"heading.default\">\n\t\t\t\t\t<h2 class=\"elementor-heading-title elementor-size-default\">Traitement des infiltrations capillaires | Ass\u00e8chement des parois par injection<\/h2>\t\t\t\t<\/div>\n\t\t\t\t<div class=\"elementor-element elementor-element-48a38501 elementor-widget-divider--view-line elementor-widget elementor-widget-divider\" data-id=\"48a38501\" data-element_type=\"widget\" data-e-type=\"widget\" data-widget_type=\"divider.default\">\n\t\t\t\t\t\t\t<div class=\"elementor-divider\">\n\t\t\t<span class=\"elementor-divider-separator\">\n\t\t\t\t\t\t<\/span>\n\t\t<\/div>\n\t\t\t\t\t\t<\/div>\n\t\t\t\t<\/div>\n\t\t<div class=\"elementor-element elementor-element-11c95b9f e-con-full e-flex e-con e-child\" data-id=\"11c95b9f\" data-element_type=\"container\" data-e-type=\"container\">\n\t\t<div class=\"elementor-element elementor-element-5ffef7df e-con-full e-flex e-con e-child\" data-id=\"5ffef7df\" data-element_type=\"container\" data-e-type=\"container\">\n\t\t\t\t<div class=\"elementor-element elementor-element-a41ee89 elementor-widget elementor-widget-text-editor\" data-id=\"a41ee89\" data-element_type=\"widget\" data-e-type=\"widget\" data-widget_type=\"text-editor.default\">\n\t\t\t\t\t\t\t\t\t<p class=\"whitespace-normal break-words\">Votre maison date d&rsquo;avant 1980 ? Sa dalle n&rsquo;est probablement pas pr\u00e9serv\u00e9e contre l&rsquo;humidit\u00e9 et les <strong>infiltrations capillaires<\/strong>. Notre mission : ass\u00e9cher les parois, bloquer le passage de l&rsquo;eau pour \u00e9viter que l&rsquo;humidit\u00e9 n&rsquo;envahisse votre demeure ancienne ou moderne. En r\u00e9alit\u00e9, un assainissement reste insuffisant, il ne fait office que de <strong>cache-mis\u00e8re<\/strong>. Nous utilisons des <strong>r\u00e9sines hydrofuges<\/strong> de masse pour cr\u00e9er une barri\u00e8re, un obstacle d\u00e9finitif aux remont\u00e9es par capillarit\u00e9. L&rsquo;id\u00e9e consiste \u00e0 imperm\u00e9abiliser vos parois contre l&rsquo;humidit\u00e9 ascensionnelle. Cela s&rsquo;applique, bien s\u00fbr, \u00e0 toutes sortes de locaux, zone de stockage, ou garage.<\/p>\t\t\t\t\t\t\t\t<\/div>\n\t\t\t\t<\/div>\n\t\t<div class=\"elementor-element elementor-element-54967d40 e-con-full e-flex e-con e-child\" data-id=\"54967d40\" data-element_type=\"container\" data-e-type=\"container\">\n\t\t\t\t<div class=\"elementor-element elementor-element-679a9c3 elementor-widget elementor-widget-heading\" data-id=\"679a9c3\" data-element_type=\"widget\" data-e-type=\"widget\" data-widget_type=\"heading.default\">\n\t\t\t\t\t<h3 class=\"elementor-heading-title elementor-size-default\">Plusieurs \u00e9tapes s'av\u00e8rent n\u00e9cessaires pour un r\u00e9sultat de qualit\u00e9.<\/h3>\t\t\t\t<\/div>\n\t\t\t\t<div class=\"elementor-element elementor-element-3ebcb161 elementor-widget__width-initial elementor-widget-mobile__width-inherit elementor-icon-list--layout-traditional elementor-list-item-link-full_width elementor-widget elementor-widget-icon-list\" data-id=\"3ebcb161\" data-element_type=\"widget\" data-e-type=\"widget\" data-widget_type=\"icon-list.default\">\n\t\t\t\t\t\t\t<ul class=\"elementor-icon-list-items\">\n\t\t\t\t\t\t\t<li class=\"elementor-icon-list-item\">\n\t\t\t\t\t\t\t\t\t\t\t<span class=\"elementor-icon-list-icon\">\n\t\t\t\t\t\t\t<i aria-hidden=\"true\" class=\"fas fa-check\"><\/i>\t\t\t\t\t\t<\/span>\n\t\t\t\t\t\t\t\t\t\t<span class=\"elementor-icon-list-text\">La pr\u00e9paration des supports et la prise de la teneur en eau pour comparer la situation avant et apr\u00e8s les travaux d'ass\u00e8chement.<\/span>\n\t\t\t\t\t\t\t\t\t<\/li>\n\t\t\t\t\t\t\t\t<li class=\"elementor-icon-list-item\">\n\t\t\t\t\t\t\t\t\t\t\t<span class=\"elementor-icon-list-icon\">\n\t\t\t\t\t\t\t<i aria-hidden=\"true\" class=\"fas fa-check\"><\/i>\t\t\t\t\t\t<\/span>\n\t\t\t\t\t\t\t\t\t\t<span class=\"elementor-icon-list-text\">Le per\u00e7age consiste \u00e0 cr\u00e9er les orifices d'injection.<\/span>\n\t\t\t\t\t\t\t\t\t<\/li>\n\t\t\t\t\t\t\t\t<li class=\"elementor-icon-list-item\">\n\t\t\t\t\t\t\t\t\t\t\t<span class=\"elementor-icon-list-icon\">\n\t\t\t\t\t\t\t<i aria-hidden=\"true\" class=\"fas fa-check\"><\/i>\t\t\t\t\t\t<\/span>\n\t\t\t\t\t\t\t\t\t\t<span class=\"elementor-icon-list-text\">L'injection de r\u00e9sine elle-m\u00eame ob\u00e9it \u00e0 des r\u00e8gles bien pr\u00e9cises de d\u00e9bit et de quantit\u00e9.<\/span>\n\t\t\t\t\t\t\t\t\t<\/li>\n\t\t\t\t\t\t\t\t<li class=\"elementor-icon-list-item\">\n\t\t\t\t\t\t\t\t\t\t\t<span class=\"elementor-icon-list-icon\">\n\t\t\t\t\t\t\t<i aria-hidden=\"true\" class=\"fas fa-check\"><\/i>\t\t\t\t\t\t<\/span>\n\t\t\t\t\t\t\t\t\t\t<span class=\"elementor-icon-list-text\">L'ass\u00e8chement s'\u00e9tale sur une p\u00e9riode qui d\u00e9pend des conditions de chaque maison.<\/span>\n\t\t\t\t\t\t\t\t\t<\/li>\n\t\t\t\t\t\t\t\t<li class=\"elementor-icon-list-item\">\n\t\t\t\t\t\t\t\t\t\t\t<span class=\"elementor-icon-list-icon\">\n\t\t\t\t\t\t\t<i aria-hidden=\"true\" class=\"fas fa-check\"><\/i>\t\t\t\t\t\t<\/span>\n\t\t\t\t\t\t\t\t\t\t<span class=\"elementor-icon-list-text\">Les parois charg\u00e9es en sel n\u00e9cessitent une op\u00e9ration suppl\u00e9mentaire (convertisseur de sels).<\/span>\n\t\t\t\t\t\t\t\t\t<\/li>\n\t\t\t\t\t\t\t\t<li class=\"elementor-icon-list-item\">\n\t\t\t\t\t\t\t\t\t\t\t<span class=\"elementor-icon-list-icon\">\n\t\t\t\t\t\t\t<i aria-hidden=\"true\" class=\"fas fa-check\"><\/i>\t\t\t\t\t\t<\/span>\n\t\t\t\t\t\t\t\t\t\t<span class=\"elementor-icon-list-text\">Enfin, les finitions vous rendent vos murs dans un \u00e9tat esth\u00e9tiquement parfait. \u00c0 ce stade, la teneur en eau est inf\u00e9rieure \u00e0 5 %.<\/span>\n\t\t\t\t\t\t\t\t\t<\/li>\n\t\t\t\t\t\t<\/ul>\n\t\t\t\t\t\t<\/div>\n\t\t\t\t<div class=\"elementor-element elementor-element-3f2f822a elementor-widget elementor-widget-text-editor\" data-id=\"3f2f822a\" data-element_type=\"widget\" data-e-type=\"widget\" data-widget_type=\"text-editor.default\">\n\t\t\t\t\t\t\t\t\t<p class=\"whitespace-normal break-words\">Vous voici lib\u00e9r\u00e9 des <strong>infiltrations d&rsquo;eau<\/strong> !<\/p>\t\t\t\t\t\t\t\t<\/div>\n\t\t\t\t<\/div>\n\t\t\t\t<\/div>\n\t\t<div class=\"elementor-element elementor-element-7ec451b3 e-con-full e-flex e-con e-child\" data-id=\"7ec451b3\" data-element_type=\"container\" data-e-type=\"container\">\n\t\t\t\t<div class=\"elementor-element elementor-element-6e1acbf elementor-widget elementor-widget-heading\" data-id=\"6e1acbf\" data-element_type=\"widget\" data-e-type=\"widget\" data-widget_type=\"heading.default\">\n\t\t\t\t\t<h2 class=\"elementor-heading-title elementor-size-default\">Assainir une paroi humide | V\u00e9rifier les autres origines<\/h2>\t\t\t\t<\/div>\n\t\t\t\t<div class=\"elementor-element elementor-element-09c9bb0 elementor-widget-divider--view-line elementor-widget elementor-widget-divider\" data-id=\"09c9bb0\" data-element_type=\"widget\" data-e-type=\"widget\" data-widget_type=\"divider.default\">\n\t\t\t\t\t\t\t<div class=\"elementor-divider\">\n\t\t\t<span class=\"elementor-divider-separator\">\n\t\t\t\t\t\t<\/span>\n\t\t<\/div>\n\t\t\t\t\t\t<\/div>\n\t\t\t\t<div class=\"elementor-element elementor-element-01b6f1f elementor-widget elementor-widget-text-editor\" data-id=\"01b6f1f\" data-element_type=\"widget\" data-e-type=\"widget\" data-widget_type=\"text-editor.default\">\n\t\t\t\t\t\t\t\t\t<p class=\"whitespace-normal break-words\">L&rsquo;humidit\u00e9 n&rsquo;est pas syst\u00e9matiquement caus\u00e9e par des infiltrations capillaires. D&rsquo;autres raisons expliquent que vos parois prennent l&rsquo;eau. En voici quelques-unes.<\/p>\t\t\t\t\t\t\t\t<\/div>\n\t\t<div class=\"elementor-element elementor-element-a5340f8 e-con-full e-flex e-con e-child\" data-id=\"a5340f8\" data-element_type=\"container\" data-e-type=\"container\">\n\t\t<div class=\"elementor-element elementor-element-49df97df e-con-full e-flex e-con e-child\" data-id=\"49df97df\" data-element_type=\"container\" data-e-type=\"container\">\n\t\t\t\t<div class=\"elementor-element elementor-element-33347e7a elementor-widget elementor-widget-image\" data-id=\"33347e7a\" data-element_type=\"widget\" data-e-type=\"widget\" data-widget_type=\"image.default\">\n\t\t\t\t\t\t\t\t\t\t\t\t\t\t\t<img decoding=\"async\" src=\"https:\/\/grandouestfacades.fr\/rennes\/wp-content\/uploads\/sites\/6\/elementor\/thumbs\/Humidite_prestation-r7hwg710462n4w8fczw2fxz5va8kib4sjdo2srjyvs.jpg\" title=\"Humidite_prestation\" alt=\"Humidite_prestation\" loading=\"lazy\" \/>\t\t\t\t\t\t\t\t\t\t\t\t\t\t\t<\/div>\n\t\t\t\t<\/div>\n\t\t<div class=\"elementor-element elementor-element-2930060c e-con-full e-flex e-con e-child\" data-id=\"2930060c\" data-element_type=\"container\" data-e-type=\"container\">\n\t\t\t\t<div class=\"elementor-element elementor-element-5fcbc10d elementor-widget elementor-widget-heading\" data-id=\"5fcbc10d\" data-element_type=\"widget\" data-e-type=\"widget\" data-widget_type=\"heading.default\">\n\t\t\t\t\t<h3 class=\"elementor-heading-title elementor-size-default\">Joints d\u00e9faillants<\/h3>\t\t\t\t<\/div>\n\t\t\t\t<div class=\"elementor-element elementor-element-66f13a5a elementor-widget elementor-widget-text-editor\" data-id=\"66f13a5a\" data-element_type=\"widget\" data-e-type=\"widget\" data-widget_type=\"text-editor.default\">\n\t\t\t\t\t\t\t\t\t<p class=\"whitespace-normal break-words\">Des joints d\u00e9t\u00e9rior\u00e9s ou fendill\u00e9s n\u00e9cessitent une <strong>remise en \u00e9tat<\/strong>. On les retire puis on rejointoie. Terme peu esth\u00e9tique certes, mais l&rsquo;op\u00e9ration s&rsquo;av\u00e8re d&rsquo;une efficacit\u00e9 remarquable pour imperm\u00e9abiliser votre maison.<\/p>\t\t\t\t\t\t\t\t<\/div>\n\t\t\t\t<div class=\"elementor-element elementor-element-94764ec elementor-widget elementor-widget-heading\" data-id=\"94764ec\" data-element_type=\"widget\" data-e-type=\"widget\" data-widget_type=\"heading.default\">\n\t\t\t\t\t<h3 class=\"elementor-heading-title elementor-size-default\">Fa\u00e7ade ou cr\u00e9pi en mauvais \u00e9tat<\/h3>\t\t\t\t<\/div>\n\t\t\t\t<div class=\"elementor-element elementor-element-ebea1d6 elementor-widget elementor-widget-text-editor\" data-id=\"ebea1d6\" data-element_type=\"widget\" data-e-type=\"widget\" data-widget_type=\"text-editor.default\">\n\t\t\t\t\t\t\t\t\t<p class=\"whitespace-normal break-words\">Selon l&rsquo;\u00e9tat g\u00e9n\u00e9ral de votre fa\u00e7ade, peut-\u00eatre vaut-il mieux envisager de la <strong>r\u00e9nover<\/strong> ? Les experts de Grand Ouest Fa\u00e7ade vous conseillent.<\/p><p class=\"whitespace-normal break-words\">Rev\u00eatir les parois ext\u00e9rieures d&rsquo;un nouveau cr\u00e9pi permet aussi de les pr\u00e9server contre l&rsquo;humidit\u00e9 et de r\u00e9aliser des <strong>\u00e9conomies d&rsquo;\u00e9nergie<\/strong> par la m\u00eame occasion. Il faut alors d\u00e9cr\u00e9pir puis poser un nouvel enduit.<\/p>\t\t\t\t\t\t\t\t<\/div>\n\t\t\t\t<\/div>\n\t\t\t\t<\/div>\n\t\t\t\t<div class=\"elementor-element elementor-element-ea3afab elementor-widget elementor-widget-heading\" data-id=\"ea3afab\" data-element_type=\"widget\" data-e-type=\"widget\" data-widget_type=\"heading.default\">\n\t\t\t\t\t<h3 class=\"elementor-heading-title elementor-size-default\">Les fondations non \u00e9tanches<\/h3>\t\t\t\t<\/div>\n\t\t\t\t<div class=\"elementor-element elementor-element-fe78178 elementor-widget elementor-widget-text-editor\" data-id=\"fe78178\" data-element_type=\"widget\" data-e-type=\"widget\" data-widget_type=\"text-editor.default\">\n\t\t\t\t\t\t\t\t\t<p class=\"whitespace-normal break-words\">Et si l&rsquo;\u00e9tanch\u00e9it\u00e9 des fondations \u00e9tait l&rsquo;origine de vos soucis d&rsquo;humidit\u00e9 ? Le professionnel va alors <strong>imperm\u00e9abiliser<\/strong> le mur au niveau des fondations puis mettre en place un syst\u00e8me de drainage. Ce dernier varie selon le sol argileux ou limoneux.<\/p>\t\t\t\t\t\t\t\t<\/div>\n\t\t\t\t<\/div>\n\t\t<div class=\"elementor-element elementor-element-232de5a5 e-con-full e-flex e-con e-child\" data-id=\"232de5a5\" data-element_type=\"container\" data-e-type=\"container\">\n\t\t\t\t<div class=\"elementor-element elementor-element-6d1883f3 elementor-widget elementor-widget-heading\" data-id=\"6d1883f3\" data-element_type=\"widget\" data-e-type=\"widget\" data-widget_type=\"heading.default\">\n\t\t\t\t\t<h2 class=\"elementor-heading-title elementor-size-default\">Go Marque Exclusive | Des solutions premium respectueuses de l'environnement<\/h2>\t\t\t\t<\/div>\n\t\t\t\t<div class=\"elementor-element elementor-element-95bd12a elementor-widget-divider--view-line elementor-widget elementor-widget-divider\" data-id=\"95bd12a\" data-element_type=\"widget\" data-e-type=\"widget\" data-widget_type=\"divider.default\">\n\t\t\t\t\t\t\t<div class=\"elementor-divider\">\n\t\t\t<span class=\"elementor-divider-separator\">\n\t\t\t\t\t\t<\/span>\n\t\t<\/div>\n\t\t\t\t\t\t<\/div>\n\t\t\t\t<\/div>\n\t\t<div class=\"elementor-element elementor-element-8e5d070 e-con-full e-flex e-con e-child\" data-id=\"8e5d070\" data-element_type=\"container\" data-e-type=\"container\">\n\t\t<div class=\"elementor-element elementor-element-62cd7160 e-con-full e-flex e-con e-child\" data-id=\"62cd7160\" data-element_type=\"container\" data-e-type=\"container\">\n\t\t\t\t<div class=\"elementor-element elementor-element-363a6d78 elementor-widget elementor-widget-image\" data-id=\"363a6d78\" data-element_type=\"widget\" data-e-type=\"widget\" data-widget_type=\"image.default\">\n\t\t\t\t\t\t\t\t\t\t\t\t\t\t\t<img decoding=\"async\" width=\"800\" height=\"473\" src=\"https:\/\/grandouestfacades.fr\/rennes\/wp-content\/uploads\/sites\/6\/2020\/08\/GO_-_logo_pour_fond_clair-1024x605.png\" class=\"attachment-large size-large wp-image-33\" alt=\"Marque Exclusive GO\" srcset=\"https:\/\/grandouestfacades.fr\/rennes\/wp-content\/uploads\/sites\/6\/2020\/08\/GO_-_logo_pour_fond_clair-1024x605.png 1024w, https:\/\/grandouestfacades.fr\/rennes\/wp-content\/uploads\/sites\/6\/2020\/08\/GO_-_logo_pour_fond_clair-300x177.png 300w, https:\/\/grandouestfacades.fr\/rennes\/wp-content\/uploads\/sites\/6\/2020\/08\/GO_-_logo_pour_fond_clair-768x454.png 768w, https:\/\/grandouestfacades.fr\/rennes\/wp-content\/uploads\/sites\/6\/2020\/08\/GO_-_logo_pour_fond_clair.png 1299w\" sizes=\"(max-width: 800px) 100vw, 800px\" \/>\t\t\t\t\t\t\t\t\t\t\t\t\t\t\t<\/div>\n\t\t\t\t<\/div>\n\t\t<div class=\"elementor-element elementor-element-2c08d593 e-con-full e-flex e-con e-child\" data-id=\"2c08d593\" data-element_type=\"container\" data-e-type=\"container\">\n\t\t\t\t<div class=\"elementor-element elementor-element-388be257 elementor-widget elementor-widget-text-editor\" data-id=\"388be257\" data-element_type=\"widget\" data-e-type=\"widget\" data-widget_type=\"text-editor.default\">\n\t\t\t\t\t\t\t\t\t<p class=\"whitespace-normal break-words\">Chez Grand Ouest Fa\u00e7ades, nous employons des <strong>produits professionnels premium<\/strong> pour l&rsquo;absorption capillaire.<\/p><p class=\"whitespace-normal break-words\">Notre r\u00e9sine constitue un hydrofuge liquide de masse, sans solvant, modifi\u00e9 par un r\u00e9ducteur de tension superficielle. Elle permet \u00e0 l&rsquo;eau de migrer facilement gr\u00e2ce \u00e0 son <strong>pouvoir de p\u00e9n\u00e9tration<\/strong> et pr\u00e9sente ainsi une efficacit\u00e9 \u00e9gale aux produits solvant\u00e9s. C&rsquo;est un m\u00e9lange de trois polym\u00e8res siloxanes oligom\u00e8res en phase hybride.<\/p><p class=\"whitespace-normal break-words\">Dans les <strong>48 h<\/strong>, elle stoppe toute remont\u00e9e capillaire.<\/p><p class=\"whitespace-normal break-words\">Elle rend votre ma\u00e7onnerie d\u00e9finitivement <strong>imperm\u00e9able<\/strong>, et ce quelles que soient son \u00e9paisseur, sa nature et sa teneur en eau.<\/p>\t\t\t\t\t\t\t\t<\/div>\n\t\t\t\t<\/div>\n\t\t\t\t<\/div>\n\t\t<div class=\"elementor-element elementor-element-484dab33 e-con-full e-flex e-con e-child\" data-id=\"484dab33\" data-element_type=\"container\" data-e-type=\"container\">\n\t\t<div class=\"elementor-element elementor-element-6306e77b e-con-full e-flex e-con e-child\" data-id=\"6306e77b\" data-element_type=\"container\" data-e-type=\"container\">\n\t\t\t\t<div class=\"elementor-element elementor-element-5ba9311e elementor-widget elementor-widget-heading\" data-id=\"5ba9311e\" data-element_type=\"widget\" data-e-type=\"widget\" data-widget_type=\"heading.default\">\n\t\t\t\t\t<h4 class=\"elementor-heading-title elementor-size-default\">Notre r\u00e9sine :\n<\/h4>\t\t\t\t<\/div>\n\t\t\t\t<div class=\"elementor-element elementor-element-1f412f6 elementor-widget__width-initial elementor-widget-mobile__width-inherit elementor-icon-list--layout-traditional elementor-list-item-link-full_width elementor-widget elementor-widget-icon-list\" data-id=\"1f412f6\" data-element_type=\"widget\" data-e-type=\"widget\" data-widget_type=\"icon-list.default\">\n\t\t\t\t\t\t\t<ul class=\"elementor-icon-list-items\">\n\t\t\t\t\t\t\t<li class=\"elementor-icon-list-item\">\n\t\t\t\t\t\t\t\t\t\t\t<span class=\"elementor-icon-list-icon\">\n\t\t\t\t\t\t\t<i aria-hidden=\"true\" class=\"fas fa-check\"><\/i>\t\t\t\t\t\t<\/span>\n\t\t\t\t\t\t\t\t\t\t<span class=\"elementor-icon-list-text\">Peut \u00eatre employ\u00e9e pour tout local<\/span>\n\t\t\t\t\t\t\t\t\t<\/li>\n\t\t\t\t\t\t\t\t<li class=\"elementor-icon-list-item\">\n\t\t\t\t\t\t\t\t\t\t\t<span class=\"elementor-icon-list-icon\">\n\t\t\t\t\t\t\t<i aria-hidden=\"true\" class=\"fas fa-check\"><\/i>\t\t\t\t\t\t<\/span>\n\t\t\t\t\t\t\t\t\t\t<span class=\"elementor-icon-list-text\">Est class\u00e9e ininflammable et inodore<\/span>\n\t\t\t\t\t\t\t\t\t<\/li>\n\t\t\t\t\t\t\t\t<li class=\"elementor-icon-list-item\">\n\t\t\t\t\t\t\t\t\t\t\t<span class=\"elementor-icon-list-icon\">\n\t\t\t\t\t\t\t<i aria-hidden=\"true\" class=\"fas fa-check\"><\/i>\t\t\t\t\t\t<\/span>\n\t\t\t\t\t\t\t\t\t\t<span class=\"elementor-icon-list-text\">Ne contient ni sels ni siliconates<\/span>\n\t\t\t\t\t\t\t\t\t<\/li>\n\t\t\t\t\t\t\t\t<li class=\"elementor-icon-list-item\">\n\t\t\t\t\t\t\t\t\t\t\t<span class=\"elementor-icon-list-icon\">\n\t\t\t\t\t\t\t<i aria-hidden=\"true\" class=\"fas fa-check\"><\/i>\t\t\t\t\t\t<\/span>\n\t\t\t\t\t\t\t\t\t\t<span class=\"elementor-icon-list-text\">Ne g\u00e9n\u00e8re pas de sels nuisibles lorsqu'elle agit<\/span>\n\t\t\t\t\t\t\t\t\t<\/li>\n\t\t\t\t\t\t\t\t<li class=\"elementor-icon-list-item\">\n\t\t\t\t\t\t\t\t\t\t\t<span class=\"elementor-icon-list-icon\">\n\t\t\t\t\t\t\t<i aria-hidden=\"true\" class=\"fas fa-check\"><\/i>\t\t\t\t\t\t<\/span>\n\t\t\t\t\t\t\t\t\t\t<span class=\"elementor-icon-list-text\">Peut \u00eatre inject\u00e9e en masse dans les parois contre terre (ma\u00e7onneries enterr\u00e9es), etc.<\/span>\n\t\t\t\t\t\t\t\t\t<\/li>\n\t\t\t\t\t\t<\/ul>\n\t\t\t\t\t\t<\/div>\n\t\t\t\t<\/div>\n\t\t\t\t<\/div>\n\t\t<div class=\"elementor-element elementor-element-708d58c6 e-con-full e-flex e-con e-child\" data-id=\"708d58c6\" data-element_type=\"container\" data-e-type=\"container\">\n\t\t\t\t<div class=\"elementor-element elementor-element-ada25ab elementor-widget elementor-widget-heading\" data-id=\"ada25ab\" data-element_type=\"widget\" data-e-type=\"widget\" data-widget_type=\"heading.default\">\n\t\t\t\t\t<h2 class=\"elementor-heading-title elementor-size-default\">Traitement contre l'humidit\u00e9, mais pour la plan\u00e8te ?<\/h2>\t\t\t\t<\/div>\n\t\t\t\t<div class=\"elementor-element elementor-element-7adf667a elementor-widget-divider--view-line elementor-widget elementor-widget-divider\" data-id=\"7adf667a\" data-element_type=\"widget\" data-e-type=\"widget\" data-widget_type=\"divider.default\">\n\t\t\t\t\t\t\t<div class=\"elementor-divider\">\n\t\t\t<span class=\"elementor-divider-separator\">\n\t\t\t\t\t\t<\/span>\n\t\t<\/div>\n\t\t\t\t\t\t<\/div>\n\t\t\t\t<div class=\"elementor-element elementor-element-5bd7401a elementor-widget elementor-widget-text-editor\" data-id=\"5bd7401a\" data-element_type=\"widget\" data-e-type=\"widget\" data-widget_type=\"text-editor.default\">\n\t\t\t\t\t\t\t\t\t<p class=\"whitespace-normal break-words\">Fiers de notre <strong>belle r\u00e9gion rennaise<\/strong>, nous aimons en prendre soin. C&rsquo;est pourquoi nos produits sont de <strong>fabrication fran\u00e7aise<\/strong> et respectueux de l&rsquo;environnement gr\u00e2ce \u00e0 leur faible teneur en solvants et polluants. Nous vous proposons \u00e9galement des parrainages. Int\u00e9ress\u00e9 ? Contactez-nous ! Ravalement de fa\u00e7ades, toiture, isolation, nous sommes l\u00e0.<\/p><p class=\"whitespace-normal break-words\">L&rsquo;agence Grand Ouest Fa\u00e7ade Rennes op\u00e8re sur toute la <strong>m\u00e9tropole rennaise<\/strong> et sa p\u00e9riph\u00e9rie. Un simple appel, une demande de devis et nous vous offrons un <strong>diagnostic gratuit<\/strong> !<\/p>\t\t\t\t\t\t\t\t<\/div>\n\t\t\t\t<\/div>\n\t\t\t\t<\/div>\n\t\t\t\t\t<\/div>\n\t\t\t\t<\/div>\n\t\t\t\t<\/div>\n\t\t","protected":false},"excerpt":{"rendered":"<p>Grand Ouest Fa\u00e7ades Rennes Humidit\u00e9 remont\u00e9e capillaire Grand Ouest Fa\u00e7ades Rennes vous guide dans vos projets d&rsquo;ass\u00e8chement des murs. Solutions adapt\u00e9es au milieu urbain et aux sp\u00e9cificit\u00e9s climatiques bretonnes. Humidit\u00e9 ext\u00e9rieure et infiltrations par capillarit\u00e9 Infiltrations capillaires en milieu urbain breton Marques brun\u00e2tres, rayures inesth\u00e9tiques, aur\u00e9oles humides sur les parois des habitations, vous percevez ? [&hellip;]<\/p>\n","protected":false},"author":3,"featured_media":0,"parent":0,"menu_order":0,"comment_status":"closed","ping_status":"closed","template":"elementor_header_footer","meta":{"footnotes":""},"class_list":["post-3919","page","type-page","status-publish","hentry"],"yoast_head":"<!-- This site is optimized with the Yoast SEO plugin v27.4 - https:\/\/yoast.com\/product\/yoast-seo-wordpress\/ -->\n<title>Grand Ouest Fa\u00e7ades Rennes | Humidit\u00e9 et Remont\u00e9e Capillaire<\/title>\n<meta name=\"description\" content=\"Humidit\u00e9 Remont\u00e9es Capillaires, Grand Ouest Fa\u00e7ades Rennes vous accompagne dans vos projets d\u2019ass\u00e8chement des murs.\" \/>\n<meta name=\"robots\" content=\"index, follow, max-snippet:-1, max-image-preview:large, max-video-preview:-1\" \/>\n<link rel=\"canonical\" href=\"https:\/\/grandouestfacades.fr\/rennes\/humidite-remontee-capillaire\/\" \/>\n<meta property=\"og:locale\" content=\"fr_FR\" \/>\n<meta property=\"og:type\" content=\"article\" \/>\n<meta property=\"og:title\" content=\"Grand Ouest Fa\u00e7ades Rennes | Humidit\u00e9 et Remont\u00e9e Capillaire\" \/>\n<meta property=\"og:description\" content=\"Humidit\u00e9 Remont\u00e9es Capillaires, Grand Ouest Fa\u00e7ades Rennes vous accompagne dans vos projets d\u2019ass\u00e8chement des murs.\" \/>\n<meta property=\"og:url\" content=\"https:\/\/grandouestfacades.fr\/rennes\/humidite-remontee-capillaire\/\" \/>\n<meta property=\"og:site_name\" content=\"Rennes - Grand Ouest Fa\u00e7ades\" \/>\n<meta property=\"article:modified_time\" content=\"2025-07-08T14:39:59+00:00\" \/>\n<meta property=\"og:image\" content=\"https:\/\/grandouestfacades.fr\/rennes\/wp-content\/uploads\/sites\/6\/2020\/08\/picto_humidite.png\" \/>\n\t<meta property=\"og:image:width\" content=\"287\" \/>\n\t<meta property=\"og:image:height\" content=\"287\" \/>\n\t<meta property=\"og:image:type\" content=\"image\/png\" \/>\n<meta name=\"twitter:card\" content=\"summary_large_image\" \/>\n<meta name=\"twitter:label1\" content=\"Dur\u00e9e de lecture estim\u00e9e\" \/>\n\t<meta name=\"twitter:data1\" content=\"6 minutes\" \/>\n<script type=\"application\/ld+json\" class=\"yoast-schema-graph\">{\"@context\":\"https:\\\/\\\/schema.org\",\"@graph\":[{\"@type\":\"WebPage\",\"@id\":\"https:\\\/\\\/grandouestfacades.fr\\\/rennes\\\/humidite-remontee-capillaire\\\/\",\"url\":\"https:\\\/\\\/grandouestfacades.fr\\\/rennes\\\/humidite-remontee-capillaire\\\/\",\"name\":\"Grand Ouest Fa\u00e7ades Rennes | Humidit\u00e9 et Remont\u00e9e Capillaire\",\"isPartOf\":{\"@id\":\"https:\\\/\\\/grandouestfacades.fr\\\/rennes\\\/#website\"},\"primaryImageOfPage\":{\"@id\":\"https:\\\/\\\/grandouestfacades.fr\\\/rennes\\\/humidite-remontee-capillaire\\\/#primaryimage\"},\"image\":{\"@id\":\"https:\\\/\\\/grandouestfacades.fr\\\/rennes\\\/humidite-remontee-capillaire\\\/#primaryimage\"},\"thumbnailUrl\":\"https:\\\/\\\/grandouestfacades.fr\\\/rennes\\\/wp-content\\\/uploads\\\/sites\\\/6\\\/2020\\\/08\\\/picto_humidite.png\",\"datePublished\":\"2025-06-23T13:15:16+00:00\",\"dateModified\":\"2025-07-08T14:39:59+00:00\",\"description\":\"Humidit\u00e9 Remont\u00e9es Capillaires, Grand Ouest Fa\u00e7ades Rennes vous accompagne dans vos projets d\u2019ass\u00e8chement des murs.\",\"breadcrumb\":{\"@id\":\"https:\\\/\\\/grandouestfacades.fr\\\/rennes\\\/humidite-remontee-capillaire\\\/#breadcrumb\"},\"inLanguage\":\"fr-FR\",\"potentialAction\":[{\"@type\":\"ReadAction\",\"target\":[\"https:\\\/\\\/grandouestfacades.fr\\\/rennes\\\/humidite-remontee-capillaire\\\/\"]}]},{\"@type\":\"ImageObject\",\"inLanguage\":\"fr-FR\",\"@id\":\"https:\\\/\\\/grandouestfacades.fr\\\/rennes\\\/humidite-remontee-capillaire\\\/#primaryimage\",\"url\":\"https:\\\/\\\/grandouestfacades.fr\\\/rennes\\\/wp-content\\\/uploads\\\/sites\\\/6\\\/2020\\\/08\\\/picto_humidite.png\",\"contentUrl\":\"https:\\\/\\\/grandouestfacades.fr\\\/rennes\\\/wp-content\\\/uploads\\\/sites\\\/6\\\/2020\\\/08\\\/picto_humidite.png\",\"width\":287,\"height\":287,\"caption\":\"picto_humidite\"},{\"@type\":\"BreadcrumbList\",\"@id\":\"https:\\\/\\\/grandouestfacades.fr\\\/rennes\\\/humidite-remontee-capillaire\\\/#breadcrumb\",\"itemListElement\":[{\"@type\":\"ListItem\",\"position\":1,\"name\":\"Accueil\",\"item\":\"https:\\\/\\\/grandouestfacades.fr\\\/rennes\\\/\"},{\"@type\":\"ListItem\",\"position\":2,\"name\":\"Humidit\u00e9 remont\u00e9e capillaire\"}]},{\"@type\":\"WebSite\",\"@id\":\"https:\\\/\\\/grandouestfacades.fr\\\/rennes\\\/#website\",\"url\":\"https:\\\/\\\/grandouestfacades.fr\\\/rennes\\\/\",\"name\":\"La Baule - Grand Ouest Fa\u00e7ades\",\"description\":\"Votre fa\u00e7ade, comme neuve !\",\"publisher\":{\"@id\":\"https:\\\/\\\/grandouestfacades.fr\\\/rennes\\\/#organization\"},\"potentialAction\":[{\"@type\":\"SearchAction\",\"target\":{\"@type\":\"EntryPoint\",\"urlTemplate\":\"https:\\\/\\\/grandouestfacades.fr\\\/rennes\\\/?s={search_term_string}\"},\"query-input\":{\"@type\":\"PropertyValueSpecification\",\"valueRequired\":true,\"valueName\":\"search_term_string\"}}],\"inLanguage\":\"fr-FR\"},{\"@type\":\"Organization\",\"@id\":\"https:\\\/\\\/grandouestfacades.fr\\\/rennes\\\/#organization\",\"name\":\"Grand Ouest Fa\u00e7ades La Baule\",\"url\":\"https:\\\/\\\/grandouestfacades.fr\\\/rennes\\\/\",\"logo\":{\"@type\":\"ImageObject\",\"inLanguage\":\"fr-FR\",\"@id\":\"https:\\\/\\\/grandouestfacades.fr\\\/rennes\\\/#\\\/schema\\\/logo\\\/image\\\/\",\"url\":\"https:\\\/\\\/grandouestfacades.fr\\\/rennes\\\/wp-content\\\/uploads\\\/sites\\\/6\\\/2021\\\/09\\\/Logo_agence_sans_GO_La_Baule.png\",\"contentUrl\":\"https:\\\/\\\/grandouestfacades.fr\\\/rennes\\\/wp-content\\\/uploads\\\/sites\\\/6\\\/2021\\\/09\\\/Logo_agence_sans_GO_La_Baule.png\",\"width\":827,\"height\":265,\"caption\":\"Grand Ouest Fa\u00e7ades La Baule\"},\"image\":{\"@id\":\"https:\\\/\\\/grandouestfacades.fr\\\/rennes\\\/#\\\/schema\\\/logo\\\/image\\\/\"}}]}<\/script>\n<!-- \/ Yoast SEO plugin. -->","yoast_head_json":{"title":"Grand Ouest Fa\u00e7ades Rennes | Humidit\u00e9 et Remont\u00e9e Capillaire","description":"Humidit\u00e9 Remont\u00e9es Capillaires, Grand Ouest Fa\u00e7ades Rennes vous accompagne dans vos projets d\u2019ass\u00e8chement des murs.","robots":{"index":"index","follow":"follow","max-snippet":"max-snippet:-1","max-image-preview":"max-image-preview:large","max-video-preview":"max-video-preview:-1"},"canonical":"https:\/\/grandouestfacades.fr\/rennes\/humidite-remontee-capillaire\/","og_locale":"fr_FR","og_type":"article","og_title":"Grand Ouest Fa\u00e7ades Rennes | Humidit\u00e9 et Remont\u00e9e Capillaire","og_description":"Humidit\u00e9 Remont\u00e9es Capillaires, Grand Ouest Fa\u00e7ades Rennes vous accompagne dans vos projets d\u2019ass\u00e8chement des murs.","og_url":"https:\/\/grandouestfacades.fr\/rennes\/humidite-remontee-capillaire\/","og_site_name":"Rennes - Grand Ouest Fa\u00e7ades","article_modified_time":"2025-07-08T14:39:59+00:00","og_image":[{"width":287,"height":287,"url":"https:\/\/grandouestfacades.fr\/rennes\/wp-content\/uploads\/sites\/6\/2020\/08\/picto_humidite.png","type":"image\/png"}],"twitter_card":"summary_large_image","twitter_misc":{"Dur\u00e9e de lecture estim\u00e9e":"6 minutes"},"schema":{"@context":"https:\/\/schema.org","@graph":[{"@type":"WebPage","@id":"https:\/\/grandouestfacades.fr\/rennes\/humidite-remontee-capillaire\/","url":"https:\/\/grandouestfacades.fr\/rennes\/humidite-remontee-capillaire\/","name":"Grand Ouest Fa\u00e7ades Rennes | Humidit\u00e9 et Remont\u00e9e Capillaire","isPartOf":{"@id":"https:\/\/grandouestfacades.fr\/rennes\/#website"},"primaryImageOfPage":{"@id":"https:\/\/grandouestfacades.fr\/rennes\/humidite-remontee-capillaire\/#primaryimage"},"image":{"@id":"https:\/\/grandouestfacades.fr\/rennes\/humidite-remontee-capillaire\/#primaryimage"},"thumbnailUrl":"https:\/\/grandouestfacades.fr\/rennes\/wp-content\/uploads\/sites\/6\/2020\/08\/picto_humidite.png","datePublished":"2025-06-23T13:15:16+00:00","dateModified":"2025-07-08T14:39:59+00:00","description":"Humidit\u00e9 Remont\u00e9es Capillaires, Grand Ouest Fa\u00e7ades Rennes vous accompagne dans vos projets d\u2019ass\u00e8chement des murs.","breadcrumb":{"@id":"https:\/\/grandouestfacades.fr\/rennes\/humidite-remontee-capillaire\/#breadcrumb"},"inLanguage":"fr-FR","potentialAction":[{"@type":"ReadAction","target":["https:\/\/grandouestfacades.fr\/rennes\/humidite-remontee-capillaire\/"]}]},{"@type":"ImageObject","inLanguage":"fr-FR","@id":"https:\/\/grandouestfacades.fr\/rennes\/humidite-remontee-capillaire\/#primaryimage","url":"https:\/\/grandouestfacades.fr\/rennes\/wp-content\/uploads\/sites\/6\/2020\/08\/picto_humidite.png","contentUrl":"https:\/\/grandouestfacades.fr\/rennes\/wp-content\/uploads\/sites\/6\/2020\/08\/picto_humidite.png","width":287,"height":287,"caption":"picto_humidite"},{"@type":"BreadcrumbList","@id":"https:\/\/grandouestfacades.fr\/rennes\/humidite-remontee-capillaire\/#breadcrumb","itemListElement":[{"@type":"ListItem","position":1,"name":"Accueil","item":"https:\/\/grandouestfacades.fr\/rennes\/"},{"@type":"ListItem","position":2,"name":"Humidit\u00e9 remont\u00e9e capillaire"}]},{"@type":"WebSite","@id":"https:\/\/grandouestfacades.fr\/rennes\/#website","url":"https:\/\/grandouestfacades.fr\/rennes\/","name":"La Baule - Grand Ouest Fa\u00e7ades","description":"Votre fa\u00e7ade, comme neuve !","publisher":{"@id":"https:\/\/grandouestfacades.fr\/rennes\/#organization"},"potentialAction":[{"@type":"SearchAction","target":{"@type":"EntryPoint","urlTemplate":"https:\/\/grandouestfacades.fr\/rennes\/?s={search_term_string}"},"query-input":{"@type":"PropertyValueSpecification","valueRequired":true,"valueName":"search_term_string"}}],"inLanguage":"fr-FR"},{"@type":"Organization","@id":"https:\/\/grandouestfacades.fr\/rennes\/#organization","name":"Grand Ouest Fa\u00e7ades La Baule","url":"https:\/\/grandouestfacades.fr\/rennes\/","logo":{"@type":"ImageObject","inLanguage":"fr-FR","@id":"https:\/\/grandouestfacades.fr\/rennes\/#\/schema\/logo\/image\/","url":"https:\/\/grandouestfacades.fr\/rennes\/wp-content\/uploads\/sites\/6\/2021\/09\/Logo_agence_sans_GO_La_Baule.png","contentUrl":"https:\/\/grandouestfacades.fr\/rennes\/wp-content\/uploads\/sites\/6\/2021\/09\/Logo_agence_sans_GO_La_Baule.png","width":827,"height":265,"caption":"Grand Ouest Fa\u00e7ades La Baule"},"image":{"@id":"https:\/\/grandouestfacades.fr\/rennes\/#\/schema\/logo\/image\/"}}]}},"_links":{"self":[{"href":"https:\/\/grandouestfacades.fr\/rennes\/wp-json\/wp\/v2\/pages\/3919","targetHints":{"allow":["GET"]}}],"collection":[{"href":"https:\/\/grandouestfacades.fr\/rennes\/wp-json\/wp\/v2\/pages"}],"about":[{"href":"https:\/\/grandouestfacades.fr\/rennes\/wp-json\/wp\/v2\/types\/page"}],"author":[{"embeddable":true,"href":"https:\/\/grandouestfacades.fr\/rennes\/wp-json\/wp\/v2\/users\/3"}],"replies":[{"embeddable":true,"href":"https:\/\/grandouestfacades.fr\/rennes\/wp-json\/wp\/v2\/comments?post=3919"}],"version-history":[{"count":26,"href":"https:\/\/grandouestfacades.fr\/rennes\/wp-json\/wp\/v2\/pages\/3919\/revisions"}],"predecessor-version":[{"id":4654,"href":"https:\/\/grandouestfacades.fr\/rennes\/wp-json\/wp\/v2\/pages\/3919\/revisions\/4654"}],"wp:attachment":[{"href":"https:\/\/grandouestfacades.fr\/rennes\/wp-json\/wp\/v2\/media?parent=3919"}],"curies":[{"name":"wp","href":"https:\/\/api.w.org\/{rel}","templated":true}]}}