{"id":85,"date":"2025-06-23T15:15:16","date_gmt":"2025-06-23T13:15:16","guid":{"rendered":"https:\/\/grandouestfacades.fr\/?page_id=85"},"modified":"2025-07-08T17:22:42","modified_gmt":"2025-07-08T15:22:42","slug":"realisations","status":"publish","type":"page","link":"https:\/\/grandouestfacades.fr\/rennes\/realisations\/","title":{"rendered":"R\u00e9alisations"},"content":{"rendered":"\t\t<div data-elementor-type=\"wp-page\" data-elementor-id=\"85\" class=\"elementor elementor-85\" data-elementor-post-type=\"page\">\n\t\t\t\t<div class=\"elementor-element elementor-element-4bfa3af e-flex e-con-boxed e-con e-parent\" data-id=\"4bfa3af\" data-element_type=\"container\" data-e-type=\"container\" data-settings=\"{&quot;background_background&quot;:&quot;classic&quot;,&quot;shape_divider_bottom&quot;:&quot;book&quot;}\">\n\t\t\t\t\t<div class=\"e-con-inner\">\n\t\t\t\t<div class=\"elementor-shape elementor-shape-bottom\" aria-hidden=\"true\" data-negative=\"false\">\n\t\t\t<svg xmlns=\"http:\/\/www.w3.org\/2000\/svg\" viewBox=\"0 0 1000 100\" preserveAspectRatio=\"none\">\n\t<path class=\"elementor-shape-fill\" d=\"M194,99c186.7,0.7,305-78.3,306-97.2c1,18.9,119.3,97.9,306,97.2c114.3-0.3,194,0.3,194,0.3s0-91.7,0-100c0,0,0,0,0-0 L0,0v99.3C0,99.3,79.7,98.7,194,99z\"\/>\n<\/svg>\t\t<\/div>\n\t\t\t\t<div class=\"elementor-element elementor-element-83e0fc3 elementor-widget elementor-widget-heading\" data-id=\"83e0fc3\" data-element_type=\"widget\" data-e-type=\"widget\" data-widget_type=\"heading.default\">\n\t\t\t\t\t<h1 class=\"elementor-heading-title elementor-size-default\">Plongez dans nos r\u00e9alisations<\/h1>\t\t\t\t<\/div>\n\t\t\t\t\t<\/div>\n\t\t\t\t<\/div>\n\t\t<div class=\"elementor-element elementor-element-bab9999 e-flex e-con-boxed e-con e-parent\" data-id=\"bab9999\" data-element_type=\"container\" data-e-type=\"container\">\n\t\t\t\t\t<div class=\"e-con-inner\">\n\t\t\t\t<div class=\"elementor-element elementor-element-d73ea1d elementor-grid-2 elementor-grid-tablet-2 elementor-grid-mobile-1 elementor-posts--thumbnail-top elementor-card-shadow-yes elementor-posts__hover-gradient elementor-widget elementor-widget-posts\" data-id=\"d73ea1d\" data-element_type=\"widget\" data-e-type=\"widget\" data-settings=\"{&quot;cards_columns&quot;:&quot;2&quot;,&quot;cards_row_gap&quot;:{&quot;unit&quot;:&quot;px&quot;,&quot;size&quot;:47,&quot;sizes&quot;:[]},&quot;cards_columns_tablet&quot;:&quot;2&quot;,&quot;cards_columns_mobile&quot;:&quot;1&quot;,&quot;cards_row_gap_tablet&quot;:{&quot;unit&quot;:&quot;px&quot;,&quot;size&quot;:&quot;&quot;,&quot;sizes&quot;:[]},&quot;cards_row_gap_mobile&quot;:{&quot;unit&quot;:&quot;px&quot;,&quot;size&quot;:&quot;&quot;,&quot;sizes&quot;:[]}}\" data-widget_type=\"posts.cards\">\n\t\t\t\t<div class=\"elementor-widget-container\">\n\t\t\t\t\t\t\t<div class=\"elementor-posts-container elementor-posts elementor-posts--skin-cards elementor-grid\" role=\"list\">\n\t\t\t\t<article class=\"elementor-post elementor-grid-item post-4819 realisation type-realisation status-publish format-standard has-post-thumbnail hentry category-ravalement-de-facade\" role=\"listitem\">\n\t\t\t<div class=\"elementor-post__card\">\n\t\t\t\t<a class=\"elementor-post__thumbnail__link\" href=\"https:\/\/grandouestfacades.fr\/rennes\/realisation\/restauration-facade-chartres-de-bretagne\/\" tabindex=\"-1\" ><div class=\"elementor-post__thumbnail\"><img fetchpriority=\"high\" decoding=\"async\" width=\"768\" height=\"768\" src=\"https:\/\/grandouestfacades.fr\/rennes\/wp-content\/uploads\/sites\/6\/2026\/04\/IMG_20260406_113014_524-768x768.webp\" class=\"attachment-medium_large size-medium_large wp-image-4824\" alt=\"\" srcset=\"https:\/\/grandouestfacades.fr\/rennes\/wp-content\/uploads\/sites\/6\/2026\/04\/IMG_20260406_113014_524-768x768.webp 768w, https:\/\/grandouestfacades.fr\/rennes\/wp-content\/uploads\/sites\/6\/2026\/04\/IMG_20260406_113014_524-300x300.webp 300w, https:\/\/grandouestfacades.fr\/rennes\/wp-content\/uploads\/sites\/6\/2026\/04\/IMG_20260406_113014_524-1024x1024.webp 1024w, https:\/\/grandouestfacades.fr\/rennes\/wp-content\/uploads\/sites\/6\/2026\/04\/IMG_20260406_113014_524-150x150.webp 150w, https:\/\/grandouestfacades.fr\/rennes\/wp-content\/uploads\/sites\/6\/2026\/04\/IMG_20260406_113014_524.webp 1440w\" sizes=\"(max-width: 768px) 100vw, 768px\" \/><\/div><\/a>\n\t\t\t\t<div class=\"elementor-post__badge\">Ravalement de fa\u00e7ade<\/div>\n\t\t\t\t<div class=\"elementor-post__text\">\n\t\t\t\t<h3 class=\"elementor-post__title\">\n\t\t\t<a href=\"https:\/\/grandouestfacades.fr\/rennes\/realisation\/restauration-facade-chartres-de-bretagne\/\" >\n\t\t\t\tRESTAURATION FA\u00c7ADE CHARTRES-DE-BRETAGNE\t\t\t<\/a>\n\t\t<\/h3>\n\t\t\t\t<div class=\"elementor-post__excerpt\">\n\t\t\t<p>RESTAURATION FA\u00c7ADE CHARTRES-DE-BRETAGNE : Redonnez tout son prestige \u00e0 votre fa\u00e7ade \u00e0 Chartres-de-Bretagne ou sur le bassin rennais gr\u00e2ce \u00e0 notre ma\u00eetrise du ravalement. M\u00e9tamorphosez<\/p>\n\t\t<\/div>\n\t\t\n\t\t<a class=\"elementor-post__read-more\" href=\"https:\/\/grandouestfacades.fr\/rennes\/realisation\/restauration-facade-chartres-de-bretagne\/\" aria-label=\"En savoir plus sur RESTAURATION FA\u00c7ADE CHARTRES-DE-BRETAGNE\" tabindex=\"-1\" >\n\t\t\tLire la suite\t\t<\/a>\n\n\t\t\t\t<\/div>\n\t\t\t\t\t<\/div>\n\t\t<\/article>\n\t\t\t\t<article class=\"elementor-post elementor-grid-item post-4815 realisation type-realisation status-publish format-standard has-post-thumbnail hentry\" role=\"listitem\">\n\t\t\t<div class=\"elementor-post__card\">\n\t\t\t\t<a class=\"elementor-post__thumbnail__link\" href=\"https:\/\/grandouestfacades.fr\/rennes\/realisation\/ravalement-facades-ploermel\/\" tabindex=\"-1\" ><div class=\"elementor-post__thumbnail\"><img decoding=\"async\" width=\"768\" height=\"615\" src=\"https:\/\/grandouestfacades.fr\/rennes\/wp-content\/uploads\/sites\/6\/2026\/03\/20260226_103817-1-768x615.jpg\" class=\"attachment-medium_large size-medium_large wp-image-4818\" alt=\"\" srcset=\"https:\/\/grandouestfacades.fr\/rennes\/wp-content\/uploads\/sites\/6\/2026\/03\/20260226_103817-1-768x615.jpg 768w, https:\/\/grandouestfacades.fr\/rennes\/wp-content\/uploads\/sites\/6\/2026\/03\/20260226_103817-1-300x240.jpg 300w, https:\/\/grandouestfacades.fr\/rennes\/wp-content\/uploads\/sites\/6\/2026\/03\/20260226_103817-1-1024x819.jpg 1024w, https:\/\/grandouestfacades.fr\/rennes\/wp-content\/uploads\/sites\/6\/2026\/03\/20260226_103817-1-1536x1229.jpg 1536w, https:\/\/grandouestfacades.fr\/rennes\/wp-content\/uploads\/sites\/6\/2026\/03\/20260226_103817-1-2048x1639.jpg 2048w\" sizes=\"(max-width: 768px) 100vw, 768px\" \/><\/div><\/a>\n\t\t\t\t<div class=\"elementor-post__text\">\n\t\t\t\t<h3 class=\"elementor-post__title\">\n\t\t\t<a href=\"https:\/\/grandouestfacades.fr\/rennes\/realisation\/ravalement-facades-ploermel\/\" >\n\t\t\t\tRAVALEMENT DE FA\u00c7ADES Plo\u00ebrmel\t\t\t<\/a>\n\t\t<\/h3>\n\t\t\t\t<div class=\"elementor-post__excerpt\">\n\t\t\t<p>Avec l&rsquo;arriv\u00e9e des beaux jours, vous allez peut \u00eatre entamer votre grand nettoyage de printemps. Mais, est-ce que vous avez pens\u00e9 \u00e0 l&rsquo;ext\u00e9rieur de votre<\/p>\n\t\t<\/div>\n\t\t\n\t\t<a class=\"elementor-post__read-more\" href=\"https:\/\/grandouestfacades.fr\/rennes\/realisation\/ravalement-facades-ploermel\/\" aria-label=\"En savoir plus sur RAVALEMENT DE FA\u00c7ADES Plo\u00ebrmel\" tabindex=\"-1\" >\n\t\t\tLire la suite\t\t<\/a>\n\n\t\t\t\t<\/div>\n\t\t\t\t\t<\/div>\n\t\t<\/article>\n\t\t\t\t<article class=\"elementor-post elementor-grid-item post-4805 realisation type-realisation status-publish format-standard has-post-thumbnail hentry category-dossier-technique category-renovation-toiture\" role=\"listitem\">\n\t\t\t<div class=\"elementor-post__card\">\n\t\t\t\t<a class=\"elementor-post__thumbnail__link\" href=\"https:\/\/grandouestfacades.fr\/rennes\/realisation\/traitement-toiture-ardoise-naturelle-rennes\/\" tabindex=\"-1\" ><div class=\"elementor-post__thumbnail\"><img decoding=\"async\" width=\"768\" height=\"576\" src=\"https:\/\/grandouestfacades.fr\/rennes\/wp-content\/uploads\/sites\/6\/2026\/02\/20251204_154927-768x576.jpg\" class=\"attachment-medium_large size-medium_large wp-image-4806\" alt=\"\" srcset=\"https:\/\/grandouestfacades.fr\/rennes\/wp-content\/uploads\/sites\/6\/2026\/02\/20251204_154927-768x576.jpg 768w, https:\/\/grandouestfacades.fr\/rennes\/wp-content\/uploads\/sites\/6\/2026\/02\/20251204_154927-300x225.jpg 300w, https:\/\/grandouestfacades.fr\/rennes\/wp-content\/uploads\/sites\/6\/2026\/02\/20251204_154927-1024x768.jpg 1024w, https:\/\/grandouestfacades.fr\/rennes\/wp-content\/uploads\/sites\/6\/2026\/02\/20251204_154927-1536x1152.jpg 1536w, https:\/\/grandouestfacades.fr\/rennes\/wp-content\/uploads\/sites\/6\/2026\/02\/20251204_154927.jpg 1915w\" sizes=\"(max-width: 768px) 100vw, 768px\" \/><\/div><\/a>\n\t\t\t\t<div class=\"elementor-post__badge\">Dossier technique<\/div>\n\t\t\t\t<div class=\"elementor-post__text\">\n\t\t\t\t<h3 class=\"elementor-post__title\">\n\t\t\t<a href=\"https:\/\/grandouestfacades.fr\/rennes\/realisation\/traitement-toiture-ardoise-naturelle-rennes\/\" >\n\t\t\t\tNETTOYAGE DE TOITURE EN ARDOISE NATURELLE RENNES\t\t\t<\/a>\n\t\t<\/h3>\n\t\t\t\t<div class=\"elementor-post__excerpt\">\n\t\t\t<p>RESTAURATION TOITURE : Votre toiture en ardoise naturelle est-elle recouverte de mousses et de lichens ? Vous souhaitez savoir pourquoi et comment la restaurer ?<\/p>\n\t\t<\/div>\n\t\t\n\t\t<a class=\"elementor-post__read-more\" href=\"https:\/\/grandouestfacades.fr\/rennes\/realisation\/traitement-toiture-ardoise-naturelle-rennes\/\" aria-label=\"En savoir plus sur NETTOYAGE DE TOITURE EN ARDOISE NATURELLE RENNES\" tabindex=\"-1\" >\n\t\t\tLire la suite\t\t<\/a>\n\n\t\t\t\t<\/div>\n\t\t\t\t\t<\/div>\n\t\t<\/article>\n\t\t\t\t<article class=\"elementor-post elementor-grid-item post-4802 realisation type-realisation status-publish format-standard has-post-thumbnail hentry\" role=\"listitem\">\n\t\t\t<div class=\"elementor-post__card\">\n\t\t\t\t<a class=\"elementor-post__thumbnail__link\" href=\"https:\/\/grandouestfacades.fr\/rennes\/realisation\/traitement-toiture-redon\/\" tabindex=\"-1\" ><div class=\"elementor-post__thumbnail\"><img loading=\"lazy\" decoding=\"async\" width=\"768\" height=\"576\" src=\"https:\/\/grandouestfacades.fr\/rennes\/wp-content\/uploads\/sites\/6\/2025\/11\/20251008_174156-3-768x576.jpg\" class=\"attachment-medium_large size-medium_large wp-image-4801\" alt=\"\" srcset=\"https:\/\/grandouestfacades.fr\/rennes\/wp-content\/uploads\/sites\/6\/2025\/11\/20251008_174156-3-768x576.jpg 768w, https:\/\/grandouestfacades.fr\/rennes\/wp-content\/uploads\/sites\/6\/2025\/11\/20251008_174156-3-300x225.jpg 300w, https:\/\/grandouestfacades.fr\/rennes\/wp-content\/uploads\/sites\/6\/2025\/11\/20251008_174156-3-1024x768.jpg 1024w, https:\/\/grandouestfacades.fr\/rennes\/wp-content\/uploads\/sites\/6\/2025\/11\/20251008_174156-3-1536x1152.jpg 1536w, https:\/\/grandouestfacades.fr\/rennes\/wp-content\/uploads\/sites\/6\/2025\/11\/20251008_174156-3-2048x1536.jpg 2048w\" sizes=\"(max-width: 768px) 100vw, 768px\" \/><\/div><\/a>\n\t\t\t\t<div class=\"elementor-post__text\">\n\t\t\t\t<h3 class=\"elementor-post__title\">\n\t\t\t<a href=\"https:\/\/grandouestfacades.fr\/rennes\/realisation\/traitement-toiture-redon\/\" >\n\t\t\t\tTRAITEMENT D\u2019UNE TOITURE EN ARDOISE FIBROCIMENT\t\t\t<\/a>\n\t\t<\/h3>\n\t\t\t\t<div class=\"elementor-post__excerpt\">\n\t\t\t<p>RESTAURATION TOITURE REDON : Votre couverture est-elle recouverte de mousses et de lichens ? Vous souhaitez savoir pourquoi et comment la restaurer ? Grand Ouest<\/p>\n\t\t<\/div>\n\t\t\n\t\t<a class=\"elementor-post__read-more\" href=\"https:\/\/grandouestfacades.fr\/rennes\/realisation\/traitement-toiture-redon\/\" aria-label=\"En savoir plus sur TRAITEMENT D\u2019UNE TOITURE EN ARDOISE FIBROCIMENT\" tabindex=\"-1\" >\n\t\t\tLire la suite\t\t<\/a>\n\n\t\t\t\t<\/div>\n\t\t\t\t\t<\/div>\n\t\t<\/article>\n\t\t\t\t<article class=\"elementor-post elementor-grid-item post-4764 realisation type-realisation status-publish format-standard has-post-thumbnail hentry\" role=\"listitem\">\n\t\t\t<div class=\"elementor-post__card\">\n\t\t\t\t<a class=\"elementor-post__thumbnail__link\" href=\"https:\/\/grandouestfacades.fr\/rennes\/realisation\/restauration-toiture-evriguet\/\" tabindex=\"-1\" ><div class=\"elementor-post__thumbnail\"><img loading=\"lazy\" decoding=\"async\" width=\"768\" height=\"571\" src=\"https:\/\/grandouestfacades.fr\/rennes\/wp-content\/uploads\/sites\/6\/2025\/08\/toiture_nouvelle_real-768x571.webp\" class=\"attachment-medium_large size-medium_large wp-image-4774\" alt=\"\" srcset=\"https:\/\/grandouestfacades.fr\/rennes\/wp-content\/uploads\/sites\/6\/2025\/08\/toiture_nouvelle_real-768x571.webp 768w, https:\/\/grandouestfacades.fr\/rennes\/wp-content\/uploads\/sites\/6\/2025\/08\/toiture_nouvelle_real-300x223.webp 300w, https:\/\/grandouestfacades.fr\/rennes\/wp-content\/uploads\/sites\/6\/2025\/08\/toiture_nouvelle_real-1024x761.webp 1024w, https:\/\/grandouestfacades.fr\/rennes\/wp-content\/uploads\/sites\/6\/2025\/08\/toiture_nouvelle_real.webp 1453w\" sizes=\"(max-width: 768px) 100vw, 768px\" \/><\/div><\/a>\n\t\t\t\t<div class=\"elementor-post__text\">\n\t\t\t\t<h3 class=\"elementor-post__title\">\n\t\t\t<a href=\"https:\/\/grandouestfacades.fr\/rennes\/realisation\/restauration-toiture-evriguet\/\" >\n\t\t\t\tRESTAURATION TOITURE EVRIGUET\t\t\t<\/a>\n\t\t<\/h3>\n\t\t\t\t<div class=\"elementor-post__excerpt\">\n\t\t\t<p>RESTAURATION TOITURE EVRIGUET : Votre couverture compte-t-elle plus d&rsquo;une d\u00e9cennie d&rsquo;existence ? Vous aimeriez conna\u00eetre les modalit\u00e9s pour la restaurer ? Grand Ouest Fa\u00e7ades vous<\/p>\n\t\t<\/div>\n\t\t\n\t\t<a class=\"elementor-post__read-more\" href=\"https:\/\/grandouestfacades.fr\/rennes\/realisation\/restauration-toiture-evriguet\/\" aria-label=\"En savoir plus sur RESTAURATION TOITURE EVRIGUET\" tabindex=\"-1\" >\n\t\t\tLire la suite\t\t<\/a>\n\n\t\t\t\t<\/div>\n\t\t\t\t\t<\/div>\n\t\t<\/article>\n\t\t\t\t<article class=\"elementor-post elementor-grid-item post-4767 realisation type-realisation status-publish format-standard has-post-thumbnail hentry\" role=\"listitem\">\n\t\t\t<div class=\"elementor-post__card\">\n\t\t\t\t<a class=\"elementor-post__thumbnail__link\" href=\"https:\/\/grandouestfacades.fr\/rennes\/realisation\/refection-facades-josselin\/\" tabindex=\"-1\" ><div class=\"elementor-post__thumbnail\"><img loading=\"lazy\" decoding=\"async\" width=\"768\" height=\"576\" src=\"https:\/\/grandouestfacades.fr\/rennes\/wp-content\/uploads\/sites\/6\/2025\/08\/20221012_090012-1024x768_MEA-768x576.webp\" class=\"attachment-medium_large size-medium_large wp-image-4773\" alt=\"\" srcset=\"https:\/\/grandouestfacades.fr\/rennes\/wp-content\/uploads\/sites\/6\/2025\/08\/20221012_090012-1024x768_MEA-768x576.webp 768w, https:\/\/grandouestfacades.fr\/rennes\/wp-content\/uploads\/sites\/6\/2025\/08\/20221012_090012-1024x768_MEA-300x225.webp 300w, https:\/\/grandouestfacades.fr\/rennes\/wp-content\/uploads\/sites\/6\/2025\/08\/20221012_090012-1024x768_MEA-1024x768.webp 1024w, https:\/\/grandouestfacades.fr\/rennes\/wp-content\/uploads\/sites\/6\/2025\/08\/20221012_090012-1024x768_MEA.webp 1440w\" sizes=\"(max-width: 768px) 100vw, 768px\" \/><\/div><\/a>\n\t\t\t\t<div class=\"elementor-post__text\">\n\t\t\t\t<h3 class=\"elementor-post__title\">\n\t\t\t<a href=\"https:\/\/grandouestfacades.fr\/rennes\/realisation\/refection-facades-josselin\/\" >\n\t\t\t\tR\u00c9FECTION FA\u00c7ADES JOSSELIN\t\t\t<\/a>\n\t\t<\/h3>\n\t\t\t\t<div class=\"elementor-post__excerpt\">\n\t\t\t<p>R\u00c9FECTION FA\u00c7ADES JOSSELIN 56120 : RESTAURATION FA\u00c7ADE JOSSELIN : Comment Grand Ouest Fa\u00e7ades a ma\u00eetris\u00e9 les infiltrations et les encrassements pour une habitation en zone<\/p>\n\t\t<\/div>\n\t\t\n\t\t<a class=\"elementor-post__read-more\" href=\"https:\/\/grandouestfacades.fr\/rennes\/realisation\/refection-facades-josselin\/\" aria-label=\"En savoir plus sur R\u00c9FECTION FA\u00c7ADES JOSSELIN\" tabindex=\"-1\" >\n\t\t\tLire la suite\t\t<\/a>\n\n\t\t\t\t<\/div>\n\t\t\t\t\t<\/div>\n\t\t<\/article>\n\t\t\t\t<article class=\"elementor-post elementor-grid-item post-4757 realisation type-realisation status-publish format-standard has-post-thumbnail hentry\" role=\"listitem\">\n\t\t\t<div class=\"elementor-post__card\">\n\t\t\t\t<a class=\"elementor-post__thumbnail__link\" href=\"https:\/\/grandouestfacades.fr\/rennes\/realisation\/restauration-de-facade-meneac\/\" tabindex=\"-1\" ><div class=\"elementor-post__thumbnail\"><img loading=\"lazy\" decoding=\"async\" width=\"768\" height=\"576\" src=\"https:\/\/grandouestfacades.fr\/rennes\/wp-content\/uploads\/sites\/6\/2025\/08\/20210604_203843-scaled-1-1024x768_mea-768x576.webp\" class=\"attachment-medium_large size-medium_large wp-image-4763\" alt=\"\" srcset=\"https:\/\/grandouestfacades.fr\/rennes\/wp-content\/uploads\/sites\/6\/2025\/08\/20210604_203843-scaled-1-1024x768_mea-768x576.webp 768w, https:\/\/grandouestfacades.fr\/rennes\/wp-content\/uploads\/sites\/6\/2025\/08\/20210604_203843-scaled-1-1024x768_mea-300x225.webp 300w, https:\/\/grandouestfacades.fr\/rennes\/wp-content\/uploads\/sites\/6\/2025\/08\/20210604_203843-scaled-1-1024x768_mea-1024x768.webp 1024w, https:\/\/grandouestfacades.fr\/rennes\/wp-content\/uploads\/sites\/6\/2025\/08\/20210604_203843-scaled-1-1024x768_mea.webp 1440w\" sizes=\"(max-width: 768px) 100vw, 768px\" \/><\/div><\/a>\n\t\t\t\t<div class=\"elementor-post__text\">\n\t\t\t\t<h3 class=\"elementor-post__title\">\n\t\t\t<a href=\"https:\/\/grandouestfacades.fr\/rennes\/realisation\/restauration-de-facade-meneac\/\" >\n\t\t\t\tRESTAURATION DE FA\u00c7ADE M\u00c9NEAC\t\t\t<\/a>\n\t\t<\/h3>\n\t\t\t\t<div class=\"elementor-post__excerpt\">\n\t\t\t<p>RESTAURATION M\u00c9NEAC : Comment proc\u00e9der pour restaurer durablement vos fa\u00e7ades dans la r\u00e9gion ? Cette maison n\u00e9o-bretonne traditionnelle implant\u00e9e \u00e0 M\u00c9NEAC est compos\u00e9e de mur<\/p>\n\t\t<\/div>\n\t\t\n\t\t<a class=\"elementor-post__read-more\" href=\"https:\/\/grandouestfacades.fr\/rennes\/realisation\/restauration-de-facade-meneac\/\" aria-label=\"En savoir plus sur RESTAURATION DE FA\u00c7ADE M\u00c9NEAC\" tabindex=\"-1\" >\n\t\t\tLire la suite\t\t<\/a>\n\n\t\t\t\t<\/div>\n\t\t\t\t\t<\/div>\n\t\t<\/article>\n\t\t\t\t<article class=\"elementor-post elementor-grid-item post-4753 realisation type-realisation status-publish format-standard has-post-thumbnail hentry\" role=\"listitem\">\n\t\t\t<div class=\"elementor-post__card\">\n\t\t\t\t<a class=\"elementor-post__thumbnail__link\" href=\"https:\/\/grandouestfacades.fr\/rennes\/realisation\/refection-pignon-maure-de-bretagne\/\" tabindex=\"-1\" ><div class=\"elementor-post__thumbnail\"><img loading=\"lazy\" decoding=\"async\" width=\"768\" height=\"576\" src=\"https:\/\/grandouestfacades.fr\/rennes\/wp-content\/uploads\/sites\/6\/2025\/08\/20210617_183530-1024x768_upscayl-768x576.webp\" class=\"attachment-medium_large size-medium_large wp-image-4756\" alt=\"\" srcset=\"https:\/\/grandouestfacades.fr\/rennes\/wp-content\/uploads\/sites\/6\/2025\/08\/20210617_183530-1024x768_upscayl-768x576.webp 768w, https:\/\/grandouestfacades.fr\/rennes\/wp-content\/uploads\/sites\/6\/2025\/08\/20210617_183530-1024x768_upscayl-300x225.webp 300w, https:\/\/grandouestfacades.fr\/rennes\/wp-content\/uploads\/sites\/6\/2025\/08\/20210617_183530-1024x768_upscayl-1024x768.webp 1024w, https:\/\/grandouestfacades.fr\/rennes\/wp-content\/uploads\/sites\/6\/2025\/08\/20210617_183530-1024x768_upscayl.webp 1440w\" sizes=\"(max-width: 768px) 100vw, 768px\" \/><\/div><\/a>\n\t\t\t\t<div class=\"elementor-post__text\">\n\t\t\t\t<h3 class=\"elementor-post__title\">\n\t\t\t<a href=\"https:\/\/grandouestfacades.fr\/rennes\/realisation\/refection-pignon-maure-de-bretagne\/\" >\n\t\t\t\tR\u00c9FECTION PIGNON MAURE-DE-BRETAGNE\t\t\t<\/a>\n\t\t<\/h3>\n\t\t\t\t<div class=\"elementor-post__excerpt\">\n\t\t\t<p>R\u00c9FECTION PIGNON MAURE-DE-BRETAGNE 35330 sollicit\u00e9 via PAGE JAUNE. Comment pouvez-vous \u00e9tanch\u00e9ifier contre les agressions climatiques et restaurer votre pignon tout en modernisant votre pavillon simultan\u00e9ment<\/p>\n\t\t<\/div>\n\t\t\n\t\t<a class=\"elementor-post__read-more\" href=\"https:\/\/grandouestfacades.fr\/rennes\/realisation\/refection-pignon-maure-de-bretagne\/\" aria-label=\"En savoir plus sur R\u00c9FECTION PIGNON MAURE-DE-BRETAGNE\" tabindex=\"-1\" >\n\t\t\tLire la suite\t\t<\/a>\n\n\t\t\t\t<\/div>\n\t\t\t\t\t<\/div>\n\t\t<\/article>\n\t\t\t\t<article class=\"elementor-post elementor-grid-item post-4743 realisation type-realisation status-publish format-standard has-post-thumbnail hentry\" role=\"listitem\">\n\t\t\t<div class=\"elementor-post__card\">\n\t\t\t\t<a class=\"elementor-post__thumbnail__link\" href=\"https:\/\/grandouestfacades.fr\/rennes\/realisation\/refection-facade-guer\/\" tabindex=\"-1\" ><div class=\"elementor-post__thumbnail\"><img loading=\"lazy\" decoding=\"async\" width=\"768\" height=\"576\" src=\"https:\/\/grandouestfacades.fr\/rennes\/wp-content\/uploads\/sites\/6\/2025\/08\/20220811_131209_banner_-768x576.webp\" class=\"attachment-medium_large size-medium_large wp-image-4752\" alt=\"\" srcset=\"https:\/\/grandouestfacades.fr\/rennes\/wp-content\/uploads\/sites\/6\/2025\/08\/20220811_131209_banner_-768x576.webp 768w, https:\/\/grandouestfacades.fr\/rennes\/wp-content\/uploads\/sites\/6\/2025\/08\/20220811_131209_banner_-300x225.webp 300w, https:\/\/grandouestfacades.fr\/rennes\/wp-content\/uploads\/sites\/6\/2025\/08\/20220811_131209_banner_-1024x768.webp 1024w, https:\/\/grandouestfacades.fr\/rennes\/wp-content\/uploads\/sites\/6\/2025\/08\/20220811_131209_banner_.webp 1440w\" sizes=\"(max-width: 768px) 100vw, 768px\" \/><\/div><\/a>\n\t\t\t\t<div class=\"elementor-post__text\">\n\t\t\t\t<h3 class=\"elementor-post__title\">\n\t\t\t<a href=\"https:\/\/grandouestfacades.fr\/rennes\/realisation\/refection-facade-guer\/\" >\n\t\t\t\tR\u00c9FECTION FA\u00c7ADE GUER\t\t\t<\/a>\n\t\t<\/h3>\n\t\t\t\t<div class=\"elementor-post__excerpt\">\n\t\t\t<p>R\u00c9FECTION FA\u00c7ADE GUER : Redonnez tout son prestige \u00e0 votre fa\u00e7ade \u00e0 Guer gr\u00e2ce \u00e0 notre ma\u00eetrise du ravalement. M\u00e9tamorphosez vos murs ext\u00e9rieurs en une<\/p>\n\t\t<\/div>\n\t\t\n\t\t<a class=\"elementor-post__read-more\" href=\"https:\/\/grandouestfacades.fr\/rennes\/realisation\/refection-facade-guer\/\" aria-label=\"En savoir plus sur R\u00c9FECTION FA\u00c7ADE GUER\" tabindex=\"-1\" >\n\t\t\tLire la suite\t\t<\/a>\n\n\t\t\t\t<\/div>\n\t\t\t\t\t<\/div>\n\t\t<\/article>\n\t\t\t\t<article class=\"elementor-post elementor-grid-item post-4725 realisation type-realisation status-publish format-standard has-post-thumbnail hentry\" role=\"listitem\">\n\t\t\t<div class=\"elementor-post__card\">\n\t\t\t\t<a class=\"elementor-post__thumbnail__link\" href=\"https:\/\/grandouestfacades.fr\/rennes\/realisation\/restauration-facade-breal-sous-montfort\/\" tabindex=\"-1\" ><div class=\"elementor-post__thumbnail\"><img loading=\"lazy\" decoding=\"async\" width=\"768\" height=\"355\" src=\"https:\/\/grandouestfacades.fr\/rennes\/wp-content\/uploads\/sites\/6\/2025\/08\/20240911_180140-scaled-1-768x355.jpg\" class=\"attachment-medium_large size-medium_large wp-image-4727\" alt=\"\" srcset=\"https:\/\/grandouestfacades.fr\/rennes\/wp-content\/uploads\/sites\/6\/2025\/08\/20240911_180140-scaled-1-768x355.jpg 768w, https:\/\/grandouestfacades.fr\/rennes\/wp-content\/uploads\/sites\/6\/2025\/08\/20240911_180140-scaled-1-300x139.jpg 300w, https:\/\/grandouestfacades.fr\/rennes\/wp-content\/uploads\/sites\/6\/2025\/08\/20240911_180140-scaled-1-1024x473.jpg 1024w, https:\/\/grandouestfacades.fr\/rennes\/wp-content\/uploads\/sites\/6\/2025\/08\/20240911_180140-scaled-1-1536x710.jpg 1536w, https:\/\/grandouestfacades.fr\/rennes\/wp-content\/uploads\/sites\/6\/2025\/08\/20240911_180140-scaled-1-2048x946.jpg 2048w\" sizes=\"(max-width: 768px) 100vw, 768px\" \/><\/div><\/a>\n\t\t\t\t<div class=\"elementor-post__text\">\n\t\t\t\t<h3 class=\"elementor-post__title\">\n\t\t\t<a href=\"https:\/\/grandouestfacades.fr\/rennes\/realisation\/restauration-facade-breal-sous-montfort\/\" >\n\t\t\t\tRESTAURATION FA\u00c7ADE BR\u00c9AL-SOUS-MONTFORT\t\t\t<\/a>\n\t\t<\/h3>\n\t\t\t\t<div class=\"elementor-post__excerpt\">\n\t\t\t<p>RESTAURATION FA\u00c7ADE BR\u00c9AL-SOUS-MONTFORT : Redonnez tout son prestige \u00e0 votre fa\u00e7ade \u00e0 Br\u00e9al-Sous-Montfort gr\u00e2ce \u00e0 notre ma\u00eetrise du ravalement. M\u00e9tamorphosez vos murs ext\u00e9rieurs en une<\/p>\n\t\t<\/div>\n\t\t\n\t\t<a class=\"elementor-post__read-more\" href=\"https:\/\/grandouestfacades.fr\/rennes\/realisation\/restauration-facade-breal-sous-montfort\/\" aria-label=\"En savoir plus sur RESTAURATION FA\u00c7ADE BR\u00c9AL-SOUS-MONTFORT\" tabindex=\"-1\" >\n\t\t\tLire la suite\t\t<\/a>\n\n\t\t\t\t<\/div>\n\t\t\t\t\t<\/div>\n\t\t<\/article>\n\t\t\t\t<\/div>\n\t\t\n\t\t\t\t\t\t<\/div>\n\t\t\t\t<\/div>\n\t\t\t\t\t<\/div>\n\t\t\t\t<\/div>\n\t\t\t\t<\/div>\n\t\t","protected":false},"excerpt":{"rendered":"<p>Plongez dans nos r\u00e9alisations<\/p>\n","protected":false},"author":1,"featured_media":0,"parent":0,"menu_order":0,"comment_status":"closed","ping_status":"closed","template":"","meta":{"footnotes":""},"class_list":["post-85","page","type-page","status-publish","hentry"],"yoast_head":"<!-- This site is optimized with the Yoast SEO plugin v27.4 - https:\/\/yoast.com\/product\/yoast-seo-wordpress\/ -->\n<title>Les r\u00e9alisations proches de chez vous - Rennes - Grand Ouest Fa\u00e7ades<\/title>\n<meta name=\"description\" content=\"Retrouvez l&#039;ensemble de nos r\u00e9alisations proches de chez vous et rejoignez la famille Grand Ouest Fa\u00e7ades.\" \/>\n<meta name=\"robots\" content=\"index, follow, max-snippet:-1, max-image-preview:large, max-video-preview:-1\" \/>\n<link rel=\"canonical\" href=\"https:\/\/grandouestfacades.fr\/rennes\/realisations\/\" \/>\n<meta property=\"og:locale\" content=\"fr_FR\" \/>\n<meta property=\"og:type\" content=\"article\" \/>\n<meta property=\"og:title\" content=\"Les r\u00e9alisations proches de chez vous - Rennes - Grand Ouest Fa\u00e7ades\" \/>\n<meta property=\"og:description\" content=\"Retrouvez l&#039;ensemble de nos r\u00e9alisations proches de chez vous et rejoignez la famille Grand Ouest Fa\u00e7ades.\" \/>\n<meta property=\"og:url\" content=\"https:\/\/grandouestfacades.fr\/rennes\/realisations\/\" \/>\n<meta property=\"og:site_name\" content=\"Rennes - Grand Ouest Fa\u00e7ades\" \/>\n<meta property=\"article:modified_time\" content=\"2025-07-08T15:22:42+00:00\" \/>\n<meta name=\"twitter:card\" content=\"summary_large_image\" \/>\n<meta name=\"twitter:label1\" content=\"Dur\u00e9e de lecture estim\u00e9e\" \/>\n\t<meta name=\"twitter:data1\" content=\"1 minute\" \/>\n<script type=\"application\/ld+json\" class=\"yoast-schema-graph\">{\"@context\":\"https:\\\/\\\/schema.org\",\"@graph\":[{\"@type\":\"WebPage\",\"@id\":\"https:\\\/\\\/grandouestfacades.fr\\\/rennes\\\/realisations\\\/\",\"url\":\"https:\\\/\\\/grandouestfacades.fr\\\/rennes\\\/realisations\\\/\",\"name\":\"Les r\u00e9alisations proches de chez vous - Rennes - Grand Ouest Fa\u00e7ades\",\"isPartOf\":{\"@id\":\"https:\\\/\\\/grandouestfacades.fr\\\/rennes\\\/#website\"},\"datePublished\":\"2025-06-23T13:15:16+00:00\",\"dateModified\":\"2025-07-08T15:22:42+00:00\",\"description\":\"Retrouvez l'ensemble de nos r\u00e9alisations proches de chez vous et rejoignez la famille Grand Ouest Fa\u00e7ades.\",\"breadcrumb\":{\"@id\":\"https:\\\/\\\/grandouestfacades.fr\\\/rennes\\\/realisations\\\/#breadcrumb\"},\"inLanguage\":\"fr-FR\",\"potentialAction\":[{\"@type\":\"ReadAction\",\"target\":[\"https:\\\/\\\/grandouestfacades.fr\\\/rennes\\\/realisations\\\/\"]}]},{\"@type\":\"BreadcrumbList\",\"@id\":\"https:\\\/\\\/grandouestfacades.fr\\\/rennes\\\/realisations\\\/#breadcrumb\",\"itemListElement\":[{\"@type\":\"ListItem\",\"position\":1,\"name\":\"Accueil\",\"item\":\"https:\\\/\\\/grandouestfacades.fr\\\/rennes\\\/\"},{\"@type\":\"ListItem\",\"position\":2,\"name\":\"R\u00e9alisations\"}]},{\"@type\":\"WebSite\",\"@id\":\"https:\\\/\\\/grandouestfacades.fr\\\/rennes\\\/#website\",\"url\":\"https:\\\/\\\/grandouestfacades.fr\\\/rennes\\\/\",\"name\":\"La Baule - Grand Ouest Fa\u00e7ades\",\"description\":\"Votre fa\u00e7ade, comme neuve !\",\"publisher\":{\"@id\":\"https:\\\/\\\/grandouestfacades.fr\\\/rennes\\\/#organization\"},\"potentialAction\":[{\"@type\":\"SearchAction\",\"target\":{\"@type\":\"EntryPoint\",\"urlTemplate\":\"https:\\\/\\\/grandouestfacades.fr\\\/rennes\\\/?s={search_term_string}\"},\"query-input\":{\"@type\":\"PropertyValueSpecification\",\"valueRequired\":true,\"valueName\":\"search_term_string\"}}],\"inLanguage\":\"fr-FR\"},{\"@type\":\"Organization\",\"@id\":\"https:\\\/\\\/grandouestfacades.fr\\\/rennes\\\/#organization\",\"name\":\"Grand Ouest Fa\u00e7ades La Baule\",\"url\":\"https:\\\/\\\/grandouestfacades.fr\\\/rennes\\\/\",\"logo\":{\"@type\":\"ImageObject\",\"inLanguage\":\"fr-FR\",\"@id\":\"https:\\\/\\\/grandouestfacades.fr\\\/rennes\\\/#\\\/schema\\\/logo\\\/image\\\/\",\"url\":\"https:\\\/\\\/grandouestfacades.fr\\\/rennes\\\/wp-content\\\/uploads\\\/sites\\\/6\\\/2021\\\/09\\\/Logo_agence_sans_GO_La_Baule.png\",\"contentUrl\":\"https:\\\/\\\/grandouestfacades.fr\\\/rennes\\\/wp-content\\\/uploads\\\/sites\\\/6\\\/2021\\\/09\\\/Logo_agence_sans_GO_La_Baule.png\",\"width\":827,\"height\":265,\"caption\":\"Grand Ouest Fa\u00e7ades La Baule\"},\"image\":{\"@id\":\"https:\\\/\\\/grandouestfacades.fr\\\/rennes\\\/#\\\/schema\\\/logo\\\/image\\\/\"}}]}<\/script>\n<!-- \/ Yoast SEO plugin. -->","yoast_head_json":{"title":"Les r\u00e9alisations proches de chez vous - Rennes - Grand Ouest Fa\u00e7ades","description":"Retrouvez l'ensemble de nos r\u00e9alisations proches de chez vous et rejoignez la famille Grand Ouest Fa\u00e7ades.","robots":{"index":"index","follow":"follow","max-snippet":"max-snippet:-1","max-image-preview":"max-image-preview:large","max-video-preview":"max-video-preview:-1"},"canonical":"https:\/\/grandouestfacades.fr\/rennes\/realisations\/","og_locale":"fr_FR","og_type":"article","og_title":"Les r\u00e9alisations proches de chez vous - Rennes - Grand Ouest Fa\u00e7ades","og_description":"Retrouvez l'ensemble de nos r\u00e9alisations proches de chez vous et rejoignez la famille Grand Ouest Fa\u00e7ades.","og_url":"https:\/\/grandouestfacades.fr\/rennes\/realisations\/","og_site_name":"Rennes - Grand Ouest Fa\u00e7ades","article_modified_time":"2025-07-08T15:22:42+00:00","twitter_card":"summary_large_image","twitter_misc":{"Dur\u00e9e de lecture estim\u00e9e":"1 minute"},"schema":{"@context":"https:\/\/schema.org","@graph":[{"@type":"WebPage","@id":"https:\/\/grandouestfacades.fr\/rennes\/realisations\/","url":"https:\/\/grandouestfacades.fr\/rennes\/realisations\/","name":"Les r\u00e9alisations proches de chez vous - Rennes - Grand Ouest Fa\u00e7ades","isPartOf":{"@id":"https:\/\/grandouestfacades.fr\/rennes\/#website"},"datePublished":"2025-06-23T13:15:16+00:00","dateModified":"2025-07-08T15:22:42+00:00","description":"Retrouvez l'ensemble de nos r\u00e9alisations proches de chez vous et rejoignez la famille Grand Ouest Fa\u00e7ades.","breadcrumb":{"@id":"https:\/\/grandouestfacades.fr\/rennes\/realisations\/#breadcrumb"},"inLanguage":"fr-FR","potentialAction":[{"@type":"ReadAction","target":["https:\/\/grandouestfacades.fr\/rennes\/realisations\/"]}]},{"@type":"BreadcrumbList","@id":"https:\/\/grandouestfacades.fr\/rennes\/realisations\/#breadcrumb","itemListElement":[{"@type":"ListItem","position":1,"name":"Accueil","item":"https:\/\/grandouestfacades.fr\/rennes\/"},{"@type":"ListItem","position":2,"name":"R\u00e9alisations"}]},{"@type":"WebSite","@id":"https:\/\/grandouestfacades.fr\/rennes\/#website","url":"https:\/\/grandouestfacades.fr\/rennes\/","name":"La Baule - Grand Ouest Fa\u00e7ades","description":"Votre fa\u00e7ade, comme neuve !","publisher":{"@id":"https:\/\/grandouestfacades.fr\/rennes\/#organization"},"potentialAction":[{"@type":"SearchAction","target":{"@type":"EntryPoint","urlTemplate":"https:\/\/grandouestfacades.fr\/rennes\/?s={search_term_string}"},"query-input":{"@type":"PropertyValueSpecification","valueRequired":true,"valueName":"search_term_string"}}],"inLanguage":"fr-FR"},{"@type":"Organization","@id":"https:\/\/grandouestfacades.fr\/rennes\/#organization","name":"Grand Ouest Fa\u00e7ades La Baule","url":"https:\/\/grandouestfacades.fr\/rennes\/","logo":{"@type":"ImageObject","inLanguage":"fr-FR","@id":"https:\/\/grandouestfacades.fr\/rennes\/#\/schema\/logo\/image\/","url":"https:\/\/grandouestfacades.fr\/rennes\/wp-content\/uploads\/sites\/6\/2021\/09\/Logo_agence_sans_GO_La_Baule.png","contentUrl":"https:\/\/grandouestfacades.fr\/rennes\/wp-content\/uploads\/sites\/6\/2021\/09\/Logo_agence_sans_GO_La_Baule.png","width":827,"height":265,"caption":"Grand Ouest Fa\u00e7ades La Baule"},"image":{"@id":"https:\/\/grandouestfacades.fr\/rennes\/#\/schema\/logo\/image\/"}}]}},"_links":{"self":[{"href":"https:\/\/grandouestfacades.fr\/rennes\/wp-json\/wp\/v2\/pages\/85","targetHints":{"allow":["GET"]}}],"collection":[{"href":"https:\/\/grandouestfacades.fr\/rennes\/wp-json\/wp\/v2\/pages"}],"about":[{"href":"https:\/\/grandouestfacades.fr\/rennes\/wp-json\/wp\/v2\/types\/page"}],"author":[{"embeddable":true,"href":"https:\/\/grandouestfacades.fr\/rennes\/wp-json\/wp\/v2\/users\/1"}],"replies":[{"embeddable":true,"href":"https:\/\/grandouestfacades.fr\/rennes\/wp-json\/wp\/v2\/comments?post=85"}],"version-history":[{"count":36,"href":"https:\/\/grandouestfacades.fr\/rennes\/wp-json\/wp\/v2\/pages\/85\/revisions"}],"predecessor-version":[{"id":4676,"href":"https:\/\/grandouestfacades.fr\/rennes\/wp-json\/wp\/v2\/pages\/85\/revisions\/4676"}],"wp:attachment":[{"href":"https:\/\/grandouestfacades.fr\/rennes\/wp-json\/wp\/v2\/media?parent=85"}],"curies":[{"name":"wp","href":"https:\/\/api.w.org\/{rel}","templated":true}]}}