{"id":4757,"date":"2025-08-04T10:40:00","date_gmt":"2025-08-04T08:40:00","guid":{"rendered":"https:\/\/grandouestfacades.fr\/rennes\/?post_type=realisation&#038;p=4757"},"modified":"2025-08-04T11:11:15","modified_gmt":"2025-08-04T09:11:15","slug":"restauration-de-facade-meneac","status":"publish","type":"realisation","link":"https:\/\/grandouestfacades.fr\/rennes\/realisation\/restauration-de-facade-meneac\/","title":{"rendered":"RESTAURATION DE FA\u00c7ADE M\u00c9NEAC"},"content":{"rendered":"\n<p>RESTAURATION M\u00c9NEAC : Comment proc\u00e9der pour restaurer durablement vos fa\u00e7ades dans la r\u00e9gion ?<\/p>\n\n\n\n<p>Cette maison n\u00e9o-bretonne traditionnelle implant\u00e9e \u00e0 M\u00c9NEAC est compos\u00e9e de mur en pierre rev\u00eatu d&rsquo;un enduit lisse d&rsquo;une part et d&rsquo;un soubassement \u00e9galement lisse pour la section du garage en sous-sol. Diverses pathologies se manifestent sur les fa\u00e7ades :<\/p>\n\n\n\n<ul class=\"wp-block-list\">\n<li>boursoufflures sur les pignons dues probablement \u00e0 une infiltration hydrique<\/li>\n\n\n\n<li>Micro-fissures li\u00e9es \u00e0 la dilatation et au poids de la dalle<\/li>\n\n\n\n<li>infiltrations d&rsquo;eau au niveau de la chemin\u00e9e<\/li>\n<\/ul>\n\n\n\n<p>Le vaste et imposant pignon Ouest subit les pluies battantes de plein fouet et l&rsquo;ancienne r\u00e9sine n&rsquo;offre plus d&rsquo;efficacit\u00e9 protectrice. Des infiltrations sont perceptibles au niveau de la chemin\u00e9e et des traces hydriques ont \u00e9t\u00e9 observ\u00e9es par le propri\u00e9taire \u00e0 l&rsquo;int\u00e9rieur de ses combles au niveau du conduit de chemin\u00e9e \u00e9galement.<\/p>\n\n\n\n<p>L&rsquo;humidit\u00e9 constitue la cause principale pour laquelle la d\u00e9gradation de vos fa\u00e7ades s&rsquo;amplifie. C&rsquo;est la raison pour laquelle lorsque vos murs deviennent perm\u00e9ables, les pluies battantes s&rsquo;infiltrent plus ais\u00e9ment et en volume sup\u00e9rieur. De surcro\u00eet, quand les pluies battantes font p\u00e9n\u00e9trer l&rsquo;eau dans les murs, l&rsquo;humidit\u00e9 descend en bas de mur pour s&rsquo;\u00e9vacuer. Des probl\u00e9matiques d&rsquo;humidit\u00e9 peuvent alors survenir en soubassement.<\/p>\n\n\n\n<p>C&rsquo;est pourquoi la RESTAURATION M\u00c9NEAC avec le <em>GO TT de notre Marque Exclusive GO<\/em> permettra de pr\u00e9server durablement ces fa\u00e7ades.<\/p>\n\n\n\n<h2 class=\"wp-block-heading\"><strong>QUE SE PRODUIT-IL SI VOUS N&rsquo;EFFECTUEZ PAS LA RESTAURATION DE VOS FA\u00c7ADES ?<\/strong><\/h2>\n\n\n\n<p>L&rsquo;eau demeure l&rsquo;adversaire principal dont il faut imp\u00e9rativement se pr\u00e9munir pour conserver durablement votre patrimoine immobilier. Sans protection, vous pourriez subir des d\u00e9sordres importants tels que des infiltrations hydriques, du boursouflement, des moisissures, du salp\u00eatre, des champignons, des blocs de b\u00e9ton qui chutent suite \u00e0 l&rsquo;oxydation du fer transform\u00e9 en rouille, etc\u2026<\/p>\n\n\n\n<h2 class=\"wp-block-heading\">Comment proc\u00e9der pour pr\u00e9server vos fa\u00e7ades ?<\/h2>\n\n\n\n<p>Sollicitez une ESTIMATION par un expert de GRAND OUEST FA\u00c7ADES puisque c&rsquo;est GRATUIT. Ainsi il pourra vous fournir un \u00e9tat de vos fa\u00e7ades et vous pr\u00e9coniser ce que vous devriez r\u00e9aliser pour maintenir durablement votre pavillon en bon \u00e9tat.<\/p>\n\n\n\n<p>Gr\u00e2ce \u00e0 notre <em>GO TT<\/em>, vos fa\u00e7ades deviennent \u00e9tanches et r\u00e9sistent durablement aux agressions climatiques. Votre r\u00e9sidence est donc pr\u00e9serv\u00e9e et vous \u00e9galement ! Gr\u00e2ce au <em>GO TT<\/em> votre n\u00e9o-bretonne retrouve une vitalit\u00e9 d&rsquo;antan et vous aussi.<\/p>\n\n\n\n<p>Si votre pignon Ouest pr\u00e9sente des taches et des fissures alors planifions un RDV pour vous r\u00e9aliser un diagnostic GRATUITEMENT : CLIQUER ICI<\/p>\n\n\n\n<p>Car il vaut mieux pr\u00e9venir plut\u00f4t que gu\u00e9rir alors contactez-nous d\u00e8s \u00e0 pr\u00e9sent au 02 97 53 89 27.<\/p>\n","protected":false},"excerpt":{"rendered":"<p>RESTAURATION M\u00c9NEAC : Comment proc\u00e9der pour restaurer durablement vos fa\u00e7ades dans la r\u00e9gion ? Cette maison n\u00e9o-bretonne traditionnelle implant\u00e9e \u00e0 M\u00c9NEAC est compos\u00e9e de mur en pierre rev\u00eatu d&rsquo;un enduit lisse d&rsquo;une part et d&rsquo;un soubassement \u00e9galement lisse pour la section du garage en sous-sol. Diverses pathologies se manifestent sur les fa\u00e7ades : Le vaste [&hellip;]<\/p>\n","protected":false},"author":3,"featured_media":4763,"template":"","format":"standard","categories":[],"class_list":["post-4757","realisation","type-realisation","status-publish","format-standard","has-post-thumbnail","hentry"],"yoast_head":"<!-- This site is optimized with the Yoast SEO plugin v27.4 - https:\/\/yoast.com\/product\/yoast-seo-wordpress\/ -->\n<title>Restauration M\u00e9neac | Expert Fa\u00e7ades N\u00e9o-Bretonne 56490<\/title>\n<meta name=\"description\" content=\"Sp\u00e9cialiste restauration fa\u00e7ades \u00e0 M\u00e9neac. Traitement infiltrations, \u00e9tanch\u00e9it\u00e9 GO TT. Diagnostic gratuit 02 97 53 89 27\" \/>\n<meta name=\"robots\" content=\"index, follow, max-snippet:-1, max-image-preview:large, max-video-preview:-1\" \/>\n<link rel=\"canonical\" href=\"https:\/\/grandouestfacades.fr\/rennes\/realisation\/restauration-de-facade-meneac\/\" \/>\n<meta property=\"og:locale\" content=\"fr_FR\" \/>\n<meta property=\"og:type\" content=\"article\" \/>\n<meta property=\"og:title\" content=\"Restauration M\u00e9neac | Expert Fa\u00e7ades N\u00e9o-Bretonne 56490\" \/>\n<meta property=\"og:description\" content=\"Sp\u00e9cialiste restauration fa\u00e7ades \u00e0 M\u00e9neac. Traitement infiltrations, \u00e9tanch\u00e9it\u00e9 GO TT. Diagnostic gratuit 02 97 53 89 27\" \/>\n<meta property=\"og:url\" content=\"https:\/\/grandouestfacades.fr\/rennes\/realisation\/restauration-de-facade-meneac\/\" \/>\n<meta property=\"og:site_name\" content=\"Rennes - Grand Ouest Fa\u00e7ades\" \/>\n<meta property=\"article:modified_time\" content=\"2025-08-04T09:11:15+00:00\" \/>\n<meta property=\"og:image\" content=\"https:\/\/grandouestfacades.fr\/rennes\/wp-content\/uploads\/sites\/6\/2025\/08\/20210604_203843-scaled-1-1024x768_mea.webp\" \/>\n\t<meta property=\"og:image:width\" content=\"1440\" \/>\n\t<meta property=\"og:image:height\" content=\"1080\" \/>\n\t<meta property=\"og:image:type\" content=\"image\/webp\" \/>\n<meta name=\"twitter:card\" content=\"summary_large_image\" \/>\n<meta name=\"twitter:label1\" content=\"Dur\u00e9e de lecture estim\u00e9e\" \/>\n\t<meta name=\"twitter:data1\" content=\"3 minutes\" \/>\n<script type=\"application\/ld+json\" class=\"yoast-schema-graph\">{\"@context\":\"https:\\\/\\\/schema.org\",\"@graph\":[{\"@type\":\"WebPage\",\"@id\":\"https:\\\/\\\/grandouestfacades.fr\\\/rennes\\\/realisation\\\/restauration-de-facade-meneac\\\/\",\"url\":\"https:\\\/\\\/grandouestfacades.fr\\\/rennes\\\/realisation\\\/restauration-de-facade-meneac\\\/\",\"name\":\"Restauration M\u00e9neac | Expert Fa\u00e7ades N\u00e9o-Bretonne 56490\",\"isPartOf\":{\"@id\":\"https:\\\/\\\/grandouestfacades.fr\\\/rennes\\\/#website\"},\"primaryImageOfPage\":{\"@id\":\"https:\\\/\\\/grandouestfacades.fr\\\/rennes\\\/realisation\\\/restauration-de-facade-meneac\\\/#primaryimage\"},\"image\":{\"@id\":\"https:\\\/\\\/grandouestfacades.fr\\\/rennes\\\/realisation\\\/restauration-de-facade-meneac\\\/#primaryimage\"},\"thumbnailUrl\":\"https:\\\/\\\/grandouestfacades.fr\\\/rennes\\\/wp-content\\\/uploads\\\/sites\\\/6\\\/2025\\\/08\\\/20210604_203843-scaled-1-1024x768_mea.webp\",\"datePublished\":\"2025-08-04T08:40:00+00:00\",\"dateModified\":\"2025-08-04T09:11:15+00:00\",\"description\":\"Sp\u00e9cialiste restauration fa\u00e7ades \u00e0 M\u00e9neac. Traitement infiltrations, \u00e9tanch\u00e9it\u00e9 GO TT. Diagnostic gratuit 02 97 53 89 27\",\"breadcrumb\":{\"@id\":\"https:\\\/\\\/grandouestfacades.fr\\\/rennes\\\/realisation\\\/restauration-de-facade-meneac\\\/#breadcrumb\"},\"inLanguage\":\"fr-FR\",\"potentialAction\":[{\"@type\":\"ReadAction\",\"target\":[\"https:\\\/\\\/grandouestfacades.fr\\\/rennes\\\/realisation\\\/restauration-de-facade-meneac\\\/\"]}]},{\"@type\":\"ImageObject\",\"inLanguage\":\"fr-FR\",\"@id\":\"https:\\\/\\\/grandouestfacades.fr\\\/rennes\\\/realisation\\\/restauration-de-facade-meneac\\\/#primaryimage\",\"url\":\"https:\\\/\\\/grandouestfacades.fr\\\/rennes\\\/wp-content\\\/uploads\\\/sites\\\/6\\\/2025\\\/08\\\/20210604_203843-scaled-1-1024x768_mea.webp\",\"contentUrl\":\"https:\\\/\\\/grandouestfacades.fr\\\/rennes\\\/wp-content\\\/uploads\\\/sites\\\/6\\\/2025\\\/08\\\/20210604_203843-scaled-1-1024x768_mea.webp\",\"width\":1440,\"height\":1080},{\"@type\":\"BreadcrumbList\",\"@id\":\"https:\\\/\\\/grandouestfacades.fr\\\/rennes\\\/realisation\\\/restauration-de-facade-meneac\\\/#breadcrumb\",\"itemListElement\":[{\"@type\":\"ListItem\",\"position\":1,\"name\":\"Accueil\",\"item\":\"https:\\\/\\\/grandouestfacades.fr\\\/rennes\\\/\"},{\"@type\":\"ListItem\",\"position\":2,\"name\":\"RESTAURATION DE FA\u00c7ADE M\u00c9NEAC\"}]},{\"@type\":\"WebSite\",\"@id\":\"https:\\\/\\\/grandouestfacades.fr\\\/rennes\\\/#website\",\"url\":\"https:\\\/\\\/grandouestfacades.fr\\\/rennes\\\/\",\"name\":\"La Baule - Grand Ouest Fa\u00e7ades\",\"description\":\"Votre fa\u00e7ade, comme neuve !\",\"publisher\":{\"@id\":\"https:\\\/\\\/grandouestfacades.fr\\\/rennes\\\/#organization\"},\"potentialAction\":[{\"@type\":\"SearchAction\",\"target\":{\"@type\":\"EntryPoint\",\"urlTemplate\":\"https:\\\/\\\/grandouestfacades.fr\\\/rennes\\\/?s={search_term_string}\"},\"query-input\":{\"@type\":\"PropertyValueSpecification\",\"valueRequired\":true,\"valueName\":\"search_term_string\"}}],\"inLanguage\":\"fr-FR\"},{\"@type\":\"Organization\",\"@id\":\"https:\\\/\\\/grandouestfacades.fr\\\/rennes\\\/#organization\",\"name\":\"Grand Ouest Fa\u00e7ades La Baule\",\"url\":\"https:\\\/\\\/grandouestfacades.fr\\\/rennes\\\/\",\"logo\":{\"@type\":\"ImageObject\",\"inLanguage\":\"fr-FR\",\"@id\":\"https:\\\/\\\/grandouestfacades.fr\\\/rennes\\\/#\\\/schema\\\/logo\\\/image\\\/\",\"url\":\"https:\\\/\\\/grandouestfacades.fr\\\/rennes\\\/wp-content\\\/uploads\\\/sites\\\/6\\\/2021\\\/09\\\/Logo_agence_sans_GO_La_Baule.png\",\"contentUrl\":\"https:\\\/\\\/grandouestfacades.fr\\\/rennes\\\/wp-content\\\/uploads\\\/sites\\\/6\\\/2021\\\/09\\\/Logo_agence_sans_GO_La_Baule.png\",\"width\":827,\"height\":265,\"caption\":\"Grand Ouest Fa\u00e7ades La Baule\"},\"image\":{\"@id\":\"https:\\\/\\\/grandouestfacades.fr\\\/rennes\\\/#\\\/schema\\\/logo\\\/image\\\/\"}}]}<\/script>\n<!-- \/ Yoast SEO plugin. -->","yoast_head_json":{"title":"Restauration M\u00e9neac | Expert Fa\u00e7ades N\u00e9o-Bretonne 56490","description":"Sp\u00e9cialiste restauration fa\u00e7ades \u00e0 M\u00e9neac. Traitement infiltrations, \u00e9tanch\u00e9it\u00e9 GO TT. Diagnostic gratuit 02 97 53 89 27","robots":{"index":"index","follow":"follow","max-snippet":"max-snippet:-1","max-image-preview":"max-image-preview:large","max-video-preview":"max-video-preview:-1"},"canonical":"https:\/\/grandouestfacades.fr\/rennes\/realisation\/restauration-de-facade-meneac\/","og_locale":"fr_FR","og_type":"article","og_title":"Restauration M\u00e9neac | Expert Fa\u00e7ades N\u00e9o-Bretonne 56490","og_description":"Sp\u00e9cialiste restauration fa\u00e7ades \u00e0 M\u00e9neac. Traitement infiltrations, \u00e9tanch\u00e9it\u00e9 GO TT. Diagnostic gratuit 02 97 53 89 27","og_url":"https:\/\/grandouestfacades.fr\/rennes\/realisation\/restauration-de-facade-meneac\/","og_site_name":"Rennes - Grand Ouest Fa\u00e7ades","article_modified_time":"2025-08-04T09:11:15+00:00","og_image":[{"width":1440,"height":1080,"url":"https:\/\/grandouestfacades.fr\/rennes\/wp-content\/uploads\/sites\/6\/2025\/08\/20210604_203843-scaled-1-1024x768_mea.webp","type":"image\/webp"}],"twitter_card":"summary_large_image","twitter_misc":{"Dur\u00e9e de lecture estim\u00e9e":"3 minutes"},"schema":{"@context":"https:\/\/schema.org","@graph":[{"@type":"WebPage","@id":"https:\/\/grandouestfacades.fr\/rennes\/realisation\/restauration-de-facade-meneac\/","url":"https:\/\/grandouestfacades.fr\/rennes\/realisation\/restauration-de-facade-meneac\/","name":"Restauration M\u00e9neac | Expert Fa\u00e7ades N\u00e9o-Bretonne 56490","isPartOf":{"@id":"https:\/\/grandouestfacades.fr\/rennes\/#website"},"primaryImageOfPage":{"@id":"https:\/\/grandouestfacades.fr\/rennes\/realisation\/restauration-de-facade-meneac\/#primaryimage"},"image":{"@id":"https:\/\/grandouestfacades.fr\/rennes\/realisation\/restauration-de-facade-meneac\/#primaryimage"},"thumbnailUrl":"https:\/\/grandouestfacades.fr\/rennes\/wp-content\/uploads\/sites\/6\/2025\/08\/20210604_203843-scaled-1-1024x768_mea.webp","datePublished":"2025-08-04T08:40:00+00:00","dateModified":"2025-08-04T09:11:15+00:00","description":"Sp\u00e9cialiste restauration fa\u00e7ades \u00e0 M\u00e9neac. Traitement infiltrations, \u00e9tanch\u00e9it\u00e9 GO TT. Diagnostic gratuit 02 97 53 89 27","breadcrumb":{"@id":"https:\/\/grandouestfacades.fr\/rennes\/realisation\/restauration-de-facade-meneac\/#breadcrumb"},"inLanguage":"fr-FR","potentialAction":[{"@type":"ReadAction","target":["https:\/\/grandouestfacades.fr\/rennes\/realisation\/restauration-de-facade-meneac\/"]}]},{"@type":"ImageObject","inLanguage":"fr-FR","@id":"https:\/\/grandouestfacades.fr\/rennes\/realisation\/restauration-de-facade-meneac\/#primaryimage","url":"https:\/\/grandouestfacades.fr\/rennes\/wp-content\/uploads\/sites\/6\/2025\/08\/20210604_203843-scaled-1-1024x768_mea.webp","contentUrl":"https:\/\/grandouestfacades.fr\/rennes\/wp-content\/uploads\/sites\/6\/2025\/08\/20210604_203843-scaled-1-1024x768_mea.webp","width":1440,"height":1080},{"@type":"BreadcrumbList","@id":"https:\/\/grandouestfacades.fr\/rennes\/realisation\/restauration-de-facade-meneac\/#breadcrumb","itemListElement":[{"@type":"ListItem","position":1,"name":"Accueil","item":"https:\/\/grandouestfacades.fr\/rennes\/"},{"@type":"ListItem","position":2,"name":"RESTAURATION DE FA\u00c7ADE M\u00c9NEAC"}]},{"@type":"WebSite","@id":"https:\/\/grandouestfacades.fr\/rennes\/#website","url":"https:\/\/grandouestfacades.fr\/rennes\/","name":"La Baule - Grand Ouest Fa\u00e7ades","description":"Votre fa\u00e7ade, comme neuve !","publisher":{"@id":"https:\/\/grandouestfacades.fr\/rennes\/#organization"},"potentialAction":[{"@type":"SearchAction","target":{"@type":"EntryPoint","urlTemplate":"https:\/\/grandouestfacades.fr\/rennes\/?s={search_term_string}"},"query-input":{"@type":"PropertyValueSpecification","valueRequired":true,"valueName":"search_term_string"}}],"inLanguage":"fr-FR"},{"@type":"Organization","@id":"https:\/\/grandouestfacades.fr\/rennes\/#organization","name":"Grand Ouest Fa\u00e7ades La Baule","url":"https:\/\/grandouestfacades.fr\/rennes\/","logo":{"@type":"ImageObject","inLanguage":"fr-FR","@id":"https:\/\/grandouestfacades.fr\/rennes\/#\/schema\/logo\/image\/","url":"https:\/\/grandouestfacades.fr\/rennes\/wp-content\/uploads\/sites\/6\/2021\/09\/Logo_agence_sans_GO_La_Baule.png","contentUrl":"https:\/\/grandouestfacades.fr\/rennes\/wp-content\/uploads\/sites\/6\/2021\/09\/Logo_agence_sans_GO_La_Baule.png","width":827,"height":265,"caption":"Grand Ouest Fa\u00e7ades La Baule"},"image":{"@id":"https:\/\/grandouestfacades.fr\/rennes\/#\/schema\/logo\/image\/"}}]}},"_links":{"self":[{"href":"https:\/\/grandouestfacades.fr\/rennes\/wp-json\/wp\/v2\/realisation\/4757","targetHints":{"allow":["GET"]}}],"collection":[{"href":"https:\/\/grandouestfacades.fr\/rennes\/wp-json\/wp\/v2\/realisation"}],"about":[{"href":"https:\/\/grandouestfacades.fr\/rennes\/wp-json\/wp\/v2\/types\/realisation"}],"author":[{"embeddable":true,"href":"https:\/\/grandouestfacades.fr\/rennes\/wp-json\/wp\/v2\/users\/3"}],"wp:featuredmedia":[{"embeddable":true,"href":"https:\/\/grandouestfacades.fr\/rennes\/wp-json\/wp\/v2\/media\/4763"}],"wp:attachment":[{"href":"https:\/\/grandouestfacades.fr\/rennes\/wp-json\/wp\/v2\/media?parent=4757"}],"wp:term":[{"taxonomy":"category","embeddable":true,"href":"https:\/\/grandouestfacades.fr\/rennes\/wp-json\/wp\/v2\/categories?post=4757"}],"curies":[{"name":"wp","href":"https:\/\/api.w.org\/{rel}","templated":true}]}}