{"id":4815,"date":"2026-03-23T15:18:25","date_gmt":"2026-03-23T14:18:25","guid":{"rendered":"https:\/\/grandouestfacades.fr\/rennes\/?post_type=realisation&#038;p=4815"},"modified":"2026-03-23T15:19:52","modified_gmt":"2026-03-23T14:19:52","slug":"ravalement-facades-ploermel","status":"publish","type":"realisation","link":"https:\/\/grandouestfacades.fr\/rennes\/realisation\/ravalement-facades-ploermel\/","title":{"rendered":"RAVALEMENT DE FA\u00c7ADES Plo\u00ebrmel"},"content":{"rendered":"\n<p>Avec l&rsquo;arriv\u00e9e des beaux jours, vous allez peut \u00eatre entamer votre grand nettoyage de printemps. Mais, est-ce que vous avez pens\u00e9 \u00e0 l&rsquo;ext\u00e9rieur de votre maison \u00e9galement ? <\/p>\n\n\n\n<p>Situ\u00e9e dans la dynamique m\u00e9tropole rennaise ou dans le Pays de Plo\u00ebrmel, votre habitation subit les assauts du\u00a0<strong>climat breton<\/strong>. Apr\u00e8s l&rsquo;hiver o\u00f9 les pluies fr\u00e9quentes, l\u2019humidit\u00e9 ambiante et les variations thermiques peuvent alt\u00e9rer progressivement l\u2019aspect de vos murs ext\u00e9rieurs, ils auraient bien besoin d&rsquo;un grand nettoyage de printemps eux aussi ! <\/p>\n\n\n\n<p>La salet\u00e9 peut parfois cacher des probl\u00e8mes plus graves comme des fissures sur vos fa\u00e7ades qui \u00e0 terme peuvent provoquer de l&rsquo;humidit\u00e9 dans vos int\u00e9rieurs. Alors pas de temps \u00e0 perdre, c&rsquo;est la saison id\u00e9ale pour entretenir vos fa\u00e7ades et toitures sur le bassin rennais et le pays de Plo\u00ebrmel.<\/p>\n\n\n\n<p>Excellente nouvelle ! Grand Ouest Fa\u00e7ades Rennes,\u00a0<strong>sp\u00e9cialiste du ravalement de fa\u00e7ades<\/strong>\u00a0et de la r\u00e9novation, vous guide et vous soutient pour pr\u00e9server votre habitation et lui redonner sa\u00a0splendeur d\u2019origine. Notre intervention garantit \u00e0 vos murs une\u00a0<strong>protection ext\u00e9rieure isolante<\/strong>\u00a0performante, r\u00e9sistante et durable.<\/p>\n\n\n\n<p>Lors d\u2019un rendez-vous d\u2019environ une heure trente, nous \u00e9tablissons ensemble un\u00a0<strong>bilan visuel<\/strong>\u00a0des d\u00e9sordres observ\u00e9s. Nous prenons les m\u00e9tr\u00e9s et dressons un\u00a0<strong>diagnostic gratuit<\/strong>\u00a0des murs ext\u00e9rieurs de votre demeure :<\/p>\n\n\n\n<ul class=\"wp-block-list\">\n<li>Fissures diverses, fissures \u00e9volutives, fissures de cisaillement, fissures p\u00e9n\u00e9trantes et transversales<\/li>\n\n\n\n<li>Craquelures superficielles<\/li>\n\n\n\n<li>D\u00e9veloppement de moisissures<\/li>\n\n\n\n<li>Infiltrations par capillarit\u00e9, etc.<\/li>\n<\/ul>\n\n\n\n<p>Nous vous r\u00e9v\u00e9lons tout ! Notre priorit\u00e9, la&nbsp;<strong>clart\u00e9 et la transparence<\/strong>&nbsp;de notre chiffrage.<\/p>\n\n\n\n<p>Nous relevons toutes les dimensions utiles, et surtout, nous vous expliquons ce que nous observons, vous d\u00e9taillons chaque ligne du devis. Ainsi, vous b\u00e9n\u00e9ficiez d\u2019une&nbsp;<strong>expertise gratuite<\/strong>, comprenez exactement pourquoi, comment nous vous proposons d\u2019intervenir et avec quels mat\u00e9riaux. En effet, chaque type de d\u00e9sordre n\u00e9cessite une&nbsp;<strong>r\u00e9paration sp\u00e9cifique<\/strong>&nbsp;que seul un professionnel peut d\u00e9terminer.<\/p>\n\n\n\n<p>Demandez d\u00e8s maintenant votre <strong><a href=\"https:\/\/grandouestfacades.fr\/rennes\/demande-de-devis-diagnostic-gratuit\/\">DEVIS GRATUIT<\/a><\/strong> pour pouvoir profiter d&rsquo;ext\u00e9rieurs beaux et propres cet \u00e9t\u00e9, mais aussi pour bien pr\u00e9parer votre maison \u00e0 un nouvel hiver !<\/p>\n\n\n\n<figure class=\"wp-block-image aligncenter size-large is-resized\"><img fetchpriority=\"high\" decoding=\"async\" width=\"1024\" height=\"819\" src=\"https:\/\/grandouestfacades.fr\/rennes\/wp-content\/uploads\/sites\/6\/2026\/03\/20260226_103817-1-1024x819.jpg\" alt=\"\" class=\"wp-image-4818\" style=\"aspect-ratio:1.2496033973592366;width:626px;height:auto\" srcset=\"https:\/\/grandouestfacades.fr\/rennes\/wp-content\/uploads\/sites\/6\/2026\/03\/20260226_103817-1-1024x819.jpg 1024w, https:\/\/grandouestfacades.fr\/rennes\/wp-content\/uploads\/sites\/6\/2026\/03\/20260226_103817-1-300x240.jpg 300w, https:\/\/grandouestfacades.fr\/rennes\/wp-content\/uploads\/sites\/6\/2026\/03\/20260226_103817-1-768x615.jpg 768w, https:\/\/grandouestfacades.fr\/rennes\/wp-content\/uploads\/sites\/6\/2026\/03\/20260226_103817-1-1536x1229.jpg 1536w, https:\/\/grandouestfacades.fr\/rennes\/wp-content\/uploads\/sites\/6\/2026\/03\/20260226_103817-1-2048x1639.jpg 2048w\" sizes=\"(max-width: 1024px) 100vw, 1024px\" \/><\/figure>\n\n\n\n<p>Et pour pr\u00e9venir l&rsquo;apparition de traces sur vos fa\u00e7ades, il est essentiel que votre toiture soit saine et propre. <\/p>\n\n\n\n<p>Pour cela, nous vous conseillons un nettoyage au pr\u00e9alable de vos <a href=\"https:\/\/grandouestfacades.fr\/rennes\/realisation\/traitement-toiture-ardoise-naturelle-rennes\/\">toitures en ardoise naturelle<\/a> ainsi qu&rsquo;en <a href=\"https:\/\/grandouestfacades.fr\/rennes\/realisation\/traitement-toiture-redon\/\">ardoise fibrociment<\/a>. <\/p>\n","protected":false},"excerpt":{"rendered":"<p>Avec l&rsquo;arriv\u00e9e des beaux jours, vous allez peut \u00eatre entamer votre grand nettoyage de printemps. Mais, est-ce que vous avez pens\u00e9 \u00e0 l&rsquo;ext\u00e9rieur de votre maison \u00e9galement ? Situ\u00e9e dans la dynamique m\u00e9tropole rennaise ou dans le Pays de Plo\u00ebrmel, votre habitation subit les assauts du\u00a0climat breton. Apr\u00e8s l&rsquo;hiver o\u00f9 les pluies fr\u00e9quentes, l\u2019humidit\u00e9 ambiante [&hellip;]<\/p>\n","protected":false},"author":10,"featured_media":4818,"template":"","format":"standard","categories":[],"class_list":["post-4815","realisation","type-realisation","status-publish","format-standard","has-post-thumbnail","hentry"],"yoast_head":"<!-- This site is optimized with the Yoast SEO plugin v27.4 - https:\/\/yoast.com\/product\/yoast-seo-wordpress\/ -->\n<title>Ravalement Fa\u00e7ades Plo\u00ebrmel | Expert Ravalement 56<\/title>\n<meta name=\"description\" content=\"Sp\u00e9cialiste traitement de fa\u00e7ades Rennes et Pays de Plo\u00ebrmel. Traitement, rev\u00eatement GO TT premium. Devis gratuit 02 97 53 89 27\" \/>\n<meta name=\"robots\" content=\"index, follow, max-snippet:-1, max-image-preview:large, max-video-preview:-1\" \/>\n<link rel=\"canonical\" href=\"https:\/\/grandouestfacades.fr\/rennes\/realisation\/ravalement-facades-ploermel\/\" \/>\n<meta property=\"og:locale\" content=\"fr_FR\" \/>\n<meta property=\"og:type\" content=\"article\" \/>\n<meta property=\"og:title\" content=\"Ravalement Fa\u00e7ades Plo\u00ebrmel | Expert Ravalement 56\" \/>\n<meta property=\"og:description\" content=\"Sp\u00e9cialiste traitement de fa\u00e7ades Rennes et Pays de Plo\u00ebrmel. Traitement, rev\u00eatement GO TT premium. Devis gratuit 02 97 53 89 27\" \/>\n<meta property=\"og:url\" content=\"https:\/\/grandouestfacades.fr\/rennes\/realisation\/ravalement-facades-ploermel\/\" \/>\n<meta property=\"og:site_name\" content=\"Rennes - Grand Ouest Fa\u00e7ades\" \/>\n<meta property=\"article:modified_time\" content=\"2026-03-23T14:19:52+00:00\" \/>\n<meta property=\"og:image\" content=\"https:\/\/grandouestfacades.fr\/rennes\/wp-content\/uploads\/sites\/6\/2026\/03\/20260226_103817-1-scaled.jpg\" \/>\n\t<meta property=\"og:image:width\" content=\"2560\" \/>\n\t<meta property=\"og:image:height\" content=\"2049\" \/>\n\t<meta property=\"og:image:type\" content=\"image\/jpeg\" \/>\n<meta name=\"twitter:card\" content=\"summary_large_image\" \/>\n<meta name=\"twitter:label1\" content=\"Dur\u00e9e de lecture estim\u00e9e\" \/>\n\t<meta name=\"twitter:data1\" content=\"3 minutes\" \/>\n<script type=\"application\/ld+json\" class=\"yoast-schema-graph\">{\"@context\":\"https:\\\/\\\/schema.org\",\"@graph\":[{\"@type\":\"WebPage\",\"@id\":\"https:\\\/\\\/grandouestfacades.fr\\\/rennes\\\/realisation\\\/ravalement-facades-ploermel\\\/\",\"url\":\"https:\\\/\\\/grandouestfacades.fr\\\/rennes\\\/realisation\\\/ravalement-facades-ploermel\\\/\",\"name\":\"Ravalement Fa\u00e7ades Plo\u00ebrmel | Expert Ravalement 56\",\"isPartOf\":{\"@id\":\"https:\\\/\\\/grandouestfacades.fr\\\/rennes\\\/#website\"},\"primaryImageOfPage\":{\"@id\":\"https:\\\/\\\/grandouestfacades.fr\\\/rennes\\\/realisation\\\/ravalement-facades-ploermel\\\/#primaryimage\"},\"image\":{\"@id\":\"https:\\\/\\\/grandouestfacades.fr\\\/rennes\\\/realisation\\\/ravalement-facades-ploermel\\\/#primaryimage\"},\"thumbnailUrl\":\"https:\\\/\\\/grandouestfacades.fr\\\/rennes\\\/wp-content\\\/uploads\\\/sites\\\/6\\\/2026\\\/03\\\/20260226_103817-1-scaled.jpg\",\"datePublished\":\"2026-03-23T14:18:25+00:00\",\"dateModified\":\"2026-03-23T14:19:52+00:00\",\"description\":\"Sp\u00e9cialiste traitement de fa\u00e7ades Rennes et Pays de Plo\u00ebrmel. Traitement, rev\u00eatement GO TT premium. Devis gratuit 02 97 53 89 27\",\"breadcrumb\":{\"@id\":\"https:\\\/\\\/grandouestfacades.fr\\\/rennes\\\/realisation\\\/ravalement-facades-ploermel\\\/#breadcrumb\"},\"inLanguage\":\"fr-FR\",\"potentialAction\":[{\"@type\":\"ReadAction\",\"target\":[\"https:\\\/\\\/grandouestfacades.fr\\\/rennes\\\/realisation\\\/ravalement-facades-ploermel\\\/\"]}]},{\"@type\":\"ImageObject\",\"inLanguage\":\"fr-FR\",\"@id\":\"https:\\\/\\\/grandouestfacades.fr\\\/rennes\\\/realisation\\\/ravalement-facades-ploermel\\\/#primaryimage\",\"url\":\"https:\\\/\\\/grandouestfacades.fr\\\/rennes\\\/wp-content\\\/uploads\\\/sites\\\/6\\\/2026\\\/03\\\/20260226_103817-1-scaled.jpg\",\"contentUrl\":\"https:\\\/\\\/grandouestfacades.fr\\\/rennes\\\/wp-content\\\/uploads\\\/sites\\\/6\\\/2026\\\/03\\\/20260226_103817-1-scaled.jpg\",\"width\":2560,\"height\":2049},{\"@type\":\"BreadcrumbList\",\"@id\":\"https:\\\/\\\/grandouestfacades.fr\\\/rennes\\\/realisation\\\/ravalement-facades-ploermel\\\/#breadcrumb\",\"itemListElement\":[{\"@type\":\"ListItem\",\"position\":1,\"name\":\"Accueil\",\"item\":\"https:\\\/\\\/grandouestfacades.fr\\\/rennes\\\/\"},{\"@type\":\"ListItem\",\"position\":2,\"name\":\"RAVALEMENT DE FA\u00c7ADES Plo\u00ebrmel\"}]},{\"@type\":\"WebSite\",\"@id\":\"https:\\\/\\\/grandouestfacades.fr\\\/rennes\\\/#website\",\"url\":\"https:\\\/\\\/grandouestfacades.fr\\\/rennes\\\/\",\"name\":\"La Baule - Grand Ouest Fa\u00e7ades\",\"description\":\"Votre fa\u00e7ade, comme neuve !\",\"publisher\":{\"@id\":\"https:\\\/\\\/grandouestfacades.fr\\\/rennes\\\/#organization\"},\"potentialAction\":[{\"@type\":\"SearchAction\",\"target\":{\"@type\":\"EntryPoint\",\"urlTemplate\":\"https:\\\/\\\/grandouestfacades.fr\\\/rennes\\\/?s={search_term_string}\"},\"query-input\":{\"@type\":\"PropertyValueSpecification\",\"valueRequired\":true,\"valueName\":\"search_term_string\"}}],\"inLanguage\":\"fr-FR\"},{\"@type\":\"Organization\",\"@id\":\"https:\\\/\\\/grandouestfacades.fr\\\/rennes\\\/#organization\",\"name\":\"Grand Ouest Fa\u00e7ades La Baule\",\"url\":\"https:\\\/\\\/grandouestfacades.fr\\\/rennes\\\/\",\"logo\":{\"@type\":\"ImageObject\",\"inLanguage\":\"fr-FR\",\"@id\":\"https:\\\/\\\/grandouestfacades.fr\\\/rennes\\\/#\\\/schema\\\/logo\\\/image\\\/\",\"url\":\"https:\\\/\\\/grandouestfacades.fr\\\/rennes\\\/wp-content\\\/uploads\\\/sites\\\/6\\\/2021\\\/09\\\/Logo_agence_sans_GO_La_Baule.png\",\"contentUrl\":\"https:\\\/\\\/grandouestfacades.fr\\\/rennes\\\/wp-content\\\/uploads\\\/sites\\\/6\\\/2021\\\/09\\\/Logo_agence_sans_GO_La_Baule.png\",\"width\":827,\"height\":265,\"caption\":\"Grand Ouest Fa\u00e7ades La Baule\"},\"image\":{\"@id\":\"https:\\\/\\\/grandouestfacades.fr\\\/rennes\\\/#\\\/schema\\\/logo\\\/image\\\/\"}}]}<\/script>\n<!-- \/ Yoast SEO plugin. -->","yoast_head_json":{"title":"Ravalement Fa\u00e7ades Plo\u00ebrmel | Expert Ravalement 56","description":"Sp\u00e9cialiste traitement de fa\u00e7ades Rennes et Pays de Plo\u00ebrmel. Traitement, rev\u00eatement GO TT premium. Devis gratuit 02 97 53 89 27","robots":{"index":"index","follow":"follow","max-snippet":"max-snippet:-1","max-image-preview":"max-image-preview:large","max-video-preview":"max-video-preview:-1"},"canonical":"https:\/\/grandouestfacades.fr\/rennes\/realisation\/ravalement-facades-ploermel\/","og_locale":"fr_FR","og_type":"article","og_title":"Ravalement Fa\u00e7ades Plo\u00ebrmel | Expert Ravalement 56","og_description":"Sp\u00e9cialiste traitement de fa\u00e7ades Rennes et Pays de Plo\u00ebrmel. Traitement, rev\u00eatement GO TT premium. Devis gratuit 02 97 53 89 27","og_url":"https:\/\/grandouestfacades.fr\/rennes\/realisation\/ravalement-facades-ploermel\/","og_site_name":"Rennes - Grand Ouest Fa\u00e7ades","article_modified_time":"2026-03-23T14:19:52+00:00","og_image":[{"width":2560,"height":2049,"url":"https:\/\/grandouestfacades.fr\/rennes\/wp-content\/uploads\/sites\/6\/2026\/03\/20260226_103817-1-scaled.jpg","type":"image\/jpeg"}],"twitter_card":"summary_large_image","twitter_misc":{"Dur\u00e9e de lecture estim\u00e9e":"3 minutes"},"schema":{"@context":"https:\/\/schema.org","@graph":[{"@type":"WebPage","@id":"https:\/\/grandouestfacades.fr\/rennes\/realisation\/ravalement-facades-ploermel\/","url":"https:\/\/grandouestfacades.fr\/rennes\/realisation\/ravalement-facades-ploermel\/","name":"Ravalement Fa\u00e7ades Plo\u00ebrmel | Expert Ravalement 56","isPartOf":{"@id":"https:\/\/grandouestfacades.fr\/rennes\/#website"},"primaryImageOfPage":{"@id":"https:\/\/grandouestfacades.fr\/rennes\/realisation\/ravalement-facades-ploermel\/#primaryimage"},"image":{"@id":"https:\/\/grandouestfacades.fr\/rennes\/realisation\/ravalement-facades-ploermel\/#primaryimage"},"thumbnailUrl":"https:\/\/grandouestfacades.fr\/rennes\/wp-content\/uploads\/sites\/6\/2026\/03\/20260226_103817-1-scaled.jpg","datePublished":"2026-03-23T14:18:25+00:00","dateModified":"2026-03-23T14:19:52+00:00","description":"Sp\u00e9cialiste traitement de fa\u00e7ades Rennes et Pays de Plo\u00ebrmel. Traitement, rev\u00eatement GO TT premium. Devis gratuit 02 97 53 89 27","breadcrumb":{"@id":"https:\/\/grandouestfacades.fr\/rennes\/realisation\/ravalement-facades-ploermel\/#breadcrumb"},"inLanguage":"fr-FR","potentialAction":[{"@type":"ReadAction","target":["https:\/\/grandouestfacades.fr\/rennes\/realisation\/ravalement-facades-ploermel\/"]}]},{"@type":"ImageObject","inLanguage":"fr-FR","@id":"https:\/\/grandouestfacades.fr\/rennes\/realisation\/ravalement-facades-ploermel\/#primaryimage","url":"https:\/\/grandouestfacades.fr\/rennes\/wp-content\/uploads\/sites\/6\/2026\/03\/20260226_103817-1-scaled.jpg","contentUrl":"https:\/\/grandouestfacades.fr\/rennes\/wp-content\/uploads\/sites\/6\/2026\/03\/20260226_103817-1-scaled.jpg","width":2560,"height":2049},{"@type":"BreadcrumbList","@id":"https:\/\/grandouestfacades.fr\/rennes\/realisation\/ravalement-facades-ploermel\/#breadcrumb","itemListElement":[{"@type":"ListItem","position":1,"name":"Accueil","item":"https:\/\/grandouestfacades.fr\/rennes\/"},{"@type":"ListItem","position":2,"name":"RAVALEMENT DE FA\u00c7ADES Plo\u00ebrmel"}]},{"@type":"WebSite","@id":"https:\/\/grandouestfacades.fr\/rennes\/#website","url":"https:\/\/grandouestfacades.fr\/rennes\/","name":"La Baule - Grand Ouest Fa\u00e7ades","description":"Votre fa\u00e7ade, comme neuve !","publisher":{"@id":"https:\/\/grandouestfacades.fr\/rennes\/#organization"},"potentialAction":[{"@type":"SearchAction","target":{"@type":"EntryPoint","urlTemplate":"https:\/\/grandouestfacades.fr\/rennes\/?s={search_term_string}"},"query-input":{"@type":"PropertyValueSpecification","valueRequired":true,"valueName":"search_term_string"}}],"inLanguage":"fr-FR"},{"@type":"Organization","@id":"https:\/\/grandouestfacades.fr\/rennes\/#organization","name":"Grand Ouest Fa\u00e7ades La Baule","url":"https:\/\/grandouestfacades.fr\/rennes\/","logo":{"@type":"ImageObject","inLanguage":"fr-FR","@id":"https:\/\/grandouestfacades.fr\/rennes\/#\/schema\/logo\/image\/","url":"https:\/\/grandouestfacades.fr\/rennes\/wp-content\/uploads\/sites\/6\/2021\/09\/Logo_agence_sans_GO_La_Baule.png","contentUrl":"https:\/\/grandouestfacades.fr\/rennes\/wp-content\/uploads\/sites\/6\/2021\/09\/Logo_agence_sans_GO_La_Baule.png","width":827,"height":265,"caption":"Grand Ouest Fa\u00e7ades La Baule"},"image":{"@id":"https:\/\/grandouestfacades.fr\/rennes\/#\/schema\/logo\/image\/"}}]}},"_links":{"self":[{"href":"https:\/\/grandouestfacades.fr\/rennes\/wp-json\/wp\/v2\/realisation\/4815","targetHints":{"allow":["GET"]}}],"collection":[{"href":"https:\/\/grandouestfacades.fr\/rennes\/wp-json\/wp\/v2\/realisation"}],"about":[{"href":"https:\/\/grandouestfacades.fr\/rennes\/wp-json\/wp\/v2\/types\/realisation"}],"author":[{"embeddable":true,"href":"https:\/\/grandouestfacades.fr\/rennes\/wp-json\/wp\/v2\/users\/10"}],"wp:featuredmedia":[{"embeddable":true,"href":"https:\/\/grandouestfacades.fr\/rennes\/wp-json\/wp\/v2\/media\/4818"}],"wp:attachment":[{"href":"https:\/\/grandouestfacades.fr\/rennes\/wp-json\/wp\/v2\/media?parent=4815"}],"wp:term":[{"taxonomy":"category","embeddable":true,"href":"https:\/\/grandouestfacades.fr\/rennes\/wp-json\/wp\/v2\/categories?post=4815"}],"curies":[{"name":"wp","href":"https:\/\/api.w.org\/{rel}","templated":true}]}}